{"id":20275,"date":"2022-01-03T15:24:16","date_gmt":"2022-01-03T14:24:16","guid":{"rendered":"https:\/\/ffw-erlenbach-stadt.de\/?page_id=20275"},"modified":"2023-01-01T17:10:07","modified_gmt":"2023-01-01T16:10:07","slug":"einsaetze-2021","status":"publish","type":"page","link":"https:\/\/ffw-erlenbach-stadt.de\/index.php\/feuerwehr\/einsaetze\/einsaetze-2021\/","title":{"rendered":"Eins\u00e4tze 2021"},"content":{"rendered":"<div data-post-id=\"20942\" class=\"insert-page insert-page-20942 \">\t\t<div data-elementor-type=\"wp-page\" data-elementor-id=\"20942\" class=\"elementor elementor-20942\">\n\t\t\t\t\t\t<section class=\"elementor-section elementor-top-section elementor-element elementor-element-424604f6 elementor-section-boxed elementor-section-height-default elementor-section-height-default\" data-id=\"424604f6\" data-element_type=\"section\" data-e-type=\"section\">\n\t\t\t\t\t\t<div class=\"elementor-container elementor-column-gap-default\">\n\t\t\t\t\t<div class=\"elementor-column elementor-col-100 elementor-top-column elementor-element elementor-element-43a39dfc\" data-id=\"43a39dfc\" data-element_type=\"column\" data-e-type=\"column\">\n\t\t\t<div class=\"elementor-widget-wrap elementor-element-populated\">\n\t\t\t\t\t\t<div class=\"elementor-element elementor-element-787078f9 elementor-widget elementor-widget-text-editor\" data-id=\"787078f9\" data-element_type=\"widget\" data-e-type=\"widget\" data-widget_type=\"text-editor.default\">\n\t\t\t\t<div class=\"elementor-widget-container\">\n\t\t\t\t\t\t\t\t\t\n<div class=\"wp-block-buttons is-layout-flex wp-block-buttons-is-layout-flex\"><br \/>\n<div class=\"wp-block-button has-custom-font-size has-small-font-size\"><a class=\"wp-block-button__link wp-element-button\" href=\"https:\/\/ffw-erlenbach-stadt.de\/index.php\/feuerwehr\/einsaetze\/einsaetze-2025\/\">2025<\/a><\/div>\n\n\n\n<div class=\"wp-block-button has-custom-font-size has-small-font-size\"><a class=\"wp-block-button__link wp-element-button\" href=\"https:\/\/ffw-erlenbach-stadt.de\/index.php\/feuerwehr\/einsaetze\/einsaetze-2024\/\">2024<\/a><\/div>\n\n\n\n<div class=\"wp-block-button has-custom-font-size has-small-font-size\"><a class=\"wp-block-button__link wp-element-button\" href=\"https:\/\/ffw-erlenbach-stadt.de\/index.php\/feuerwehr\/einsaetze\/einsaetze-2023\/\">2023<\/a><\/div>\n\n\n\n<div class=\"wp-block-button has-custom-font-size has-small-font-size\"><a class=\"wp-block-button__link wp-element-button\" href=\"https:\/\/ffw-erlenbach-stadt.de\/index.php\/feuerwehr\/einsaetze\/einsaetze-2022\/\">2022<\/a><\/div>\n\n\n\n<div class=\"wp-block-button has-custom-font-size has-small-font-size\"><a class=\"wp-block-button__link wp-element-button\" href=\"https:\/\/ffw-erlenbach-stadt.de\/index.php\/feuerwehr\/einsaetze\/einsaetze-2021\/\">2021<\/a><\/div>\n\n\n\n<div class=\"wp-block-button has-custom-font-size has-small-font-size\"><a class=\"wp-block-button__link wp-element-button\" href=\"https:\/\/ffw-erlenbach-stadt.de\/index.php\/feuerwehr\/einsaetze\/einsaetze-2020\/\">2020<\/a><\/div>\n\n\n\n<div class=\"wp-block-button has-custom-font-size has-small-font-size\"><a class=\"wp-block-button__link wp-element-button\" href=\"https:\/\/ffw-erlenbach-stadt.de\/index.php\/feuerwehr\/einsaetze\/einsaetze-2019\/\">2019<\/a><\/div>\n\n\n\n<div class=\"wp-block-button has-custom-font-size has-small-font-size\"><a class=\"wp-block-button__link wp-element-button\" href=\"https:\/\/ffw-erlenbach-stadt.de\/index.php\/feuerwehr\/einsaetze\/aeltere_einsaetze\/\">\u00e4ltere<\/a><\/div>\n\n\n\n<div class=\"wp-block-button has-custom-font-size has-small-font-size\"><a class=\"wp-block-button__link wp-element-button\" href=\"https:\/\/ffw-erlenbach-stadt.de\/index.php\/feuerwehr\/einsaetze\/besondere-einsaetze\/\">besondere Eins\u00e4tze<\/a><\/div>\n<\/div>\n\n\n\n<p>&nbsp;<\/p>\n<\/div>\t\t\t\t\t\t\t\t<\/div>\n\t\t\t\t<\/div>\n\t\t\t\t\t<\/div>\n\t\t<\/div>\n\t\t\t\t\t<\/div>\n\t\t<\/section>\n\t\t\t\t<\/div>\n\t\t<\/div>\n\n<h2>Eins\u00e4tze 2021<\/h2><table class=\"einsatzverwaltung-reportlist\"><tbody><tr class=\"einsatz-header\"><th style=\"\">Lfd.<\/th><th style=\"white-space: nowrap;\">Datum<\/th><th style=\"white-space: nowrap;\">Uhrzeit<\/th><th style=\"\">Einsatzmeldung<\/th><th style=\"\"><\/th><th style=\"\">Einsatzart<\/th><th style=\"\">Einsatzort<\/th><\/tr><tr class=\"zebracorrection\"><td colspan=\"7\">&nbsp;<\/td><\/tr><tr class=\"report\"><td class=\"smallscreen\" colspan=\"7\" data-permalink=\"https:\/\/ffw-erlenbach-stadt.de\/index.php\/einsatzberichte\/b1-kleinbrand\/\"><div class=\"annotation-icon-bar\"><i class=\"fa-solid fa-camera\" aria-hidden=\"true\" title=\"Bericht enth\u00e4lt Bilder\" style=\"\"><\/i><\/div><span class=\"einsatz-seqNum\"><strong>Lfd.:<\/strong> 82<\/span><br><span class=\"einsatz-date\"><strong>Datum:<\/strong> 24.12.2021<\/span><br><span class=\"einsatz-time\"><strong>Uhrzeit:<\/strong> 13:00<\/span><br><span class=\"einsatz-title\"><strong>Einsatzmeldung:<\/strong> <a href=\"https:\/\/ffw-erlenbach-stadt.de\/index.php\/einsatzberichte\/b1-kleinbrand\/\" rel=\"bookmark\">B1 &#8211; Kleinbrand<\/a><\/span><br><span class=\"einsatz-incidentType\"><strong>Einsatzart:<\/strong> Brand<\/span><br><span class=\"einsatz-location\"><strong>Einsatzort:<\/strong> Erlenbach am Main, Forstweg<\/span><br><\/td><td class=\"einsatz-column-seqNum\">82<\/td><td class=\"einsatz-column-date\">24.12.2021<\/td><td class=\"einsatz-column-time\">13:00<\/td><td class=\"einsatz-column-title\"><a href=\"https:\/\/ffw-erlenbach-stadt.de\/index.php\/einsatzberichte\/b1-kleinbrand\/\" rel=\"bookmark\">B1 &#8211; Kleinbrand<\/a><\/td><td class=\"einsatz-column-annotationImages\"><i class=\"fa-solid fa-camera\" aria-hidden=\"true\" title=\"Bericht enth\u00e4lt Bilder\" style=\"\"><\/i><\/td><td class=\"einsatz-column-incidentType\">Brand<\/td><td class=\"einsatz-column-location\">Erlenbach am Main, Forstweg<\/td><\/tr><tr class=\"report\"><td class=\"smallscreen\" colspan=\"7\" data-permalink=\"https:\/\/ffw-erlenbach-stadt.de\/index.php\/einsatzberichte\/b-bma-rauchwarnmelder\/\"><div class=\"annotation-icon-bar\"><i class=\"fa-solid fa-camera\" aria-hidden=\"true\" title=\"Bericht enth\u00e4lt Bilder\" style=\"\"><\/i><\/div><span class=\"einsatz-seqNum\"><strong>Lfd.:<\/strong> 81<\/span><br><span class=\"einsatz-date\"><strong>Datum:<\/strong> 18.12.2021<\/span><br><span class=\"einsatz-time\"><strong>Uhrzeit:<\/strong> 21:15<\/span><br><span class=\"einsatz-title\"><strong>Einsatzmeldung:<\/strong> <a href=\"https:\/\/ffw-erlenbach-stadt.de\/index.php\/einsatzberichte\/b-bma-rauchwarnmelder\/\" rel=\"bookmark\">B &#8211; BMA &#8211; Rauchwarnmelder<\/a><\/span><br><span class=\"einsatz-incidentType\"><strong>Einsatzart:<\/strong> Brand<\/span><br><span class=\"einsatz-location\"><strong>Einsatzort:<\/strong> Erlenbach am Main, Krankenhausstrasse<\/span><br><\/td><td class=\"einsatz-column-seqNum\">81<\/td><td class=\"einsatz-column-date\">18.12.2021<\/td><td class=\"einsatz-column-time\">21:15<\/td><td class=\"einsatz-column-title\"><a href=\"https:\/\/ffw-erlenbach-stadt.de\/index.php\/einsatzberichte\/b-bma-rauchwarnmelder\/\" rel=\"bookmark\">B &#8211; BMA &#8211; Rauchwarnmelder<\/a><\/td><td class=\"einsatz-column-annotationImages\"><i class=\"fa-solid fa-camera\" aria-hidden=\"true\" title=\"Bericht enth\u00e4lt Bilder\" style=\"\"><\/i><\/td><td class=\"einsatz-column-incidentType\">Brand<\/td><td class=\"einsatz-column-location\">Erlenbach am Main, Krankenhausstrasse<\/td><\/tr><tr class=\"report\"><td class=\"smallscreen\" colspan=\"7\" data-permalink=\"https:\/\/ffw-erlenbach-stadt.de\/index.php\/einsatzberichte\/thl1-wohnung-oeffnen-akut\/\"><div class=\"annotation-icon-bar\"><i class=\"fa-solid fa-camera\" aria-hidden=\"true\" title=\"Bericht enth\u00e4lt Bilder\" style=\"\"><\/i><\/div><span class=\"einsatz-seqNum\"><strong>Lfd.:<\/strong> 80<\/span><br><span class=\"einsatz-date\"><strong>Datum:<\/strong> 04.12.2021<\/span><br><span class=\"einsatz-time\"><strong>Uhrzeit:<\/strong> 18:55<\/span><br><span class=\"einsatz-title\"><strong>Einsatzmeldung:<\/strong> <a href=\"https:\/\/ffw-erlenbach-stadt.de\/index.php\/einsatzberichte\/thl1-wohnung-oeffnen-akut\/\" rel=\"bookmark\">THL1 &#8211; Wohnung \u00f6ffnen akut<\/a><\/span><br><span class=\"einsatz-incidentType\"><strong>Einsatzart:<\/strong> T\u00fcr\u00f6ffnung akut<\/span><br><span class=\"einsatz-location\"><strong>Einsatzort:<\/strong> Erlenbach am Main<\/span><br><\/td><td class=\"einsatz-column-seqNum\">80<\/td><td class=\"einsatz-column-date\">04.12.2021<\/td><td class=\"einsatz-column-time\">18:55<\/td><td class=\"einsatz-column-title\"><a href=\"https:\/\/ffw-erlenbach-stadt.de\/index.php\/einsatzberichte\/thl1-wohnung-oeffnen-akut\/\" rel=\"bookmark\">THL1 &#8211; Wohnung \u00f6ffnen akut<\/a><\/td><td class=\"einsatz-column-annotationImages\"><i class=\"fa-solid fa-camera\" aria-hidden=\"true\" title=\"Bericht enth\u00e4lt Bilder\" style=\"\"><\/i><\/td><td class=\"einsatz-column-incidentType\">T\u00fcr\u00f6ffnung akut<\/td><td class=\"einsatz-column-location\">Erlenbach am Main<\/td><\/tr><tr class=\"report\"><td class=\"smallscreen\" colspan=\"7\" data-permalink=\"https:\/\/ffw-erlenbach-stadt.de\/index.php\/einsatzberichte\/b3-rauchentwicklung-aus-gebaeude\/\"><div class=\"annotation-icon-bar\"><i class=\"fa-solid fa-camera\" aria-hidden=\"true\" title=\"Bericht enth\u00e4lt keine Bilder\" style=\"color: #bbb;\"><\/i><\/div><span class=\"einsatz-seqNum\"><strong>Lfd.:<\/strong> 79<\/span><br><span class=\"einsatz-date\"><strong>Datum:<\/strong> 29.11.2021<\/span><br><span class=\"einsatz-time\"><strong>Uhrzeit:<\/strong> 15:25<\/span><br><span class=\"einsatz-title\"><strong>Einsatzmeldung:<\/strong> <a href=\"https:\/\/ffw-erlenbach-stadt.de\/index.php\/einsatzberichte\/b3-rauchentwicklung-aus-gebaeude\/\" rel=\"bookmark\">B3 &#8211; Rauchentwicklung aus Geb\u00e4ude<\/a><\/span><br><span class=\"einsatz-incidentType\"><strong>Einsatzart:<\/strong> Brand<\/span><br><span class=\"einsatz-location\"><strong>Einsatzort:<\/strong> Mechenhard<\/span><br><\/td><td class=\"einsatz-column-seqNum\">79<\/td><td class=\"einsatz-column-date\">29.11.2021<\/td><td class=\"einsatz-column-time\">15:25<\/td><td class=\"einsatz-column-title\"><a href=\"https:\/\/ffw-erlenbach-stadt.de\/index.php\/einsatzberichte\/b3-rauchentwicklung-aus-gebaeude\/\" rel=\"bookmark\">B3 &#8211; Rauchentwicklung aus Geb\u00e4ude<\/a><\/td><td class=\"einsatz-column-annotationImages\"><i class=\"fa-solid fa-camera\" aria-hidden=\"true\" title=\"Bericht enth\u00e4lt keine Bilder\" style=\"color: #bbb;\"><\/i><\/td><td class=\"einsatz-column-incidentType\">Brand<\/td><td class=\"einsatz-column-location\">Mechenhard<\/td><\/tr><tr class=\"report\"><td class=\"smallscreen\" colspan=\"7\" data-permalink=\"https:\/\/ffw-erlenbach-stadt.de\/index.php\/einsatzberichte\/thl-gleitschirmflieger-abgestuerzt\/\"><div class=\"annotation-icon-bar\"><i class=\"fa-solid fa-camera\" aria-hidden=\"true\" title=\"Bericht enth\u00e4lt Bilder\" style=\"\"><\/i><\/div><span class=\"einsatz-seqNum\"><strong>Lfd.:<\/strong> 78<\/span><br><span class=\"einsatz-date\"><strong>Datum:<\/strong> 21.11.2021<\/span><br><span class=\"einsatz-time\"><strong>Uhrzeit:<\/strong> 16:21<\/span><br><span class=\"einsatz-title\"><strong>Einsatzmeldung:<\/strong> <a href=\"https:\/\/ffw-erlenbach-stadt.de\/index.php\/einsatzberichte\/thl-gleitschirmflieger-abgestuerzt\/\" rel=\"bookmark\">THL &#8211; Gleitschirmflieger abgest\u00fcrzt<\/a><\/span><br><span class=\"einsatz-incidentType\"><strong>Einsatzart:<\/strong> THL - Person in Gefahr<\/span><br><span class=\"einsatz-location\"><strong>Einsatzort:<\/strong> Gro\u00dfheubach<\/span><br><\/td><td class=\"einsatz-column-seqNum\">78<\/td><td class=\"einsatz-column-date\">21.11.2021<\/td><td class=\"einsatz-column-time\">16:21<\/td><td class=\"einsatz-column-title\"><a href=\"https:\/\/ffw-erlenbach-stadt.de\/index.php\/einsatzberichte\/thl-gleitschirmflieger-abgestuerzt\/\" rel=\"bookmark\">THL &#8211; Gleitschirmflieger abgest\u00fcrzt<\/a><\/td><td class=\"einsatz-column-annotationImages\"><i class=\"fa-solid fa-camera\" aria-hidden=\"true\" title=\"Bericht enth\u00e4lt Bilder\" style=\"\"><\/i><\/td><td class=\"einsatz-column-incidentType\">THL - Person in Gefahr<\/td><td class=\"einsatz-column-location\">Gro\u00dfheubach<\/td><\/tr><tr class=\"report\"><td class=\"smallscreen\" colspan=\"7\" data-permalink=\"https:\/\/ffw-erlenbach-stadt.de\/index.php\/einsatzberichte\/thl1-verkehrsunfall-5\/\"><div class=\"annotation-icon-bar\"><i class=\"fa-solid fa-camera\" aria-hidden=\"true\" title=\"Bericht enth\u00e4lt Bilder\" style=\"\"><\/i><\/div><span class=\"einsatz-seqNum\"><strong>Lfd.:<\/strong> 77<\/span><br><span class=\"einsatz-date\"><strong>Datum:<\/strong> 16.11.2021<\/span><br><span class=\"einsatz-time\"><strong>Uhrzeit:<\/strong> 05:40<\/span><br><span class=\"einsatz-title\"><strong>Einsatzmeldung:<\/strong> <a href=\"https:\/\/ffw-erlenbach-stadt.de\/index.php\/einsatzberichte\/thl1-verkehrsunfall-5\/\" rel=\"bookmark\">THL1 &#8211; Verkehrsunfall<\/a><\/span><br><span class=\"einsatz-incidentType\"><strong>Einsatzart:<\/strong> Verkehrsunfall<\/span><br><span class=\"einsatz-location\"><strong>Einsatzort:<\/strong> Erlenbach am Main, Staatsstrasse 2309<\/span><br><\/td><td class=\"einsatz-column-seqNum\">77<\/td><td class=\"einsatz-column-date\">16.11.2021<\/td><td class=\"einsatz-column-time\">05:40<\/td><td class=\"einsatz-column-title\"><a href=\"https:\/\/ffw-erlenbach-stadt.de\/index.php\/einsatzberichte\/thl1-verkehrsunfall-5\/\" rel=\"bookmark\">THL1 &#8211; Verkehrsunfall<\/a><\/td><td class=\"einsatz-column-annotationImages\"><i class=\"fa-solid fa-camera\" aria-hidden=\"true\" title=\"Bericht enth\u00e4lt Bilder\" style=\"\"><\/i><\/td><td class=\"einsatz-column-incidentType\">Verkehrsunfall<\/td><td class=\"einsatz-column-location\">Erlenbach am Main, Staatsstrasse 2309<\/td><\/tr><tr class=\"report\"><td class=\"smallscreen\" colspan=\"7\" data-permalink=\"https:\/\/ffw-erlenbach-stadt.de\/index.php\/einsatzberichte\/thl1-tueroeffnung-akut-4\/\"><div class=\"annotation-icon-bar\"><i class=\"fa-solid fa-camera\" aria-hidden=\"true\" title=\"Bericht enth\u00e4lt Bilder\" style=\"\"><\/i><\/div><span class=\"einsatz-seqNum\"><strong>Lfd.:<\/strong> 76<\/span><br><span class=\"einsatz-date\"><strong>Datum:<\/strong> 15.11.2021<\/span><br><span class=\"einsatz-time\"><strong>Uhrzeit:<\/strong> 10:00<\/span><br><span class=\"einsatz-title\"><strong>Einsatzmeldung:<\/strong> <a href=\"https:\/\/ffw-erlenbach-stadt.de\/index.php\/einsatzberichte\/thl1-tueroeffnung-akut-4\/\" rel=\"bookmark\">THL1 &#8211; T\u00fcr\u00f6ffnung akut<\/a><\/span><br><span class=\"einsatz-incidentType\"><strong>Einsatzart:<\/strong> T\u00fcr\u00f6ffnung akut<\/span><br><span class=\"einsatz-location\"><strong>Einsatzort:<\/strong> Erlenbach am Main<\/span><br><\/td><td class=\"einsatz-column-seqNum\">76<\/td><td class=\"einsatz-column-date\">15.11.2021<\/td><td class=\"einsatz-column-time\">10:00<\/td><td class=\"einsatz-column-title\"><a href=\"https:\/\/ffw-erlenbach-stadt.de\/index.php\/einsatzberichte\/thl1-tueroeffnung-akut-4\/\" rel=\"bookmark\">THL1 &#8211; T\u00fcr\u00f6ffnung akut<\/a><\/td><td class=\"einsatz-column-annotationImages\"><i class=\"fa-solid fa-camera\" aria-hidden=\"true\" title=\"Bericht enth\u00e4lt Bilder\" style=\"\"><\/i><\/td><td class=\"einsatz-column-incidentType\">T\u00fcr\u00f6ffnung akut<\/td><td class=\"einsatz-column-location\">Erlenbach am Main<\/td><\/tr><tr class=\"report\"><td class=\"smallscreen\" colspan=\"7\" data-permalink=\"https:\/\/ffw-erlenbach-stadt.de\/index.php\/einsatzberichte\/bma-brandmeldeanlage-auflauf-fa-hemmelrath\/\"><div class=\"annotation-icon-bar\"><i class=\"fa-solid fa-camera\" aria-hidden=\"true\" title=\"Bericht enth\u00e4lt Bilder\" style=\"\"><\/i><\/div><span class=\"einsatz-seqNum\"><strong>Lfd.:<\/strong> 75<\/span><br><span class=\"einsatz-date\"><strong>Datum:<\/strong> 12.11.2021<\/span><br><span class=\"einsatz-time\"><strong>Uhrzeit:<\/strong> 12:04<\/span><br><span class=\"einsatz-title\"><strong>Einsatzmeldung:<\/strong> <a href=\"https:\/\/ffw-erlenbach-stadt.de\/index.php\/einsatzberichte\/bma-brandmeldeanlage-auflauf-fa-hemmelrath\/\" rel=\"bookmark\">BMA &#8211; Brandmeldeanlage-Auflauf Fa. Hemmelrath<\/a><\/span><br><span class=\"einsatz-incidentType\"><strong>Einsatzart:<\/strong> Brandmeldeanlage<\/span><br><span class=\"einsatz-location\"><strong>Einsatzort:<\/strong> Erlenbach am Main, Dr. Gammert Stra\u00dfe<\/span><br><\/td><td class=\"einsatz-column-seqNum\">75<\/td><td class=\"einsatz-column-date\">12.11.2021<\/td><td class=\"einsatz-column-time\">12:04<\/td><td class=\"einsatz-column-title\"><a href=\"https:\/\/ffw-erlenbach-stadt.de\/index.php\/einsatzberichte\/bma-brandmeldeanlage-auflauf-fa-hemmelrath\/\" rel=\"bookmark\">BMA &#8211; Brandmeldeanlage-Auflauf Fa. Hemmelrath<\/a><\/td><td class=\"einsatz-column-annotationImages\"><i class=\"fa-solid fa-camera\" aria-hidden=\"true\" title=\"Bericht enth\u00e4lt Bilder\" style=\"\"><\/i><\/td><td class=\"einsatz-column-incidentType\">Brandmeldeanlage<\/td><td class=\"einsatz-column-location\">Erlenbach am Main, Dr. Gammert Stra\u00dfe<\/td><\/tr><tr class=\"report\"><td class=\"smallscreen\" colspan=\"7\" data-permalink=\"https:\/\/ffw-erlenbach-stadt.de\/index.php\/einsatzberichte\/sicherheitswache-martinsfeuer\/\"><div class=\"annotation-icon-bar\"><i class=\"fa-solid fa-camera\" aria-hidden=\"true\" title=\"Bericht enth\u00e4lt keine Bilder\" style=\"color: #bbb;\"><\/i><\/div><span class=\"einsatz-seqNum\"><strong>Lfd.:<\/strong> 74<\/span><br><span class=\"einsatz-date\"><strong>Datum:<\/strong> 11.11.2021<\/span><br><span class=\"einsatz-time\"><strong>Uhrzeit:<\/strong> 16:30<\/span><br><span class=\"einsatz-title\"><strong>Einsatzmeldung:<\/strong> <a href=\"https:\/\/ffw-erlenbach-stadt.de\/index.php\/einsatzberichte\/sicherheitswache-martinsfeuer\/\" rel=\"bookmark\">Sicherheitswache &#8211; Martinsfeuer<\/a><\/span><br><span class=\"einsatz-incidentType\"><strong>Einsatzart:<\/strong> Sicherheitswache<\/span><br><span class=\"einsatz-location\"><strong>Einsatzort:<\/strong> Erlenbach am Main<\/span><br><\/td><td class=\"einsatz-column-seqNum\">74<\/td><td class=\"einsatz-column-date\">11.11.2021<\/td><td class=\"einsatz-column-time\">16:30<\/td><td class=\"einsatz-column-title\"><a href=\"https:\/\/ffw-erlenbach-stadt.de\/index.php\/einsatzberichte\/sicherheitswache-martinsfeuer\/\" rel=\"bookmark\">Sicherheitswache &#8211; Martinsfeuer<\/a><\/td><td class=\"einsatz-column-annotationImages\"><i class=\"fa-solid fa-camera\" aria-hidden=\"true\" title=\"Bericht enth\u00e4lt keine Bilder\" style=\"color: #bbb;\"><\/i><\/td><td class=\"einsatz-column-incidentType\">Sicherheitswache<\/td><td class=\"einsatz-column-location\">Erlenbach am Main<\/td><\/tr><tr class=\"report\"><td class=\"smallscreen\" colspan=\"7\" data-permalink=\"https:\/\/ffw-erlenbach-stadt.de\/index.php\/einsatzberichte\/thl1-unterstuetzung-rettungsdienst-4\/\"><div class=\"annotation-icon-bar\"><i class=\"fa-solid fa-camera\" aria-hidden=\"true\" title=\"Bericht enth\u00e4lt Bilder\" style=\"\"><\/i><\/div><span class=\"einsatz-seqNum\"><strong>Lfd.:<\/strong> 73<\/span><br><span class=\"einsatz-date\"><strong>Datum:<\/strong> 07.11.2021<\/span><br><span class=\"einsatz-time\"><strong>Uhrzeit:<\/strong> 02:35<\/span><br><span class=\"einsatz-title\"><strong>Einsatzmeldung:<\/strong> <a href=\"https:\/\/ffw-erlenbach-stadt.de\/index.php\/einsatzberichte\/thl1-unterstuetzung-rettungsdienst-4\/\" rel=\"bookmark\">THL1 &#8211; Unterst\u00fctzung Rettungsdienst<\/a><\/span><br><span class=\"einsatz-incidentType\"><strong>Einsatzart:<\/strong> THL - Unterst\u00fctzung Rettungsdienst<\/span><br><span class=\"einsatz-location\"><strong>Einsatzort:<\/strong> Erlenbach am Main<\/span><br><\/td><td class=\"einsatz-column-seqNum\">73<\/td><td class=\"einsatz-column-date\">07.11.2021<\/td><td class=\"einsatz-column-time\">02:35<\/td><td class=\"einsatz-column-title\"><a href=\"https:\/\/ffw-erlenbach-stadt.de\/index.php\/einsatzberichte\/thl1-unterstuetzung-rettungsdienst-4\/\" rel=\"bookmark\">THL1 &#8211; Unterst\u00fctzung Rettungsdienst<\/a><\/td><td class=\"einsatz-column-annotationImages\"><i class=\"fa-solid fa-camera\" aria-hidden=\"true\" title=\"Bericht enth\u00e4lt Bilder\" style=\"\"><\/i><\/td><td class=\"einsatz-column-incidentType\">THL - Unterst\u00fctzung Rettungsdienst<\/td><td class=\"einsatz-column-location\">Erlenbach am Main<\/td><\/tr><tr class=\"report\"><td class=\"smallscreen\" colspan=\"7\" data-permalink=\"https:\/\/ffw-erlenbach-stadt.de\/index.php\/einsatzberichte\/thl1-tueroeffnung-akut-3\/\"><div class=\"annotation-icon-bar\"><i class=\"fa-solid fa-camera\" aria-hidden=\"true\" title=\"Bericht enth\u00e4lt Bilder\" style=\"\"><\/i><\/div><span class=\"einsatz-seqNum\"><strong>Lfd.:<\/strong> 72<\/span><br><span class=\"einsatz-date\"><strong>Datum:<\/strong> 03.11.2021<\/span><br><span class=\"einsatz-time\"><strong>Uhrzeit:<\/strong> 22:29<\/span><br><span class=\"einsatz-title\"><strong>Einsatzmeldung:<\/strong> <a href=\"https:\/\/ffw-erlenbach-stadt.de\/index.php\/einsatzberichte\/thl1-tueroeffnung-akut-3\/\" rel=\"bookmark\">THL1 &#8211; T\u00fcr\u00f6ffnung akut<\/a><\/span><br><span class=\"einsatz-incidentType\"><strong>Einsatzart:<\/strong> T\u00fcr\u00f6ffnung akut<\/span><br><span class=\"einsatz-location\"><strong>Einsatzort:<\/strong> Erlenbach am Main<\/span><br><\/td><td class=\"einsatz-column-seqNum\">72<\/td><td class=\"einsatz-column-date\">03.11.2021<\/td><td class=\"einsatz-column-time\">22:29<\/td><td class=\"einsatz-column-title\"><a href=\"https:\/\/ffw-erlenbach-stadt.de\/index.php\/einsatzberichte\/thl1-tueroeffnung-akut-3\/\" rel=\"bookmark\">THL1 &#8211; T\u00fcr\u00f6ffnung akut<\/a><\/td><td class=\"einsatz-column-annotationImages\"><i class=\"fa-solid fa-camera\" aria-hidden=\"true\" title=\"Bericht enth\u00e4lt Bilder\" style=\"\"><\/i><\/td><td class=\"einsatz-column-incidentType\">T\u00fcr\u00f6ffnung akut<\/td><td class=\"einsatz-column-location\">Erlenbach am Main<\/td><\/tr><tr class=\"report\"><td class=\"smallscreen\" colspan=\"7\" data-permalink=\"https:\/\/ffw-erlenbach-stadt.de\/index.php\/einsatzberichte\/thl1-strasse-reinigen-3\/\"><div class=\"annotation-icon-bar\"><i class=\"fa-solid fa-camera\" aria-hidden=\"true\" title=\"Bericht enth\u00e4lt Bilder\" style=\"\"><\/i><\/div><span class=\"einsatz-seqNum\"><strong>Lfd.:<\/strong> 71<\/span><br><span class=\"einsatz-date\"><strong>Datum:<\/strong> 01.11.2021<\/span><br><span class=\"einsatz-time\"><strong>Uhrzeit:<\/strong> 11:20<\/span><br><span class=\"einsatz-title\"><strong>Einsatzmeldung:<\/strong> <a href=\"https:\/\/ffw-erlenbach-stadt.de\/index.php\/einsatzberichte\/thl1-strasse-reinigen-3\/\" rel=\"bookmark\">THL1 &#8211; Stra\u00dfe reinigen<\/a><\/span><br><span class=\"einsatz-incidentType\"><strong>Einsatzart:<\/strong> \u00d6lschaden<\/span><br><span class=\"einsatz-location\"><strong>Einsatzort:<\/strong> Erlenbach am Main, Miltenberger Stra\u00dfe<\/span><br><\/td><td class=\"einsatz-column-seqNum\">71<\/td><td class=\"einsatz-column-date\">01.11.2021<\/td><td class=\"einsatz-column-time\">11:20<\/td><td class=\"einsatz-column-title\"><a href=\"https:\/\/ffw-erlenbach-stadt.de\/index.php\/einsatzberichte\/thl1-strasse-reinigen-3\/\" rel=\"bookmark\">THL1 &#8211; Stra\u00dfe reinigen<\/a><\/td><td class=\"einsatz-column-annotationImages\"><i class=\"fa-solid fa-camera\" aria-hidden=\"true\" title=\"Bericht enth\u00e4lt Bilder\" style=\"\"><\/i><\/td><td class=\"einsatz-column-incidentType\">\u00d6lschaden<\/td><td class=\"einsatz-column-location\">Erlenbach am Main, Miltenberger Stra\u00dfe<\/td><\/tr><tr class=\"report\"><td class=\"smallscreen\" colspan=\"7\" data-permalink=\"https:\/\/ffw-erlenbach-stadt.de\/index.php\/einsatzberichte\/thl1-unterstuetzung-rettungsdienst-3\/\"><div class=\"annotation-icon-bar\"><i class=\"fa-solid fa-camera\" aria-hidden=\"true\" title=\"Bericht enth\u00e4lt Bilder\" style=\"\"><\/i><\/div><span class=\"einsatz-seqNum\"><strong>Lfd.:<\/strong> 70<\/span><br><span class=\"einsatz-date\"><strong>Datum:<\/strong> 01.11.2021<\/span><br><span class=\"einsatz-time\"><strong>Uhrzeit:<\/strong> 08:20<\/span><br><span class=\"einsatz-title\"><strong>Einsatzmeldung:<\/strong> <a href=\"https:\/\/ffw-erlenbach-stadt.de\/index.php\/einsatzberichte\/thl1-unterstuetzung-rettungsdienst-3\/\" rel=\"bookmark\">THL1 &#8211; Unterst\u00fctzung Rettungsdienst<\/a><\/span><br><span class=\"einsatz-incidentType\"><strong>Einsatzart:<\/strong> THL - Unterst\u00fctzung Rettungsdienst<\/span><br><span class=\"einsatz-location\"><strong>Einsatzort:<\/strong> Erlenbach am Main<\/span><br><\/td><td class=\"einsatz-column-seqNum\">70<\/td><td class=\"einsatz-column-date\">01.11.2021<\/td><td class=\"einsatz-column-time\">08:20<\/td><td class=\"einsatz-column-title\"><a href=\"https:\/\/ffw-erlenbach-stadt.de\/index.php\/einsatzberichte\/thl1-unterstuetzung-rettungsdienst-3\/\" rel=\"bookmark\">THL1 &#8211; Unterst\u00fctzung Rettungsdienst<\/a><\/td><td class=\"einsatz-column-annotationImages\"><i class=\"fa-solid fa-camera\" aria-hidden=\"true\" title=\"Bericht enth\u00e4lt Bilder\" style=\"\"><\/i><\/td><td class=\"einsatz-column-incidentType\">THL - Unterst\u00fctzung Rettungsdienst<\/td><td class=\"einsatz-column-location\">Erlenbach am Main<\/td><\/tr><tr class=\"report\"><td class=\"smallscreen\" colspan=\"7\" data-permalink=\"https:\/\/ffw-erlenbach-stadt.de\/index.php\/einsatzberichte\/thl1-wasser-im-keller\/\"><div class=\"annotation-icon-bar\"><i class=\"fa-solid fa-camera\" aria-hidden=\"true\" title=\"Bericht enth\u00e4lt Bilder\" style=\"\"><\/i><\/div><span class=\"einsatz-seqNum\"><strong>Lfd.:<\/strong> 69<\/span><br><span class=\"einsatz-date\"><strong>Datum:<\/strong> 31.10.2021<\/span><br><span class=\"einsatz-time\"><strong>Uhrzeit:<\/strong> 16:35<\/span><br><span class=\"einsatz-title\"><strong>Einsatzmeldung:<\/strong> <a href=\"https:\/\/ffw-erlenbach-stadt.de\/index.php\/einsatzberichte\/thl1-wasser-im-keller\/\" rel=\"bookmark\">THL1 &#8211; Wasser im Keller<\/a><\/span><br><span class=\"einsatz-incidentType\"><strong>Einsatzart:<\/strong> THL - sonstiges<\/span><br><span class=\"einsatz-location\"><strong>Einsatzort:<\/strong> Erlenbach am Main, Sudentenstra\u00dfe<\/span><br><\/td><td class=\"einsatz-column-seqNum\">69<\/td><td class=\"einsatz-column-date\">31.10.2021<\/td><td class=\"einsatz-column-time\">16:35<\/td><td class=\"einsatz-column-title\"><a href=\"https:\/\/ffw-erlenbach-stadt.de\/index.php\/einsatzberichte\/thl1-wasser-im-keller\/\" rel=\"bookmark\">THL1 &#8211; Wasser im Keller<\/a><\/td><td class=\"einsatz-column-annotationImages\"><i class=\"fa-solid fa-camera\" aria-hidden=\"true\" title=\"Bericht enth\u00e4lt Bilder\" style=\"\"><\/i><\/td><td class=\"einsatz-column-incidentType\">THL - sonstiges<\/td><td class=\"einsatz-column-location\">Erlenbach am Main, Sudentenstra\u00dfe<\/td><\/tr><tr class=\"report\"><td class=\"smallscreen\" colspan=\"7\" data-permalink=\"https:\/\/ffw-erlenbach-stadt.de\/index.php\/einsatzberichte\/thl1-strasse-reinigen-2\/\"><div class=\"annotation-icon-bar\"><i class=\"fa-solid fa-camera\" aria-hidden=\"true\" title=\"Bericht enth\u00e4lt Bilder\" style=\"\"><\/i><\/div><span class=\"einsatz-seqNum\"><strong>Lfd.:<\/strong> 68<\/span><br><span class=\"einsatz-date\"><strong>Datum:<\/strong> 28.10.2021<\/span><br><span class=\"einsatz-time\"><strong>Uhrzeit:<\/strong> 15:58<\/span><br><span class=\"einsatz-title\"><strong>Einsatzmeldung:<\/strong> <a href=\"https:\/\/ffw-erlenbach-stadt.de\/index.php\/einsatzberichte\/thl1-strasse-reinigen-2\/\" rel=\"bookmark\">THL1 &#8211; Strasse reinigen<\/a><\/span><br><span class=\"einsatz-incidentType\"><strong>Einsatzart:<\/strong> \u00d6lschaden<\/span><br><span class=\"einsatz-location\"><strong>Einsatzort:<\/strong> Erlenbach am Main, Elsenfelder Strasse<\/span><br><\/td><td class=\"einsatz-column-seqNum\">68<\/td><td class=\"einsatz-column-date\">28.10.2021<\/td><td class=\"einsatz-column-time\">15:58<\/td><td class=\"einsatz-column-title\"><a href=\"https:\/\/ffw-erlenbach-stadt.de\/index.php\/einsatzberichte\/thl1-strasse-reinigen-2\/\" rel=\"bookmark\">THL1 &#8211; Strasse reinigen<\/a><\/td><td class=\"einsatz-column-annotationImages\"><i class=\"fa-solid fa-camera\" aria-hidden=\"true\" title=\"Bericht enth\u00e4lt Bilder\" style=\"\"><\/i><\/td><td class=\"einsatz-column-incidentType\">\u00d6lschaden<\/td><td class=\"einsatz-column-location\">Erlenbach am Main, Elsenfelder Strasse<\/td><\/tr><tr class=\"report\"><td class=\"smallscreen\" colspan=\"7\" data-permalink=\"https:\/\/ffw-erlenbach-stadt.de\/index.php\/einsatzberichte\/b2-pkw-brand\/\"><div class=\"annotation-icon-bar\"><i class=\"fa-solid fa-camera\" aria-hidden=\"true\" title=\"Bericht enth\u00e4lt Bilder\" style=\"\"><\/i><\/div><span class=\"einsatz-seqNum\"><strong>Lfd.:<\/strong> 67<\/span><br><span class=\"einsatz-date\"><strong>Datum:<\/strong> 24.10.2021<\/span><br><span class=\"einsatz-time\"><strong>Uhrzeit:<\/strong> 07:39<\/span><br><span class=\"einsatz-title\"><strong>Einsatzmeldung:<\/strong> <a href=\"https:\/\/ffw-erlenbach-stadt.de\/index.php\/einsatzberichte\/b2-pkw-brand\/\" rel=\"bookmark\">B2 &#8211; PKW Brand<\/a><\/span><br><span class=\"einsatz-incidentType\"><strong>Einsatzart:<\/strong> Brand<\/span><br><span class=\"einsatz-location\"><strong>Einsatzort:<\/strong> Erlenbach am Main, Liebigstra\u00dfe<\/span><br><\/td><td class=\"einsatz-column-seqNum\">67<\/td><td class=\"einsatz-column-date\">24.10.2021<\/td><td class=\"einsatz-column-time\">07:39<\/td><td class=\"einsatz-column-title\"><a href=\"https:\/\/ffw-erlenbach-stadt.de\/index.php\/einsatzberichte\/b2-pkw-brand\/\" rel=\"bookmark\">B2 &#8211; PKW Brand<\/a><\/td><td class=\"einsatz-column-annotationImages\"><i class=\"fa-solid fa-camera\" aria-hidden=\"true\" title=\"Bericht enth\u00e4lt Bilder\" style=\"\"><\/i><\/td><td class=\"einsatz-column-incidentType\">Brand<\/td><td class=\"einsatz-column-location\">Erlenbach am Main, Liebigstra\u00dfe<\/td><\/tr><tr class=\"report\"><td class=\"smallscreen\" colspan=\"7\" data-permalink=\"https:\/\/ffw-erlenbach-stadt.de\/index.php\/einsatzberichte\/thl1-unwetter-baum-auf-strasse-2\/\"><div class=\"annotation-icon-bar\"><i class=\"fa-solid fa-camera\" aria-hidden=\"true\" title=\"Bericht enth\u00e4lt Bilder\" style=\"\"><\/i><\/div><span class=\"einsatz-seqNum\"><strong>Lfd.:<\/strong> 66<\/span><br><span class=\"einsatz-date\"><strong>Datum:<\/strong> 21.10.2021<\/span><br><span class=\"einsatz-time\"><strong>Uhrzeit:<\/strong> 10:37<\/span><br><span class=\"einsatz-title\"><strong>Einsatzmeldung:<\/strong> <a href=\"https:\/\/ffw-erlenbach-stadt.de\/index.php\/einsatzberichte\/thl1-unwetter-baum-auf-strasse-2\/\" rel=\"bookmark\">THL1 &#8211; Unwetter &#8211; Baum auf Strasse<\/a><\/span><br><span class=\"einsatz-incidentType\"><strong>Einsatzart:<\/strong> Unwetter<\/span><br><span class=\"einsatz-location\"><strong>Einsatzort:<\/strong> Erlenbach am Main, Miltenberger Stra\u00dfe<\/span><br><\/td><td class=\"einsatz-column-seqNum\">66<\/td><td class=\"einsatz-column-date\">21.10.2021<\/td><td class=\"einsatz-column-time\">10:37<\/td><td class=\"einsatz-column-title\"><a href=\"https:\/\/ffw-erlenbach-stadt.de\/index.php\/einsatzberichte\/thl1-unwetter-baum-auf-strasse-2\/\" rel=\"bookmark\">THL1 &#8211; Unwetter &#8211; Baum auf Strasse<\/a><\/td><td class=\"einsatz-column-annotationImages\"><i class=\"fa-solid fa-camera\" aria-hidden=\"true\" title=\"Bericht enth\u00e4lt Bilder\" style=\"\"><\/i><\/td><td class=\"einsatz-column-incidentType\">Unwetter<\/td><td class=\"einsatz-column-location\">Erlenbach am Main, Miltenberger Stra\u00dfe<\/td><\/tr><tr class=\"report\"><td class=\"smallscreen\" colspan=\"7\" data-permalink=\"https:\/\/ffw-erlenbach-stadt.de\/index.php\/einsatzberichte\/thl1-unwetter-baum-auf-strasse\/\"><div class=\"annotation-icon-bar\"><i class=\"fa-solid fa-camera\" aria-hidden=\"true\" title=\"Bericht enth\u00e4lt keine Bilder\" style=\"color: #bbb;\"><\/i><\/div><span class=\"einsatz-seqNum\"><strong>Lfd.:<\/strong> 65<\/span><br><span class=\"einsatz-date\"><strong>Datum:<\/strong> 21.10.2021<\/span><br><span class=\"einsatz-time\"><strong>Uhrzeit:<\/strong> 09:19<\/span><br><span class=\"einsatz-title\"><strong>Einsatzmeldung:<\/strong> <a href=\"https:\/\/ffw-erlenbach-stadt.de\/index.php\/einsatzberichte\/thl1-unwetter-baum-auf-strasse\/\" rel=\"bookmark\">THL1 &#8211; Unwetter &#8211; Baum auf Strasse<\/a><\/span><br><span class=\"einsatz-incidentType\"><strong>Einsatzart:<\/strong> Unwetter<\/span><br><span class=\"einsatz-location\"><strong>Einsatzort:<\/strong> Erlenbach am Main, Dr. Gammert Strasse<\/span><br><\/td><td class=\"einsatz-column-seqNum\">65<\/td><td class=\"einsatz-column-date\">21.10.2021<\/td><td class=\"einsatz-column-time\">09:19<\/td><td class=\"einsatz-column-title\"><a href=\"https:\/\/ffw-erlenbach-stadt.de\/index.php\/einsatzberichte\/thl1-unwetter-baum-auf-strasse\/\" rel=\"bookmark\">THL1 &#8211; Unwetter &#8211; Baum auf Strasse<\/a><\/td><td class=\"einsatz-column-annotationImages\"><i class=\"fa-solid fa-camera\" aria-hidden=\"true\" title=\"Bericht enth\u00e4lt keine Bilder\" style=\"color: #bbb;\"><\/i><\/td><td class=\"einsatz-column-incidentType\">Unwetter<\/td><td class=\"einsatz-column-location\">Erlenbach am Main, Dr. Gammert Strasse<\/td><\/tr><tr class=\"report\"><td class=\"smallscreen\" colspan=\"7\" data-permalink=\"https:\/\/ffw-erlenbach-stadt.de\/index.php\/einsatzberichte\/bma2-rauchwarnmelder\/\"><div class=\"annotation-icon-bar\"><i class=\"fa-solid fa-camera\" aria-hidden=\"true\" title=\"Bericht enth\u00e4lt keine Bilder\" style=\"color: #bbb;\"><\/i><\/div><span class=\"einsatz-seqNum\"><strong>Lfd.:<\/strong> 64<\/span><br><span class=\"einsatz-date\"><strong>Datum:<\/strong> 13.10.2021<\/span><br><span class=\"einsatz-time\"><strong>Uhrzeit:<\/strong> 11:52<\/span><br><span class=\"einsatz-title\"><strong>Einsatzmeldung:<\/strong> <a href=\"https:\/\/ffw-erlenbach-stadt.de\/index.php\/einsatzberichte\/bma2-rauchwarnmelder\/\" rel=\"bookmark\">BMA2 &#8211; Rauchwarnmelder<\/a><\/span><br><span class=\"einsatz-incidentType\"><strong>Einsatzart:<\/strong> Brand<\/span><br><span class=\"einsatz-location\"><strong>Einsatzort:<\/strong> Erlenbach am Main, Dr. Vits Strasse<\/span><br><\/td><td class=\"einsatz-column-seqNum\">64<\/td><td class=\"einsatz-column-date\">13.10.2021<\/td><td class=\"einsatz-column-time\">11:52<\/td><td class=\"einsatz-column-title\"><a href=\"https:\/\/ffw-erlenbach-stadt.de\/index.php\/einsatzberichte\/bma2-rauchwarnmelder\/\" rel=\"bookmark\">BMA2 &#8211; Rauchwarnmelder<\/a><\/td><td class=\"einsatz-column-annotationImages\"><i class=\"fa-solid fa-camera\" aria-hidden=\"true\" title=\"Bericht enth\u00e4lt keine Bilder\" style=\"color: #bbb;\"><\/i><\/td><td class=\"einsatz-column-incidentType\">Brand<\/td><td class=\"einsatz-column-location\">Erlenbach am Main, Dr. Vits Strasse<\/td><\/tr><tr class=\"report\"><td class=\"smallscreen\" colspan=\"7\" data-permalink=\"https:\/\/ffw-erlenbach-stadt.de\/index.php\/einsatzberichte\/thl1-tueroeffnung-fuer-rettungsdienst\/\"><div class=\"annotation-icon-bar\"><i class=\"fa-solid fa-camera\" aria-hidden=\"true\" title=\"Bericht enth\u00e4lt keine Bilder\" style=\"color: #bbb;\"><\/i><\/div><span class=\"einsatz-seqNum\"><strong>Lfd.:<\/strong> 63<\/span><br><span class=\"einsatz-date\"><strong>Datum:<\/strong> 05.10.2021<\/span><br><span class=\"einsatz-time\"><strong>Uhrzeit:<\/strong> 06:47<\/span><br><span class=\"einsatz-title\"><strong>Einsatzmeldung:<\/strong> <a href=\"https:\/\/ffw-erlenbach-stadt.de\/index.php\/einsatzberichte\/thl1-tueroeffnung-fuer-rettungsdienst\/\" rel=\"bookmark\">THL1 &#8211; T\u00fcr\u00f6ffnung f\u00fcr Rettungsdienst<\/a><\/span><br><span class=\"einsatz-incidentType\"><strong>Einsatzart:<\/strong> T\u00fcr\u00f6ffnung<\/span><br><span class=\"einsatz-location\"><strong>Einsatzort:<\/strong> Erlenbach am Main<\/span><br><\/td><td class=\"einsatz-column-seqNum\">63<\/td><td class=\"einsatz-column-date\">05.10.2021<\/td><td class=\"einsatz-column-time\">06:47<\/td><td class=\"einsatz-column-title\"><a href=\"https:\/\/ffw-erlenbach-stadt.de\/index.php\/einsatzberichte\/thl1-tueroeffnung-fuer-rettungsdienst\/\" rel=\"bookmark\">THL1 &#8211; T\u00fcr\u00f6ffnung f\u00fcr Rettungsdienst<\/a><\/td><td class=\"einsatz-column-annotationImages\"><i class=\"fa-solid fa-camera\" aria-hidden=\"true\" title=\"Bericht enth\u00e4lt keine Bilder\" style=\"color: #bbb;\"><\/i><\/td><td class=\"einsatz-column-incidentType\">T\u00fcr\u00f6ffnung<\/td><td class=\"einsatz-column-location\">Erlenbach am Main<\/td><\/tr><tr class=\"report\"><td class=\"smallscreen\" colspan=\"7\" data-permalink=\"https:\/\/ffw-erlenbach-stadt.de\/index.php\/einsatzberichte\/thl1-verkehrsunfall-mit-pkw\/\"><div class=\"annotation-icon-bar\"><i class=\"fa-solid fa-camera\" aria-hidden=\"true\" title=\"Bericht enth\u00e4lt Bilder\" style=\"\"><\/i><\/div><span class=\"einsatz-seqNum\"><strong>Lfd.:<\/strong> 62<\/span><br><span class=\"einsatz-date\"><strong>Datum:<\/strong> 04.10.2021<\/span><br><span class=\"einsatz-time\"><strong>Uhrzeit:<\/strong> 19:17<\/span><br><span class=\"einsatz-title\"><strong>Einsatzmeldung:<\/strong> <a href=\"https:\/\/ffw-erlenbach-stadt.de\/index.php\/einsatzberichte\/thl1-verkehrsunfall-mit-pkw\/\" rel=\"bookmark\">THL1 &#8211; Verkehrsunfall mit PKW<\/a><\/span><br><span class=\"einsatz-incidentType\"><strong>Einsatzart:<\/strong> Verkehrsunfall<\/span><br><span class=\"einsatz-location\"><strong>Einsatzort:<\/strong> Erlenbach am Main, Staatsstrasse 2309 Richtung Elsenfeld<\/span><br><\/td><td class=\"einsatz-column-seqNum\">62<\/td><td class=\"einsatz-column-date\">04.10.2021<\/td><td class=\"einsatz-column-time\">19:17<\/td><td class=\"einsatz-column-title\"><a href=\"https:\/\/ffw-erlenbach-stadt.de\/index.php\/einsatzberichte\/thl1-verkehrsunfall-mit-pkw\/\" rel=\"bookmark\">THL1 &#8211; Verkehrsunfall mit PKW<\/a><\/td><td class=\"einsatz-column-annotationImages\"><i class=\"fa-solid fa-camera\" aria-hidden=\"true\" title=\"Bericht enth\u00e4lt Bilder\" style=\"\"><\/i><\/td><td class=\"einsatz-column-incidentType\">Verkehrsunfall<\/td><td class=\"einsatz-column-location\">Erlenbach am Main, Staatsstrasse 2309 Richtung Elsenfeld<\/td><\/tr><tr class=\"report\"><td class=\"smallscreen\" colspan=\"7\" data-permalink=\"https:\/\/ffw-erlenbach-stadt.de\/index.php\/einsatzberichte\/thl1-personensuche-2\/\"><div class=\"annotation-icon-bar\"><i class=\"fa-solid fa-camera\" aria-hidden=\"true\" title=\"Bericht enth\u00e4lt keine Bilder\" style=\"color: #bbb;\"><\/i><\/div><span class=\"einsatz-seqNum\"><strong>Lfd.:<\/strong> 61<\/span><br><span class=\"einsatz-date\"><strong>Datum:<\/strong> 03.10.2021<\/span><br><span class=\"einsatz-time\"><strong>Uhrzeit:<\/strong> 22:48<\/span><br><span class=\"einsatz-title\"><strong>Einsatzmeldung:<\/strong> <a href=\"https:\/\/ffw-erlenbach-stadt.de\/index.php\/einsatzberichte\/thl1-personensuche-2\/\" rel=\"bookmark\">THL1 &#8211; Personensuche<\/a><\/span><br><span class=\"einsatz-incidentType\"><strong>Einsatzart:<\/strong> THL - Person in Gefahr<\/span><br><span class=\"einsatz-location\"><strong>Einsatzort:<\/strong> Gro\u00dfheubach<\/span><br><\/td><td class=\"einsatz-column-seqNum\">61<\/td><td class=\"einsatz-column-date\">03.10.2021<\/td><td class=\"einsatz-column-time\">22:48<\/td><td class=\"einsatz-column-title\"><a href=\"https:\/\/ffw-erlenbach-stadt.de\/index.php\/einsatzberichte\/thl1-personensuche-2\/\" rel=\"bookmark\">THL1 &#8211; Personensuche<\/a><\/td><td class=\"einsatz-column-annotationImages\"><i class=\"fa-solid fa-camera\" aria-hidden=\"true\" title=\"Bericht enth\u00e4lt keine Bilder\" style=\"color: #bbb;\"><\/i><\/td><td class=\"einsatz-column-incidentType\">THL - Person in Gefahr<\/td><td class=\"einsatz-column-location\">Gro\u00dfheubach<\/td><\/tr><tr class=\"report\"><td class=\"smallscreen\" colspan=\"7\" data-permalink=\"https:\/\/ffw-erlenbach-stadt.de\/index.php\/einsatzberichte\/thl1-erkundung-klein\/\"><div class=\"annotation-icon-bar\"><i class=\"fa-solid fa-camera\" aria-hidden=\"true\" title=\"Bericht enth\u00e4lt keine Bilder\" style=\"color: #bbb;\"><\/i><\/div><span class=\"einsatz-seqNum\"><strong>Lfd.:<\/strong> 60<\/span><br><span class=\"einsatz-date\"><strong>Datum:<\/strong> 01.10.2021<\/span><br><span class=\"einsatz-time\"><strong>Uhrzeit:<\/strong> 13:01<\/span><br><span class=\"einsatz-title\"><strong>Einsatzmeldung:<\/strong> <a href=\"https:\/\/ffw-erlenbach-stadt.de\/index.php\/einsatzberichte\/thl1-erkundung-klein\/\" rel=\"bookmark\">THL1 &#8211; Erkundung klein<\/a><\/span><br><span class=\"einsatz-incidentType\"><strong>Einsatzart:<\/strong> THL - sonstiges<\/span><br><span class=\"einsatz-location\"><strong>Einsatzort:<\/strong> Gro\u00dfwallstadt<\/span><br><\/td><td class=\"einsatz-column-seqNum\">60<\/td><td class=\"einsatz-column-date\">01.10.2021<\/td><td class=\"einsatz-column-time\">13:01<\/td><td class=\"einsatz-column-title\"><a href=\"https:\/\/ffw-erlenbach-stadt.de\/index.php\/einsatzberichte\/thl1-erkundung-klein\/\" rel=\"bookmark\">THL1 &#8211; Erkundung klein<\/a><\/td><td class=\"einsatz-column-annotationImages\"><i class=\"fa-solid fa-camera\" aria-hidden=\"true\" title=\"Bericht enth\u00e4lt keine Bilder\" style=\"color: #bbb;\"><\/i><\/td><td class=\"einsatz-column-incidentType\">THL - sonstiges<\/td><td class=\"einsatz-column-location\">Gro\u00dfwallstadt<\/td><\/tr><tr class=\"report\"><td class=\"smallscreen\" colspan=\"7\" data-permalink=\"https:\/\/ffw-erlenbach-stadt.de\/index.php\/einsatzberichte\/sicherheitswache-kindergartenfeuer\/\"><div class=\"annotation-icon-bar\"><i class=\"fa-solid fa-camera\" aria-hidden=\"true\" title=\"Bericht enth\u00e4lt keine Bilder\" style=\"color: #bbb;\"><\/i><\/div><span class=\"einsatz-seqNum\"><strong>Lfd.:<\/strong> 59<\/span><br><span class=\"einsatz-date\"><strong>Datum:<\/strong> 24.09.2021<\/span><br><span class=\"einsatz-time\"><strong>Uhrzeit:<\/strong> 17:00<\/span><br><span class=\"einsatz-title\"><strong>Einsatzmeldung:<\/strong> <a href=\"https:\/\/ffw-erlenbach-stadt.de\/index.php\/einsatzberichte\/sicherheitswache-kindergartenfeuer\/\" rel=\"bookmark\">Sicherheitswache &#8222;Kindergartenfeuer&#8220;<\/a><\/span><br><span class=\"einsatz-incidentType\"><strong>Einsatzart:<\/strong> Sicherheitswache<\/span><br><span class=\"einsatz-location\"><strong>Einsatzort:<\/strong> Erlenbach am Main, Orgelwiese<\/span><br><\/td><td class=\"einsatz-column-seqNum\">59<\/td><td class=\"einsatz-column-date\">24.09.2021<\/td><td class=\"einsatz-column-time\">17:00<\/td><td class=\"einsatz-column-title\"><a href=\"https:\/\/ffw-erlenbach-stadt.de\/index.php\/einsatzberichte\/sicherheitswache-kindergartenfeuer\/\" rel=\"bookmark\">Sicherheitswache &#8222;Kindergartenfeuer&#8220;<\/a><\/td><td class=\"einsatz-column-annotationImages\"><i class=\"fa-solid fa-camera\" aria-hidden=\"true\" title=\"Bericht enth\u00e4lt keine Bilder\" style=\"color: #bbb;\"><\/i><\/td><td class=\"einsatz-column-incidentType\">Sicherheitswache<\/td><td class=\"einsatz-column-location\">Erlenbach am Main, Orgelwiese<\/td><\/tr><tr class=\"report\"><td class=\"smallscreen\" colspan=\"7\" data-permalink=\"https:\/\/ffw-erlenbach-stadt.de\/index.php\/einsatzberichte\/thl1-kleintierrettung-2\/\"><div class=\"annotation-icon-bar\"><i class=\"fa-solid fa-camera\" aria-hidden=\"true\" title=\"Bericht enth\u00e4lt keine Bilder\" style=\"color: #bbb;\"><\/i><\/div><span class=\"einsatz-seqNum\"><strong>Lfd.:<\/strong> 58<\/span><br><span class=\"einsatz-date\"><strong>Datum:<\/strong> 22.09.2021<\/span><br><span class=\"einsatz-time\"><strong>Uhrzeit:<\/strong> 13:37<\/span><br><span class=\"einsatz-title\"><strong>Einsatzmeldung:<\/strong> <a href=\"https:\/\/ffw-erlenbach-stadt.de\/index.php\/einsatzberichte\/thl1-kleintierrettung-2\/\" rel=\"bookmark\">THL1 &#8211; Kleintierrettung<\/a><\/span><br><span class=\"einsatz-incidentType\"><strong>Einsatzart:<\/strong> THL - Tierrettung<\/span><br><span class=\"einsatz-location\"><strong>Einsatzort:<\/strong> Erlenbach am Main, Liebigstra\u00dfe<\/span><br><\/td><td class=\"einsatz-column-seqNum\">58<\/td><td class=\"einsatz-column-date\">22.09.2021<\/td><td class=\"einsatz-column-time\">13:37<\/td><td class=\"einsatz-column-title\"><a href=\"https:\/\/ffw-erlenbach-stadt.de\/index.php\/einsatzberichte\/thl1-kleintierrettung-2\/\" rel=\"bookmark\">THL1 &#8211; Kleintierrettung<\/a><\/td><td class=\"einsatz-column-annotationImages\"><i class=\"fa-solid fa-camera\" aria-hidden=\"true\" title=\"Bericht enth\u00e4lt keine Bilder\" style=\"color: #bbb;\"><\/i><\/td><td class=\"einsatz-column-incidentType\">THL - Tierrettung<\/td><td class=\"einsatz-column-location\">Erlenbach am Main, Liebigstra\u00dfe<\/td><\/tr><tr class=\"report\"><td class=\"smallscreen\" colspan=\"7\" data-permalink=\"https:\/\/ffw-erlenbach-stadt.de\/index.php\/einsatzberichte\/thl1-oelspur-2\/\"><div class=\"annotation-icon-bar\"><i class=\"fa-solid fa-camera\" aria-hidden=\"true\" title=\"Bericht enth\u00e4lt Bilder\" style=\"\"><\/i><\/div><span class=\"einsatz-seqNum\"><strong>Lfd.:<\/strong> 57<\/span><br><span class=\"einsatz-date\"><strong>Datum:<\/strong> 22.09.2021<\/span><br><span class=\"einsatz-time\"><strong>Uhrzeit:<\/strong> 10:24<\/span><br><span class=\"einsatz-title\"><strong>Einsatzmeldung:<\/strong> <a href=\"https:\/\/ffw-erlenbach-stadt.de\/index.php\/einsatzberichte\/thl1-oelspur-2\/\" rel=\"bookmark\">THL1 &#8211; \u00d6lspur<\/a><\/span><br><span class=\"einsatz-incidentType\"><strong>Einsatzart:<\/strong> \u00d6lschaden<\/span><br><span class=\"einsatz-location\"><strong>Einsatzort:<\/strong> Erlenbach am Main, Liebigstra\u00dfe<\/span><br><\/td><td class=\"einsatz-column-seqNum\">57<\/td><td class=\"einsatz-column-date\">22.09.2021<\/td><td class=\"einsatz-column-time\">10:24<\/td><td class=\"einsatz-column-title\"><a href=\"https:\/\/ffw-erlenbach-stadt.de\/index.php\/einsatzberichte\/thl1-oelspur-2\/\" rel=\"bookmark\">THL1 &#8211; \u00d6lspur<\/a><\/td><td class=\"einsatz-column-annotationImages\"><i class=\"fa-solid fa-camera\" aria-hidden=\"true\" title=\"Bericht enth\u00e4lt Bilder\" style=\"\"><\/i><\/td><td class=\"einsatz-column-incidentType\">\u00d6lschaden<\/td><td class=\"einsatz-column-location\">Erlenbach am Main, Liebigstra\u00dfe<\/td><\/tr><tr class=\"report\"><td class=\"smallscreen\" colspan=\"7\" data-permalink=\"https:\/\/ffw-erlenbach-stadt.de\/index.php\/einsatzberichte\/thl1-kleintierrettung\/\"><div class=\"annotation-icon-bar\"><i class=\"fa-solid fa-camera\" aria-hidden=\"true\" title=\"Bericht enth\u00e4lt keine Bilder\" style=\"color: #bbb;\"><\/i><\/div><span class=\"einsatz-seqNum\"><strong>Lfd.:<\/strong> 56<\/span><br><span class=\"einsatz-date\"><strong>Datum:<\/strong> 22.09.2021<\/span><br><span class=\"einsatz-time\"><strong>Uhrzeit:<\/strong> 10:07<\/span><br><span class=\"einsatz-title\"><strong>Einsatzmeldung:<\/strong> <a href=\"https:\/\/ffw-erlenbach-stadt.de\/index.php\/einsatzberichte\/thl1-kleintierrettung\/\" rel=\"bookmark\">THL1 &#8211; Kleintierrettung<\/a><\/span><br><span class=\"einsatz-incidentType\"><strong>Einsatzart:<\/strong> THL - Tierrettung<\/span><br><span class=\"einsatz-location\"><strong>Einsatzort:<\/strong> Erlenbach am Main, Elsenfelder Strasse<\/span><br><\/td><td class=\"einsatz-column-seqNum\">56<\/td><td class=\"einsatz-column-date\">22.09.2021<\/td><td class=\"einsatz-column-time\">10:07<\/td><td class=\"einsatz-column-title\"><a href=\"https:\/\/ffw-erlenbach-stadt.de\/index.php\/einsatzberichte\/thl1-kleintierrettung\/\" rel=\"bookmark\">THL1 &#8211; Kleintierrettung<\/a><\/td><td class=\"einsatz-column-annotationImages\"><i class=\"fa-solid fa-camera\" aria-hidden=\"true\" title=\"Bericht enth\u00e4lt keine Bilder\" style=\"color: #bbb;\"><\/i><\/td><td class=\"einsatz-column-incidentType\">THL - Tierrettung<\/td><td class=\"einsatz-column-location\">Erlenbach am Main, Elsenfelder Strasse<\/td><\/tr><tr class=\"report\"><td class=\"smallscreen\" colspan=\"7\" data-permalink=\"https:\/\/ffw-erlenbach-stadt.de\/index.php\/einsatzberichte\/thl-vermisstensuche-erkundung\/\"><div class=\"annotation-icon-bar\"><i class=\"fa-solid fa-camera\" aria-hidden=\"true\" title=\"Bericht enth\u00e4lt Bilder\" style=\"\"><\/i><\/div><span class=\"einsatz-seqNum\"><strong>Lfd.:<\/strong> 55<\/span><br><span class=\"einsatz-date\"><strong>Datum:<\/strong> 20.09.2021<\/span><br><span class=\"einsatz-time\"><strong>Uhrzeit:<\/strong> 09:33<\/span><br><span class=\"einsatz-title\"><strong>Einsatzmeldung:<\/strong> <a href=\"https:\/\/ffw-erlenbach-stadt.de\/index.php\/einsatzberichte\/thl-vermisstensuche-erkundung\/\" rel=\"bookmark\">THL1 &#8211; Vermisstensuche \/ Erkundung<\/a><\/span><br><span class=\"einsatz-incidentType\"><strong>Einsatzart:<\/strong> THL - Person in Gefahr<\/span><br><span class=\"einsatz-location\"><strong>Einsatzort:<\/strong> Pfohlbach<\/span><br><\/td><td class=\"einsatz-column-seqNum\">55<\/td><td class=\"einsatz-column-date\">20.09.2021<\/td><td class=\"einsatz-column-time\">09:33<\/td><td class=\"einsatz-column-title\"><a href=\"https:\/\/ffw-erlenbach-stadt.de\/index.php\/einsatzberichte\/thl-vermisstensuche-erkundung\/\" rel=\"bookmark\">THL1 &#8211; Vermisstensuche \/ Erkundung<\/a><\/td><td class=\"einsatz-column-annotationImages\"><i class=\"fa-solid fa-camera\" aria-hidden=\"true\" title=\"Bericht enth\u00e4lt Bilder\" style=\"\"><\/i><\/td><td class=\"einsatz-column-incidentType\">THL - Person in Gefahr<\/td><td class=\"einsatz-column-location\">Pfohlbach<\/td><\/tr><tr class=\"report\"><td class=\"smallscreen\" colspan=\"7\" data-permalink=\"https:\/\/ffw-erlenbach-stadt.de\/index.php\/einsatzberichte\/thl1-tueroeffnung-akut-2\/\"><div class=\"annotation-icon-bar\"><i class=\"fa-solid fa-camera\" aria-hidden=\"true\" title=\"Bericht enth\u00e4lt keine Bilder\" style=\"color: #bbb;\"><\/i><\/div><span class=\"einsatz-seqNum\"><strong>Lfd.:<\/strong> 54<\/span><br><span class=\"einsatz-date\"><strong>Datum:<\/strong> 12.09.2021<\/span><br><span class=\"einsatz-time\"><strong>Uhrzeit:<\/strong> 16:54<\/span><br><span class=\"einsatz-title\"><strong>Einsatzmeldung:<\/strong> <a href=\"https:\/\/ffw-erlenbach-stadt.de\/index.php\/einsatzberichte\/thl1-tueroeffnung-akut-2\/\" rel=\"bookmark\">THL1 &#8211; T\u00fcr\u00f6ffnung akut<\/a><\/span><br><span class=\"einsatz-incidentType\"><strong>Einsatzart:<\/strong> T\u00fcr\u00f6ffnung akut<\/span><br><span class=\"einsatz-location\"><strong>Einsatzort:<\/strong> Erlenbach am Main<\/span><br><\/td><td class=\"einsatz-column-seqNum\">54<\/td><td class=\"einsatz-column-date\">12.09.2021<\/td><td class=\"einsatz-column-time\">16:54<\/td><td class=\"einsatz-column-title\"><a href=\"https:\/\/ffw-erlenbach-stadt.de\/index.php\/einsatzberichte\/thl1-tueroeffnung-akut-2\/\" rel=\"bookmark\">THL1 &#8211; T\u00fcr\u00f6ffnung akut<\/a><\/td><td class=\"einsatz-column-annotationImages\"><i class=\"fa-solid fa-camera\" aria-hidden=\"true\" title=\"Bericht enth\u00e4lt keine Bilder\" style=\"color: #bbb;\"><\/i><\/td><td class=\"einsatz-column-incidentType\">T\u00fcr\u00f6ffnung akut<\/td><td class=\"einsatz-column-location\">Erlenbach am Main<\/td><\/tr><tr class=\"report\"><td class=\"smallscreen\" colspan=\"7\" data-permalink=\"https:\/\/ffw-erlenbach-stadt.de\/index.php\/einsatzberichte\/b4-gewerbe-industrie\/\"><div class=\"annotation-icon-bar\"><i class=\"fa-solid fa-camera\" aria-hidden=\"true\" title=\"Bericht enth\u00e4lt Bilder\" style=\"\"><\/i><\/div><span class=\"einsatz-seqNum\"><strong>Lfd.:<\/strong> 53<\/span><br><span class=\"einsatz-date\"><strong>Datum:<\/strong> 08.09.2021<\/span><br><span class=\"einsatz-time\"><strong>Uhrzeit:<\/strong> 15:27<\/span><br><span class=\"einsatz-title\"><strong>Einsatzmeldung:<\/strong> <a href=\"https:\/\/ffw-erlenbach-stadt.de\/index.php\/einsatzberichte\/b4-gewerbe-industrie\/\" rel=\"bookmark\">B4 &#8211; Gewerbe\/Industrie<\/a><\/span><br><span class=\"einsatz-incidentType\"><strong>Einsatzart:<\/strong> Brand<\/span><br><span class=\"einsatz-location\"><strong>Einsatzort:<\/strong> Industriecenter Obernburg<\/span><br><\/td><td class=\"einsatz-column-seqNum\">53<\/td><td class=\"einsatz-column-date\">08.09.2021<\/td><td class=\"einsatz-column-time\">15:27<\/td><td class=\"einsatz-column-title\"><a href=\"https:\/\/ffw-erlenbach-stadt.de\/index.php\/einsatzberichte\/b4-gewerbe-industrie\/\" rel=\"bookmark\">B4 &#8211; Gewerbe\/Industrie<\/a><\/td><td class=\"einsatz-column-annotationImages\"><i class=\"fa-solid fa-camera\" aria-hidden=\"true\" title=\"Bericht enth\u00e4lt Bilder\" style=\"\"><\/i><\/td><td class=\"einsatz-column-incidentType\">Brand<\/td><td class=\"einsatz-column-location\">Industriecenter Obernburg<\/td><\/tr><tr class=\"report\"><td class=\"smallscreen\" colspan=\"7\" data-permalink=\"https:\/\/ffw-erlenbach-stadt.de\/index.php\/einsatzberichte\/thl1-amtshilfe\/\"><div class=\"annotation-icon-bar\"><i class=\"fa-solid fa-camera\" aria-hidden=\"true\" title=\"Bericht enth\u00e4lt Bilder\" style=\"\"><\/i><\/div><span class=\"einsatz-seqNum\"><strong>Lfd.:<\/strong> 52<\/span><br><span class=\"einsatz-date\"><strong>Datum:<\/strong> 05.09.2021<\/span><br><span class=\"einsatz-time\"><strong>Uhrzeit:<\/strong> 04:37<\/span><br><span class=\"einsatz-title\"><strong>Einsatzmeldung:<\/strong> <a href=\"https:\/\/ffw-erlenbach-stadt.de\/index.php\/einsatzberichte\/thl1-amtshilfe\/\" rel=\"bookmark\">THL1 &#8211; Amtshilfe<\/a><\/span><br><span class=\"einsatz-incidentType\"><strong>Einsatzart:<\/strong> THL - Amtshilfe<\/span><br><span class=\"einsatz-location\"><strong>Einsatzort:<\/strong> Erlenbach am Main<\/span><br><\/td><td class=\"einsatz-column-seqNum\">52<\/td><td class=\"einsatz-column-date\">05.09.2021<\/td><td class=\"einsatz-column-time\">04:37<\/td><td class=\"einsatz-column-title\"><a href=\"https:\/\/ffw-erlenbach-stadt.de\/index.php\/einsatzberichte\/thl1-amtshilfe\/\" rel=\"bookmark\">THL1 &#8211; Amtshilfe<\/a><\/td><td class=\"einsatz-column-annotationImages\"><i class=\"fa-solid fa-camera\" aria-hidden=\"true\" title=\"Bericht enth\u00e4lt Bilder\" style=\"\"><\/i><\/td><td class=\"einsatz-column-incidentType\">THL - Amtshilfe<\/td><td class=\"einsatz-column-location\">Erlenbach am Main<\/td><\/tr><tr class=\"report\"><td class=\"smallscreen\" colspan=\"7\" data-permalink=\"https:\/\/ffw-erlenbach-stadt.de\/index.php\/einsatzberichte\/bma-2-klinikum-erlenbach\/\"><div class=\"annotation-icon-bar\"><i class=\"fa-solid fa-camera\" aria-hidden=\"true\" title=\"Bericht enth\u00e4lt Bilder\" style=\"\"><\/i><\/div><span class=\"einsatz-seqNum\"><strong>Lfd.:<\/strong> 51<\/span><br><span class=\"einsatz-date\"><strong>Datum:<\/strong> 01.09.2021<\/span><br><span class=\"einsatz-time\"><strong>Uhrzeit:<\/strong> 18:56<\/span><br><span class=\"einsatz-title\"><strong>Einsatzmeldung:<\/strong> <a href=\"https:\/\/ffw-erlenbach-stadt.de\/index.php\/einsatzberichte\/bma-2-klinikum-erlenbach\/\" rel=\"bookmark\">BMA 2 &#8211; Klinikum Erlenbach<\/a><\/span><br><span class=\"einsatz-incidentType\"><strong>Einsatzart:<\/strong> Brandmeldeanlage<\/span><br><span class=\"einsatz-location\"><strong>Einsatzort:<\/strong> Erlenbach am Main Krankenhausstrasse<\/span><br><\/td><td class=\"einsatz-column-seqNum\">51<\/td><td class=\"einsatz-column-date\">01.09.2021<\/td><td class=\"einsatz-column-time\">18:56<\/td><td class=\"einsatz-column-title\"><a href=\"https:\/\/ffw-erlenbach-stadt.de\/index.php\/einsatzberichte\/bma-2-klinikum-erlenbach\/\" rel=\"bookmark\">BMA 2 &#8211; Klinikum Erlenbach<\/a><\/td><td class=\"einsatz-column-annotationImages\"><i class=\"fa-solid fa-camera\" aria-hidden=\"true\" title=\"Bericht enth\u00e4lt Bilder\" style=\"\"><\/i><\/td><td class=\"einsatz-column-incidentType\">Brandmeldeanlage<\/td><td class=\"einsatz-column-location\">Erlenbach am Main Krankenhausstrasse<\/td><\/tr><tr class=\"report\"><td class=\"smallscreen\" colspan=\"7\" data-permalink=\"https:\/\/ffw-erlenbach-stadt.de\/index.php\/einsatzberichte\/thl1-unterstuetzung-rettungsdienst-2\/\"><div class=\"annotation-icon-bar\"><i class=\"fa-solid fa-camera\" aria-hidden=\"true\" title=\"Bericht enth\u00e4lt keine Bilder\" style=\"color: #bbb;\"><\/i><\/div><span class=\"einsatz-seqNum\"><strong>Lfd.:<\/strong> 50<\/span><br><span class=\"einsatz-date\"><strong>Datum:<\/strong> 29.08.2021<\/span><br><span class=\"einsatz-time\"><strong>Uhrzeit:<\/strong> 12:07<\/span><br><span class=\"einsatz-title\"><strong>Einsatzmeldung:<\/strong> <a href=\"https:\/\/ffw-erlenbach-stadt.de\/index.php\/einsatzberichte\/thl1-unterstuetzung-rettungsdienst-2\/\" rel=\"bookmark\">THL1 &#8211; Unterst\u00fctzung Rettungsdienst<\/a><\/span><br><span class=\"einsatz-incidentType\"><strong>Einsatzart:<\/strong> THL - Unterst\u00fctzung Rettungsdienst<\/span><br><span class=\"einsatz-location\"><strong>Einsatzort:<\/strong> Erlenbach am Main<\/span><br><\/td><td class=\"einsatz-column-seqNum\">50<\/td><td class=\"einsatz-column-date\">29.08.2021<\/td><td class=\"einsatz-column-time\">12:07<\/td><td class=\"einsatz-column-title\"><a href=\"https:\/\/ffw-erlenbach-stadt.de\/index.php\/einsatzberichte\/thl1-unterstuetzung-rettungsdienst-2\/\" rel=\"bookmark\">THL1 &#8211; Unterst\u00fctzung Rettungsdienst<\/a><\/td><td class=\"einsatz-column-annotationImages\"><i class=\"fa-solid fa-camera\" aria-hidden=\"true\" title=\"Bericht enth\u00e4lt keine Bilder\" style=\"color: #bbb;\"><\/i><\/td><td class=\"einsatz-column-incidentType\">THL - Unterst\u00fctzung Rettungsdienst<\/td><td class=\"einsatz-column-location\">Erlenbach am Main<\/td><\/tr><tr class=\"report\"><td class=\"smallscreen\" colspan=\"7\" data-permalink=\"https:\/\/ffw-erlenbach-stadt.de\/index.php\/einsatzberichte\/thl1-oelspur\/\"><div class=\"annotation-icon-bar\"><i class=\"fa-solid fa-camera\" aria-hidden=\"true\" title=\"Bericht enth\u00e4lt Bilder\" style=\"\"><\/i><\/div><span class=\"einsatz-seqNum\"><strong>Lfd.:<\/strong> 49<\/span><br><span class=\"einsatz-date\"><strong>Datum:<\/strong> 29.08.2021<\/span><br><span class=\"einsatz-time\"><strong>Uhrzeit:<\/strong> 10:23<\/span><br><span class=\"einsatz-title\"><strong>Einsatzmeldung:<\/strong> <a href=\"https:\/\/ffw-erlenbach-stadt.de\/index.php\/einsatzberichte\/thl1-oelspur\/\" rel=\"bookmark\">THL1 &#8211; \u00d6lspur<\/a><\/span><br><span class=\"einsatz-incidentType\"><strong>Einsatzart:<\/strong> \u00d6lschaden<\/span><br><span class=\"einsatz-location\"><strong>Einsatzort:<\/strong> Erlenbach am Main, Liebigstra\u00dfe<\/span><br><\/td><td class=\"einsatz-column-seqNum\">49<\/td><td class=\"einsatz-column-date\">29.08.2021<\/td><td class=\"einsatz-column-time\">10:23<\/td><td class=\"einsatz-column-title\"><a href=\"https:\/\/ffw-erlenbach-stadt.de\/index.php\/einsatzberichte\/thl1-oelspur\/\" rel=\"bookmark\">THL1 &#8211; \u00d6lspur<\/a><\/td><td class=\"einsatz-column-annotationImages\"><i class=\"fa-solid fa-camera\" aria-hidden=\"true\" title=\"Bericht enth\u00e4lt Bilder\" style=\"\"><\/i><\/td><td class=\"einsatz-column-incidentType\">\u00d6lschaden<\/td><td class=\"einsatz-column-location\">Erlenbach am Main, Liebigstra\u00dfe<\/td><\/tr><tr class=\"report\"><td class=\"smallscreen\" colspan=\"7\" data-permalink=\"https:\/\/ffw-erlenbach-stadt.de\/index.php\/einsatzberichte\/thl1-unterstuetzung-rettungsdienst\/\"><div class=\"annotation-icon-bar\"><i class=\"fa-solid fa-camera\" aria-hidden=\"true\" title=\"Bericht enth\u00e4lt keine Bilder\" style=\"color: #bbb;\"><\/i><\/div><span class=\"einsatz-seqNum\"><strong>Lfd.:<\/strong> 48<\/span><br><span class=\"einsatz-date\"><strong>Datum:<\/strong> 20.08.2021<\/span><br><span class=\"einsatz-time\"><strong>Uhrzeit:<\/strong> 23:50<\/span><br><span class=\"einsatz-title\"><strong>Einsatzmeldung:<\/strong> <a href=\"https:\/\/ffw-erlenbach-stadt.de\/index.php\/einsatzberichte\/thl1-unterstuetzung-rettungsdienst\/\" rel=\"bookmark\">THL1 &#8211; Unterst\u00fctzung Rettungsdienst<\/a><\/span><br><span class=\"einsatz-incidentType\"><strong>Einsatzart:<\/strong> THL - Unterst\u00fctzung Rettungsdienst<\/span><br><span class=\"einsatz-location\"><strong>Einsatzort:<\/strong> Erlenbach am Main, Elsenfelder Strasse<\/span><br><\/td><td class=\"einsatz-column-seqNum\">48<\/td><td class=\"einsatz-column-date\">20.08.2021<\/td><td class=\"einsatz-column-time\">23:50<\/td><td class=\"einsatz-column-title\"><a href=\"https:\/\/ffw-erlenbach-stadt.de\/index.php\/einsatzberichte\/thl1-unterstuetzung-rettungsdienst\/\" rel=\"bookmark\">THL1 &#8211; Unterst\u00fctzung Rettungsdienst<\/a><\/td><td class=\"einsatz-column-annotationImages\"><i class=\"fa-solid fa-camera\" aria-hidden=\"true\" title=\"Bericht enth\u00e4lt keine Bilder\" style=\"color: #bbb;\"><\/i><\/td><td class=\"einsatz-column-incidentType\">THL - Unterst\u00fctzung Rettungsdienst<\/td><td class=\"einsatz-column-location\">Erlenbach am Main, Elsenfelder Strasse<\/td><\/tr><tr class=\"report\"><td class=\"smallscreen\" colspan=\"7\" data-permalink=\"https:\/\/ffw-erlenbach-stadt.de\/index.php\/einsatzberichte\/thl1-allgemein\/\"><div class=\"annotation-icon-bar\"><i class=\"fa-solid fa-camera\" aria-hidden=\"true\" title=\"Bericht enth\u00e4lt Bilder\" style=\"\"><\/i><\/div><span class=\"einsatz-seqNum\"><strong>Lfd.:<\/strong> 47<\/span><br><span class=\"einsatz-date\"><strong>Datum:<\/strong> 18.08.2021<\/span><br><span class=\"einsatz-time\"><strong>Uhrzeit:<\/strong> 22:53<\/span><br><span class=\"einsatz-title\"><strong>Einsatzmeldung:<\/strong> <a href=\"https:\/\/ffw-erlenbach-stadt.de\/index.php\/einsatzberichte\/thl1-allgemein\/\" rel=\"bookmark\">THL1 &#8211; Allgemein<\/a><\/span><br><span class=\"einsatz-incidentType\"><strong>Einsatzart:<\/strong> THL - Amtshilfe<\/span><br><span class=\"einsatz-location\"><strong>Einsatzort:<\/strong> n\u00e4he Stadtprozelten<\/span><br><\/td><td class=\"einsatz-column-seqNum\">47<\/td><td class=\"einsatz-column-date\">18.08.2021<\/td><td class=\"einsatz-column-time\">22:53<\/td><td class=\"einsatz-column-title\"><a href=\"https:\/\/ffw-erlenbach-stadt.de\/index.php\/einsatzberichte\/thl1-allgemein\/\" rel=\"bookmark\">THL1 &#8211; Allgemein<\/a><\/td><td class=\"einsatz-column-annotationImages\"><i class=\"fa-solid fa-camera\" aria-hidden=\"true\" title=\"Bericht enth\u00e4lt Bilder\" style=\"\"><\/i><\/td><td class=\"einsatz-column-incidentType\">THL - Amtshilfe<\/td><td class=\"einsatz-column-location\">n\u00e4he Stadtprozelten<\/td><\/tr><tr class=\"report\"><td class=\"smallscreen\" colspan=\"7\" data-permalink=\"https:\/\/ffw-erlenbach-stadt.de\/index.php\/einsatzberichte\/b1-rauchentwicklung-im-freien-4\/\"><div class=\"annotation-icon-bar\"><i class=\"fa-solid fa-camera\" aria-hidden=\"true\" title=\"Bericht enth\u00e4lt Bilder\" style=\"\"><\/i><\/div><span class=\"einsatz-seqNum\"><strong>Lfd.:<\/strong> 46<\/span><br><span class=\"einsatz-date\"><strong>Datum:<\/strong> 12.08.2021<\/span><br><span class=\"einsatz-time\"><strong>Uhrzeit:<\/strong> 19:47<\/span><br><span class=\"einsatz-title\"><strong>Einsatzmeldung:<\/strong> <a href=\"https:\/\/ffw-erlenbach-stadt.de\/index.php\/einsatzberichte\/b1-rauchentwicklung-im-freien-4\/\" rel=\"bookmark\">B1 &#8211; Rauchentwicklung im Freien<\/a><\/span><br><span class=\"einsatz-incidentType\"><strong>Einsatzart:<\/strong> Brand<\/span><br><span class=\"einsatz-location\"><strong>Einsatzort:<\/strong> Erlenbach am Main, Mainbogen<\/span><br><\/td><td class=\"einsatz-column-seqNum\">46<\/td><td class=\"einsatz-column-date\">12.08.2021<\/td><td class=\"einsatz-column-time\">19:47<\/td><td class=\"einsatz-column-title\"><a href=\"https:\/\/ffw-erlenbach-stadt.de\/index.php\/einsatzberichte\/b1-rauchentwicklung-im-freien-4\/\" rel=\"bookmark\">B1 &#8211; Rauchentwicklung im Freien<\/a><\/td><td class=\"einsatz-column-annotationImages\"><i class=\"fa-solid fa-camera\" aria-hidden=\"true\" title=\"Bericht enth\u00e4lt Bilder\" style=\"\"><\/i><\/td><td class=\"einsatz-column-incidentType\">Brand<\/td><td class=\"einsatz-column-location\">Erlenbach am Main, Mainbogen<\/td><\/tr><tr class=\"report\"><td class=\"smallscreen\" colspan=\"7\" data-permalink=\"https:\/\/ffw-erlenbach-stadt.de\/index.php\/einsatzberichte\/thl1-wasserschaden-2\/\"><div class=\"annotation-icon-bar\"><i class=\"fa-solid fa-camera\" aria-hidden=\"true\" title=\"Bericht enth\u00e4lt Bilder\" style=\"\"><\/i><\/div><span class=\"einsatz-seqNum\"><strong>Lfd.:<\/strong> 45<\/span><br><span class=\"einsatz-date\"><strong>Datum:<\/strong> 12.08.2021<\/span><br><span class=\"einsatz-time\"><strong>Uhrzeit:<\/strong> 17:34<\/span><br><span class=\"einsatz-title\"><strong>Einsatzmeldung:<\/strong> <a href=\"https:\/\/ffw-erlenbach-stadt.de\/index.php\/einsatzberichte\/thl1-wasserschaden-2\/\" rel=\"bookmark\">THL1 &#8211; Wasserschaden<\/a><\/span><br><span class=\"einsatz-incidentType\"><strong>Einsatzart:<\/strong> Wasserschaden<\/span><br><span class=\"einsatz-location\"><strong>Einsatzort:<\/strong> Erlenbach am Main, Dr. Strube Platz<\/span><br><\/td><td class=\"einsatz-column-seqNum\">45<\/td><td class=\"einsatz-column-date\">12.08.2021<\/td><td class=\"einsatz-column-time\">17:34<\/td><td class=\"einsatz-column-title\"><a href=\"https:\/\/ffw-erlenbach-stadt.de\/index.php\/einsatzberichte\/thl1-wasserschaden-2\/\" rel=\"bookmark\">THL1 &#8211; Wasserschaden<\/a><\/td><td class=\"einsatz-column-annotationImages\"><i class=\"fa-solid fa-camera\" aria-hidden=\"true\" title=\"Bericht enth\u00e4lt Bilder\" style=\"\"><\/i><\/td><td class=\"einsatz-column-incidentType\">Wasserschaden<\/td><td class=\"einsatz-column-location\">Erlenbach am Main, Dr. Strube Platz<\/td><\/tr><tr class=\"report\"><td class=\"smallscreen\" colspan=\"7\" data-permalink=\"https:\/\/ffw-erlenbach-stadt.de\/index.php\/einsatzberichte\/b3\/\"><div class=\"annotation-icon-bar\"><i class=\"fa-solid fa-camera\" aria-hidden=\"true\" title=\"Bericht enth\u00e4lt Bilder\" style=\"\"><\/i><\/div><span class=\"einsatz-seqNum\"><strong>Lfd.:<\/strong> 44<\/span><br><span class=\"einsatz-date\"><strong>Datum:<\/strong> 12.08.2021<\/span><br><span class=\"einsatz-time\"><strong>Uhrzeit:<\/strong> 15:23<\/span><br><span class=\"einsatz-title\"><strong>Einsatzmeldung:<\/strong> <a href=\"https:\/\/ffw-erlenbach-stadt.de\/index.php\/einsatzberichte\/b3\/\" rel=\"bookmark\">B3 &#8211; Heckenbrand am Geb\u00e4ude<\/a><\/span><br><span class=\"einsatz-incidentType\"><strong>Einsatzart:<\/strong> Brand<\/span><br><span class=\"einsatz-location\"><strong>Einsatzort:<\/strong> Erlenbach am Main<\/span><br><\/td><td class=\"einsatz-column-seqNum\">44<\/td><td class=\"einsatz-column-date\">12.08.2021<\/td><td class=\"einsatz-column-time\">15:23<\/td><td class=\"einsatz-column-title\"><a href=\"https:\/\/ffw-erlenbach-stadt.de\/index.php\/einsatzberichte\/b3\/\" rel=\"bookmark\">B3 &#8211; Heckenbrand am Geb\u00e4ude<\/a><\/td><td class=\"einsatz-column-annotationImages\"><i class=\"fa-solid fa-camera\" aria-hidden=\"true\" title=\"Bericht enth\u00e4lt Bilder\" style=\"\"><\/i><\/td><td class=\"einsatz-column-incidentType\">Brand<\/td><td class=\"einsatz-column-location\">Erlenbach am Main<\/td><\/tr><tr class=\"report\"><td class=\"smallscreen\" colspan=\"7\" data-permalink=\"https:\/\/ffw-erlenbach-stadt.de\/index.php\/einsatzberichte\/einsatz-oelwehrkontingent\/\"><div class=\"annotation-icon-bar\"><i class=\"fa-solid fa-camera\" aria-hidden=\"true\" title=\"Bericht enth\u00e4lt Bilder\" style=\"\"><\/i><\/div><span class=\"einsatz-seqNum\"><strong>Lfd.:<\/strong> 43<\/span><br><span class=\"einsatz-date\"><strong>Datum:<\/strong> 06.08.2021<\/span><br><span class=\"einsatz-time\"><strong>Uhrzeit:<\/strong> 09:00<\/span><br><span class=\"einsatz-title\"><strong>Einsatzmeldung:<\/strong> <a href=\"https:\/\/ffw-erlenbach-stadt.de\/index.php\/einsatzberichte\/einsatz-oelwehrkontingent\/\" rel=\"bookmark\">Einsatz \u00d6lwehrkontingent<\/a><\/span><br><span class=\"einsatz-incidentType\"><strong>Einsatzart:<\/strong> Kontingent Einsatz<\/span><br><span class=\"einsatz-location\"><strong>Einsatzort:<\/strong> Rheinland-Pfalz<\/span><br><\/td><td class=\"einsatz-column-seqNum\">43<\/td><td class=\"einsatz-column-date\">06.08.2021<\/td><td class=\"einsatz-column-time\">09:00<\/td><td class=\"einsatz-column-title\"><a href=\"https:\/\/ffw-erlenbach-stadt.de\/index.php\/einsatzberichte\/einsatz-oelwehrkontingent\/\" rel=\"bookmark\">Einsatz \u00d6lwehrkontingent<\/a><\/td><td class=\"einsatz-column-annotationImages\"><i class=\"fa-solid fa-camera\" aria-hidden=\"true\" title=\"Bericht enth\u00e4lt Bilder\" style=\"\"><\/i><\/td><td class=\"einsatz-column-incidentType\">Kontingent Einsatz<\/td><td class=\"einsatz-column-location\">Rheinland-Pfalz<\/td><\/tr><tr class=\"report\"><td class=\"smallscreen\" colspan=\"7\" data-permalink=\"https:\/\/ffw-erlenbach-stadt.de\/index.php\/einsatzberichte\/thl1-wasserschaden\/\"><div class=\"annotation-icon-bar\"><i class=\"fa-solid fa-camera\" aria-hidden=\"true\" title=\"Bericht enth\u00e4lt Bilder\" style=\"\"><\/i><\/div><span class=\"einsatz-seqNum\"><strong>Lfd.:<\/strong> 42<\/span><br><span class=\"einsatz-date\"><strong>Datum:<\/strong> 02.08.2021<\/span><br><span class=\"einsatz-time\"><strong>Uhrzeit:<\/strong> 21:58<\/span><br><span class=\"einsatz-title\"><strong>Einsatzmeldung:<\/strong> <a href=\"https:\/\/ffw-erlenbach-stadt.de\/index.php\/einsatzberichte\/thl1-wasserschaden\/\" rel=\"bookmark\">THL1 &#8211; Wasserschaden<\/a><\/span><br><span class=\"einsatz-incidentType\"><strong>Einsatzart:<\/strong> Wasserschaden<\/span><br><span class=\"einsatz-location\"><strong>Einsatzort:<\/strong> Erlenbach am Main, Liebigstrasse<\/span><br><\/td><td class=\"einsatz-column-seqNum\">42<\/td><td class=\"einsatz-column-date\">02.08.2021<\/td><td class=\"einsatz-column-time\">21:58<\/td><td class=\"einsatz-column-title\"><a href=\"https:\/\/ffw-erlenbach-stadt.de\/index.php\/einsatzberichte\/thl1-wasserschaden\/\" rel=\"bookmark\">THL1 &#8211; Wasserschaden<\/a><\/td><td class=\"einsatz-column-annotationImages\"><i class=\"fa-solid fa-camera\" aria-hidden=\"true\" title=\"Bericht enth\u00e4lt Bilder\" style=\"\"><\/i><\/td><td class=\"einsatz-column-incidentType\">Wasserschaden<\/td><td class=\"einsatz-column-location\">Erlenbach am Main, Liebigstrasse<\/td><\/tr><tr class=\"report\"><td class=\"smallscreen\" colspan=\"7\" data-permalink=\"https:\/\/ffw-erlenbach-stadt.de\/index.php\/einsatzberichte\/thl1-strasse-reinigen\/\"><div class=\"annotation-icon-bar\"><i class=\"fa-solid fa-camera\" aria-hidden=\"true\" title=\"Bericht enth\u00e4lt Bilder\" style=\"\"><\/i><\/div><span class=\"einsatz-seqNum\"><strong>Lfd.:<\/strong> 41<\/span><br><span class=\"einsatz-date\"><strong>Datum:<\/strong> 30.07.2021<\/span><br><span class=\"einsatz-time\"><strong>Uhrzeit:<\/strong> 22:37<\/span><br><span class=\"einsatz-title\"><strong>Einsatzmeldung:<\/strong> <a href=\"https:\/\/ffw-erlenbach-stadt.de\/index.php\/einsatzberichte\/thl1-strasse-reinigen\/\" rel=\"bookmark\">THL1 &#8211; Strasse reinigen<\/a><\/span><br><span class=\"einsatz-incidentType\"><strong>Einsatzart:<\/strong> THL - sonstiges<\/span><br><span class=\"einsatz-location\"><strong>Einsatzort:<\/strong> Erlenbach am Main, Miltenberger\/Mechenharder Stra\u00dfe<\/span><br><\/td><td class=\"einsatz-column-seqNum\">41<\/td><td class=\"einsatz-column-date\">30.07.2021<\/td><td class=\"einsatz-column-time\">22:37<\/td><td class=\"einsatz-column-title\"><a href=\"https:\/\/ffw-erlenbach-stadt.de\/index.php\/einsatzberichte\/thl1-strasse-reinigen\/\" rel=\"bookmark\">THL1 &#8211; Strasse reinigen<\/a><\/td><td class=\"einsatz-column-annotationImages\"><i class=\"fa-solid fa-camera\" aria-hidden=\"true\" title=\"Bericht enth\u00e4lt Bilder\" style=\"\"><\/i><\/td><td class=\"einsatz-column-incidentType\">THL - sonstiges<\/td><td class=\"einsatz-column-location\">Erlenbach am Main, Miltenberger\/Mechenharder Stra\u00dfe<\/td><\/tr><tr class=\"report\"><td class=\"smallscreen\" colspan=\"7\" data-permalink=\"https:\/\/ffw-erlenbach-stadt.de\/index.php\/einsatzberichte\/b1-rauchwarnmelder\/\"><div class=\"annotation-icon-bar\"><i class=\"fa-solid fa-camera\" aria-hidden=\"true\" title=\"Bericht enth\u00e4lt Bilder\" style=\"\"><\/i><\/div><span class=\"einsatz-seqNum\"><strong>Lfd.:<\/strong> 40<\/span><br><span class=\"einsatz-date\"><strong>Datum:<\/strong> 22.07.2021<\/span><br><span class=\"einsatz-time\"><strong>Uhrzeit:<\/strong> 12:26<\/span><br><span class=\"einsatz-title\"><strong>Einsatzmeldung:<\/strong> <a href=\"https:\/\/ffw-erlenbach-stadt.de\/index.php\/einsatzberichte\/b1-rauchwarnmelder\/\" rel=\"bookmark\">B1 &#8211; Rauchwarnmelder<\/a><\/span><br><span class=\"einsatz-incidentType\"><strong>Einsatzart:<\/strong> Brandmeldeanlage<\/span><br><span class=\"einsatz-location\"><strong>Einsatzort:<\/strong> Erlenbach am Main, Siedlerweg<\/span><br><\/td><td class=\"einsatz-column-seqNum\">40<\/td><td class=\"einsatz-column-date\">22.07.2021<\/td><td class=\"einsatz-column-time\">12:26<\/td><td class=\"einsatz-column-title\"><a href=\"https:\/\/ffw-erlenbach-stadt.de\/index.php\/einsatzberichte\/b1-rauchwarnmelder\/\" rel=\"bookmark\">B1 &#8211; Rauchwarnmelder<\/a><\/td><td class=\"einsatz-column-annotationImages\"><i class=\"fa-solid fa-camera\" aria-hidden=\"true\" title=\"Bericht enth\u00e4lt Bilder\" style=\"\"><\/i><\/td><td class=\"einsatz-column-incidentType\">Brandmeldeanlage<\/td><td class=\"einsatz-column-location\">Erlenbach am Main, Siedlerweg<\/td><\/tr><tr class=\"report\"><td class=\"smallscreen\" colspan=\"7\" data-permalink=\"https:\/\/ffw-erlenbach-stadt.de\/index.php\/einsatzberichte\/katastrophen-hilfskontingent-einsatz-2\/\"><div class=\"annotation-icon-bar\"><i class=\"fa-solid fa-camera\" aria-hidden=\"true\" title=\"Bericht enth\u00e4lt Bilder\" style=\"\"><\/i><\/div><span class=\"einsatz-seqNum\"><strong>Lfd.:<\/strong> 39<\/span><br><span class=\"einsatz-date\"><strong>Datum:<\/strong> 20.07.2021<\/span><br><span class=\"einsatz-time\"><strong>Uhrzeit:<\/strong> 03:00<\/span><br><span class=\"einsatz-title\"><strong>Einsatzmeldung:<\/strong> <a href=\"https:\/\/ffw-erlenbach-stadt.de\/index.php\/einsatzberichte\/katastrophen-hilfskontingent-einsatz-2\/\" rel=\"bookmark\">Katastrophen \u2013 Hilfskontingent \u2013 Einsatz<\/a><\/span><br><span class=\"einsatz-incidentType\"><strong>Einsatzart:<\/strong> Kontingent Einsatz<\/span><br><span class=\"einsatz-location\"><strong>Einsatzort:<\/strong> Rheinland-Pfalz<\/span><br><\/td><td class=\"einsatz-column-seqNum\">39<\/td><td class=\"einsatz-column-date\">20.07.2021<\/td><td class=\"einsatz-column-time\">03:00<\/td><td class=\"einsatz-column-title\"><a href=\"https:\/\/ffw-erlenbach-stadt.de\/index.php\/einsatzberichte\/katastrophen-hilfskontingent-einsatz-2\/\" rel=\"bookmark\">Katastrophen \u2013 Hilfskontingent \u2013 Einsatz<\/a><\/td><td class=\"einsatz-column-annotationImages\"><i class=\"fa-solid fa-camera\" aria-hidden=\"true\" title=\"Bericht enth\u00e4lt Bilder\" style=\"\"><\/i><\/td><td class=\"einsatz-column-incidentType\">Kontingent Einsatz<\/td><td class=\"einsatz-column-location\">Rheinland-Pfalz<\/td><\/tr><tr class=\"report\"><td class=\"smallscreen\" colspan=\"7\" data-permalink=\"https:\/\/ffw-erlenbach-stadt.de\/index.php\/einsatzberichte\/thl1-rettung-kleintier\/\"><div class=\"annotation-icon-bar\"><i class=\"fa-solid fa-camera\" aria-hidden=\"true\" title=\"Bericht enth\u00e4lt keine Bilder\" style=\"color: #bbb;\"><\/i><\/div><span class=\"einsatz-seqNum\"><strong>Lfd.:<\/strong> 38<\/span><br><span class=\"einsatz-date\"><strong>Datum:<\/strong> 18.07.2021<\/span><br><span class=\"einsatz-time\"><strong>Uhrzeit:<\/strong> 15:25<\/span><br><span class=\"einsatz-title\"><strong>Einsatzmeldung:<\/strong> <a href=\"https:\/\/ffw-erlenbach-stadt.de\/index.php\/einsatzberichte\/thl1-rettung-kleintier\/\" rel=\"bookmark\">THL1 &#8211; Rettung Kleintier<\/a><\/span><br><span class=\"einsatz-incidentType\"><strong>Einsatzart:<\/strong> THL - Tierrettung<\/span><br><span class=\"einsatz-location\"><strong>Einsatzort:<\/strong> Erlenbach am Main<\/span><br><\/td><td class=\"einsatz-column-seqNum\">38<\/td><td class=\"einsatz-column-date\">18.07.2021<\/td><td class=\"einsatz-column-time\">15:25<\/td><td class=\"einsatz-column-title\"><a href=\"https:\/\/ffw-erlenbach-stadt.de\/index.php\/einsatzberichte\/thl1-rettung-kleintier\/\" rel=\"bookmark\">THL1 &#8211; Rettung Kleintier<\/a><\/td><td class=\"einsatz-column-annotationImages\"><i class=\"fa-solid fa-camera\" aria-hidden=\"true\" title=\"Bericht enth\u00e4lt keine Bilder\" style=\"color: #bbb;\"><\/i><\/td><td class=\"einsatz-column-incidentType\">THL - Tierrettung<\/td><td class=\"einsatz-column-location\">Erlenbach am Main<\/td><\/tr><tr class=\"report\"><td class=\"smallscreen\" colspan=\"7\" data-permalink=\"https:\/\/ffw-erlenbach-stadt.de\/index.php\/einsatzberichte\/thl1-oelspur-nach-motorschaden\/\"><div class=\"annotation-icon-bar\"><i class=\"fa-solid fa-camera\" aria-hidden=\"true\" title=\"Bericht enth\u00e4lt Bilder\" style=\"\"><\/i><\/div><span class=\"einsatz-seqNum\"><strong>Lfd.:<\/strong> 37<\/span><br><span class=\"einsatz-date\"><strong>Datum:<\/strong> 15.07.2021<\/span><br><span class=\"einsatz-time\"><strong>Uhrzeit:<\/strong> 14:37<\/span><br><span class=\"einsatz-title\"><strong>Einsatzmeldung:<\/strong> <a href=\"https:\/\/ffw-erlenbach-stadt.de\/index.php\/einsatzberichte\/thl1-oelspur-nach-motorschaden\/\" rel=\"bookmark\">THL1 &#8211; \u00d6lspur nach Motorschaden<\/a><\/span><br><span class=\"einsatz-incidentType\"><strong>Einsatzart:<\/strong> \u00d6lschaden<\/span><br><span class=\"einsatz-location\"><strong>Einsatzort:<\/strong> Erlenbach am Main, Krankenhausstra\u00dfe<\/span><br><\/td><td class=\"einsatz-column-seqNum\">37<\/td><td class=\"einsatz-column-date\">15.07.2021<\/td><td class=\"einsatz-column-time\">14:37<\/td><td class=\"einsatz-column-title\"><a href=\"https:\/\/ffw-erlenbach-stadt.de\/index.php\/einsatzberichte\/thl1-oelspur-nach-motorschaden\/\" rel=\"bookmark\">THL1 &#8211; \u00d6lspur nach Motorschaden<\/a><\/td><td class=\"einsatz-column-annotationImages\"><i class=\"fa-solid fa-camera\" aria-hidden=\"true\" title=\"Bericht enth\u00e4lt Bilder\" style=\"\"><\/i><\/td><td class=\"einsatz-column-incidentType\">\u00d6lschaden<\/td><td class=\"einsatz-column-location\">Erlenbach am Main, Krankenhausstra\u00dfe<\/td><\/tr><tr class=\"report\"><td class=\"smallscreen\" colspan=\"7\" data-permalink=\"https:\/\/ffw-erlenbach-stadt.de\/index.php\/einsatzberichte\/fahrzeug-sicherung-im-weinberg\/\"><div class=\"annotation-icon-bar\"><i class=\"fa-solid fa-camera\" aria-hidden=\"true\" title=\"Bericht enth\u00e4lt Bilder\" style=\"\"><\/i><\/div><span class=\"einsatz-seqNum\"><strong>Lfd.:<\/strong> 36<\/span><br><span class=\"einsatz-date\"><strong>Datum:<\/strong> 15.07.2021<\/span><br><span class=\"einsatz-time\"><strong>Uhrzeit:<\/strong> 13:06<\/span><br><span class=\"einsatz-title\"><strong>Einsatzmeldung:<\/strong> <a href=\"https:\/\/ffw-erlenbach-stadt.de\/index.php\/einsatzberichte\/fahrzeug-sicherung-im-weinberg\/\" rel=\"bookmark\">THL1 &#8211; Fahrzeug-Sicherung im Weinberg<\/a><\/span><br><span class=\"einsatz-incidentType\"><strong>Einsatzart:<\/strong> THL - sonstiges<\/span><br><span class=\"einsatz-location\"><strong>Einsatzort:<\/strong> Erlenbach am Main, Weinberge<\/span><br><\/td><td class=\"einsatz-column-seqNum\">36<\/td><td class=\"einsatz-column-date\">15.07.2021<\/td><td class=\"einsatz-column-time\">13:06<\/td><td class=\"einsatz-column-title\"><a href=\"https:\/\/ffw-erlenbach-stadt.de\/index.php\/einsatzberichte\/fahrzeug-sicherung-im-weinberg\/\" rel=\"bookmark\">THL1 &#8211; Fahrzeug-Sicherung im Weinberg<\/a><\/td><td class=\"einsatz-column-annotationImages\"><i class=\"fa-solid fa-camera\" aria-hidden=\"true\" title=\"Bericht enth\u00e4lt Bilder\" style=\"\"><\/i><\/td><td class=\"einsatz-column-incidentType\">THL - sonstiges<\/td><td class=\"einsatz-column-location\">Erlenbach am Main, Weinberge<\/td><\/tr><tr class=\"report\"><td class=\"smallscreen\" colspan=\"7\" data-permalink=\"https:\/\/ffw-erlenbach-stadt.de\/index.php\/einsatzberichte\/thl1-verkehrsunfall-4\/\"><div class=\"annotation-icon-bar\"><i class=\"fa-solid fa-camera\" aria-hidden=\"true\" title=\"Bericht enth\u00e4lt Bilder\" style=\"\"><\/i><\/div><span class=\"einsatz-seqNum\"><strong>Lfd.:<\/strong> 35<\/span><br><span class=\"einsatz-date\"><strong>Datum:<\/strong> 11.07.2021<\/span><br><span class=\"einsatz-time\"><strong>Uhrzeit:<\/strong> 16:43<\/span><br><span class=\"einsatz-title\"><strong>Einsatzmeldung:<\/strong> <a href=\"https:\/\/ffw-erlenbach-stadt.de\/index.php\/einsatzberichte\/thl1-verkehrsunfall-4\/\" rel=\"bookmark\">THL1 &#8211; Verkehrsunfall<\/a><\/span><br><span class=\"einsatz-incidentType\"><strong>Einsatzart:<\/strong> Verkehrsunfall<\/span><br><span class=\"einsatz-location\"><strong>Einsatzort:<\/strong> Erlenbach am Main, Staatsstra\u00dfe 2309<\/span><br><\/td><td class=\"einsatz-column-seqNum\">35<\/td><td class=\"einsatz-column-date\">11.07.2021<\/td><td class=\"einsatz-column-time\">16:43<\/td><td class=\"einsatz-column-title\"><a href=\"https:\/\/ffw-erlenbach-stadt.de\/index.php\/einsatzberichte\/thl1-verkehrsunfall-4\/\" rel=\"bookmark\">THL1 &#8211; Verkehrsunfall<\/a><\/td><td class=\"einsatz-column-annotationImages\"><i class=\"fa-solid fa-camera\" aria-hidden=\"true\" title=\"Bericht enth\u00e4lt Bilder\" style=\"\"><\/i><\/td><td class=\"einsatz-column-incidentType\">Verkehrsunfall<\/td><td class=\"einsatz-column-location\">Erlenbach am Main, Staatsstra\u00dfe 2309<\/td><\/tr><tr class=\"report\"><td class=\"smallscreen\" colspan=\"7\" data-permalink=\"https:\/\/ffw-erlenbach-stadt.de\/index.php\/einsatzberichte\/katastrophen-hilfskontingent-einsatz\/\"><div class=\"annotation-icon-bar\"><i class=\"fa-solid fa-camera\" aria-hidden=\"true\" title=\"Bericht enth\u00e4lt Bilder\" style=\"\"><\/i><\/div><span class=\"einsatz-seqNum\"><strong>Lfd.:<\/strong> 34<\/span><br><span class=\"einsatz-date\"><strong>Datum:<\/strong> 10.07.2021<\/span><br><span class=\"einsatz-time\"><strong>Uhrzeit:<\/strong> 03:59<\/span><br><span class=\"einsatz-title\"><strong>Einsatzmeldung:<\/strong> <a href=\"https:\/\/ffw-erlenbach-stadt.de\/index.php\/einsatzberichte\/katastrophen-hilfskontingent-einsatz\/\" rel=\"bookmark\">Katastrophen &#8211; Hilfskontingent &#8211; Einsatz<\/a><\/span><br><span class=\"einsatz-incidentType\"><strong>Einsatzart:<\/strong> Kontingent Einsatz<\/span><br><span class=\"einsatz-location\"><strong>Einsatzort:<\/strong> Landkreis Kitzingen<\/span><br><\/td><td class=\"einsatz-column-seqNum\">34<\/td><td class=\"einsatz-column-date\">10.07.2021<\/td><td class=\"einsatz-column-time\">03:59<\/td><td class=\"einsatz-column-title\"><a href=\"https:\/\/ffw-erlenbach-stadt.de\/index.php\/einsatzberichte\/katastrophen-hilfskontingent-einsatz\/\" rel=\"bookmark\">Katastrophen &#8211; Hilfskontingent &#8211; Einsatz<\/a><\/td><td class=\"einsatz-column-annotationImages\"><i class=\"fa-solid fa-camera\" aria-hidden=\"true\" title=\"Bericht enth\u00e4lt Bilder\" style=\"\"><\/i><\/td><td class=\"einsatz-column-incidentType\">Kontingent Einsatz<\/td><td class=\"einsatz-column-location\">Landkreis Kitzingen<\/td><\/tr><tr class=\"report\"><td class=\"smallscreen\" colspan=\"7\" data-permalink=\"https:\/\/ffw-erlenbach-stadt.de\/index.php\/einsatzberichte\/thl1-personen-im-aufzug-eingeschlossen\/\"><div class=\"annotation-icon-bar\"><i class=\"fa-solid fa-camera\" aria-hidden=\"true\" title=\"Bericht enth\u00e4lt keine Bilder\" style=\"color: #bbb;\"><\/i><\/div><span class=\"einsatz-seqNum\"><strong>Lfd.:<\/strong> 33<\/span><br><span class=\"einsatz-date\"><strong>Datum:<\/strong> 05.07.2021<\/span><br><span class=\"einsatz-time\"><strong>Uhrzeit:<\/strong> 18:39<\/span><br><span class=\"einsatz-title\"><strong>Einsatzmeldung:<\/strong> <a href=\"https:\/\/ffw-erlenbach-stadt.de\/index.php\/einsatzberichte\/thl1-personen-im-aufzug-eingeschlossen\/\" rel=\"bookmark\">THL1 &#8211; Personen im Aufzug eingeschlossen<\/a><\/span><br><span class=\"einsatz-incidentType\"><strong>Einsatzart:<\/strong> T\u00fcr\u00f6ffnung akut<\/span><br><span class=\"einsatz-location\"><strong>Einsatzort:<\/strong> Erlenbach am Main, Liebigstrasse<\/span><br><\/td><td class=\"einsatz-column-seqNum\">33<\/td><td class=\"einsatz-column-date\">05.07.2021<\/td><td class=\"einsatz-column-time\">18:39<\/td><td class=\"einsatz-column-title\"><a href=\"https:\/\/ffw-erlenbach-stadt.de\/index.php\/einsatzberichte\/thl1-personen-im-aufzug-eingeschlossen\/\" rel=\"bookmark\">THL1 &#8211; Personen im Aufzug eingeschlossen<\/a><\/td><td class=\"einsatz-column-annotationImages\"><i class=\"fa-solid fa-camera\" aria-hidden=\"true\" title=\"Bericht enth\u00e4lt keine Bilder\" style=\"color: #bbb;\"><\/i><\/td><td class=\"einsatz-column-incidentType\">T\u00fcr\u00f6ffnung akut<\/td><td class=\"einsatz-column-location\">Erlenbach am Main, Liebigstrasse<\/td><\/tr><tr class=\"report\"><td class=\"smallscreen\" colspan=\"7\" data-permalink=\"https:\/\/ffw-erlenbach-stadt.de\/index.php\/einsatzberichte\/thl1-personensuche\/\"><div class=\"annotation-icon-bar\"><i class=\"fa-solid fa-camera\" aria-hidden=\"true\" title=\"Bericht enth\u00e4lt Bilder\" style=\"\"><\/i><\/div><span class=\"einsatz-seqNum\"><strong>Lfd.:<\/strong> 32<\/span><br><span class=\"einsatz-date\"><strong>Datum:<\/strong> 29.06.2021<\/span><br><span class=\"einsatz-time\"><strong>Uhrzeit:<\/strong> 13:35<\/span><br><span class=\"einsatz-title\"><strong>Einsatzmeldung:<\/strong> <a href=\"https:\/\/ffw-erlenbach-stadt.de\/index.php\/einsatzberichte\/thl1-personensuche\/\" rel=\"bookmark\">THL1 &#8211; Personensuche<\/a><\/span><br><span class=\"einsatz-incidentType\"><strong>Einsatzart:<\/strong> THL - Person in Gefahr<\/span><br><span class=\"einsatz-location\"><strong>Einsatzort:<\/strong> Obernburg<\/span><br><\/td><td class=\"einsatz-column-seqNum\">32<\/td><td class=\"einsatz-column-date\">29.06.2021<\/td><td class=\"einsatz-column-time\">13:35<\/td><td class=\"einsatz-column-title\"><a href=\"https:\/\/ffw-erlenbach-stadt.de\/index.php\/einsatzberichte\/thl1-personensuche\/\" rel=\"bookmark\">THL1 &#8211; Personensuche<\/a><\/td><td class=\"einsatz-column-annotationImages\"><i class=\"fa-solid fa-camera\" aria-hidden=\"true\" title=\"Bericht enth\u00e4lt Bilder\" style=\"\"><\/i><\/td><td class=\"einsatz-column-incidentType\">THL - Person in Gefahr<\/td><td class=\"einsatz-column-location\">Obernburg<\/td><\/tr><tr class=\"report\"><td class=\"smallscreen\" colspan=\"7\" data-permalink=\"https:\/\/ffw-erlenbach-stadt.de\/index.php\/einsatzberichte\/thl1-verkehrsunfall-3\/\"><div class=\"annotation-icon-bar\"><i class=\"fa-solid fa-camera\" aria-hidden=\"true\" title=\"Bericht enth\u00e4lt Bilder\" style=\"\"><\/i><\/div><span class=\"einsatz-seqNum\"><strong>Lfd.:<\/strong> 31<\/span><br><span class=\"einsatz-date\"><strong>Datum:<\/strong> 27.06.2021<\/span><br><span class=\"einsatz-time\"><strong>Uhrzeit:<\/strong> 10:06<\/span><br><span class=\"einsatz-title\"><strong>Einsatzmeldung:<\/strong> <a href=\"https:\/\/ffw-erlenbach-stadt.de\/index.php\/einsatzberichte\/thl1-verkehrsunfall-3\/\" rel=\"bookmark\">THL1 &#8211; Verkehrsunfall<\/a><\/span><br><span class=\"einsatz-incidentType\"><strong>Einsatzart:<\/strong> Verkehrsunfall<\/span><br><span class=\"einsatz-location\"><strong>Einsatzort:<\/strong> Erlenbach am Main, Miltenberger Stra\u00dfe<\/span><br><\/td><td class=\"einsatz-column-seqNum\">31<\/td><td class=\"einsatz-column-date\">27.06.2021<\/td><td class=\"einsatz-column-time\">10:06<\/td><td class=\"einsatz-column-title\"><a href=\"https:\/\/ffw-erlenbach-stadt.de\/index.php\/einsatzberichte\/thl1-verkehrsunfall-3\/\" rel=\"bookmark\">THL1 &#8211; Verkehrsunfall<\/a><\/td><td class=\"einsatz-column-annotationImages\"><i class=\"fa-solid fa-camera\" aria-hidden=\"true\" title=\"Bericht enth\u00e4lt Bilder\" style=\"\"><\/i><\/td><td class=\"einsatz-column-incidentType\">Verkehrsunfall<\/td><td class=\"einsatz-column-location\">Erlenbach am Main, Miltenberger Stra\u00dfe<\/td><\/tr><tr class=\"report\"><td class=\"smallscreen\" colspan=\"7\" data-permalink=\"https:\/\/ffw-erlenbach-stadt.de\/index.php\/einsatzberichte\/b1-rauchentwicklung-im-freien-3\/\"><div class=\"annotation-icon-bar\"><i class=\"fa-solid fa-camera\" aria-hidden=\"true\" title=\"Bericht enth\u00e4lt Bilder\" style=\"\"><\/i><\/div><span class=\"einsatz-seqNum\"><strong>Lfd.:<\/strong> 30<\/span><br><span class=\"einsatz-date\"><strong>Datum:<\/strong> 24.06.2021<\/span><br><span class=\"einsatz-time\"><strong>Uhrzeit:<\/strong> 20:44<\/span><br><span class=\"einsatz-title\"><strong>Einsatzmeldung:<\/strong> <a href=\"https:\/\/ffw-erlenbach-stadt.de\/index.php\/einsatzberichte\/b1-rauchentwicklung-im-freien-3\/\" rel=\"bookmark\">B1 &#8211; Rauchentwicklung im Freien<\/a><\/span><br><span class=\"einsatz-incidentType\"><strong>Einsatzart:<\/strong> Brand<\/span><br><span class=\"einsatz-location\"><strong>Einsatzort:<\/strong> Erlenbach am Main, Elsenfelder Stra\u00dfe<\/span><br><\/td><td class=\"einsatz-column-seqNum\">30<\/td><td class=\"einsatz-column-date\">24.06.2021<\/td><td class=\"einsatz-column-time\">20:44<\/td><td class=\"einsatz-column-title\"><a href=\"https:\/\/ffw-erlenbach-stadt.de\/index.php\/einsatzberichte\/b1-rauchentwicklung-im-freien-3\/\" rel=\"bookmark\">B1 &#8211; Rauchentwicklung im Freien<\/a><\/td><td class=\"einsatz-column-annotationImages\"><i class=\"fa-solid fa-camera\" aria-hidden=\"true\" title=\"Bericht enth\u00e4lt Bilder\" style=\"\"><\/i><\/td><td class=\"einsatz-column-incidentType\">Brand<\/td><td class=\"einsatz-column-location\">Erlenbach am Main, Elsenfelder Stra\u00dfe<\/td><\/tr><tr class=\"report\"><td class=\"smallscreen\" colspan=\"7\" data-permalink=\"https:\/\/ffw-erlenbach-stadt.de\/index.php\/einsatzberichte\/thl3-person-unter-zug\/\"><div class=\"annotation-icon-bar\"><i class=\"fa-solid fa-camera\" aria-hidden=\"true\" title=\"Bericht enth\u00e4lt Bilder\" style=\"\"><\/i><\/div><span class=\"einsatz-seqNum\"><strong>Lfd.:<\/strong> 29<\/span><br><span class=\"einsatz-date\"><strong>Datum:<\/strong> 22.06.2021<\/span><br><span class=\"einsatz-time\"><strong>Uhrzeit:<\/strong> 10:47<\/span><br><span class=\"einsatz-title\"><strong>Einsatzmeldung:<\/strong> <a href=\"https:\/\/ffw-erlenbach-stadt.de\/index.php\/einsatzberichte\/thl3-person-unter-zug\/\" rel=\"bookmark\">THL3 &#8211; Person unter Zug<\/a><\/span><br><span class=\"einsatz-incidentType\"><strong>Einsatzart:<\/strong> THL - Person in Gefahr<\/span><br><span class=\"einsatz-location\"><strong>Einsatzort:<\/strong> Erlenbach am Main, Bahnstrecke<\/span><br><\/td><td class=\"einsatz-column-seqNum\">29<\/td><td class=\"einsatz-column-date\">22.06.2021<\/td><td class=\"einsatz-column-time\">10:47<\/td><td class=\"einsatz-column-title\"><a href=\"https:\/\/ffw-erlenbach-stadt.de\/index.php\/einsatzberichte\/thl3-person-unter-zug\/\" rel=\"bookmark\">THL3 &#8211; Person unter Zug<\/a><\/td><td class=\"einsatz-column-annotationImages\"><i class=\"fa-solid fa-camera\" aria-hidden=\"true\" title=\"Bericht enth\u00e4lt Bilder\" style=\"\"><\/i><\/td><td class=\"einsatz-column-incidentType\">THL - Person in Gefahr<\/td><td class=\"einsatz-column-location\">Erlenbach am Main, Bahnstrecke<\/td><\/tr><tr class=\"report\"><td class=\"smallscreen\" colspan=\"7\" data-permalink=\"https:\/\/ffw-erlenbach-stadt.de\/index.php\/einsatzberichte\/thl1-baum-ueber-strasse\/\"><div class=\"annotation-icon-bar\"><i class=\"fa-solid fa-camera\" aria-hidden=\"true\" title=\"Bericht enth\u00e4lt Bilder\" style=\"\"><\/i><\/div><span class=\"einsatz-seqNum\"><strong>Lfd.:<\/strong> 28<\/span><br><span class=\"einsatz-date\"><strong>Datum:<\/strong> 20.06.2021<\/span><br><span class=\"einsatz-time\"><strong>Uhrzeit:<\/strong> 23:20<\/span><br><span class=\"einsatz-title\"><strong>Einsatzmeldung:<\/strong> <a href=\"https:\/\/ffw-erlenbach-stadt.de\/index.php\/einsatzberichte\/thl1-baum-ueber-strasse\/\" rel=\"bookmark\">THL1 &#8211; Baum \u00fcber Stra\u00dfe<\/a><\/span><br><span class=\"einsatz-incidentType\"><strong>Einsatzart:<\/strong> Unwetter<\/span><br><span class=\"einsatz-location\"><strong>Einsatzort:<\/strong> Erlenbach am Main, Dr. Vits Stra\u00dfe<\/span><br><\/td><td class=\"einsatz-column-seqNum\">28<\/td><td class=\"einsatz-column-date\">20.06.2021<\/td><td class=\"einsatz-column-time\">23:20<\/td><td class=\"einsatz-column-title\"><a href=\"https:\/\/ffw-erlenbach-stadt.de\/index.php\/einsatzberichte\/thl1-baum-ueber-strasse\/\" rel=\"bookmark\">THL1 &#8211; Baum \u00fcber Stra\u00dfe<\/a><\/td><td class=\"einsatz-column-annotationImages\"><i class=\"fa-solid fa-camera\" aria-hidden=\"true\" title=\"Bericht enth\u00e4lt Bilder\" style=\"\"><\/i><\/td><td class=\"einsatz-column-incidentType\">Unwetter<\/td><td class=\"einsatz-column-location\">Erlenbach am Main, Dr. Vits Stra\u00dfe<\/td><\/tr><tr class=\"report\"><td class=\"smallscreen\" colspan=\"7\" data-permalink=\"https:\/\/ffw-erlenbach-stadt.de\/index.php\/einsatzberichte\/bma-buergerkeller\/\"><div class=\"annotation-icon-bar\"><i class=\"fa-solid fa-camera\" aria-hidden=\"true\" title=\"Bericht enth\u00e4lt Bilder\" style=\"\"><\/i><\/div><span class=\"einsatz-seqNum\"><strong>Lfd.:<\/strong> 27<\/span><br><span class=\"einsatz-date\"><strong>Datum:<\/strong> 19.06.2021<\/span><br><span class=\"einsatz-time\"><strong>Uhrzeit:<\/strong> 20:34<\/span><br><span class=\"einsatz-title\"><strong>Einsatzmeldung:<\/strong> <a href=\"https:\/\/ffw-erlenbach-stadt.de\/index.php\/einsatzberichte\/bma-buergerkeller\/\" rel=\"bookmark\">BMA &#8211; B\u00fcrgerkeller<\/a><\/span><br><span class=\"einsatz-incidentType\"><strong>Einsatzart:<\/strong> Brandmeldeanlage<\/span><br><span class=\"einsatz-location\"><strong>Einsatzort:<\/strong> Erlenbach am Main, Dr. Vits Stra\u00dfe<\/span><br><\/td><td class=\"einsatz-column-seqNum\">27<\/td><td class=\"einsatz-column-date\">19.06.2021<\/td><td class=\"einsatz-column-time\">20:34<\/td><td class=\"einsatz-column-title\"><a href=\"https:\/\/ffw-erlenbach-stadt.de\/index.php\/einsatzberichte\/bma-buergerkeller\/\" rel=\"bookmark\">BMA &#8211; B\u00fcrgerkeller<\/a><\/td><td class=\"einsatz-column-annotationImages\"><i class=\"fa-solid fa-camera\" aria-hidden=\"true\" title=\"Bericht enth\u00e4lt Bilder\" style=\"\"><\/i><\/td><td class=\"einsatz-column-incidentType\">Brandmeldeanlage<\/td><td class=\"einsatz-column-location\">Erlenbach am Main, Dr. Vits Stra\u00dfe<\/td><\/tr><tr class=\"report\"><td class=\"smallscreen\" colspan=\"7\" data-permalink=\"https:\/\/ffw-erlenbach-stadt.de\/index.php\/einsatzberichte\/thl1-kind-in-stuhl-eingeklemmt\/\"><div class=\"annotation-icon-bar\"><i class=\"fa-solid fa-camera\" aria-hidden=\"true\" title=\"Bericht enth\u00e4lt Bilder\" style=\"\"><\/i><\/div><span class=\"einsatz-seqNum\"><strong>Lfd.:<\/strong> 26<\/span><br><span class=\"einsatz-date\"><strong>Datum:<\/strong> 16.06.2021<\/span><br><span class=\"einsatz-time\"><strong>Uhrzeit:<\/strong> 12:50<\/span><br><span class=\"einsatz-title\"><strong>Einsatzmeldung:<\/strong> <a href=\"https:\/\/ffw-erlenbach-stadt.de\/index.php\/einsatzberichte\/thl1-kind-in-stuhl-eingeklemmt\/\" rel=\"bookmark\">THL1 &#8211; Kind in Stuhl eingeklemmt<\/a><\/span><br><span class=\"einsatz-incidentType\"><strong>Einsatzart:<\/strong> THL - sonstiges<\/span><br><span class=\"einsatz-location\"><strong>Einsatzort:<\/strong> Erlenbach am Main, Dr. Vits Stra\u00dfe<\/span><br><\/td><td class=\"einsatz-column-seqNum\">26<\/td><td class=\"einsatz-column-date\">16.06.2021<\/td><td class=\"einsatz-column-time\">12:50<\/td><td class=\"einsatz-column-title\"><a href=\"https:\/\/ffw-erlenbach-stadt.de\/index.php\/einsatzberichte\/thl1-kind-in-stuhl-eingeklemmt\/\" rel=\"bookmark\">THL1 &#8211; Kind in Stuhl eingeklemmt<\/a><\/td><td class=\"einsatz-column-annotationImages\"><i class=\"fa-solid fa-camera\" aria-hidden=\"true\" title=\"Bericht enth\u00e4lt Bilder\" style=\"\"><\/i><\/td><td class=\"einsatz-column-incidentType\">THL - sonstiges<\/td><td class=\"einsatz-column-location\">Erlenbach am Main, Dr. Vits Stra\u00dfe<\/td><\/tr><tr class=\"report\"><td class=\"smallscreen\" colspan=\"7\" data-permalink=\"https:\/\/ffw-erlenbach-stadt.de\/index.php\/einsatzberichte\/b1-rauchentwicklung-im-freien-2\/\"><div class=\"annotation-icon-bar\"><i class=\"fa-solid fa-camera\" aria-hidden=\"true\" title=\"Bericht enth\u00e4lt Bilder\" style=\"\"><\/i><\/div><span class=\"einsatz-seqNum\"><strong>Lfd.:<\/strong> 25<\/span><br><span class=\"einsatz-date\"><strong>Datum:<\/strong> 13.06.2021<\/span><br><span class=\"einsatz-time\"><strong>Uhrzeit:<\/strong> 14:47<\/span><br><span class=\"einsatz-title\"><strong>Einsatzmeldung:<\/strong> <a href=\"https:\/\/ffw-erlenbach-stadt.de\/index.php\/einsatzberichte\/b1-rauchentwicklung-im-freien-2\/\" rel=\"bookmark\">B1 &#8211; Rauchentwicklung im Freien<\/a><\/span><br><span class=\"einsatz-incidentType\"><strong>Einsatzart:<\/strong> Brand<\/span><br><span class=\"einsatz-location\"><strong>Einsatzort:<\/strong> Erlenbach am Main, Bahngleise H\u00f6he Victoriaheim<\/span><br><\/td><td class=\"einsatz-column-seqNum\">25<\/td><td class=\"einsatz-column-date\">13.06.2021<\/td><td class=\"einsatz-column-time\">14:47<\/td><td class=\"einsatz-column-title\"><a href=\"https:\/\/ffw-erlenbach-stadt.de\/index.php\/einsatzberichte\/b1-rauchentwicklung-im-freien-2\/\" rel=\"bookmark\">B1 &#8211; Rauchentwicklung im Freien<\/a><\/td><td class=\"einsatz-column-annotationImages\"><i class=\"fa-solid fa-camera\" aria-hidden=\"true\" title=\"Bericht enth\u00e4lt Bilder\" style=\"\"><\/i><\/td><td class=\"einsatz-column-incidentType\">Brand<\/td><td class=\"einsatz-column-location\">Erlenbach am Main, Bahngleise H\u00f6he Victoriaheim<\/td><\/tr><tr class=\"report\"><td class=\"smallscreen\" colspan=\"7\" data-permalink=\"https:\/\/ffw-erlenbach-stadt.de\/index.php\/einsatzberichte\/bma-wohngemeinschaft-intensivpflege\/\"><div class=\"annotation-icon-bar\"><i class=\"fa-solid fa-camera\" aria-hidden=\"true\" title=\"Bericht enth\u00e4lt Bilder\" style=\"\"><\/i><\/div><span class=\"einsatz-seqNum\"><strong>Lfd.:<\/strong> 24<\/span><br><span class=\"einsatz-date\"><strong>Datum:<\/strong> 13.06.2021<\/span><br><span class=\"einsatz-time\"><strong>Uhrzeit:<\/strong> 14:15<\/span><br><span class=\"einsatz-title\"><strong>Einsatzmeldung:<\/strong> <a href=\"https:\/\/ffw-erlenbach-stadt.de\/index.php\/einsatzberichte\/bma-wohngemeinschaft-intensivpflege\/\" rel=\"bookmark\">BMA &#8211; Wohngemeinschaft Intensivpflege<\/a><\/span><br><span class=\"einsatz-incidentType\"><strong>Einsatzart:<\/strong> Brandmeldeanlage<\/span><br><span class=\"einsatz-location\"><strong>Einsatzort:<\/strong> Erlenbach am Main, Dr. Vits Stra\u00dfe<\/span><br><\/td><td class=\"einsatz-column-seqNum\">24<\/td><td class=\"einsatz-column-date\">13.06.2021<\/td><td class=\"einsatz-column-time\">14:15<\/td><td class=\"einsatz-column-title\"><a href=\"https:\/\/ffw-erlenbach-stadt.de\/index.php\/einsatzberichte\/bma-wohngemeinschaft-intensivpflege\/\" rel=\"bookmark\">BMA &#8211; Wohngemeinschaft Intensivpflege<\/a><\/td><td class=\"einsatz-column-annotationImages\"><i class=\"fa-solid fa-camera\" aria-hidden=\"true\" title=\"Bericht enth\u00e4lt Bilder\" style=\"\"><\/i><\/td><td class=\"einsatz-column-incidentType\">Brandmeldeanlage<\/td><td class=\"einsatz-column-location\">Erlenbach am Main, Dr. Vits Stra\u00dfe<\/td><\/tr><tr class=\"report\"><td class=\"smallscreen\" colspan=\"7\" data-permalink=\"https:\/\/ffw-erlenbach-stadt.de\/index.php\/einsatzberichte\/vermisste-person-3\/\"><div class=\"annotation-icon-bar\"><i class=\"fa-solid fa-camera\" aria-hidden=\"true\" title=\"Bericht enth\u00e4lt Bilder\" style=\"\"><\/i><\/div><span class=\"einsatz-seqNum\"><strong>Lfd.:<\/strong> 23<\/span><br><span class=\"einsatz-date\"><strong>Datum:<\/strong> 12.06.2021<\/span><br><span class=\"einsatz-time\"><strong>Uhrzeit:<\/strong> 12:28<\/span><br><span class=\"einsatz-title\"><strong>Einsatzmeldung:<\/strong> <a href=\"https:\/\/ffw-erlenbach-stadt.de\/index.php\/einsatzberichte\/vermisste-person-3\/\" rel=\"bookmark\">THL1 &#8211; vermisste Person<\/a><\/span><br><span class=\"einsatz-incidentType\"><strong>Einsatzart:<\/strong> THL - sonstiges<\/span><br><span class=\"einsatz-location\"><strong>Einsatzort:<\/strong> Elsenfeld<\/span><br><\/td><td class=\"einsatz-column-seqNum\">23<\/td><td class=\"einsatz-column-date\">12.06.2021<\/td><td class=\"einsatz-column-time\">12:28<\/td><td class=\"einsatz-column-title\"><a href=\"https:\/\/ffw-erlenbach-stadt.de\/index.php\/einsatzberichte\/vermisste-person-3\/\" rel=\"bookmark\">THL1 &#8211; vermisste Person<\/a><\/td><td class=\"einsatz-column-annotationImages\"><i class=\"fa-solid fa-camera\" aria-hidden=\"true\" title=\"Bericht enth\u00e4lt Bilder\" style=\"\"><\/i><\/td><td class=\"einsatz-column-incidentType\">THL - sonstiges<\/td><td class=\"einsatz-column-location\">Elsenfeld<\/td><\/tr><tr class=\"report\"><td class=\"smallscreen\" colspan=\"7\" data-permalink=\"https:\/\/ffw-erlenbach-stadt.de\/index.php\/einsatzberichte\/thl1-wasseraustritt-im-keller-fehlalarmierung\/\"><div class=\"annotation-icon-bar\"><i class=\"fa-solid fa-camera\" aria-hidden=\"true\" title=\"Bericht enth\u00e4lt Bilder\" style=\"\"><\/i><\/div><span class=\"einsatz-seqNum\"><strong>Lfd.:<\/strong> 22<\/span><br><span class=\"einsatz-date\"><strong>Datum:<\/strong> 04.06.2021<\/span><br><span class=\"einsatz-time\"><strong>Uhrzeit:<\/strong> 15:51<\/span><br><span class=\"einsatz-title\"><strong>Einsatzmeldung:<\/strong> <a href=\"https:\/\/ffw-erlenbach-stadt.de\/index.php\/einsatzberichte\/thl1-wasseraustritt-im-keller-fehlalarmierung\/\" rel=\"bookmark\">THL1 &#8211; Wasseraustritt im Keller &#8211; Fehlalarmierung<\/a><\/span><br><span class=\"einsatz-incidentType\"><strong>Einsatzart:<\/strong> Fehlalarm<\/span><br><span class=\"einsatz-location\"><strong>Einsatzort:<\/strong> Erlenbach am Main, Br\u00fcckenstra\u00dfe<\/span><br><\/td><td class=\"einsatz-column-seqNum\">22<\/td><td class=\"einsatz-column-date\">04.06.2021<\/td><td class=\"einsatz-column-time\">15:51<\/td><td class=\"einsatz-column-title\"><a href=\"https:\/\/ffw-erlenbach-stadt.de\/index.php\/einsatzberichte\/thl1-wasseraustritt-im-keller-fehlalarmierung\/\" rel=\"bookmark\">THL1 &#8211; Wasseraustritt im Keller &#8211; Fehlalarmierung<\/a><\/td><td class=\"einsatz-column-annotationImages\"><i class=\"fa-solid fa-camera\" aria-hidden=\"true\" title=\"Bericht enth\u00e4lt Bilder\" style=\"\"><\/i><\/td><td class=\"einsatz-column-incidentType\">Fehlalarm<\/td><td class=\"einsatz-column-location\">Erlenbach am Main, Br\u00fcckenstra\u00dfe<\/td><\/tr><tr class=\"report\"><td class=\"smallscreen\" colspan=\"7\" data-permalink=\"https:\/\/ffw-erlenbach-stadt.de\/index.php\/einsatzberichte\/thl1-wasseraustriff-im-keller\/\"><div class=\"annotation-icon-bar\"><i class=\"fa-solid fa-camera\" aria-hidden=\"true\" title=\"Bericht enth\u00e4lt Bilder\" style=\"\"><\/i><\/div><span class=\"einsatz-seqNum\"><strong>Lfd.:<\/strong> 21<\/span><br><span class=\"einsatz-date\"><strong>Datum:<\/strong> 26.05.2021<\/span><br><span class=\"einsatz-time\"><strong>Uhrzeit:<\/strong> 23:48<\/span><br><span class=\"einsatz-title\"><strong>Einsatzmeldung:<\/strong> <a href=\"https:\/\/ffw-erlenbach-stadt.de\/index.php\/einsatzberichte\/thl1-wasseraustriff-im-keller\/\" rel=\"bookmark\">THL1 &#8211; Wasseraustritt im Keller<\/a><\/span><br><span class=\"einsatz-incidentType\"><strong>Einsatzart:<\/strong> Wasserschaden<\/span><br><span class=\"einsatz-location\"><strong>Einsatzort:<\/strong> Erlenbach am Main, Fr\u00fchlingsstra\u00dfe<\/span><br><\/td><td class=\"einsatz-column-seqNum\">21<\/td><td class=\"einsatz-column-date\">26.05.2021<\/td><td class=\"einsatz-column-time\">23:48<\/td><td class=\"einsatz-column-title\"><a href=\"https:\/\/ffw-erlenbach-stadt.de\/index.php\/einsatzberichte\/thl1-wasseraustriff-im-keller\/\" rel=\"bookmark\">THL1 &#8211; Wasseraustritt im Keller<\/a><\/td><td class=\"einsatz-column-annotationImages\"><i class=\"fa-solid fa-camera\" aria-hidden=\"true\" title=\"Bericht enth\u00e4lt Bilder\" style=\"\"><\/i><\/td><td class=\"einsatz-column-incidentType\">Wasserschaden<\/td><td class=\"einsatz-column-location\">Erlenbach am Main, Fr\u00fchlingsstra\u00dfe<\/td><\/tr><tr class=\"report\"><td class=\"smallscreen\" colspan=\"7\" data-permalink=\"https:\/\/ffw-erlenbach-stadt.de\/index.php\/einsatzberichte\/thl1-verkehrsunfall-2\/\"><div class=\"annotation-icon-bar\"><i class=\"fa-solid fa-camera\" aria-hidden=\"true\" title=\"Bericht enth\u00e4lt Bilder\" style=\"\"><\/i><\/div><span class=\"einsatz-seqNum\"><strong>Lfd.:<\/strong> 20<\/span><br><span class=\"einsatz-date\"><strong>Datum:<\/strong> 05.05.2021<\/span><br><span class=\"einsatz-time\"><strong>Uhrzeit:<\/strong> 15:35<\/span><br><span class=\"einsatz-title\"><strong>Einsatzmeldung:<\/strong> <a href=\"https:\/\/ffw-erlenbach-stadt.de\/index.php\/einsatzberichte\/thl1-verkehrsunfall-2\/\" rel=\"bookmark\">THL1 &#8211; Verkehrsunfall<\/a><\/span><br><span class=\"einsatz-incidentType\"><strong>Einsatzart:<\/strong> Verkehrsunfall<\/span><br><span class=\"einsatz-location\"><strong>Einsatzort:<\/strong> Erlenbach am Main, Kreuzung Miltenberger-\/Berliner Stra\u00dfe<\/span><br><\/td><td class=\"einsatz-column-seqNum\">20<\/td><td class=\"einsatz-column-date\">05.05.2021<\/td><td class=\"einsatz-column-time\">15:35<\/td><td class=\"einsatz-column-title\"><a href=\"https:\/\/ffw-erlenbach-stadt.de\/index.php\/einsatzberichte\/thl1-verkehrsunfall-2\/\" rel=\"bookmark\">THL1 &#8211; Verkehrsunfall<\/a><\/td><td class=\"einsatz-column-annotationImages\"><i class=\"fa-solid fa-camera\" aria-hidden=\"true\" title=\"Bericht enth\u00e4lt Bilder\" style=\"\"><\/i><\/td><td class=\"einsatz-column-incidentType\">Verkehrsunfall<\/td><td class=\"einsatz-column-location\">Erlenbach am Main, Kreuzung Miltenberger-\/Berliner Stra\u00dfe<\/td><\/tr><tr class=\"report\"><td class=\"smallscreen\" colspan=\"7\" data-permalink=\"https:\/\/ffw-erlenbach-stadt.de\/index.php\/einsatzberichte\/thl1-vu-strasse-reinigen\/\"><div class=\"annotation-icon-bar\"><i class=\"fa-solid fa-camera\" aria-hidden=\"true\" title=\"Bericht enth\u00e4lt Bilder\" style=\"\"><\/i><\/div><span class=\"einsatz-seqNum\"><strong>Lfd.:<\/strong> 19<\/span><br><span class=\"einsatz-date\"><strong>Datum:<\/strong> 21.04.2021<\/span><br><span class=\"einsatz-time\"><strong>Uhrzeit:<\/strong> 20:24<\/span><br><span class=\"einsatz-title\"><strong>Einsatzmeldung:<\/strong> <a href=\"https:\/\/ffw-erlenbach-stadt.de\/index.php\/einsatzberichte\/thl1-vu-strasse-reinigen\/\" rel=\"bookmark\">THL1 &#8211; Verkehrsunfall<\/a><\/span><br><span class=\"einsatz-incidentType\"><strong>Einsatzart:<\/strong> Verkehrsunfall<\/span><br><span class=\"einsatz-location\"><strong>Einsatzort:<\/strong> Erlenbach am Main, Miltenberger Stra\u00dfe<\/span><br><\/td><td class=\"einsatz-column-seqNum\">19<\/td><td class=\"einsatz-column-date\">21.04.2021<\/td><td class=\"einsatz-column-time\">20:24<\/td><td class=\"einsatz-column-title\"><a href=\"https:\/\/ffw-erlenbach-stadt.de\/index.php\/einsatzberichte\/thl1-vu-strasse-reinigen\/\" rel=\"bookmark\">THL1 &#8211; Verkehrsunfall<\/a><\/td><td class=\"einsatz-column-annotationImages\"><i class=\"fa-solid fa-camera\" aria-hidden=\"true\" title=\"Bericht enth\u00e4lt Bilder\" style=\"\"><\/i><\/td><td class=\"einsatz-column-incidentType\">Verkehrsunfall<\/td><td class=\"einsatz-column-location\">Erlenbach am Main, Miltenberger Stra\u00dfe<\/td><\/tr><tr class=\"report\"><td class=\"smallscreen\" colspan=\"7\" data-permalink=\"https:\/\/ffw-erlenbach-stadt.de\/index.php\/einsatzberichte\/b1-rauchentwicklung-im-freien\/\"><div class=\"annotation-icon-bar\"><i class=\"fa-solid fa-camera\" aria-hidden=\"true\" title=\"Bericht enth\u00e4lt Bilder\" style=\"\"><\/i><\/div><span class=\"einsatz-seqNum\"><strong>Lfd.:<\/strong> 18<\/span><br><span class=\"einsatz-date\"><strong>Datum:<\/strong> 05.04.2021<\/span><br><span class=\"einsatz-time\"><strong>Uhrzeit:<\/strong> 20:43<\/span><br><span class=\"einsatz-title\"><strong>Einsatzmeldung:<\/strong> <a href=\"https:\/\/ffw-erlenbach-stadt.de\/index.php\/einsatzberichte\/b1-rauchentwicklung-im-freien\/\" rel=\"bookmark\">B1 \u2013 Rauchentwicklung im Freien<\/a><\/span><br><span class=\"einsatz-incidentType\"><strong>Einsatzart:<\/strong> Brand<\/span><br><span class=\"einsatz-location\"><strong>Einsatzort:<\/strong> Erlenbach am Main, Dreispitzweg<\/span><br><\/td><td class=\"einsatz-column-seqNum\">18<\/td><td class=\"einsatz-column-date\">05.04.2021<\/td><td class=\"einsatz-column-time\">20:43<\/td><td class=\"einsatz-column-title\"><a href=\"https:\/\/ffw-erlenbach-stadt.de\/index.php\/einsatzberichte\/b1-rauchentwicklung-im-freien\/\" rel=\"bookmark\">B1 \u2013 Rauchentwicklung im Freien<\/a><\/td><td class=\"einsatz-column-annotationImages\"><i class=\"fa-solid fa-camera\" aria-hidden=\"true\" title=\"Bericht enth\u00e4lt Bilder\" style=\"\"><\/i><\/td><td class=\"einsatz-column-incidentType\">Brand<\/td><td class=\"einsatz-column-location\">Erlenbach am Main, Dreispitzweg<\/td><\/tr><tr class=\"report\"><td class=\"smallscreen\" colspan=\"7\" data-permalink=\"https:\/\/ffw-erlenbach-stadt.de\/index.php\/einsatzberichte\/thl1-baum-droht-zu-fallen\/\"><div class=\"annotation-icon-bar\"><i class=\"fa-solid fa-camera\" aria-hidden=\"true\" title=\"Bericht enth\u00e4lt Bilder\" style=\"\"><\/i><\/div><span class=\"einsatz-seqNum\"><strong>Lfd.:<\/strong> 17<\/span><br><span class=\"einsatz-date\"><strong>Datum:<\/strong> 28.03.2021<\/span><br><span class=\"einsatz-time\"><strong>Uhrzeit:<\/strong> 18:35<\/span><br><span class=\"einsatz-title\"><strong>Einsatzmeldung:<\/strong> <a href=\"https:\/\/ffw-erlenbach-stadt.de\/index.php\/einsatzberichte\/thl1-baum-droht-zu-fallen\/\" rel=\"bookmark\">THL1 &#8211; Baum droht zu fallen<\/a><\/span><br><span class=\"einsatz-incidentType\"><strong>Einsatzart:<\/strong> THL - sonstiges<\/span><br><span class=\"einsatz-location\"><strong>Einsatzort:<\/strong> Erlenbach am Main, Miltenberger Stra\u00dfe<\/span><br><\/td><td class=\"einsatz-column-seqNum\">17<\/td><td class=\"einsatz-column-date\">28.03.2021<\/td><td class=\"einsatz-column-time\">18:35<\/td><td class=\"einsatz-column-title\"><a href=\"https:\/\/ffw-erlenbach-stadt.de\/index.php\/einsatzberichte\/thl1-baum-droht-zu-fallen\/\" rel=\"bookmark\">THL1 &#8211; Baum droht zu fallen<\/a><\/td><td class=\"einsatz-column-annotationImages\"><i class=\"fa-solid fa-camera\" aria-hidden=\"true\" title=\"Bericht enth\u00e4lt Bilder\" style=\"\"><\/i><\/td><td class=\"einsatz-column-incidentType\">THL - sonstiges<\/td><td class=\"einsatz-column-location\">Erlenbach am Main, Miltenberger Stra\u00dfe<\/td><\/tr><tr class=\"report\"><td class=\"smallscreen\" colspan=\"7\" data-permalink=\"https:\/\/ffw-erlenbach-stadt.de\/index.php\/einsatzberichte\/b2-waldbrand\/\"><div class=\"annotation-icon-bar\"><i class=\"fa-solid fa-camera\" aria-hidden=\"true\" title=\"Bericht enth\u00e4lt Bilder\" style=\"\"><\/i><\/div><span class=\"einsatz-seqNum\"><strong>Lfd.:<\/strong> 16<\/span><br><span class=\"einsatz-date\"><strong>Datum:<\/strong> 18.03.2021<\/span><br><span class=\"einsatz-time\"><strong>Uhrzeit:<\/strong> 18:54<\/span><br><span class=\"einsatz-title\"><strong>Einsatzmeldung:<\/strong> <a href=\"https:\/\/ffw-erlenbach-stadt.de\/index.php\/einsatzberichte\/b2-waldbrand\/\" rel=\"bookmark\">B2 &#8211; Waldbrand<\/a><\/span><br><span class=\"einsatz-incidentType\"><strong>Einsatzart:<\/strong> Brand<\/span><br><span class=\"einsatz-location\"><strong>Einsatzort:<\/strong> Erlenbach am Main, Liebigstra\u00dfe<\/span><br><\/td><td class=\"einsatz-column-seqNum\">16<\/td><td class=\"einsatz-column-date\">18.03.2021<\/td><td class=\"einsatz-column-time\">18:54<\/td><td class=\"einsatz-column-title\"><a href=\"https:\/\/ffw-erlenbach-stadt.de\/index.php\/einsatzberichte\/b2-waldbrand\/\" rel=\"bookmark\">B2 &#8211; Waldbrand<\/a><\/td><td class=\"einsatz-column-annotationImages\"><i class=\"fa-solid fa-camera\" aria-hidden=\"true\" title=\"Bericht enth\u00e4lt Bilder\" style=\"\"><\/i><\/td><td class=\"einsatz-column-incidentType\">Brand<\/td><td class=\"einsatz-column-location\">Erlenbach am Main, Liebigstra\u00dfe<\/td><\/tr><tr class=\"report\"><td class=\"smallscreen\" colspan=\"7\" data-permalink=\"https:\/\/ffw-erlenbach-stadt.de\/index.php\/einsatzberichte\/thl1-tueroeffnung-akut\/\"><div class=\"annotation-icon-bar\"><i class=\"fa-solid fa-camera\" aria-hidden=\"true\" title=\"Bericht enth\u00e4lt Bilder\" style=\"\"><\/i><\/div><span class=\"einsatz-seqNum\"><strong>Lfd.:<\/strong> 15<\/span><br><span class=\"einsatz-date\"><strong>Datum:<\/strong> 12.03.2021<\/span><br><span class=\"einsatz-time\"><strong>Uhrzeit:<\/strong> 05:26<\/span><br><span class=\"einsatz-title\"><strong>Einsatzmeldung:<\/strong> <a href=\"https:\/\/ffw-erlenbach-stadt.de\/index.php\/einsatzberichte\/thl1-tueroeffnung-akut\/\" rel=\"bookmark\">THL1 &#8211; T\u00fcr\u00f6ffnung akut<\/a><\/span><br><span class=\"einsatz-incidentType\"><strong>Einsatzart:<\/strong> T\u00fcr\u00f6ffnung akut<\/span><br><span class=\"einsatz-location\"><strong>Einsatzort:<\/strong> Erlenbach am Main<\/span><br><\/td><td class=\"einsatz-column-seqNum\">15<\/td><td class=\"einsatz-column-date\">12.03.2021<\/td><td class=\"einsatz-column-time\">05:26<\/td><td class=\"einsatz-column-title\"><a href=\"https:\/\/ffw-erlenbach-stadt.de\/index.php\/einsatzberichte\/thl1-tueroeffnung-akut\/\" rel=\"bookmark\">THL1 &#8211; T\u00fcr\u00f6ffnung akut<\/a><\/td><td class=\"einsatz-column-annotationImages\"><i class=\"fa-solid fa-camera\" aria-hidden=\"true\" title=\"Bericht enth\u00e4lt Bilder\" style=\"\"><\/i><\/td><td class=\"einsatz-column-incidentType\">T\u00fcr\u00f6ffnung akut<\/td><td class=\"einsatz-column-location\">Erlenbach am Main<\/td><\/tr><tr class=\"report\"><td class=\"smallscreen\" colspan=\"7\" data-permalink=\"https:\/\/ffw-erlenbach-stadt.de\/index.php\/einsatzberichte\/thl1-fahrzeug-sichern\/\"><div class=\"annotation-icon-bar\"><i class=\"fa-solid fa-camera\" aria-hidden=\"true\" title=\"Bericht enth\u00e4lt Bilder\" style=\"\"><\/i><\/div><span class=\"einsatz-seqNum\"><strong>Lfd.:<\/strong> 14<\/span><br><span class=\"einsatz-date\"><strong>Datum:<\/strong> 04.03.2021<\/span><br><span class=\"einsatz-time\"><strong>Uhrzeit:<\/strong> 21:00<\/span><br><span class=\"einsatz-title\"><strong>Einsatzmeldung:<\/strong> <a href=\"https:\/\/ffw-erlenbach-stadt.de\/index.php\/einsatzberichte\/thl1-fahrzeug-sichern\/\" rel=\"bookmark\">THL1 &#8211; Fahrzeug sichern<\/a><\/span><br><span class=\"einsatz-incidentType\"><strong>Einsatzart:<\/strong> THL - sonstiges<\/span><br><span class=\"einsatz-location\"><strong>Einsatzort:<\/strong> Erlenbach am Main, Radweg Richtung Klingenberg<\/span><br><\/td><td class=\"einsatz-column-seqNum\">14<\/td><td class=\"einsatz-column-date\">04.03.2021<\/td><td class=\"einsatz-column-time\">21:00<\/td><td class=\"einsatz-column-title\"><a href=\"https:\/\/ffw-erlenbach-stadt.de\/index.php\/einsatzberichte\/thl1-fahrzeug-sichern\/\" rel=\"bookmark\">THL1 &#8211; Fahrzeug sichern<\/a><\/td><td class=\"einsatz-column-annotationImages\"><i class=\"fa-solid fa-camera\" aria-hidden=\"true\" title=\"Bericht enth\u00e4lt Bilder\" style=\"\"><\/i><\/td><td class=\"einsatz-column-incidentType\">THL - sonstiges<\/td><td class=\"einsatz-column-location\">Erlenbach am Main, Radweg Richtung Klingenberg<\/td><\/tr><tr class=\"report\"><td class=\"smallscreen\" colspan=\"7\" data-permalink=\"https:\/\/ffw-erlenbach-stadt.de\/index.php\/einsatzberichte\/thl1-verkehrsunfall\/\"><div class=\"annotation-icon-bar\"><i class=\"fa-solid fa-camera\" aria-hidden=\"true\" title=\"Bericht enth\u00e4lt Bilder\" style=\"\"><\/i><\/div><span class=\"einsatz-seqNum\"><strong>Lfd.:<\/strong> 13<\/span><br><span class=\"einsatz-date\"><strong>Datum:<\/strong> 04.03.2021<\/span><br><span class=\"einsatz-time\"><strong>Uhrzeit:<\/strong> 17:13<\/span><br><span class=\"einsatz-title\"><strong>Einsatzmeldung:<\/strong> <a href=\"https:\/\/ffw-erlenbach-stadt.de\/index.php\/einsatzberichte\/thl1-verkehrsunfall\/\" rel=\"bookmark\">THL1 &#8211; Verkehrsunfall<\/a><\/span><br><span class=\"einsatz-incidentType\"><strong>Einsatzart:<\/strong> Verkehrsunfall<\/span><br><span class=\"einsatz-location\"><strong>Einsatzort:<\/strong> Erlenbach am Main, Lindenstra\u00dfe<\/span><br><\/td><td class=\"einsatz-column-seqNum\">13<\/td><td class=\"einsatz-column-date\">04.03.2021<\/td><td class=\"einsatz-column-time\">17:13<\/td><td class=\"einsatz-column-title\"><a href=\"https:\/\/ffw-erlenbach-stadt.de\/index.php\/einsatzberichte\/thl1-verkehrsunfall\/\" rel=\"bookmark\">THL1 &#8211; Verkehrsunfall<\/a><\/td><td class=\"einsatz-column-annotationImages\"><i class=\"fa-solid fa-camera\" aria-hidden=\"true\" title=\"Bericht enth\u00e4lt Bilder\" style=\"\"><\/i><\/td><td class=\"einsatz-column-incidentType\">Verkehrsunfall<\/td><td class=\"einsatz-column-location\">Erlenbach am Main, Lindenstra\u00dfe<\/td><\/tr><tr class=\"report\"><td class=\"smallscreen\" colspan=\"7\" data-permalink=\"https:\/\/ffw-erlenbach-stadt.de\/index.php\/einsatzberichte\/thl3-verkehrsunfall-person-eingeschlossen\/\"><div class=\"annotation-icon-bar\"><i class=\"fa-solid fa-camera\" aria-hidden=\"true\" title=\"Bericht enth\u00e4lt Bilder\" style=\"\"><\/i><\/div><span class=\"einsatz-seqNum\"><strong>Lfd.:<\/strong> 12<\/span><br><span class=\"einsatz-date\"><strong>Datum:<\/strong> 26.02.2021<\/span><br><span class=\"einsatz-time\"><strong>Uhrzeit:<\/strong> 15:54<\/span><br><span class=\"einsatz-title\"><strong>Einsatzmeldung:<\/strong> <a href=\"https:\/\/ffw-erlenbach-stadt.de\/index.php\/einsatzberichte\/thl3-verkehrsunfall-person-eingeschlossen\/\" rel=\"bookmark\">THL3 &#8211; Verkehrsunfall, Person eingeschlossen<\/a><\/span><br><span class=\"einsatz-incidentType\"><strong>Einsatzart:<\/strong> Verkehrsunfall<\/span><br><span class=\"einsatz-location\"><strong>Einsatzort:<\/strong> Erlenbach am Main, Hauptstra\u00dfe<\/span><br><\/td><td class=\"einsatz-column-seqNum\">12<\/td><td class=\"einsatz-column-date\">26.02.2021<\/td><td class=\"einsatz-column-time\">15:54<\/td><td class=\"einsatz-column-title\"><a href=\"https:\/\/ffw-erlenbach-stadt.de\/index.php\/einsatzberichte\/thl3-verkehrsunfall-person-eingeschlossen\/\" rel=\"bookmark\">THL3 &#8211; Verkehrsunfall, Person eingeschlossen<\/a><\/td><td class=\"einsatz-column-annotationImages\"><i class=\"fa-solid fa-camera\" aria-hidden=\"true\" title=\"Bericht enth\u00e4lt Bilder\" style=\"\"><\/i><\/td><td class=\"einsatz-column-incidentType\">Verkehrsunfall<\/td><td class=\"einsatz-column-location\">Erlenbach am Main, Hauptstra\u00dfe<\/td><\/tr><tr class=\"report\"><td class=\"smallscreen\" colspan=\"7\" data-permalink=\"https:\/\/ffw-erlenbach-stadt.de\/index.php\/einsatzberichte\/tueroeffnung-akut-14\/\"><div class=\"annotation-icon-bar\"><i class=\"fa-solid fa-camera\" aria-hidden=\"true\" title=\"Bericht enth\u00e4lt Bilder\" style=\"\"><\/i><\/div><span class=\"einsatz-seqNum\"><strong>Lfd.:<\/strong> 11<\/span><br><span class=\"einsatz-date\"><strong>Datum:<\/strong> 17.02.2021<\/span><br><span class=\"einsatz-time\"><strong>Uhrzeit:<\/strong> 13:15<\/span><br><span class=\"einsatz-title\"><strong>Einsatzmeldung:<\/strong> <a href=\"https:\/\/ffw-erlenbach-stadt.de\/index.php\/einsatzberichte\/tueroeffnung-akut-14\/\" rel=\"bookmark\">THL1 &#8211; T\u00fcr\u00f6ffnung akut<\/a><\/span><br><span class=\"einsatz-incidentType\"><strong>Einsatzart:<\/strong> T\u00fcr\u00f6ffnung akut<\/span><br><span class=\"einsatz-location\"><strong>Einsatzort:<\/strong> Erlenbach am Main<\/span><br><\/td><td class=\"einsatz-column-seqNum\">11<\/td><td class=\"einsatz-column-date\">17.02.2021<\/td><td class=\"einsatz-column-time\">13:15<\/td><td class=\"einsatz-column-title\"><a href=\"https:\/\/ffw-erlenbach-stadt.de\/index.php\/einsatzberichte\/tueroeffnung-akut-14\/\" rel=\"bookmark\">THL1 &#8211; T\u00fcr\u00f6ffnung akut<\/a><\/td><td class=\"einsatz-column-annotationImages\"><i class=\"fa-solid fa-camera\" aria-hidden=\"true\" title=\"Bericht enth\u00e4lt Bilder\" style=\"\"><\/i><\/td><td class=\"einsatz-column-incidentType\">T\u00fcr\u00f6ffnung akut<\/td><td class=\"einsatz-column-location\">Erlenbach am Main<\/td><\/tr><tr class=\"report\"><td class=\"smallscreen\" colspan=\"7\" data-permalink=\"https:\/\/ffw-erlenbach-stadt.de\/index.php\/einsatzberichte\/brand-gartenhuette\/\"><div class=\"annotation-icon-bar\"><i class=\"fa-solid fa-camera\" aria-hidden=\"true\" title=\"Bericht enth\u00e4lt Bilder\" style=\"\"><\/i><\/div><span class=\"einsatz-seqNum\"><strong>Lfd.:<\/strong> 10<\/span><br><span class=\"einsatz-date\"><strong>Datum:<\/strong> 16.02.2021<\/span><br><span class=\"einsatz-time\"><strong>Uhrzeit:<\/strong> 12:16<\/span><br><span class=\"einsatz-title\"><strong>Einsatzmeldung:<\/strong> <a href=\"https:\/\/ffw-erlenbach-stadt.de\/index.php\/einsatzberichte\/brand-gartenhuette\/\" rel=\"bookmark\">B2 &#8211; Brand Gartenh\u00fctte<\/a><\/span><br><span class=\"einsatz-incidentType\"><strong>Einsatzart:<\/strong> Brand<\/span><br><span class=\"einsatz-location\"><strong>Einsatzort:<\/strong> Streit, Mechenharder Stra\u00dfe<\/span><br><\/td><td class=\"einsatz-column-seqNum\">10<\/td><td class=\"einsatz-column-date\">16.02.2021<\/td><td class=\"einsatz-column-time\">12:16<\/td><td class=\"einsatz-column-title\"><a href=\"https:\/\/ffw-erlenbach-stadt.de\/index.php\/einsatzberichte\/brand-gartenhuette\/\" rel=\"bookmark\">B2 &#8211; Brand Gartenh\u00fctte<\/a><\/td><td class=\"einsatz-column-annotationImages\"><i class=\"fa-solid fa-camera\" aria-hidden=\"true\" title=\"Bericht enth\u00e4lt Bilder\" style=\"\"><\/i><\/td><td class=\"einsatz-column-incidentType\">Brand<\/td><td class=\"einsatz-column-location\">Streit, Mechenharder Stra\u00dfe<\/td><\/tr><tr class=\"report\"><td class=\"smallscreen\" colspan=\"7\" data-permalink=\"https:\/\/ffw-erlenbach-stadt.de\/index.php\/einsatzberichte\/oelspur-18\/\"><div class=\"annotation-icon-bar\"><i class=\"fa-solid fa-camera\" aria-hidden=\"true\" title=\"Bericht enth\u00e4lt Bilder\" style=\"\"><\/i><\/div><span class=\"einsatz-seqNum\"><strong>Lfd.:<\/strong> 9<\/span><br><span class=\"einsatz-date\"><strong>Datum:<\/strong> 12.02.2021<\/span><br><span class=\"einsatz-time\"><strong>Uhrzeit:<\/strong> 11:13<\/span><br><span class=\"einsatz-title\"><strong>Einsatzmeldung:<\/strong> <a href=\"https:\/\/ffw-erlenbach-stadt.de\/index.php\/einsatzberichte\/oelspur-18\/\" rel=\"bookmark\">THL1 &#8211; \u00d6lspur<\/a><\/span><br><span class=\"einsatz-incidentType\"><strong>Einsatzart:<\/strong> \u00d6lschaden<\/span><br><span class=\"einsatz-location\"><strong>Einsatzort:<\/strong> Erlenbach am Main, Mainhausener-, Wald- und Lindenstra\u00dfe<\/span><br><\/td><td class=\"einsatz-column-seqNum\">9<\/td><td class=\"einsatz-column-date\">12.02.2021<\/td><td class=\"einsatz-column-time\">11:13<\/td><td class=\"einsatz-column-title\"><a href=\"https:\/\/ffw-erlenbach-stadt.de\/index.php\/einsatzberichte\/oelspur-18\/\" rel=\"bookmark\">THL1 &#8211; \u00d6lspur<\/a><\/td><td class=\"einsatz-column-annotationImages\"><i class=\"fa-solid fa-camera\" aria-hidden=\"true\" title=\"Bericht enth\u00e4lt Bilder\" style=\"\"><\/i><\/td><td class=\"einsatz-column-incidentType\">\u00d6lschaden<\/td><td class=\"einsatz-column-location\">Erlenbach am Main, Mainhausener-, Wald- und Lindenstra\u00dfe<\/td><\/tr><tr class=\"report\"><td class=\"smallscreen\" colspan=\"7\" data-permalink=\"https:\/\/ffw-erlenbach-stadt.de\/index.php\/einsatzberichte\/rauchentwicklung-b3-3\/\"><div class=\"annotation-icon-bar\"><i class=\"fa-solid fa-camera\" aria-hidden=\"true\" title=\"Bericht enth\u00e4lt Bilder\" style=\"\"><\/i><\/div><span class=\"einsatz-seqNum\"><strong>Lfd.:<\/strong> 8<\/span><br><span class=\"einsatz-date\"><strong>Datum:<\/strong> 05.02.2021<\/span><br><span class=\"einsatz-time\"><strong>Uhrzeit:<\/strong> 17:51<\/span><br><span class=\"einsatz-title\"><strong>Einsatzmeldung:<\/strong> <a href=\"https:\/\/ffw-erlenbach-stadt.de\/index.php\/einsatzberichte\/rauchentwicklung-b3-3\/\" rel=\"bookmark\">B3 &#8211; Rauchentwicklung<\/a><\/span><br><span class=\"einsatz-incidentType\"><strong>Einsatzart:<\/strong> Brand<\/span><br><span class=\"einsatz-location\"><strong>Einsatzort:<\/strong> Streit<\/span><br><\/td><td class=\"einsatz-column-seqNum\">8<\/td><td class=\"einsatz-column-date\">05.02.2021<\/td><td class=\"einsatz-column-time\">17:51<\/td><td class=\"einsatz-column-title\"><a href=\"https:\/\/ffw-erlenbach-stadt.de\/index.php\/einsatzberichte\/rauchentwicklung-b3-3\/\" rel=\"bookmark\">B3 &#8211; Rauchentwicklung<\/a><\/td><td class=\"einsatz-column-annotationImages\"><i class=\"fa-solid fa-camera\" aria-hidden=\"true\" title=\"Bericht enth\u00e4lt Bilder\" style=\"\"><\/i><\/td><td class=\"einsatz-column-incidentType\">Brand<\/td><td class=\"einsatz-column-location\">Streit<\/td><\/tr><tr class=\"report\"><td class=\"smallscreen\" colspan=\"7\" data-permalink=\"https:\/\/ffw-erlenbach-stadt.de\/index.php\/einsatzberichte\/verkehrsunfall-2-pkws-18\/\"><div class=\"annotation-icon-bar\"><i class=\"fa-solid fa-camera\" aria-hidden=\"true\" title=\"Bericht enth\u00e4lt Bilder\" style=\"\"><\/i><\/div><span class=\"einsatz-seqNum\"><strong>Lfd.:<\/strong> 7<\/span><br><span class=\"einsatz-date\"><strong>Datum:<\/strong> 04.02.2021<\/span><br><span class=\"einsatz-time\"><strong>Uhrzeit:<\/strong> 14:57<\/span><br><span class=\"einsatz-title\"><strong>Einsatzmeldung:<\/strong> <a href=\"https:\/\/ffw-erlenbach-stadt.de\/index.php\/einsatzberichte\/verkehrsunfall-2-pkws-18\/\" rel=\"bookmark\">THL2 &#8211; Verkehrsunfall 2 PKW&#8217;s<\/a><\/span><br><span class=\"einsatz-incidentType\"><strong>Einsatzart:<\/strong> Verkehrsunfall<\/span><br><span class=\"einsatz-location\"><strong>Einsatzort:<\/strong> Erlenbach am Main, Elsenfelder Stra\u00dfe<\/span><br><\/td><td class=\"einsatz-column-seqNum\">7<\/td><td class=\"einsatz-column-date\">04.02.2021<\/td><td class=\"einsatz-column-time\">14:57<\/td><td class=\"einsatz-column-title\"><a href=\"https:\/\/ffw-erlenbach-stadt.de\/index.php\/einsatzberichte\/verkehrsunfall-2-pkws-18\/\" rel=\"bookmark\">THL2 &#8211; Verkehrsunfall 2 PKW&#8217;s<\/a><\/td><td class=\"einsatz-column-annotationImages\"><i class=\"fa-solid fa-camera\" aria-hidden=\"true\" title=\"Bericht enth\u00e4lt Bilder\" style=\"\"><\/i><\/td><td class=\"einsatz-column-incidentType\">Verkehrsunfall<\/td><td class=\"einsatz-column-location\">Erlenbach am Main, Elsenfelder Stra\u00dfe<\/td><\/tr><tr class=\"report\"><td class=\"smallscreen\" colspan=\"7\" data-permalink=\"https:\/\/ffw-erlenbach-stadt.de\/index.php\/einsatzberichte\/oelspur-17\/\"><div class=\"annotation-icon-bar\"><i class=\"fa-solid fa-camera\" aria-hidden=\"true\" title=\"Bericht enth\u00e4lt Bilder\" style=\"\"><\/i><\/div><span class=\"einsatz-seqNum\"><strong>Lfd.:<\/strong> 6<\/span><br><span class=\"einsatz-date\"><strong>Datum:<\/strong> 03.02.2021<\/span><br><span class=\"einsatz-time\"><strong>Uhrzeit:<\/strong> 16:53<\/span><br><span class=\"einsatz-title\"><strong>Einsatzmeldung:<\/strong> <a href=\"https:\/\/ffw-erlenbach-stadt.de\/index.php\/einsatzberichte\/oelspur-17\/\" rel=\"bookmark\">THL1 &#8211; \u00d6lspur<\/a><\/span><br><span class=\"einsatz-incidentType\"><strong>Einsatzart:<\/strong> \u00d6lschaden<\/span><br><span class=\"einsatz-location\"><strong>Einsatzort:<\/strong> Erlenbach am Main, Waldstra\u00dfe\/Mainhausener Stra\u00dfe<\/span><br><\/td><td class=\"einsatz-column-seqNum\">6<\/td><td class=\"einsatz-column-date\">03.02.2021<\/td><td class=\"einsatz-column-time\">16:53<\/td><td class=\"einsatz-column-title\"><a href=\"https:\/\/ffw-erlenbach-stadt.de\/index.php\/einsatzberichte\/oelspur-17\/\" rel=\"bookmark\">THL1 &#8211; \u00d6lspur<\/a><\/td><td class=\"einsatz-column-annotationImages\"><i class=\"fa-solid fa-camera\" aria-hidden=\"true\" title=\"Bericht enth\u00e4lt Bilder\" style=\"\"><\/i><\/td><td class=\"einsatz-column-incidentType\">\u00d6lschaden<\/td><td class=\"einsatz-column-location\">Erlenbach am Main, Waldstra\u00dfe\/Mainhausener Stra\u00dfe<\/td><\/tr><tr class=\"report\"><td class=\"smallscreen\" colspan=\"7\" data-permalink=\"https:\/\/ffw-erlenbach-stadt.de\/index.php\/einsatzberichte\/oelspur-16\/\"><div class=\"annotation-icon-bar\"><i class=\"fa-solid fa-camera\" aria-hidden=\"true\" title=\"Bericht enth\u00e4lt Bilder\" style=\"\"><\/i><\/div><span class=\"einsatz-seqNum\"><strong>Lfd.:<\/strong> 5<\/span><br><span class=\"einsatz-date\"><strong>Datum:<\/strong> 03.02.2021<\/span><br><span class=\"einsatz-time\"><strong>Uhrzeit:<\/strong> 16:04<\/span><br><span class=\"einsatz-title\"><strong>Einsatzmeldung:<\/strong> <a href=\"https:\/\/ffw-erlenbach-stadt.de\/index.php\/einsatzberichte\/oelspur-16\/\" rel=\"bookmark\">THL1 &#8211; \u00d6lspur<\/a><\/span><br><span class=\"einsatz-incidentType\"><strong>Einsatzart:<\/strong> \u00d6lschaden<\/span><br><span class=\"einsatz-location\"><strong>Einsatzort:<\/strong> Erlenbach am Main, Berliner Stra\u00dfe<\/span><br><\/td><td class=\"einsatz-column-seqNum\">5<\/td><td class=\"einsatz-column-date\">03.02.2021<\/td><td class=\"einsatz-column-time\">16:04<\/td><td class=\"einsatz-column-title\"><a href=\"https:\/\/ffw-erlenbach-stadt.de\/index.php\/einsatzberichte\/oelspur-16\/\" rel=\"bookmark\">THL1 &#8211; \u00d6lspur<\/a><\/td><td class=\"einsatz-column-annotationImages\"><i class=\"fa-solid fa-camera\" aria-hidden=\"true\" title=\"Bericht enth\u00e4lt Bilder\" style=\"\"><\/i><\/td><td class=\"einsatz-column-incidentType\">\u00d6lschaden<\/td><td class=\"einsatz-column-location\">Erlenbach am Main, Berliner Stra\u00dfe<\/td><\/tr><tr class=\"report\"><td class=\"smallscreen\" colspan=\"7\" data-permalink=\"https:\/\/ffw-erlenbach-stadt.de\/index.php\/einsatzberichte\/tueroeffnung-akut-13\/\"><div class=\"annotation-icon-bar\"><i class=\"fa-solid fa-camera\" aria-hidden=\"true\" title=\"Bericht enth\u00e4lt keine Bilder\" style=\"color: #bbb;\"><\/i><\/div><span class=\"einsatz-seqNum\"><strong>Lfd.:<\/strong> 4<\/span><br><span class=\"einsatz-date\"><strong>Datum:<\/strong> 16.01.2021<\/span><br><span class=\"einsatz-time\"><strong>Uhrzeit:<\/strong> 23:19<\/span><br><span class=\"einsatz-title\"><strong>Einsatzmeldung:<\/strong> <a href=\"https:\/\/ffw-erlenbach-stadt.de\/index.php\/einsatzberichte\/tueroeffnung-akut-13\/\" rel=\"bookmark\">THL1 &#8211; T\u00fcr\u00f6ffnung akut<\/a><\/span><br><span class=\"einsatz-incidentType\"><strong>Einsatzart:<\/strong> T\u00fcr\u00f6ffnung akut<\/span><br><span class=\"einsatz-location\"><strong>Einsatzort:<\/strong> Erlenbach am Main<\/span><br><\/td><td class=\"einsatz-column-seqNum\">4<\/td><td class=\"einsatz-column-date\">16.01.2021<\/td><td class=\"einsatz-column-time\">23:19<\/td><td class=\"einsatz-column-title\"><a href=\"https:\/\/ffw-erlenbach-stadt.de\/index.php\/einsatzberichte\/tueroeffnung-akut-13\/\" rel=\"bookmark\">THL1 &#8211; T\u00fcr\u00f6ffnung akut<\/a><\/td><td class=\"einsatz-column-annotationImages\"><i class=\"fa-solid fa-camera\" aria-hidden=\"true\" title=\"Bericht enth\u00e4lt keine Bilder\" style=\"color: #bbb;\"><\/i><\/td><td class=\"einsatz-column-incidentType\">T\u00fcr\u00f6ffnung akut<\/td><td class=\"einsatz-column-location\">Erlenbach am Main<\/td><\/tr><tr class=\"report\"><td class=\"smallscreen\" colspan=\"7\" data-permalink=\"https:\/\/ffw-erlenbach-stadt.de\/index.php\/einsatzberichte\/tueroeffnung-akut-12\/\"><div class=\"annotation-icon-bar\"><i class=\"fa-solid fa-camera\" aria-hidden=\"true\" title=\"Bericht enth\u00e4lt Bilder\" style=\"\"><\/i><\/div><span class=\"einsatz-seqNum\"><strong>Lfd.:<\/strong> 3<\/span><br><span class=\"einsatz-date\"><strong>Datum:<\/strong> 16.01.2021<\/span><br><span class=\"einsatz-time\"><strong>Uhrzeit:<\/strong> 20:09<\/span><br><span class=\"einsatz-title\"><strong>Einsatzmeldung:<\/strong> <a href=\"https:\/\/ffw-erlenbach-stadt.de\/index.php\/einsatzberichte\/tueroeffnung-akut-12\/\" rel=\"bookmark\">THL1 &#8211; T\u00fcr\u00f6ffnung akut<\/a><\/span><br><span class=\"einsatz-incidentType\"><strong>Einsatzart:<\/strong> T\u00fcr\u00f6ffnung akut<\/span><br><span class=\"einsatz-location\"><strong>Einsatzort:<\/strong> Erlenbach am Main<\/span><br><\/td><td class=\"einsatz-column-seqNum\">3<\/td><td class=\"einsatz-column-date\">16.01.2021<\/td><td class=\"einsatz-column-time\">20:09<\/td><td class=\"einsatz-column-title\"><a href=\"https:\/\/ffw-erlenbach-stadt.de\/index.php\/einsatzberichte\/tueroeffnung-akut-12\/\" rel=\"bookmark\">THL1 &#8211; T\u00fcr\u00f6ffnung akut<\/a><\/td><td class=\"einsatz-column-annotationImages\"><i class=\"fa-solid fa-camera\" aria-hidden=\"true\" title=\"Bericht enth\u00e4lt Bilder\" style=\"\"><\/i><\/td><td class=\"einsatz-column-incidentType\">T\u00fcr\u00f6ffnung akut<\/td><td class=\"einsatz-column-location\">Erlenbach am Main<\/td><\/tr><tr class=\"report\"><td class=\"smallscreen\" colspan=\"7\" data-permalink=\"https:\/\/ffw-erlenbach-stadt.de\/index.php\/einsatzberichte\/dieselspur\/\"><div class=\"annotation-icon-bar\"><i class=\"fa-solid fa-camera\" aria-hidden=\"true\" title=\"Bericht enth\u00e4lt keine Bilder\" style=\"color: #bbb;\"><\/i><\/div><span class=\"einsatz-seqNum\"><strong>Lfd.:<\/strong> 2<\/span><br><span class=\"einsatz-date\"><strong>Datum:<\/strong> 10.01.2021<\/span><br><span class=\"einsatz-time\"><strong>Uhrzeit:<\/strong> 20:13<\/span><br><span class=\"einsatz-title\"><strong>Einsatzmeldung:<\/strong> <a href=\"https:\/\/ffw-erlenbach-stadt.de\/index.php\/einsatzberichte\/dieselspur\/\" rel=\"bookmark\">THL1 &#8211; Dieselspur<\/a><\/span><br><span class=\"einsatz-incidentType\"><strong>Einsatzart:<\/strong> \u00d6lschaden<\/span><br><span class=\"einsatz-location\"><strong>Einsatzort:<\/strong> Erlenbach am Main, mehrere Stra\u00dfen<\/span><br><\/td><td class=\"einsatz-column-seqNum\">2<\/td><td class=\"einsatz-column-date\">10.01.2021<\/td><td class=\"einsatz-column-time\">20:13<\/td><td class=\"einsatz-column-title\"><a href=\"https:\/\/ffw-erlenbach-stadt.de\/index.php\/einsatzberichte\/dieselspur\/\" rel=\"bookmark\">THL1 &#8211; Dieselspur<\/a><\/td><td class=\"einsatz-column-annotationImages\"><i class=\"fa-solid fa-camera\" aria-hidden=\"true\" title=\"Bericht enth\u00e4lt keine Bilder\" style=\"color: #bbb;\"><\/i><\/td><td class=\"einsatz-column-incidentType\">\u00d6lschaden<\/td><td class=\"einsatz-column-location\">Erlenbach am Main, mehrere Stra\u00dfen<\/td><\/tr><tr class=\"report\"><td class=\"smallscreen\" colspan=\"7\" data-permalink=\"https:\/\/ffw-erlenbach-stadt.de\/index.php\/einsatzberichte\/gaswarnmelder-ausgeloest\/\"><div class=\"annotation-icon-bar\"><i class=\"fa-solid fa-camera\" aria-hidden=\"true\" title=\"Bericht enth\u00e4lt Bilder\" style=\"\"><\/i><\/div><span class=\"einsatz-seqNum\"><strong>Lfd.:<\/strong> 1<\/span><br><span class=\"einsatz-date\"><strong>Datum:<\/strong> 07.01.2021<\/span><br><span class=\"einsatz-time\"><strong>Uhrzeit:<\/strong> 04:39<\/span><br><span class=\"einsatz-title\"><strong>Einsatzmeldung:<\/strong> <a href=\"https:\/\/ffw-erlenbach-stadt.de\/index.php\/einsatzberichte\/gaswarnmelder-ausgeloest\/\" rel=\"bookmark\">THL2 &#8211; Gaswarnmelder ausgel\u00f6st<\/a><\/span><br><span class=\"einsatz-incidentType\"><strong>Einsatzart:<\/strong> THL - sonstiges<\/span><br><span class=\"einsatz-location\"><strong>Einsatzort:<\/strong> Streit<\/span><br><\/td><td class=\"einsatz-column-seqNum\">1<\/td><td class=\"einsatz-column-date\">07.01.2021<\/td><td class=\"einsatz-column-time\">04:39<\/td><td class=\"einsatz-column-title\"><a href=\"https:\/\/ffw-erlenbach-stadt.de\/index.php\/einsatzberichte\/gaswarnmelder-ausgeloest\/\" rel=\"bookmark\">THL2 &#8211; Gaswarnmelder ausgel\u00f6st<\/a><\/td><td class=\"einsatz-column-annotationImages\"><i class=\"fa-solid fa-camera\" aria-hidden=\"true\" title=\"Bericht enth\u00e4lt Bilder\" style=\"\"><\/i><\/td><td class=\"einsatz-column-incidentType\">THL - sonstiges<\/td><td class=\"einsatz-column-location\">Streit<\/td><\/tr><\/tbody><\/table>\n","protected":false},"excerpt":{"rendered":"","protected":false},"author":1,"featured_media":0,"parent":76,"menu_order":6,"comment_status":"closed","ping_status":"closed","template":"","meta":{"ngg_post_thumbnail":0,"footnotes":""},"class_list":["post-20275","page","type-page","status-publish","hentry"],"_links":{"self":[{"href":"https:\/\/ffw-erlenbach-stadt.de\/index.php\/wp-json\/wp\/v2\/pages\/20275","targetHints":{"allow":["GET"]}}],"collection":[{"href":"https:\/\/ffw-erlenbach-stadt.de\/index.php\/wp-json\/wp\/v2\/pages"}],"about":[{"href":"https:\/\/ffw-erlenbach-stadt.de\/index.php\/wp-json\/wp\/v2\/types\/page"}],"author":[{"embeddable":true,"href":"https:\/\/ffw-erlenbach-stadt.de\/index.php\/wp-json\/wp\/v2\/users\/1"}],"replies":[{"embeddable":true,"href":"https:\/\/ffw-erlenbach-stadt.de\/index.php\/wp-json\/wp\/v2\/comments?post=20275"}],"version-history":[{"count":2,"href":"https:\/\/ffw-erlenbach-stadt.de\/index.php\/wp-json\/wp\/v2\/pages\/20275\/revisions"}],"predecessor-version":[{"id":21006,"href":"https:\/\/ffw-erlenbach-stadt.de\/index.php\/wp-json\/wp\/v2\/pages\/20275\/revisions\/21006"}],"up":[{"embeddable":true,"href":"https:\/\/ffw-erlenbach-stadt.de\/index.php\/wp-json\/wp\/v2\/pages\/76"}],"wp:attachment":[{"href":"https:\/\/ffw-erlenbach-stadt.de\/index.php\/wp-json\/wp\/v2\/media?parent=20275"}],"curies":[{"name":"wp","href":"https:\/\/api.w.org\/{rel}","templated":true}]}}