{"id":17436,"date":"1970-01-01T01:00:00","date_gmt":"1970-01-01T00:00:00","guid":{"rendered":"https:\/\/ffw-erlenbach-stadt.de\/?page_id=17436"},"modified":"2023-01-01T17:10:23","modified_gmt":"2023-01-01T16:10:23","slug":"einsaetze-2018","status":"publish","type":"page","link":"https:\/\/ffw-erlenbach-stadt.de\/index.php\/feuerwehr\/einsaetze\/einsaetze-2018\/","title":{"rendered":"Eins\u00e4tze 2018"},"content":{"rendered":"<div data-post-id=\"20942\" class=\"insert-page insert-page-20942 \">\t\t<div data-elementor-type=\"wp-page\" data-elementor-id=\"20942\" class=\"elementor elementor-20942\">\n\t\t\t\t\t\t<section class=\"elementor-section elementor-top-section elementor-element elementor-element-424604f6 elementor-section-boxed elementor-section-height-default elementor-section-height-default\" data-id=\"424604f6\" data-element_type=\"section\" data-e-type=\"section\">\n\t\t\t\t\t\t<div class=\"elementor-container elementor-column-gap-default\">\n\t\t\t\t\t<div class=\"elementor-column elementor-col-100 elementor-top-column elementor-element elementor-element-43a39dfc\" data-id=\"43a39dfc\" data-element_type=\"column\" data-e-type=\"column\">\n\t\t\t<div class=\"elementor-widget-wrap elementor-element-populated\">\n\t\t\t\t\t\t<div class=\"elementor-element elementor-element-787078f9 elementor-widget elementor-widget-text-editor\" data-id=\"787078f9\" data-element_type=\"widget\" data-e-type=\"widget\" data-widget_type=\"text-editor.default\">\n\t\t\t\t<div class=\"elementor-widget-container\">\n\t\t\t\t\t\t\t\t\t\n<div class=\"wp-block-buttons is-layout-flex wp-block-buttons-is-layout-flex\"><br \/>\n<div class=\"wp-block-button has-custom-font-size has-small-font-size\"><a class=\"wp-block-button__link wp-element-button\" href=\"https:\/\/ffw-erlenbach-stadt.de\/index.php\/feuerwehr\/einsaetze\/einsaetze-2025\/\">2025<\/a><\/div>\n\n\n\n<div class=\"wp-block-button has-custom-font-size has-small-font-size\"><a class=\"wp-block-button__link wp-element-button\" href=\"https:\/\/ffw-erlenbach-stadt.de\/index.php\/feuerwehr\/einsaetze\/einsaetze-2024\/\">2024<\/a><\/div>\n\n\n\n<div class=\"wp-block-button has-custom-font-size has-small-font-size\"><a class=\"wp-block-button__link wp-element-button\" href=\"https:\/\/ffw-erlenbach-stadt.de\/index.php\/feuerwehr\/einsaetze\/einsaetze-2023\/\">2023<\/a><\/div>\n\n\n\n<div class=\"wp-block-button has-custom-font-size has-small-font-size\"><a class=\"wp-block-button__link wp-element-button\" href=\"https:\/\/ffw-erlenbach-stadt.de\/index.php\/feuerwehr\/einsaetze\/einsaetze-2022\/\">2022<\/a><\/div>\n\n\n\n<div class=\"wp-block-button has-custom-font-size has-small-font-size\"><a class=\"wp-block-button__link wp-element-button\" href=\"https:\/\/ffw-erlenbach-stadt.de\/index.php\/feuerwehr\/einsaetze\/einsaetze-2021\/\">2021<\/a><\/div>\n\n\n\n<div class=\"wp-block-button has-custom-font-size has-small-font-size\"><a class=\"wp-block-button__link wp-element-button\" href=\"https:\/\/ffw-erlenbach-stadt.de\/index.php\/feuerwehr\/einsaetze\/einsaetze-2020\/\">2020<\/a><\/div>\n\n\n\n<div class=\"wp-block-button has-custom-font-size has-small-font-size\"><a class=\"wp-block-button__link wp-element-button\" href=\"https:\/\/ffw-erlenbach-stadt.de\/index.php\/feuerwehr\/einsaetze\/einsaetze-2019\/\">2019<\/a><\/div>\n\n\n\n<div class=\"wp-block-button has-custom-font-size has-small-font-size\"><a class=\"wp-block-button__link wp-element-button\" href=\"https:\/\/ffw-erlenbach-stadt.de\/index.php\/feuerwehr\/einsaetze\/aeltere_einsaetze\/\">\u00e4ltere<\/a><\/div>\n\n\n\n<div class=\"wp-block-button has-custom-font-size has-small-font-size\"><a class=\"wp-block-button__link wp-element-button\" href=\"https:\/\/ffw-erlenbach-stadt.de\/index.php\/feuerwehr\/einsaetze\/besondere-einsaetze\/\">besondere Eins\u00e4tze<\/a><\/div>\n<\/div>\n\n\n\n<p>&nbsp;<\/p>\n<\/div>\t\t\t\t\t\t\t\t<\/div>\n\t\t\t\t<\/div>\n\t\t\t\t\t<\/div>\n\t\t<\/div>\n\t\t\t\t\t<\/div>\n\t\t<\/section>\n\t\t\t\t<\/div>\n\t\t<\/div>\n\n<h2>Eins\u00e4tze 2018<\/h2><table class=\"einsatzverwaltung-reportlist\"><tbody><tr class=\"einsatz-header\"><th style=\"\">Lfd.<\/th><th style=\"white-space: nowrap;\">Datum<\/th><th style=\"white-space: nowrap;\">Uhrzeit<\/th><th style=\"\">Einsatzmeldung<\/th><th style=\"\"><\/th><th style=\"\">Einsatzart<\/th><th style=\"\">Einsatzort<\/th><\/tr><tr class=\"zebracorrection\"><td colspan=\"7\">&nbsp;<\/td><\/tr><tr class=\"report\"><td class=\"smallscreen\" colspan=\"7\" data-permalink=\"https:\/\/ffw-erlenbach-stadt.de\/index.php\/einsatzberichte\/brandeinsatz-brand-klein\/\"><div class=\"annotation-icon-bar\"><i class=\"fa-solid fa-camera\" aria-hidden=\"true\" title=\"Bericht enth\u00e4lt Bilder\" style=\"\"><\/i><\/div><span class=\"einsatz-seqNum\"><strong>Lfd.:<\/strong> 88<\/span><br><span class=\"einsatz-date\"><strong>Datum:<\/strong> 31.12.2018<\/span><br><span class=\"einsatz-time\"><strong>Uhrzeit:<\/strong> 19:16<\/span><br><span class=\"einsatz-title\"><strong>Einsatzmeldung:<\/strong> <a href=\"https:\/\/ffw-erlenbach-stadt.de\/index.php\/einsatzberichte\/brandeinsatz-brand-klein\/\" rel=\"bookmark\">Brandeinsatz &#8211; Brand klein<\/a><\/span><br><span class=\"einsatz-incidentType\"><strong>Einsatzart:<\/strong> Brand<\/span><br><span class=\"einsatz-location\"><strong>Einsatzort:<\/strong> Erlenbach am Main, Bahnhof<\/span><br><\/td><td class=\"einsatz-column-seqNum\">88<\/td><td class=\"einsatz-column-date\">31.12.2018<\/td><td class=\"einsatz-column-time\">19:16<\/td><td class=\"einsatz-column-title\"><a href=\"https:\/\/ffw-erlenbach-stadt.de\/index.php\/einsatzberichte\/brandeinsatz-brand-klein\/\" rel=\"bookmark\">Brandeinsatz &#8211; Brand klein<\/a><\/td><td class=\"einsatz-column-annotationImages\"><i class=\"fa-solid fa-camera\" aria-hidden=\"true\" title=\"Bericht enth\u00e4lt Bilder\" style=\"\"><\/i><\/td><td class=\"einsatz-column-incidentType\">Brand<\/td><td class=\"einsatz-column-location\">Erlenbach am Main, Bahnhof<\/td><\/tr><tr class=\"report\"><td class=\"smallscreen\" colspan=\"7\" data-permalink=\"https:\/\/ffw-erlenbach-stadt.de\/index.php\/einsatzberichte\/thl-baum-ueber-strasse-4\/\"><div class=\"annotation-icon-bar\"><i class=\"fa-solid fa-camera\" aria-hidden=\"true\" title=\"Bericht enth\u00e4lt Bilder\" style=\"\"><\/i><\/div><span class=\"einsatz-seqNum\"><strong>Lfd.:<\/strong> 87<\/span><br><span class=\"einsatz-date\"><strong>Datum:<\/strong> 24.12.2018<\/span><br><span class=\"einsatz-time\"><strong>Uhrzeit:<\/strong> 07:08<\/span><br><span class=\"einsatz-title\"><strong>Einsatzmeldung:<\/strong> <a href=\"https:\/\/ffw-erlenbach-stadt.de\/index.php\/einsatzberichte\/thl-baum-ueber-strasse-4\/\" rel=\"bookmark\">THL &#8211; Baum \u00fcber Stra\u00dfe<\/a><\/span><br><span class=\"einsatz-incidentType\"><strong>Einsatzart:<\/strong> Unwetter<\/span><br><span class=\"einsatz-location\"><strong>Einsatzort:<\/strong> Erlenbach am Main, Geschwister Scholl Stra\u00dfe<\/span><br><\/td><td class=\"einsatz-column-seqNum\">87<\/td><td class=\"einsatz-column-date\">24.12.2018<\/td><td class=\"einsatz-column-time\">07:08<\/td><td class=\"einsatz-column-title\"><a href=\"https:\/\/ffw-erlenbach-stadt.de\/index.php\/einsatzberichte\/thl-baum-ueber-strasse-4\/\" rel=\"bookmark\">THL &#8211; Baum \u00fcber Stra\u00dfe<\/a><\/td><td class=\"einsatz-column-annotationImages\"><i class=\"fa-solid fa-camera\" aria-hidden=\"true\" title=\"Bericht enth\u00e4lt Bilder\" style=\"\"><\/i><\/td><td class=\"einsatz-column-incidentType\">Unwetter<\/td><td class=\"einsatz-column-location\">Erlenbach am Main, Geschwister Scholl Stra\u00dfe<\/td><\/tr><tr class=\"report\"><td class=\"smallscreen\" colspan=\"7\" data-permalink=\"https:\/\/ffw-erlenbach-stadt.de\/index.php\/einsatzberichte\/oelspur-mehrere-kilometer\/\"><div class=\"annotation-icon-bar\"><i class=\"fa-solid fa-camera\" aria-hidden=\"true\" title=\"Bericht enth\u00e4lt Bilder\" style=\"\"><\/i><\/div><span class=\"einsatz-seqNum\"><strong>Lfd.:<\/strong> 86<\/span><br><span class=\"einsatz-date\"><strong>Datum:<\/strong> 15.12.2018<\/span><br><span class=\"einsatz-time\"><strong>Uhrzeit:<\/strong> 22:00<\/span><br><span class=\"einsatz-title\"><strong>Einsatzmeldung:<\/strong> <a href=\"https:\/\/ffw-erlenbach-stadt.de\/index.php\/einsatzberichte\/oelspur-mehrere-kilometer\/\" rel=\"bookmark\">\u00d6lspur &#8211; mehrere Kilometer<\/a><\/span><br><span class=\"einsatz-incidentType\"><strong>Einsatzart:<\/strong> \u00d6lschaden<\/span><br><span class=\"einsatz-location\"><strong>Einsatzort:<\/strong> Erlenbach am Main, Elsenfelder Stra\u00dfe, Liebigstra\u00dfe, Mainhausener Stra\u00dfe, Glanzstoffstra\u00dfe<\/span><br><\/td><td class=\"einsatz-column-seqNum\">86<\/td><td class=\"einsatz-column-date\">15.12.2018<\/td><td class=\"einsatz-column-time\">22:00<\/td><td class=\"einsatz-column-title\"><a href=\"https:\/\/ffw-erlenbach-stadt.de\/index.php\/einsatzberichte\/oelspur-mehrere-kilometer\/\" rel=\"bookmark\">\u00d6lspur &#8211; mehrere Kilometer<\/a><\/td><td class=\"einsatz-column-annotationImages\"><i class=\"fa-solid fa-camera\" aria-hidden=\"true\" title=\"Bericht enth\u00e4lt Bilder\" style=\"\"><\/i><\/td><td class=\"einsatz-column-incidentType\">\u00d6lschaden<\/td><td class=\"einsatz-column-location\">Erlenbach am Main, Elsenfelder Stra\u00dfe, Liebigstra\u00dfe, Mainhausener Stra\u00dfe, Glanzstoffstra\u00dfe<\/td><\/tr><tr class=\"report\"><td class=\"smallscreen\" colspan=\"7\" data-permalink=\"https:\/\/ffw-erlenbach-stadt.de\/index.php\/einsatzberichte\/oelschaden-2\/\"><div class=\"annotation-icon-bar\"><i class=\"fa-solid fa-camera\" aria-hidden=\"true\" title=\"Bericht enth\u00e4lt Bilder\" style=\"\"><\/i><\/div><span class=\"einsatz-seqNum\"><strong>Lfd.:<\/strong> 85<\/span><br><span class=\"einsatz-date\"><strong>Datum:<\/strong> 03.12.2018<\/span><br><span class=\"einsatz-time\"><strong>Uhrzeit:<\/strong> 12:08<\/span><br><span class=\"einsatz-title\"><strong>Einsatzmeldung:<\/strong> <a href=\"https:\/\/ffw-erlenbach-stadt.de\/index.php\/einsatzberichte\/oelschaden-2\/\" rel=\"bookmark\">\u00d6lschaden<\/a><\/span><br><span class=\"einsatz-incidentType\"><strong>Einsatzart:<\/strong> \u00d6lschaden<\/span><br><span class=\"einsatz-location\"><strong>Einsatzort:<\/strong> Erlenbach am Main, Fa. Hemmelrath<\/span><br><\/td><td class=\"einsatz-column-seqNum\">85<\/td><td class=\"einsatz-column-date\">03.12.2018<\/td><td class=\"einsatz-column-time\">12:08<\/td><td class=\"einsatz-column-title\"><a href=\"https:\/\/ffw-erlenbach-stadt.de\/index.php\/einsatzberichte\/oelschaden-2\/\" rel=\"bookmark\">\u00d6lschaden<\/a><\/td><td class=\"einsatz-column-annotationImages\"><i class=\"fa-solid fa-camera\" aria-hidden=\"true\" title=\"Bericht enth\u00e4lt Bilder\" style=\"\"><\/i><\/td><td class=\"einsatz-column-incidentType\">\u00d6lschaden<\/td><td class=\"einsatz-column-location\">Erlenbach am Main, Fa. Hemmelrath<\/td><\/tr><tr class=\"report\"><td class=\"smallscreen\" colspan=\"7\" data-permalink=\"https:\/\/ffw-erlenbach-stadt.de\/index.php\/einsatzberichte\/brandmeldeanlage-klinikum-erlenbach\/\"><div class=\"annotation-icon-bar\"><i class=\"fa-solid fa-camera\" aria-hidden=\"true\" title=\"Bericht enth\u00e4lt Bilder\" style=\"\"><\/i><\/div><span class=\"einsatz-seqNum\"><strong>Lfd.:<\/strong> 84<\/span><br><span class=\"einsatz-date\"><strong>Datum:<\/strong> 03.12.2018<\/span><br><span class=\"einsatz-time\"><strong>Uhrzeit:<\/strong> 11:48<\/span><br><span class=\"einsatz-title\"><strong>Einsatzmeldung:<\/strong> <a href=\"https:\/\/ffw-erlenbach-stadt.de\/index.php\/einsatzberichte\/brandmeldeanlage-klinikum-erlenbach\/\" rel=\"bookmark\">Brandmeldeanlage &#8211; Klinikum Erlenbach<\/a><\/span><br><span class=\"einsatz-incidentType\"><strong>Einsatzart:<\/strong> Brandmeldeanlage<\/span><br><span class=\"einsatz-location\"><strong>Einsatzort:<\/strong> Erlenbach am Main, Krankenhausstra\u00dfe, Klinikum Erlenbach<\/span><br><\/td><td class=\"einsatz-column-seqNum\">84<\/td><td class=\"einsatz-column-date\">03.12.2018<\/td><td class=\"einsatz-column-time\">11:48<\/td><td class=\"einsatz-column-title\"><a href=\"https:\/\/ffw-erlenbach-stadt.de\/index.php\/einsatzberichte\/brandmeldeanlage-klinikum-erlenbach\/\" rel=\"bookmark\">Brandmeldeanlage &#8211; Klinikum Erlenbach<\/a><\/td><td class=\"einsatz-column-annotationImages\"><i class=\"fa-solid fa-camera\" aria-hidden=\"true\" title=\"Bericht enth\u00e4lt Bilder\" style=\"\"><\/i><\/td><td class=\"einsatz-column-incidentType\">Brandmeldeanlage<\/td><td class=\"einsatz-column-location\">Erlenbach am Main, Krankenhausstra\u00dfe, Klinikum Erlenbach<\/td><\/tr><tr class=\"report\"><td class=\"smallscreen\" colspan=\"7\" data-permalink=\"https:\/\/ffw-erlenbach-stadt.de\/index.php\/einsatzberichte\/thl-baum-ueber-strasse-3\/\"><div class=\"annotation-icon-bar\"><i class=\"fa-solid fa-camera\" aria-hidden=\"true\" title=\"Bericht enth\u00e4lt Bilder\" style=\"\"><\/i><\/div><span class=\"einsatz-seqNum\"><strong>Lfd.:<\/strong> 83<\/span><br><span class=\"einsatz-date\"><strong>Datum:<\/strong> 02.12.2018<\/span><br><span class=\"einsatz-time\"><strong>Uhrzeit:<\/strong> 15:18<\/span><br><span class=\"einsatz-title\"><strong>Einsatzmeldung:<\/strong> <a href=\"https:\/\/ffw-erlenbach-stadt.de\/index.php\/einsatzberichte\/thl-baum-ueber-strasse-3\/\" rel=\"bookmark\">THL &#8211; Baum \u00fcber Stra\u00dfe<\/a><\/span><br><span class=\"einsatz-incidentType\"><strong>Einsatzart:<\/strong> Unwetter<\/span><br><span class=\"einsatz-location\"><strong>Einsatzort:<\/strong> Erlenbach am Main, Forstweg<\/span><br><\/td><td class=\"einsatz-column-seqNum\">83<\/td><td class=\"einsatz-column-date\">02.12.2018<\/td><td class=\"einsatz-column-time\">15:18<\/td><td class=\"einsatz-column-title\"><a href=\"https:\/\/ffw-erlenbach-stadt.de\/index.php\/einsatzberichte\/thl-baum-ueber-strasse-3\/\" rel=\"bookmark\">THL &#8211; Baum \u00fcber Stra\u00dfe<\/a><\/td><td class=\"einsatz-column-annotationImages\"><i class=\"fa-solid fa-camera\" aria-hidden=\"true\" title=\"Bericht enth\u00e4lt Bilder\" style=\"\"><\/i><\/td><td class=\"einsatz-column-incidentType\">Unwetter<\/td><td class=\"einsatz-column-location\">Erlenbach am Main, Forstweg<\/td><\/tr><tr class=\"report\"><td class=\"smallscreen\" colspan=\"7\" data-permalink=\"https:\/\/ffw-erlenbach-stadt.de\/index.php\/einsatzberichte\/sicherheitsdienst-bahnstrasse-4\/\"><div class=\"annotation-icon-bar\"><i class=\"fa-solid fa-camera\" aria-hidden=\"true\" title=\"Bericht enth\u00e4lt Bilder\" style=\"\"><\/i><\/div><span class=\"einsatz-seqNum\"><strong>Lfd.:<\/strong> 82<\/span><br><span class=\"einsatz-date\"><strong>Datum:<\/strong> 01.12.2018<\/span><br><span class=\"einsatz-time\"><strong>Uhrzeit:<\/strong> 17:15<\/span><br><span class=\"einsatz-title\"><strong>Einsatzmeldung:<\/strong> <a href=\"https:\/\/ffw-erlenbach-stadt.de\/index.php\/einsatzberichte\/sicherheitsdienst-bahnstrasse-4\/\" rel=\"bookmark\">Sicherheitsdienst &#8211; Bahnstrasse<\/a><\/span><br><span class=\"einsatz-incidentType\"><strong>Einsatzart:<\/strong> Sicherheitswache<\/span><br><span class=\"einsatz-location\"><strong>Einsatzort:<\/strong> Erlenbach am Main, Bahnstra\u00dfe<\/span><br><\/td><td class=\"einsatz-column-seqNum\">82<\/td><td class=\"einsatz-column-date\">01.12.2018<\/td><td class=\"einsatz-column-time\">17:15<\/td><td class=\"einsatz-column-title\"><a href=\"https:\/\/ffw-erlenbach-stadt.de\/index.php\/einsatzberichte\/sicherheitsdienst-bahnstrasse-4\/\" rel=\"bookmark\">Sicherheitsdienst &#8211; Bahnstrasse<\/a><\/td><td class=\"einsatz-column-annotationImages\"><i class=\"fa-solid fa-camera\" aria-hidden=\"true\" title=\"Bericht enth\u00e4lt Bilder\" style=\"\"><\/i><\/td><td class=\"einsatz-column-incidentType\">Sicherheitswache<\/td><td class=\"einsatz-column-location\">Erlenbach am Main, Bahnstra\u00dfe<\/td><\/tr><tr class=\"report\"><td class=\"smallscreen\" colspan=\"7\" data-permalink=\"https:\/\/ffw-erlenbach-stadt.de\/index.php\/einsatzberichte\/brandeinsatz-notrufmissbrauch\/\"><div class=\"annotation-icon-bar\"><i class=\"fa-solid fa-camera\" aria-hidden=\"true\" title=\"Bericht enth\u00e4lt keine Bilder\" style=\"color: #bbb;\"><\/i><\/div><span class=\"einsatz-seqNum\"><strong>Lfd.:<\/strong> 81<\/span><br><span class=\"einsatz-date\"><strong>Datum:<\/strong> 30.11.2018<\/span><br><span class=\"einsatz-time\"><strong>Uhrzeit:<\/strong> 13:12<\/span><br><span class=\"einsatz-title\"><strong>Einsatzmeldung:<\/strong> <a href=\"https:\/\/ffw-erlenbach-stadt.de\/index.php\/einsatzberichte\/brandeinsatz-notrufmissbrauch\/\" rel=\"bookmark\">Brandeinsatz &#8211; Notrufmissbrauch<\/a><\/span><br><span class=\"einsatz-incidentType\"><strong>Einsatzart:<\/strong> Brand<\/span><br><span class=\"einsatz-location\"><strong>Einsatzort:<\/strong> Erlenbach am Main, Liebigstrasse<\/span><br><\/td><td class=\"einsatz-column-seqNum\">81<\/td><td class=\"einsatz-column-date\">30.11.2018<\/td><td class=\"einsatz-column-time\">13:12<\/td><td class=\"einsatz-column-title\"><a href=\"https:\/\/ffw-erlenbach-stadt.de\/index.php\/einsatzberichte\/brandeinsatz-notrufmissbrauch\/\" rel=\"bookmark\">Brandeinsatz &#8211; Notrufmissbrauch<\/a><\/td><td class=\"einsatz-column-annotationImages\"><i class=\"fa-solid fa-camera\" aria-hidden=\"true\" title=\"Bericht enth\u00e4lt keine Bilder\" style=\"color: #bbb;\"><\/i><\/td><td class=\"einsatz-column-incidentType\">Brand<\/td><td class=\"einsatz-column-location\">Erlenbach am Main, Liebigstrasse<\/td><\/tr><tr class=\"report\"><td class=\"smallscreen\" colspan=\"7\" data-permalink=\"https:\/\/ffw-erlenbach-stadt.de\/index.php\/einsatzberichte\/thl-notfalltueroeffnung-11\/\"><div class=\"annotation-icon-bar\"><i class=\"fa-solid fa-camera\" aria-hidden=\"true\" title=\"Bericht enth\u00e4lt keine Bilder\" style=\"color: #bbb;\"><\/i><\/div><span class=\"einsatz-seqNum\"><strong>Lfd.:<\/strong> 80<\/span><br><span class=\"einsatz-date\"><strong>Datum:<\/strong> 29.11.2018<\/span><br><span class=\"einsatz-time\"><strong>Uhrzeit:<\/strong> 20:26<\/span><br><span class=\"einsatz-title\"><strong>Einsatzmeldung:<\/strong> <a href=\"https:\/\/ffw-erlenbach-stadt.de\/index.php\/einsatzberichte\/thl-notfalltueroeffnung-11\/\" rel=\"bookmark\">THL &#8211; Notfallt\u00fcr\u00f6ffnung<\/a><\/span><br><span class=\"einsatz-incidentType\"><strong>Einsatzart:<\/strong> T\u00fcr\u00f6ffnung akut<\/span><br><span class=\"einsatz-location\"><strong>Einsatzort:<\/strong> Erlenbach am Main<\/span><br><\/td><td class=\"einsatz-column-seqNum\">80<\/td><td class=\"einsatz-column-date\">29.11.2018<\/td><td class=\"einsatz-column-time\">20:26<\/td><td class=\"einsatz-column-title\"><a href=\"https:\/\/ffw-erlenbach-stadt.de\/index.php\/einsatzberichte\/thl-notfalltueroeffnung-11\/\" rel=\"bookmark\">THL &#8211; Notfallt\u00fcr\u00f6ffnung<\/a><\/td><td class=\"einsatz-column-annotationImages\"><i class=\"fa-solid fa-camera\" aria-hidden=\"true\" title=\"Bericht enth\u00e4lt keine Bilder\" style=\"color: #bbb;\"><\/i><\/td><td class=\"einsatz-column-incidentType\">T\u00fcr\u00f6ffnung akut<\/td><td class=\"einsatz-column-location\">Erlenbach am Main<\/td><\/tr><tr class=\"report\"><td class=\"smallscreen\" colspan=\"7\" data-permalink=\"https:\/\/ffw-erlenbach-stadt.de\/index.php\/einsatzberichte\/brandmeldeanlage-frankenhalle\/\"><div class=\"annotation-icon-bar\"><i class=\"fa-solid fa-camera\" aria-hidden=\"true\" title=\"Bericht enth\u00e4lt keine Bilder\" style=\"color: #bbb;\"><\/i><\/div><span class=\"einsatz-seqNum\"><strong>Lfd.:<\/strong> 79<\/span><br><span class=\"einsatz-date\"><strong>Datum:<\/strong> 13.11.2018<\/span><br><span class=\"einsatz-time\"><strong>Uhrzeit:<\/strong> 19:29<\/span><br><span class=\"einsatz-title\"><strong>Einsatzmeldung:<\/strong> <a href=\"https:\/\/ffw-erlenbach-stadt.de\/index.php\/einsatzberichte\/brandmeldeanlage-frankenhalle\/\" rel=\"bookmark\">Brandmeldeanlage &#8211; Frankenhalle<\/a><\/span><br><span class=\"einsatz-incidentType\"><strong>Einsatzart:<\/strong> Brandmeldeanlage<\/span><br><span class=\"einsatz-location\"><strong>Einsatzort:<\/strong> Erlenbach am Main, Dr. Vits Strasse, Frankenhalle<\/span><br><\/td><td class=\"einsatz-column-seqNum\">79<\/td><td class=\"einsatz-column-date\">13.11.2018<\/td><td class=\"einsatz-column-time\">19:29<\/td><td class=\"einsatz-column-title\"><a href=\"https:\/\/ffw-erlenbach-stadt.de\/index.php\/einsatzberichte\/brandmeldeanlage-frankenhalle\/\" rel=\"bookmark\">Brandmeldeanlage &#8211; Frankenhalle<\/a><\/td><td class=\"einsatz-column-annotationImages\"><i class=\"fa-solid fa-camera\" aria-hidden=\"true\" title=\"Bericht enth\u00e4lt keine Bilder\" style=\"color: #bbb;\"><\/i><\/td><td class=\"einsatz-column-incidentType\">Brandmeldeanlage<\/td><td class=\"einsatz-column-location\">Erlenbach am Main, Dr. Vits Strasse, Frankenhalle<\/td><\/tr><tr class=\"report\"><td class=\"smallscreen\" colspan=\"7\" data-permalink=\"https:\/\/ffw-erlenbach-stadt.de\/index.php\/einsatzberichte\/brandeinsatz-b3-anforderung-drohne\/\"><div class=\"annotation-icon-bar\"><i class=\"fa-solid fa-camera\" aria-hidden=\"true\" title=\"Bericht enth\u00e4lt Bilder\" style=\"\"><\/i><\/div><span class=\"einsatz-seqNum\"><strong>Lfd.:<\/strong> 78<\/span><br><span class=\"einsatz-date\"><strong>Datum:<\/strong> 09.11.2018<\/span><br><span class=\"einsatz-time\"><strong>Uhrzeit:<\/strong> 11:16<\/span><br><span class=\"einsatz-title\"><strong>Einsatzmeldung:<\/strong> <a href=\"https:\/\/ffw-erlenbach-stadt.de\/index.php\/einsatzberichte\/brandeinsatz-b3-anforderung-drohne\/\" rel=\"bookmark\">Brandeinsatz &#8211; B3, Anforderung Drohne<\/a><\/span><br><span class=\"einsatz-incidentType\"><strong>Einsatzart:<\/strong> Brand<\/span><br><span class=\"einsatz-location\"><strong>Einsatzort:<\/strong> R\u00fcck-Schippach<\/span><br><\/td><td class=\"einsatz-column-seqNum\">78<\/td><td class=\"einsatz-column-date\">09.11.2018<\/td><td class=\"einsatz-column-time\">11:16<\/td><td class=\"einsatz-column-title\"><a href=\"https:\/\/ffw-erlenbach-stadt.de\/index.php\/einsatzberichte\/brandeinsatz-b3-anforderung-drohne\/\" rel=\"bookmark\">Brandeinsatz &#8211; B3, Anforderung Drohne<\/a><\/td><td class=\"einsatz-column-annotationImages\"><i class=\"fa-solid fa-camera\" aria-hidden=\"true\" title=\"Bericht enth\u00e4lt Bilder\" style=\"\"><\/i><\/td><td class=\"einsatz-column-incidentType\">Brand<\/td><td class=\"einsatz-column-location\">R\u00fcck-Schippach<\/td><\/tr><tr class=\"report\"><td class=\"smallscreen\" colspan=\"7\" data-permalink=\"https:\/\/ffw-erlenbach-stadt.de\/index.php\/einsatzberichte\/brandeinsatz-lagerhalle-b3\/\"><div class=\"annotation-icon-bar\"><i class=\"fa-solid fa-camera\" aria-hidden=\"true\" title=\"Bericht enth\u00e4lt Bilder\" style=\"\"><\/i><\/div><span class=\"einsatz-seqNum\"><strong>Lfd.:<\/strong> 77<\/span><br><span class=\"einsatz-date\"><strong>Datum:<\/strong> 08.11.2018<\/span><br><span class=\"einsatz-time\"><strong>Uhrzeit:<\/strong> 19:20<\/span><br><span class=\"einsatz-title\"><strong>Einsatzmeldung:<\/strong> <a href=\"https:\/\/ffw-erlenbach-stadt.de\/index.php\/einsatzberichte\/brandeinsatz-lagerhalle-b3\/\" rel=\"bookmark\">Brandeinsatz &#8211; Lagerhalle B5<\/a><\/span><br><span class=\"einsatz-incidentType\"><strong>Einsatzart:<\/strong> Brand<\/span><br><span class=\"einsatz-location\"><strong>Einsatzort:<\/strong> R\u00fcck-Schippach<\/span><br><\/td><td class=\"einsatz-column-seqNum\">77<\/td><td class=\"einsatz-column-date\">08.11.2018<\/td><td class=\"einsatz-column-time\">19:20<\/td><td class=\"einsatz-column-title\"><a href=\"https:\/\/ffw-erlenbach-stadt.de\/index.php\/einsatzberichte\/brandeinsatz-lagerhalle-b3\/\" rel=\"bookmark\">Brandeinsatz &#8211; Lagerhalle B5<\/a><\/td><td class=\"einsatz-column-annotationImages\"><i class=\"fa-solid fa-camera\" aria-hidden=\"true\" title=\"Bericht enth\u00e4lt Bilder\" style=\"\"><\/i><\/td><td class=\"einsatz-column-incidentType\">Brand<\/td><td class=\"einsatz-column-location\">R\u00fcck-Schippach<\/td><\/tr><tr class=\"report\"><td class=\"smallscreen\" colspan=\"7\" data-permalink=\"https:\/\/ffw-erlenbach-stadt.de\/index.php\/einsatzberichte\/brandmeldeanlage-auflauf-gymnasium-6\/\"><div class=\"annotation-icon-bar\"><i class=\"fa-solid fa-camera\" aria-hidden=\"true\" title=\"Bericht enth\u00e4lt keine Bilder\" style=\"color: #bbb;\"><\/i><\/div><span class=\"einsatz-seqNum\"><strong>Lfd.:<\/strong> 76<\/span><br><span class=\"einsatz-date\"><strong>Datum:<\/strong> 05.11.2018<\/span><br><span class=\"einsatz-time\"><strong>Uhrzeit:<\/strong> 09:56<\/span><br><span class=\"einsatz-title\"><strong>Einsatzmeldung:<\/strong> <a href=\"https:\/\/ffw-erlenbach-stadt.de\/index.php\/einsatzberichte\/brandmeldeanlage-auflauf-gymnasium-6\/\" rel=\"bookmark\">Brandmeldeanlage-Auflauf &#8211; Gymnasium<\/a><\/span><br><span class=\"einsatz-incidentType\"><strong>Einsatzart:<\/strong> Brandmeldeanlage<\/span><br><span class=\"einsatz-location\"><strong>Einsatzort:<\/strong> Erlenbach am Main, Gymnasium<\/span><br><\/td><td class=\"einsatz-column-seqNum\">76<\/td><td class=\"einsatz-column-date\">05.11.2018<\/td><td class=\"einsatz-column-time\">09:56<\/td><td class=\"einsatz-column-title\"><a href=\"https:\/\/ffw-erlenbach-stadt.de\/index.php\/einsatzberichte\/brandmeldeanlage-auflauf-gymnasium-6\/\" rel=\"bookmark\">Brandmeldeanlage-Auflauf &#8211; Gymnasium<\/a><\/td><td class=\"einsatz-column-annotationImages\"><i class=\"fa-solid fa-camera\" aria-hidden=\"true\" title=\"Bericht enth\u00e4lt keine Bilder\" style=\"color: #bbb;\"><\/i><\/td><td class=\"einsatz-column-incidentType\">Brandmeldeanlage<\/td><td class=\"einsatz-column-location\">Erlenbach am Main, Gymnasium<\/td><\/tr><tr class=\"report\"><td class=\"smallscreen\" colspan=\"7\" data-permalink=\"https:\/\/ffw-erlenbach-stadt.de\/index.php\/einsatzberichte\/brandeinsatz-kleinbrand-7\/\"><div class=\"annotation-icon-bar\"><i class=\"fa-solid fa-camera\" aria-hidden=\"true\" title=\"Bericht enth\u00e4lt keine Bilder\" style=\"color: #bbb;\"><\/i><\/div><span class=\"einsatz-seqNum\"><strong>Lfd.:<\/strong> 75<\/span><br><span class=\"einsatz-date\"><strong>Datum:<\/strong> 28.10.2018<\/span><br><span class=\"einsatz-time\"><strong>Uhrzeit:<\/strong> 14:31<\/span><br><span class=\"einsatz-title\"><strong>Einsatzmeldung:<\/strong> <a href=\"https:\/\/ffw-erlenbach-stadt.de\/index.php\/einsatzberichte\/brandeinsatz-kleinbrand-7\/\" rel=\"bookmark\">Brandeinsatz &#8211; Kleinbrand<\/a><\/span><br><span class=\"einsatz-incidentType\"><strong>Einsatzart:<\/strong> Brand<\/span><br><span class=\"einsatz-location\"><strong>Einsatzort:<\/strong> Erlenbach am Main, Friedrich Dessloch Stra\u00dfe<\/span><br><\/td><td class=\"einsatz-column-seqNum\">75<\/td><td class=\"einsatz-column-date\">28.10.2018<\/td><td class=\"einsatz-column-time\">14:31<\/td><td class=\"einsatz-column-title\"><a href=\"https:\/\/ffw-erlenbach-stadt.de\/index.php\/einsatzberichte\/brandeinsatz-kleinbrand-7\/\" rel=\"bookmark\">Brandeinsatz &#8211; Kleinbrand<\/a><\/td><td class=\"einsatz-column-annotationImages\"><i class=\"fa-solid fa-camera\" aria-hidden=\"true\" title=\"Bericht enth\u00e4lt keine Bilder\" style=\"color: #bbb;\"><\/i><\/td><td class=\"einsatz-column-incidentType\">Brand<\/td><td class=\"einsatz-column-location\">Erlenbach am Main, Friedrich Dessloch Stra\u00dfe<\/td><\/tr><tr class=\"report\"><td class=\"smallscreen\" colspan=\"7\" data-permalink=\"https:\/\/ffw-erlenbach-stadt.de\/index.php\/einsatzberichte\/brandeinsatz-flaechenbrand-7\/\"><div class=\"annotation-icon-bar\"><i class=\"fa-solid fa-camera\" aria-hidden=\"true\" title=\"Bericht enth\u00e4lt Bilder\" style=\"\"><\/i><\/div><span class=\"einsatz-seqNum\"><strong>Lfd.:<\/strong> 74<\/span><br><span class=\"einsatz-date\"><strong>Datum:<\/strong> 21.10.2018<\/span><br><span class=\"einsatz-time\"><strong>Uhrzeit:<\/strong> 15:39<\/span><br><span class=\"einsatz-title\"><strong>Einsatzmeldung:<\/strong> <a href=\"https:\/\/ffw-erlenbach-stadt.de\/index.php\/einsatzberichte\/brandeinsatz-flaechenbrand-7\/\" rel=\"bookmark\">Brandeinsatz &#8211; Fl\u00e4chenbrand<\/a><\/span><br><span class=\"einsatz-incidentType\"><strong>Einsatzart:<\/strong> Brand<\/span><br><span class=\"einsatz-location\"><strong>Einsatzort:<\/strong> Erlenbach am Main, Altdorfstrasse<\/span><br><\/td><td class=\"einsatz-column-seqNum\">74<\/td><td class=\"einsatz-column-date\">21.10.2018<\/td><td class=\"einsatz-column-time\">15:39<\/td><td class=\"einsatz-column-title\"><a href=\"https:\/\/ffw-erlenbach-stadt.de\/index.php\/einsatzberichte\/brandeinsatz-flaechenbrand-7\/\" rel=\"bookmark\">Brandeinsatz &#8211; Fl\u00e4chenbrand<\/a><\/td><td class=\"einsatz-column-annotationImages\"><i class=\"fa-solid fa-camera\" aria-hidden=\"true\" title=\"Bericht enth\u00e4lt Bilder\" style=\"\"><\/i><\/td><td class=\"einsatz-column-incidentType\">Brand<\/td><td class=\"einsatz-column-location\">Erlenbach am Main, Altdorfstrasse<\/td><\/tr><tr class=\"report\"><td class=\"smallscreen\" colspan=\"7\" data-permalink=\"https:\/\/ffw-erlenbach-stadt.de\/index.php\/einsatzberichte\/verkehrsunfall-mit-2-pkws\/\"><div class=\"annotation-icon-bar\"><i class=\"fa-solid fa-camera\" aria-hidden=\"true\" title=\"Bericht enth\u00e4lt keine Bilder\" style=\"color: #bbb;\"><\/i><\/div><span class=\"einsatz-seqNum\"><strong>Lfd.:<\/strong> 73<\/span><br><span class=\"einsatz-date\"><strong>Datum:<\/strong> 20.10.2018<\/span><br><span class=\"einsatz-time\"><strong>Uhrzeit:<\/strong> 15:00<\/span><br><span class=\"einsatz-title\"><strong>Einsatzmeldung:<\/strong> <a href=\"https:\/\/ffw-erlenbach-stadt.de\/index.php\/einsatzberichte\/verkehrsunfall-mit-2-pkws\/\" rel=\"bookmark\">Verkehrsunfall mit 2 PKW\u00b4s<\/a><\/span><br><span class=\"einsatz-incidentType\"><strong>Einsatzart:<\/strong> Verkehrsunfall<\/span><br><span class=\"einsatz-location\"><strong>Einsatzort:<\/strong> W\u00f6rth, Landstrasse<\/span><br><\/td><td class=\"einsatz-column-seqNum\">73<\/td><td class=\"einsatz-column-date\">20.10.2018<\/td><td class=\"einsatz-column-time\">15:00<\/td><td class=\"einsatz-column-title\"><a href=\"https:\/\/ffw-erlenbach-stadt.de\/index.php\/einsatzberichte\/verkehrsunfall-mit-2-pkws\/\" rel=\"bookmark\">Verkehrsunfall mit 2 PKW\u00b4s<\/a><\/td><td class=\"einsatz-column-annotationImages\"><i class=\"fa-solid fa-camera\" aria-hidden=\"true\" title=\"Bericht enth\u00e4lt keine Bilder\" style=\"color: #bbb;\"><\/i><\/td><td class=\"einsatz-column-incidentType\">Verkehrsunfall<\/td><td class=\"einsatz-column-location\">W\u00f6rth, Landstrasse<\/td><\/tr><tr class=\"report\"><td class=\"smallscreen\" colspan=\"7\" data-permalink=\"https:\/\/ffw-erlenbach-stadt.de\/index.php\/einsatzberichte\/verkehrsunfall\/\"><div class=\"annotation-icon-bar\"><i class=\"fa-solid fa-camera\" aria-hidden=\"true\" title=\"Bericht enth\u00e4lt Bilder\" style=\"\"><\/i><\/div><span class=\"einsatz-seqNum\"><strong>Lfd.:<\/strong> 72<\/span><br><span class=\"einsatz-date\"><strong>Datum:<\/strong> 09.10.2018<\/span><br><span class=\"einsatz-time\"><strong>Uhrzeit:<\/strong> 03:46<\/span><br><span class=\"einsatz-title\"><strong>Einsatzmeldung:<\/strong> <a href=\"https:\/\/ffw-erlenbach-stadt.de\/index.php\/einsatzberichte\/verkehrsunfall\/\" rel=\"bookmark\">Verkehrsunfall<\/a><\/span><br><span class=\"einsatz-incidentType\"><strong>Einsatzart:<\/strong> Verkehrsunfall<\/span><br><span class=\"einsatz-location\"><strong>Einsatzort:<\/strong> Erlenbach am Main, Mainhausener Stra\u00dfe<\/span><br><\/td><td class=\"einsatz-column-seqNum\">72<\/td><td class=\"einsatz-column-date\">09.10.2018<\/td><td class=\"einsatz-column-time\">03:46<\/td><td class=\"einsatz-column-title\"><a href=\"https:\/\/ffw-erlenbach-stadt.de\/index.php\/einsatzberichte\/verkehrsunfall\/\" rel=\"bookmark\">Verkehrsunfall<\/a><\/td><td class=\"einsatz-column-annotationImages\"><i class=\"fa-solid fa-camera\" aria-hidden=\"true\" title=\"Bericht enth\u00e4lt Bilder\" style=\"\"><\/i><\/td><td class=\"einsatz-column-incidentType\">Verkehrsunfall<\/td><td class=\"einsatz-column-location\">Erlenbach am Main, Mainhausener Stra\u00dfe<\/td><\/tr><tr class=\"report\"><td class=\"smallscreen\" colspan=\"7\" data-permalink=\"https:\/\/ffw-erlenbach-stadt.de\/index.php\/einsatzberichte\/brandmeldeanlage-auflauf-klinikum-erlenbach-7\/\"><div class=\"annotation-icon-bar\"><i class=\"fa-solid fa-camera\" aria-hidden=\"true\" title=\"Bericht enth\u00e4lt keine Bilder\" style=\"color: #bbb;\"><\/i><\/div><span class=\"einsatz-seqNum\"><strong>Lfd.:<\/strong> 71<\/span><br><span class=\"einsatz-date\"><strong>Datum:<\/strong> 05.10.2018<\/span><br><span class=\"einsatz-time\"><strong>Uhrzeit:<\/strong> 09:07<\/span><br><span class=\"einsatz-title\"><strong>Einsatzmeldung:<\/strong> <a href=\"https:\/\/ffw-erlenbach-stadt.de\/index.php\/einsatzberichte\/brandmeldeanlage-auflauf-klinikum-erlenbach-7\/\" rel=\"bookmark\">Brandmeldeanlage-Auflauf \u2013 Klinikum Erlenbach<\/a><\/span><br><span class=\"einsatz-incidentType\"><strong>Einsatzart:<\/strong> Brandmeldeanlage<\/span><br><span class=\"einsatz-location\"><strong>Einsatzort:<\/strong> Erlenbach am Main, Krankenhausstra\u00dfe 45, Klinikum<\/span><br><\/td><td class=\"einsatz-column-seqNum\">71<\/td><td class=\"einsatz-column-date\">05.10.2018<\/td><td class=\"einsatz-column-time\">09:07<\/td><td class=\"einsatz-column-title\"><a href=\"https:\/\/ffw-erlenbach-stadt.de\/index.php\/einsatzberichte\/brandmeldeanlage-auflauf-klinikum-erlenbach-7\/\" rel=\"bookmark\">Brandmeldeanlage-Auflauf \u2013 Klinikum Erlenbach<\/a><\/td><td class=\"einsatz-column-annotationImages\"><i class=\"fa-solid fa-camera\" aria-hidden=\"true\" title=\"Bericht enth\u00e4lt keine Bilder\" style=\"color: #bbb;\"><\/i><\/td><td class=\"einsatz-column-incidentType\">Brandmeldeanlage<\/td><td class=\"einsatz-column-location\">Erlenbach am Main, Krankenhausstra\u00dfe 45, Klinikum<\/td><\/tr><tr class=\"report\"><td class=\"smallscreen\" colspan=\"7\" data-permalink=\"https:\/\/ffw-erlenbach-stadt.de\/index.php\/einsatzberichte\/thl-baum-ueber-strasse-2\/\"><div class=\"annotation-icon-bar\"><i class=\"fa-solid fa-camera\" aria-hidden=\"true\" title=\"Bericht enth\u00e4lt keine Bilder\" style=\"color: #bbb;\"><\/i><\/div><span class=\"einsatz-seqNum\"><strong>Lfd.:<\/strong> 70<\/span><br><span class=\"einsatz-date\"><strong>Datum:<\/strong> 03.10.2018<\/span><br><span class=\"einsatz-time\"><strong>Uhrzeit:<\/strong> 08:23<\/span><br><span class=\"einsatz-title\"><strong>Einsatzmeldung:<\/strong> <a href=\"https:\/\/ffw-erlenbach-stadt.de\/index.php\/einsatzberichte\/thl-baum-ueber-strasse-2\/\" rel=\"bookmark\">THL &#8211; Baum \u00fcber Stra\u00dfe<\/a><\/span><br><span class=\"einsatz-incidentType\"><strong>Einsatzart:<\/strong> THL - sonstiges<\/span><br><span class=\"einsatz-location\"><strong>Einsatzort:<\/strong> Erlenbach am Main, Forstweg<\/span><br><\/td><td class=\"einsatz-column-seqNum\">70<\/td><td class=\"einsatz-column-date\">03.10.2018<\/td><td class=\"einsatz-column-time\">08:23<\/td><td class=\"einsatz-column-title\"><a href=\"https:\/\/ffw-erlenbach-stadt.de\/index.php\/einsatzberichte\/thl-baum-ueber-strasse-2\/\" rel=\"bookmark\">THL &#8211; Baum \u00fcber Stra\u00dfe<\/a><\/td><td class=\"einsatz-column-annotationImages\"><i class=\"fa-solid fa-camera\" aria-hidden=\"true\" title=\"Bericht enth\u00e4lt keine Bilder\" style=\"color: #bbb;\"><\/i><\/td><td class=\"einsatz-column-incidentType\">THL - sonstiges<\/td><td class=\"einsatz-column-location\">Erlenbach am Main, Forstweg<\/td><\/tr><tr class=\"report\"><td class=\"smallscreen\" colspan=\"7\" data-permalink=\"https:\/\/ffw-erlenbach-stadt.de\/index.php\/einsatzberichte\/sicherheitswache-tv-halle\/\"><div class=\"annotation-icon-bar\"><i class=\"fa-solid fa-camera\" aria-hidden=\"true\" title=\"Bericht enth\u00e4lt keine Bilder\" style=\"color: #bbb;\"><\/i><\/div><span class=\"einsatz-seqNum\"><strong>Lfd.:<\/strong> 69<\/span><br><span class=\"einsatz-date\"><strong>Datum:<\/strong> 29.09.2018<\/span><br><span class=\"einsatz-time\"><strong>Uhrzeit:<\/strong> 19:00<\/span><br><span class=\"einsatz-title\"><strong>Einsatzmeldung:<\/strong> <a href=\"https:\/\/ffw-erlenbach-stadt.de\/index.php\/einsatzberichte\/sicherheitswache-tv-halle\/\" rel=\"bookmark\">Sicherheitswache &#8222;TV-Halle&#8220;<\/a><\/span><br><span class=\"einsatz-incidentType\"><strong>Einsatzart:<\/strong> Sicherheitswache<\/span><br><span class=\"einsatz-location\"><strong>Einsatzort:<\/strong> Erlenbach am Main, Seeweg, TV-Halle<\/span><br><\/td><td class=\"einsatz-column-seqNum\">69<\/td><td class=\"einsatz-column-date\">29.09.2018<\/td><td class=\"einsatz-column-time\">19:00<\/td><td class=\"einsatz-column-title\"><a href=\"https:\/\/ffw-erlenbach-stadt.de\/index.php\/einsatzberichte\/sicherheitswache-tv-halle\/\" rel=\"bookmark\">Sicherheitswache &#8222;TV-Halle&#8220;<\/a><\/td><td class=\"einsatz-column-annotationImages\"><i class=\"fa-solid fa-camera\" aria-hidden=\"true\" title=\"Bericht enth\u00e4lt keine Bilder\" style=\"color: #bbb;\"><\/i><\/td><td class=\"einsatz-column-incidentType\">Sicherheitswache<\/td><td class=\"einsatz-column-location\">Erlenbach am Main, Seeweg, TV-Halle<\/td><\/tr><tr class=\"report\"><td class=\"smallscreen\" colspan=\"7\" data-permalink=\"https:\/\/ffw-erlenbach-stadt.de\/index.php\/einsatzberichte\/unwetter\/\"><div class=\"annotation-icon-bar\"><i class=\"fa-solid fa-camera\" aria-hidden=\"true\" title=\"Bericht enth\u00e4lt keine Bilder\" style=\"color: #bbb;\"><\/i><\/div><span class=\"einsatz-seqNum\"><strong>Lfd.:<\/strong> 68<\/span><br><span class=\"einsatz-date\"><strong>Datum:<\/strong> 23.09.2018<\/span><br><span class=\"einsatz-time\"><strong>Uhrzeit:<\/strong> 17:45<\/span><br><span class=\"einsatz-title\"><strong>Einsatzmeldung:<\/strong> <a href=\"https:\/\/ffw-erlenbach-stadt.de\/index.php\/einsatzberichte\/unwetter\/\" rel=\"bookmark\">Unwetter<\/a><\/span><br><span class=\"einsatz-incidentType\"><strong>Einsatzart:<\/strong> Unwetter<\/span><br><span class=\"einsatz-location\"><strong>Einsatzort:<\/strong> Elsenfeld<\/span><br><\/td><td class=\"einsatz-column-seqNum\">68<\/td><td class=\"einsatz-column-date\">23.09.2018<\/td><td class=\"einsatz-column-time\">17:45<\/td><td class=\"einsatz-column-title\"><a href=\"https:\/\/ffw-erlenbach-stadt.de\/index.php\/einsatzberichte\/unwetter\/\" rel=\"bookmark\">Unwetter<\/a><\/td><td class=\"einsatz-column-annotationImages\"><i class=\"fa-solid fa-camera\" aria-hidden=\"true\" title=\"Bericht enth\u00e4lt keine Bilder\" style=\"color: #bbb;\"><\/i><\/td><td class=\"einsatz-column-incidentType\">Unwetter<\/td><td class=\"einsatz-column-location\">Elsenfeld<\/td><\/tr><tr class=\"report\"><td class=\"smallscreen\" colspan=\"7\" data-permalink=\"https:\/\/ffw-erlenbach-stadt.de\/index.php\/einsatzberichte\/brandeinsatz-grosseinsatz\/\"><div class=\"annotation-icon-bar\"><i class=\"fa-solid fa-camera\" aria-hidden=\"true\" title=\"Bericht enth\u00e4lt keine Bilder\" style=\"color: #bbb;\"><\/i><\/div><span class=\"einsatz-seqNum\"><strong>Lfd.:<\/strong> 67<\/span><br><span class=\"einsatz-date\"><strong>Datum:<\/strong> 20.09.2018<\/span><br><span class=\"einsatz-time\"><strong>Uhrzeit:<\/strong> 22:50<\/span><br><span class=\"einsatz-title\"><strong>Einsatzmeldung:<\/strong> <a href=\"https:\/\/ffw-erlenbach-stadt.de\/index.php\/einsatzberichte\/brandeinsatz-grosseinsatz\/\" rel=\"bookmark\">Brandeinsatz &#8211; Gro\u00dfeinsatz<\/a><\/span><br><span class=\"einsatz-incidentType\"><strong>Einsatzart:<\/strong> Brand<\/span><br><span class=\"einsatz-location\"><strong>Einsatzort:<\/strong> Ro\u00dfbach<\/span><br><\/td><td class=\"einsatz-column-seqNum\">67<\/td><td class=\"einsatz-column-date\">20.09.2018<\/td><td class=\"einsatz-column-time\">22:50<\/td><td class=\"einsatz-column-title\"><a href=\"https:\/\/ffw-erlenbach-stadt.de\/index.php\/einsatzberichte\/brandeinsatz-grosseinsatz\/\" rel=\"bookmark\">Brandeinsatz &#8211; Gro\u00dfeinsatz<\/a><\/td><td class=\"einsatz-column-annotationImages\"><i class=\"fa-solid fa-camera\" aria-hidden=\"true\" title=\"Bericht enth\u00e4lt keine Bilder\" style=\"color: #bbb;\"><\/i><\/td><td class=\"einsatz-column-incidentType\">Brand<\/td><td class=\"einsatz-column-location\">Ro\u00dfbach<\/td><\/tr><tr class=\"report\"><td class=\"smallscreen\" colspan=\"7\" data-permalink=\"https:\/\/ffw-erlenbach-stadt.de\/index.php\/einsatzberichte\/brandeinsatz-flaechenbrand-6\/\"><div class=\"annotation-icon-bar\"><i class=\"fa-solid fa-camera\" aria-hidden=\"true\" title=\"Bericht enth\u00e4lt Bilder\" style=\"\"><\/i><\/div><span class=\"einsatz-seqNum\"><strong>Lfd.:<\/strong> 66<\/span><br><span class=\"einsatz-date\"><strong>Datum:<\/strong> 20.09.2018<\/span><br><span class=\"einsatz-time\"><strong>Uhrzeit:<\/strong> 19:15<\/span><br><span class=\"einsatz-title\"><strong>Einsatzmeldung:<\/strong> <a href=\"https:\/\/ffw-erlenbach-stadt.de\/index.php\/einsatzberichte\/brandeinsatz-flaechenbrand-6\/\" rel=\"bookmark\">Brandeinsatz &#8211; Fl\u00e4chenbrand<\/a><\/span><br><span class=\"einsatz-incidentType\"><strong>Einsatzart:<\/strong> Brand<\/span><br><span class=\"einsatz-location\"><strong>Einsatzort:<\/strong> Erlenbach am Main, Am Mainbogen<\/span><br><\/td><td class=\"einsatz-column-seqNum\">66<\/td><td class=\"einsatz-column-date\">20.09.2018<\/td><td class=\"einsatz-column-time\">19:15<\/td><td class=\"einsatz-column-title\"><a href=\"https:\/\/ffw-erlenbach-stadt.de\/index.php\/einsatzberichte\/brandeinsatz-flaechenbrand-6\/\" rel=\"bookmark\">Brandeinsatz &#8211; Fl\u00e4chenbrand<\/a><\/td><td class=\"einsatz-column-annotationImages\"><i class=\"fa-solid fa-camera\" aria-hidden=\"true\" title=\"Bericht enth\u00e4lt Bilder\" style=\"\"><\/i><\/td><td class=\"einsatz-column-incidentType\">Brand<\/td><td class=\"einsatz-column-location\">Erlenbach am Main, Am Mainbogen<\/td><\/tr><tr class=\"report\"><td class=\"smallscreen\" colspan=\"7\" data-permalink=\"https:\/\/ffw-erlenbach-stadt.de\/index.php\/einsatzberichte\/brandmeldeanlage-auflauf-frankenhalle-10\/\"><div class=\"annotation-icon-bar\"><i class=\"fa-solid fa-camera\" aria-hidden=\"true\" title=\"Bericht enth\u00e4lt keine Bilder\" style=\"color: #bbb;\"><\/i><\/div><span class=\"einsatz-seqNum\"><strong>Lfd.:<\/strong> 65<\/span><br><span class=\"einsatz-date\"><strong>Datum:<\/strong> 15.09.2018<\/span><br><span class=\"einsatz-time\"><strong>Uhrzeit:<\/strong> 15:34<\/span><br><span class=\"einsatz-title\"><strong>Einsatzmeldung:<\/strong> <a href=\"https:\/\/ffw-erlenbach-stadt.de\/index.php\/einsatzberichte\/brandmeldeanlage-auflauf-frankenhalle-10\/\" rel=\"bookmark\">Brandmeldeanlage-Auflauf &#8211; Frankenhalle<\/a><\/span><br><span class=\"einsatz-incidentType\"><strong>Einsatzart:<\/strong> Brandmeldeanlage<\/span><br><span class=\"einsatz-location\"><strong>Einsatzort:<\/strong> Erlenbach am Main, Dr. Vits Stra\u00dfe<\/span><br><\/td><td class=\"einsatz-column-seqNum\">65<\/td><td class=\"einsatz-column-date\">15.09.2018<\/td><td class=\"einsatz-column-time\">15:34<\/td><td class=\"einsatz-column-title\"><a href=\"https:\/\/ffw-erlenbach-stadt.de\/index.php\/einsatzberichte\/brandmeldeanlage-auflauf-frankenhalle-10\/\" rel=\"bookmark\">Brandmeldeanlage-Auflauf &#8211; Frankenhalle<\/a><\/td><td class=\"einsatz-column-annotationImages\"><i class=\"fa-solid fa-camera\" aria-hidden=\"true\" title=\"Bericht enth\u00e4lt keine Bilder\" style=\"color: #bbb;\"><\/i><\/td><td class=\"einsatz-column-incidentType\">Brandmeldeanlage<\/td><td class=\"einsatz-column-location\">Erlenbach am Main, Dr. Vits Stra\u00dfe<\/td><\/tr><tr class=\"report\"><td class=\"smallscreen\" colspan=\"7\" data-permalink=\"https:\/\/ffw-erlenbach-stadt.de\/index.php\/einsatzberichte\/sicherheitsdienst-lauftag\/\"><div class=\"annotation-icon-bar\"><i class=\"fa-solid fa-camera\" aria-hidden=\"true\" title=\"Bericht enth\u00e4lt keine Bilder\" style=\"color: #bbb;\"><\/i><\/div><span class=\"einsatz-seqNum\"><strong>Lfd.:<\/strong> 64<\/span><br><span class=\"einsatz-date\"><strong>Datum:<\/strong> 09.09.2018<\/span><br><span class=\"einsatz-time\"><strong>Uhrzeit:<\/strong> 09:30<\/span><br><span class=\"einsatz-title\"><strong>Einsatzmeldung:<\/strong> <a href=\"https:\/\/ffw-erlenbach-stadt.de\/index.php\/einsatzberichte\/sicherheitsdienst-lauftag\/\" rel=\"bookmark\">Sicherheitsdienst &#8222;Lauftag des Landkreises&#8220;<\/a><\/span><br><span class=\"einsatz-incidentType\"><strong>Einsatzart:<\/strong> Sicherheitswache<\/span><br><span class=\"einsatz-location\"><strong>Einsatzort:<\/strong> Erlenbach am Main<\/span><br><\/td><td class=\"einsatz-column-seqNum\">64<\/td><td class=\"einsatz-column-date\">09.09.2018<\/td><td class=\"einsatz-column-time\">09:30<\/td><td class=\"einsatz-column-title\"><a href=\"https:\/\/ffw-erlenbach-stadt.de\/index.php\/einsatzberichte\/sicherheitsdienst-lauftag\/\" rel=\"bookmark\">Sicherheitsdienst &#8222;Lauftag des Landkreises&#8220;<\/a><\/td><td class=\"einsatz-column-annotationImages\"><i class=\"fa-solid fa-camera\" aria-hidden=\"true\" title=\"Bericht enth\u00e4lt keine Bilder\" style=\"color: #bbb;\"><\/i><\/td><td class=\"einsatz-column-incidentType\">Sicherheitswache<\/td><td class=\"einsatz-column-location\">Erlenbach am Main<\/td><\/tr><tr class=\"report\"><td class=\"smallscreen\" colspan=\"7\" data-permalink=\"https:\/\/ffw-erlenbach-stadt.de\/index.php\/einsatzberichte\/brandeinsatz-flaechenbrand-5\/\"><div class=\"annotation-icon-bar\"><i class=\"fa-solid fa-camera\" aria-hidden=\"true\" title=\"Bericht enth\u00e4lt Bilder\" style=\"\"><\/i><\/div><span class=\"einsatz-seqNum\"><strong>Lfd.:<\/strong> 63<\/span><br><span class=\"einsatz-date\"><strong>Datum:<\/strong> 07.09.2018<\/span><br><span class=\"einsatz-time\"><strong>Uhrzeit:<\/strong> 17:45<\/span><br><span class=\"einsatz-title\"><strong>Einsatzmeldung:<\/strong> <a href=\"https:\/\/ffw-erlenbach-stadt.de\/index.php\/einsatzberichte\/brandeinsatz-flaechenbrand-5\/\" rel=\"bookmark\">Brandeinsatz &#8211; Fl\u00e4chenbrand<\/a><\/span><br><span class=\"einsatz-incidentType\"><strong>Einsatzart:<\/strong> Brand<\/span><br><span class=\"einsatz-location\"><strong>Einsatzort:<\/strong> Erlenbach am Main, Bahngleise<\/span><br><\/td><td class=\"einsatz-column-seqNum\">63<\/td><td class=\"einsatz-column-date\">07.09.2018<\/td><td class=\"einsatz-column-time\">17:45<\/td><td class=\"einsatz-column-title\"><a href=\"https:\/\/ffw-erlenbach-stadt.de\/index.php\/einsatzberichte\/brandeinsatz-flaechenbrand-5\/\" rel=\"bookmark\">Brandeinsatz &#8211; Fl\u00e4chenbrand<\/a><\/td><td class=\"einsatz-column-annotationImages\"><i class=\"fa-solid fa-camera\" aria-hidden=\"true\" title=\"Bericht enth\u00e4lt Bilder\" style=\"\"><\/i><\/td><td class=\"einsatz-column-incidentType\">Brand<\/td><td class=\"einsatz-column-location\">Erlenbach am Main, Bahngleise<\/td><\/tr><tr class=\"report\"><td class=\"smallscreen\" colspan=\"7\" data-permalink=\"https:\/\/ffw-erlenbach-stadt.de\/index.php\/einsatzberichte\/brandeinsatz-lkw-brand\/\"><div class=\"annotation-icon-bar\"><i class=\"fa-solid fa-camera\" aria-hidden=\"true\" title=\"Bericht enth\u00e4lt Bilder\" style=\"\"><\/i><\/div><span class=\"einsatz-seqNum\"><strong>Lfd.:<\/strong> 62<\/span><br><span class=\"einsatz-date\"><strong>Datum:<\/strong> 03.09.2018<\/span><br><span class=\"einsatz-time\"><strong>Uhrzeit:<\/strong> 12:11<\/span><br><span class=\"einsatz-title\"><strong>Einsatzmeldung:<\/strong> <a href=\"https:\/\/ffw-erlenbach-stadt.de\/index.php\/einsatzberichte\/brandeinsatz-lkw-brand\/\" rel=\"bookmark\">Brandeinsatz &#8211; LKW Brand<\/a><\/span><br><span class=\"einsatz-incidentType\"><strong>Einsatzart:<\/strong> Brand<\/span><br><span class=\"einsatz-location\"><strong>Einsatzort:<\/strong> Erlenbach am Main, Schwabenstra\u00dfe<\/span><br><\/td><td class=\"einsatz-column-seqNum\">62<\/td><td class=\"einsatz-column-date\">03.09.2018<\/td><td class=\"einsatz-column-time\">12:11<\/td><td class=\"einsatz-column-title\"><a href=\"https:\/\/ffw-erlenbach-stadt.de\/index.php\/einsatzberichte\/brandeinsatz-lkw-brand\/\" rel=\"bookmark\">Brandeinsatz &#8211; LKW Brand<\/a><\/td><td class=\"einsatz-column-annotationImages\"><i class=\"fa-solid fa-camera\" aria-hidden=\"true\" title=\"Bericht enth\u00e4lt Bilder\" style=\"\"><\/i><\/td><td class=\"einsatz-column-incidentType\">Brand<\/td><td class=\"einsatz-column-location\">Erlenbach am Main, Schwabenstra\u00dfe<\/td><\/tr><tr class=\"report\"><td class=\"smallscreen\" colspan=\"7\" data-permalink=\"https:\/\/ffw-erlenbach-stadt.de\/index.php\/einsatzberichte\/brandeinsatz-starke-rauchentwicklung\/\"><div class=\"annotation-icon-bar\"><i class=\"fa-solid fa-camera\" aria-hidden=\"true\" title=\"Bericht enth\u00e4lt keine Bilder\" style=\"color: #bbb;\"><\/i><\/div><span class=\"einsatz-seqNum\"><strong>Lfd.:<\/strong> 61<\/span><br><span class=\"einsatz-date\"><strong>Datum:<\/strong> 25.08.2018<\/span><br><span class=\"einsatz-time\"><strong>Uhrzeit:<\/strong> 20:58<\/span><br><span class=\"einsatz-title\"><strong>Einsatzmeldung:<\/strong> <a href=\"https:\/\/ffw-erlenbach-stadt.de\/index.php\/einsatzberichte\/brandeinsatz-starke-rauchentwicklung\/\" rel=\"bookmark\">Brandeinsatz &#8211; starke Rauchentwicklung<\/a><\/span><br><span class=\"einsatz-incidentType\"><strong>Einsatzart:<\/strong> Brand<\/span><br><span class=\"einsatz-location\"><strong>Einsatzort:<\/strong> Erlenbach am Main, Martin Luther Platz<\/span><br><\/td><td class=\"einsatz-column-seqNum\">61<\/td><td class=\"einsatz-column-date\">25.08.2018<\/td><td class=\"einsatz-column-time\">20:58<\/td><td class=\"einsatz-column-title\"><a href=\"https:\/\/ffw-erlenbach-stadt.de\/index.php\/einsatzberichte\/brandeinsatz-starke-rauchentwicklung\/\" rel=\"bookmark\">Brandeinsatz &#8211; starke Rauchentwicklung<\/a><\/td><td class=\"einsatz-column-annotationImages\"><i class=\"fa-solid fa-camera\" aria-hidden=\"true\" title=\"Bericht enth\u00e4lt keine Bilder\" style=\"color: #bbb;\"><\/i><\/td><td class=\"einsatz-column-incidentType\">Brand<\/td><td class=\"einsatz-column-location\">Erlenbach am Main, Martin Luther Platz<\/td><\/tr><tr class=\"report\"><td class=\"smallscreen\" colspan=\"7\" data-permalink=\"https:\/\/ffw-erlenbach-stadt.de\/index.php\/einsatzberichte\/thl-klein-strassenreinigung\/\"><div class=\"annotation-icon-bar\"><i class=\"fa-solid fa-camera\" aria-hidden=\"true\" title=\"Bericht enth\u00e4lt keine Bilder\" style=\"color: #bbb;\"><\/i><\/div><span class=\"einsatz-seqNum\"><strong>Lfd.:<\/strong> 60<\/span><br><span class=\"einsatz-date\"><strong>Datum:<\/strong> 22.08.2018<\/span><br><span class=\"einsatz-time\"><strong>Uhrzeit:<\/strong> 04:18<\/span><br><span class=\"einsatz-title\"><strong>Einsatzmeldung:<\/strong> <a href=\"https:\/\/ffw-erlenbach-stadt.de\/index.php\/einsatzberichte\/thl-klein-strassenreinigung\/\" rel=\"bookmark\">THL klein &#8211; Stra\u00dfenreinigung<\/a><\/span><br><span class=\"einsatz-incidentType\"><strong>Einsatzart:<\/strong> THL - sonstiges<\/span><br><span class=\"einsatz-location\"><strong>Einsatzort:<\/strong> Erlenbach am Main, Miltenberger Stra\u00dfe<\/span><br><\/td><td class=\"einsatz-column-seqNum\">60<\/td><td class=\"einsatz-column-date\">22.08.2018<\/td><td class=\"einsatz-column-time\">04:18<\/td><td class=\"einsatz-column-title\"><a href=\"https:\/\/ffw-erlenbach-stadt.de\/index.php\/einsatzberichte\/thl-klein-strassenreinigung\/\" rel=\"bookmark\">THL klein &#8211; Stra\u00dfenreinigung<\/a><\/td><td class=\"einsatz-column-annotationImages\"><i class=\"fa-solid fa-camera\" aria-hidden=\"true\" title=\"Bericht enth\u00e4lt keine Bilder\" style=\"color: #bbb;\"><\/i><\/td><td class=\"einsatz-column-incidentType\">THL - sonstiges<\/td><td class=\"einsatz-column-location\">Erlenbach am Main, Miltenberger Stra\u00dfe<\/td><\/tr><tr class=\"report\"><td class=\"smallscreen\" colspan=\"7\" data-permalink=\"https:\/\/ffw-erlenbach-stadt.de\/index.php\/einsatzberichte\/unwetter-dachziegel-drohenzu-fallen\/\"><div class=\"annotation-icon-bar\"><i class=\"fa-solid fa-camera\" aria-hidden=\"true\" title=\"Bericht enth\u00e4lt keine Bilder\" style=\"color: #bbb;\"><\/i><\/div><span class=\"einsatz-seqNum\"><strong>Lfd.:<\/strong> 59<\/span><br><span class=\"einsatz-date\"><strong>Datum:<\/strong> 09.08.2018<\/span><br><span class=\"einsatz-time\"><strong>Uhrzeit:<\/strong> 17:22<\/span><br><span class=\"einsatz-title\"><strong>Einsatzmeldung:<\/strong> <a href=\"https:\/\/ffw-erlenbach-stadt.de\/index.php\/einsatzberichte\/unwetter-dachziegel-drohenzu-fallen\/\" rel=\"bookmark\">Unwetter -Dachziegel drohenzu fallen<\/a><\/span><br><span class=\"einsatz-incidentType\"><strong>Einsatzart:<\/strong> Unwetter<\/span><br><span class=\"einsatz-location\"><strong>Einsatzort:<\/strong> Erlenbach am Main, Bahnhofsplatz<\/span><br><\/td><td class=\"einsatz-column-seqNum\">59<\/td><td class=\"einsatz-column-date\">09.08.2018<\/td><td class=\"einsatz-column-time\">17:22<\/td><td class=\"einsatz-column-title\"><a href=\"https:\/\/ffw-erlenbach-stadt.de\/index.php\/einsatzberichte\/unwetter-dachziegel-drohenzu-fallen\/\" rel=\"bookmark\">Unwetter -Dachziegel drohenzu fallen<\/a><\/td><td class=\"einsatz-column-annotationImages\"><i class=\"fa-solid fa-camera\" aria-hidden=\"true\" title=\"Bericht enth\u00e4lt keine Bilder\" style=\"color: #bbb;\"><\/i><\/td><td class=\"einsatz-column-incidentType\">Unwetter<\/td><td class=\"einsatz-column-location\">Erlenbach am Main, Bahnhofsplatz<\/td><\/tr><tr class=\"report\"><td class=\"smallscreen\" colspan=\"7\" data-permalink=\"https:\/\/ffw-erlenbach-stadt.de\/index.php\/einsatzberichte\/unwetter-baum-auf-bahnschiene\/\"><div class=\"annotation-icon-bar\"><i class=\"fa-solid fa-camera\" aria-hidden=\"true\" title=\"Bericht enth\u00e4lt keine Bilder\" style=\"color: #bbb;\"><\/i><\/div><span class=\"einsatz-seqNum\"><strong>Lfd.:<\/strong> 58<\/span><br><span class=\"einsatz-date\"><strong>Datum:<\/strong> 09.08.2018<\/span><br><span class=\"einsatz-time\"><strong>Uhrzeit:<\/strong> 16:45<\/span><br><span class=\"einsatz-title\"><strong>Einsatzmeldung:<\/strong> <a href=\"https:\/\/ffw-erlenbach-stadt.de\/index.php\/einsatzberichte\/unwetter-baum-auf-bahnschiene\/\" rel=\"bookmark\">Unwetter &#8211; Baum auf Bahnschiene<\/a><\/span><br><span class=\"einsatz-incidentType\"><strong>Einsatzart:<\/strong> Unwetter<\/span><br><span class=\"einsatz-location\"><strong>Einsatzort:<\/strong> Erlenbach am Main, Bahngleise<\/span><br><\/td><td class=\"einsatz-column-seqNum\">58<\/td><td class=\"einsatz-column-date\">09.08.2018<\/td><td class=\"einsatz-column-time\">16:45<\/td><td class=\"einsatz-column-title\"><a href=\"https:\/\/ffw-erlenbach-stadt.de\/index.php\/einsatzberichte\/unwetter-baum-auf-bahnschiene\/\" rel=\"bookmark\">Unwetter &#8211; Baum auf Bahnschiene<\/a><\/td><td class=\"einsatz-column-annotationImages\"><i class=\"fa-solid fa-camera\" aria-hidden=\"true\" title=\"Bericht enth\u00e4lt keine Bilder\" style=\"color: #bbb;\"><\/i><\/td><td class=\"einsatz-column-incidentType\">Unwetter<\/td><td class=\"einsatz-column-location\">Erlenbach am Main, Bahngleise<\/td><\/tr><tr class=\"report\"><td class=\"smallscreen\" colspan=\"7\" data-permalink=\"https:\/\/ffw-erlenbach-stadt.de\/index.php\/einsatzberichte\/unwetter-bauzaun-umgefallen\/\"><div class=\"annotation-icon-bar\"><i class=\"fa-solid fa-camera\" aria-hidden=\"true\" title=\"Bericht enth\u00e4lt keine Bilder\" style=\"color: #bbb;\"><\/i><\/div><span class=\"einsatz-seqNum\"><strong>Lfd.:<\/strong> 57<\/span><br><span class=\"einsatz-date\"><strong>Datum:<\/strong> 09.08.2018<\/span><br><span class=\"einsatz-time\"><strong>Uhrzeit:<\/strong> 16:10<\/span><br><span class=\"einsatz-title\"><strong>Einsatzmeldung:<\/strong> <a href=\"https:\/\/ffw-erlenbach-stadt.de\/index.php\/einsatzberichte\/unwetter-bauzaun-umgefallen\/\" rel=\"bookmark\">Unwetter &#8211; Bauzaun umgefallen<\/a><\/span><br><span class=\"einsatz-incidentType\"><strong>Einsatzart:<\/strong> Unwetter<\/span><br><span class=\"einsatz-location\"><strong>Einsatzort:<\/strong> Erlenbach am Main, Dr. Vits Stra\u00dfe<\/span><br><\/td><td class=\"einsatz-column-seqNum\">57<\/td><td class=\"einsatz-column-date\">09.08.2018<\/td><td class=\"einsatz-column-time\">16:10<\/td><td class=\"einsatz-column-title\"><a href=\"https:\/\/ffw-erlenbach-stadt.de\/index.php\/einsatzberichte\/unwetter-bauzaun-umgefallen\/\" rel=\"bookmark\">Unwetter &#8211; Bauzaun umgefallen<\/a><\/td><td class=\"einsatz-column-annotationImages\"><i class=\"fa-solid fa-camera\" aria-hidden=\"true\" title=\"Bericht enth\u00e4lt keine Bilder\" style=\"color: #bbb;\"><\/i><\/td><td class=\"einsatz-column-incidentType\">Unwetter<\/td><td class=\"einsatz-column-location\">Erlenbach am Main, Dr. Vits Stra\u00dfe<\/td><\/tr><tr class=\"report\"><td class=\"smallscreen\" colspan=\"7\" data-permalink=\"https:\/\/ffw-erlenbach-stadt.de\/index.php\/einsatzberichte\/unwetter-baum-umgestuerzt\/\"><div class=\"annotation-icon-bar\"><i class=\"fa-solid fa-camera\" aria-hidden=\"true\" title=\"Bericht enth\u00e4lt keine Bilder\" style=\"color: #bbb;\"><\/i><\/div><span class=\"einsatz-seqNum\"><strong>Lfd.:<\/strong> 56<\/span><br><span class=\"einsatz-date\"><strong>Datum:<\/strong> 09.08.2018<\/span><br><span class=\"einsatz-time\"><strong>Uhrzeit:<\/strong> 15:58<\/span><br><span class=\"einsatz-title\"><strong>Einsatzmeldung:<\/strong> <a href=\"https:\/\/ffw-erlenbach-stadt.de\/index.php\/einsatzberichte\/unwetter-baum-umgestuerzt\/\" rel=\"bookmark\">Unwetter &#8211; Baum umgest\u00fcrzt<\/a><\/span><br><span class=\"einsatz-incidentType\"><strong>Einsatzart:<\/strong> Unwetter<\/span><br><span class=\"einsatz-location\"><strong>Einsatzort:<\/strong> Erlenbach am Main, Martin Luther Platz<\/span><br><\/td><td class=\"einsatz-column-seqNum\">56<\/td><td class=\"einsatz-column-date\">09.08.2018<\/td><td class=\"einsatz-column-time\">15:58<\/td><td class=\"einsatz-column-title\"><a href=\"https:\/\/ffw-erlenbach-stadt.de\/index.php\/einsatzberichte\/unwetter-baum-umgestuerzt\/\" rel=\"bookmark\">Unwetter &#8211; Baum umgest\u00fcrzt<\/a><\/td><td class=\"einsatz-column-annotationImages\"><i class=\"fa-solid fa-camera\" aria-hidden=\"true\" title=\"Bericht enth\u00e4lt keine Bilder\" style=\"color: #bbb;\"><\/i><\/td><td class=\"einsatz-column-incidentType\">Unwetter<\/td><td class=\"einsatz-column-location\">Erlenbach am Main, Martin Luther Platz<\/td><\/tr><tr class=\"report\"><td class=\"smallscreen\" colspan=\"7\" data-permalink=\"https:\/\/ffw-erlenbach-stadt.de\/index.php\/einsatzberichte\/unwetter-baum-ueber-strasse-3\/\"><div class=\"annotation-icon-bar\"><i class=\"fa-solid fa-camera\" aria-hidden=\"true\" title=\"Bericht enth\u00e4lt keine Bilder\" style=\"color: #bbb;\"><\/i><\/div><span class=\"einsatz-seqNum\"><strong>Lfd.:<\/strong> 55<\/span><br><span class=\"einsatz-date\"><strong>Datum:<\/strong> 09.08.2018<\/span><br><span class=\"einsatz-time\"><strong>Uhrzeit:<\/strong> 15:57<\/span><br><span class=\"einsatz-title\"><strong>Einsatzmeldung:<\/strong> <a href=\"https:\/\/ffw-erlenbach-stadt.de\/index.php\/einsatzberichte\/unwetter-baum-ueber-strasse-3\/\" rel=\"bookmark\">Unwetter &#8211; Baum \u00fcber Stra\u00dfe<\/a><\/span><br><span class=\"einsatz-incidentType\"><strong>Einsatzart:<\/strong> Unwetter<\/span><br><span class=\"einsatz-location\"><strong>Einsatzort:<\/strong> Erlenbach am Main, Am Lerchenrain<\/span><br><\/td><td class=\"einsatz-column-seqNum\">55<\/td><td class=\"einsatz-column-date\">09.08.2018<\/td><td class=\"einsatz-column-time\">15:57<\/td><td class=\"einsatz-column-title\"><a href=\"https:\/\/ffw-erlenbach-stadt.de\/index.php\/einsatzberichte\/unwetter-baum-ueber-strasse-3\/\" rel=\"bookmark\">Unwetter &#8211; Baum \u00fcber Stra\u00dfe<\/a><\/td><td class=\"einsatz-column-annotationImages\"><i class=\"fa-solid fa-camera\" aria-hidden=\"true\" title=\"Bericht enth\u00e4lt keine Bilder\" style=\"color: #bbb;\"><\/i><\/td><td class=\"einsatz-column-incidentType\">Unwetter<\/td><td class=\"einsatz-column-location\">Erlenbach am Main, Am Lerchenrain<\/td><\/tr><tr class=\"report\"><td class=\"smallscreen\" colspan=\"7\" data-permalink=\"https:\/\/ffw-erlenbach-stadt.de\/index.php\/einsatzberichte\/unwetter-baum-ueber-strasse-2\/\"><div class=\"annotation-icon-bar\"><i class=\"fa-solid fa-camera\" aria-hidden=\"true\" title=\"Bericht enth\u00e4lt keine Bilder\" style=\"color: #bbb;\"><\/i><\/div><span class=\"einsatz-seqNum\"><strong>Lfd.:<\/strong> 54<\/span><br><span class=\"einsatz-date\"><strong>Datum:<\/strong> 09.08.2018<\/span><br><span class=\"einsatz-time\"><strong>Uhrzeit:<\/strong> 15:54<\/span><br><span class=\"einsatz-title\"><strong>Einsatzmeldung:<\/strong> <a href=\"https:\/\/ffw-erlenbach-stadt.de\/index.php\/einsatzberichte\/unwetter-baum-ueber-strasse-2\/\" rel=\"bookmark\">Unwetter &#8211; Baum \u00fcber Stra\u00dfe<\/a><\/span><br><span class=\"einsatz-incidentType\"><strong>Einsatzart:<\/strong> Unwetter<\/span><br><span class=\"einsatz-location\"><strong>Einsatzort:<\/strong> Erlenbach am Main, M\u00fcnchner Stra\u00dfe<\/span><br><\/td><td class=\"einsatz-column-seqNum\">54<\/td><td class=\"einsatz-column-date\">09.08.2018<\/td><td class=\"einsatz-column-time\">15:54<\/td><td class=\"einsatz-column-title\"><a href=\"https:\/\/ffw-erlenbach-stadt.de\/index.php\/einsatzberichte\/unwetter-baum-ueber-strasse-2\/\" rel=\"bookmark\">Unwetter &#8211; Baum \u00fcber Stra\u00dfe<\/a><\/td><td class=\"einsatz-column-annotationImages\"><i class=\"fa-solid fa-camera\" aria-hidden=\"true\" title=\"Bericht enth\u00e4lt keine Bilder\" style=\"color: #bbb;\"><\/i><\/td><td class=\"einsatz-column-incidentType\">Unwetter<\/td><td class=\"einsatz-column-location\">Erlenbach am Main, M\u00fcnchner Stra\u00dfe<\/td><\/tr><tr class=\"report\"><td class=\"smallscreen\" colspan=\"7\" data-permalink=\"https:\/\/ffw-erlenbach-stadt.de\/index.php\/einsatzberichte\/unwetter-baum-ueber-strasse\/\"><div class=\"annotation-icon-bar\"><i class=\"fa-solid fa-camera\" aria-hidden=\"true\" title=\"Bericht enth\u00e4lt keine Bilder\" style=\"color: #bbb;\"><\/i><\/div><span class=\"einsatz-seqNum\"><strong>Lfd.:<\/strong> 53<\/span><br><span class=\"einsatz-date\"><strong>Datum:<\/strong> 09.08.2018<\/span><br><span class=\"einsatz-time\"><strong>Uhrzeit:<\/strong> 15:44<\/span><br><span class=\"einsatz-title\"><strong>Einsatzmeldung:<\/strong> <a href=\"https:\/\/ffw-erlenbach-stadt.de\/index.php\/einsatzberichte\/unwetter-baum-ueber-strasse\/\" rel=\"bookmark\">Unwetter &#8211; Baum \u00fcber Stra\u00dfe<\/a><\/span><br><span class=\"einsatz-incidentType\"><strong>Einsatzart:<\/strong> Unwetter<\/span><br><span class=\"einsatz-location\"><strong>Einsatzort:<\/strong> Erlenbach am Main, Schwimmbadweg<\/span><br><\/td><td class=\"einsatz-column-seqNum\">53<\/td><td class=\"einsatz-column-date\">09.08.2018<\/td><td class=\"einsatz-column-time\">15:44<\/td><td class=\"einsatz-column-title\"><a href=\"https:\/\/ffw-erlenbach-stadt.de\/index.php\/einsatzberichte\/unwetter-baum-ueber-strasse\/\" rel=\"bookmark\">Unwetter &#8211; Baum \u00fcber Stra\u00dfe<\/a><\/td><td class=\"einsatz-column-annotationImages\"><i class=\"fa-solid fa-camera\" aria-hidden=\"true\" title=\"Bericht enth\u00e4lt keine Bilder\" style=\"color: #bbb;\"><\/i><\/td><td class=\"einsatz-column-incidentType\">Unwetter<\/td><td class=\"einsatz-column-location\">Erlenbach am Main, Schwimmbadweg<\/td><\/tr><tr class=\"report\"><td class=\"smallscreen\" colspan=\"7\" data-permalink=\"https:\/\/ffw-erlenbach-stadt.de\/index.php\/einsatzberichte\/anforderung-drohne-bei-waldbrand\/\"><div class=\"annotation-icon-bar\"><i class=\"fa-solid fa-camera\" aria-hidden=\"true\" title=\"Bericht enth\u00e4lt Bilder\" style=\"\"><\/i><\/div><span class=\"einsatz-seqNum\"><strong>Lfd.:<\/strong> 52<\/span><br><span class=\"einsatz-date\"><strong>Datum:<\/strong> 09.08.2018<\/span><br><span class=\"einsatz-time\"><strong>Uhrzeit:<\/strong> 12:29<\/span><br><span class=\"einsatz-title\"><strong>Einsatzmeldung:<\/strong> <a href=\"https:\/\/ffw-erlenbach-stadt.de\/index.php\/einsatzberichte\/anforderung-drohne-bei-waldbrand\/\" rel=\"bookmark\">Anforderung Drohne bei Waldbrand<\/a><\/span><br><span class=\"einsatz-incidentType\"><strong>Einsatzart:<\/strong> THL - sonstiges<\/span><br><span class=\"einsatz-location\"><strong>Einsatzort:<\/strong> Amorbach<\/span><br><\/td><td class=\"einsatz-column-seqNum\">52<\/td><td class=\"einsatz-column-date\">09.08.2018<\/td><td class=\"einsatz-column-time\">12:29<\/td><td class=\"einsatz-column-title\"><a href=\"https:\/\/ffw-erlenbach-stadt.de\/index.php\/einsatzberichte\/anforderung-drohne-bei-waldbrand\/\" rel=\"bookmark\">Anforderung Drohne bei Waldbrand<\/a><\/td><td class=\"einsatz-column-annotationImages\"><i class=\"fa-solid fa-camera\" aria-hidden=\"true\" title=\"Bericht enth\u00e4lt Bilder\" style=\"\"><\/i><\/td><td class=\"einsatz-column-incidentType\">THL - sonstiges<\/td><td class=\"einsatz-column-location\">Amorbach<\/td><\/tr><tr class=\"report\"><td class=\"smallscreen\" colspan=\"7\" data-permalink=\"https:\/\/ffw-erlenbach-stadt.de\/index.php\/einsatzberichte\/brandeinsatz-bma-auflauf-fa-hemmelrath\/\"><div class=\"annotation-icon-bar\"><i class=\"fa-solid fa-camera\" aria-hidden=\"true\" title=\"Bericht enth\u00e4lt keine Bilder\" style=\"color: #bbb;\"><\/i><\/div><span class=\"einsatz-seqNum\"><strong>Lfd.:<\/strong> 51<\/span><br><span class=\"einsatz-date\"><strong>Datum:<\/strong> 07.08.2018<\/span><br><span class=\"einsatz-time\"><strong>Uhrzeit:<\/strong> 17:34<\/span><br><span class=\"einsatz-title\"><strong>Einsatzmeldung:<\/strong> <a href=\"https:\/\/ffw-erlenbach-stadt.de\/index.php\/einsatzberichte\/brandeinsatz-bma-auflauf-fa-hemmelrath\/\" rel=\"bookmark\">Brandeinsatz &#8211; BMA Auflauf Fa. Hemmelrath<\/a><\/span><br><span class=\"einsatz-incidentType\"><strong>Einsatzart:<\/strong> Brandmeldeanlage<\/span><br><span class=\"einsatz-location\"><strong>Einsatzort:<\/strong> Erlenbach am Main, Dr. Gammert Stra\u00dfe, Fa. Hemmelrath<\/span><br><\/td><td class=\"einsatz-column-seqNum\">51<\/td><td class=\"einsatz-column-date\">07.08.2018<\/td><td class=\"einsatz-column-time\">17:34<\/td><td class=\"einsatz-column-title\"><a href=\"https:\/\/ffw-erlenbach-stadt.de\/index.php\/einsatzberichte\/brandeinsatz-bma-auflauf-fa-hemmelrath\/\" rel=\"bookmark\">Brandeinsatz &#8211; BMA Auflauf Fa. Hemmelrath<\/a><\/td><td class=\"einsatz-column-annotationImages\"><i class=\"fa-solid fa-camera\" aria-hidden=\"true\" title=\"Bericht enth\u00e4lt keine Bilder\" style=\"color: #bbb;\"><\/i><\/td><td class=\"einsatz-column-incidentType\">Brandmeldeanlage<\/td><td class=\"einsatz-column-location\">Erlenbach am Main, Dr. Gammert Stra\u00dfe, Fa. Hemmelrath<\/td><\/tr><tr class=\"report\"><td class=\"smallscreen\" colspan=\"7\" data-permalink=\"https:\/\/ffw-erlenbach-stadt.de\/index.php\/einsatzberichte\/wassertransport\/\"><div class=\"annotation-icon-bar\"><i class=\"fa-solid fa-camera\" aria-hidden=\"true\" title=\"Bericht enth\u00e4lt keine Bilder\" style=\"color: #bbb;\"><\/i><\/div><span class=\"einsatz-seqNum\"><strong>Lfd.:<\/strong> 50<\/span><br><span class=\"einsatz-date\"><strong>Datum:<\/strong> 06.08.2018<\/span><br><span class=\"einsatz-time\"><strong>Uhrzeit:<\/strong> 19:30<\/span><br><span class=\"einsatz-title\"><strong>Einsatzmeldung:<\/strong> <a href=\"https:\/\/ffw-erlenbach-stadt.de\/index.php\/einsatzberichte\/wassertransport\/\" rel=\"bookmark\">Wassertransport<\/a><\/span><br><span class=\"einsatz-incidentType\"><strong>Einsatzart:<\/strong> THL - sonstiges<\/span><br><span class=\"einsatz-location\"><strong>Einsatzort:<\/strong> Erlenbach am Main<\/span><br><\/td><td class=\"einsatz-column-seqNum\">50<\/td><td class=\"einsatz-column-date\">06.08.2018<\/td><td class=\"einsatz-column-time\">19:30<\/td><td class=\"einsatz-column-title\"><a href=\"https:\/\/ffw-erlenbach-stadt.de\/index.php\/einsatzberichte\/wassertransport\/\" rel=\"bookmark\">Wassertransport<\/a><\/td><td class=\"einsatz-column-annotationImages\"><i class=\"fa-solid fa-camera\" aria-hidden=\"true\" title=\"Bericht enth\u00e4lt keine Bilder\" style=\"color: #bbb;\"><\/i><\/td><td class=\"einsatz-column-incidentType\">THL - sonstiges<\/td><td class=\"einsatz-column-location\">Erlenbach am Main<\/td><\/tr><tr class=\"report\"><td class=\"smallscreen\" colspan=\"7\" data-permalink=\"https:\/\/ffw-erlenbach-stadt.de\/index.php\/einsatzberichte\/17079\/\"><div class=\"annotation-icon-bar\"><i class=\"fa-solid fa-camera\" aria-hidden=\"true\" title=\"Bericht enth\u00e4lt keine Bilder\" style=\"color: #bbb;\"><\/i><\/div><span class=\"einsatz-seqNum\"><strong>Lfd.:<\/strong> 49<\/span><br><span class=\"einsatz-date\"><strong>Datum:<\/strong> 02.08.2018<\/span><br><span class=\"einsatz-time\"><strong>Uhrzeit:<\/strong> 07:00<\/span><br><span class=\"einsatz-title\"><strong>Einsatzmeldung:<\/strong> <a href=\"https:\/\/ffw-erlenbach-stadt.de\/index.php\/einsatzberichte\/17079\/\" rel=\"bookmark\">Brandeinsatz &#8211; Rauchentwicklung<\/a><\/span><br><span class=\"einsatz-incidentType\"><strong>Einsatzart:<\/strong> Brand<\/span><br><span class=\"einsatz-location\"><strong>Einsatzort:<\/strong> Erlenbach am Main, S\u00fcdstrasse<\/span><br><\/td><td class=\"einsatz-column-seqNum\">49<\/td><td class=\"einsatz-column-date\">02.08.2018<\/td><td class=\"einsatz-column-time\">07:00<\/td><td class=\"einsatz-column-title\"><a href=\"https:\/\/ffw-erlenbach-stadt.de\/index.php\/einsatzberichte\/17079\/\" rel=\"bookmark\">Brandeinsatz &#8211; Rauchentwicklung<\/a><\/td><td class=\"einsatz-column-annotationImages\"><i class=\"fa-solid fa-camera\" aria-hidden=\"true\" title=\"Bericht enth\u00e4lt keine Bilder\" style=\"color: #bbb;\"><\/i><\/td><td class=\"einsatz-column-incidentType\">Brand<\/td><td class=\"einsatz-column-location\">Erlenbach am Main, S\u00fcdstrasse<\/td><\/tr><tr class=\"report\"><td class=\"smallscreen\" colspan=\"7\" data-permalink=\"https:\/\/ffw-erlenbach-stadt.de\/index.php\/einsatzberichte\/brandeinsatz-waldbrand-2\/\"><div class=\"annotation-icon-bar\"><i class=\"fa-solid fa-camera\" aria-hidden=\"true\" title=\"Bericht enth\u00e4lt Bilder\" style=\"\"><\/i><\/div><span class=\"einsatz-seqNum\"><strong>Lfd.:<\/strong> 48<\/span><br><span class=\"einsatz-date\"><strong>Datum:<\/strong> 31.07.2018<\/span><br><span class=\"einsatz-time\"><strong>Uhrzeit:<\/strong> 04:08<\/span><br><span class=\"einsatz-title\"><strong>Einsatzmeldung:<\/strong> <a href=\"https:\/\/ffw-erlenbach-stadt.de\/index.php\/einsatzberichte\/brandeinsatz-waldbrand-2\/\" rel=\"bookmark\">Brandeinsatz &#8211; Waldbrand<\/a><\/span><br><span class=\"einsatz-incidentType\"><strong>Einsatzart:<\/strong> Brand<\/span><br><span class=\"einsatz-location\"><strong>Einsatzort:<\/strong> Erlenbach am Main, nahe SV Sportheim<\/span><br><\/td><td class=\"einsatz-column-seqNum\">48<\/td><td class=\"einsatz-column-date\">31.07.2018<\/td><td class=\"einsatz-column-time\">04:08<\/td><td class=\"einsatz-column-title\"><a href=\"https:\/\/ffw-erlenbach-stadt.de\/index.php\/einsatzberichte\/brandeinsatz-waldbrand-2\/\" rel=\"bookmark\">Brandeinsatz &#8211; Waldbrand<\/a><\/td><td class=\"einsatz-column-annotationImages\"><i class=\"fa-solid fa-camera\" aria-hidden=\"true\" title=\"Bericht enth\u00e4lt Bilder\" style=\"\"><\/i><\/td><td class=\"einsatz-column-incidentType\">Brand<\/td><td class=\"einsatz-column-location\">Erlenbach am Main, nahe SV Sportheim<\/td><\/tr><tr class=\"report\"><td class=\"smallscreen\" colspan=\"7\" data-permalink=\"https:\/\/ffw-erlenbach-stadt.de\/index.php\/einsatzberichte\/brandmeldeanlage-auflauf-frankenhalle-9\/\"><div class=\"annotation-icon-bar\"><i class=\"fa-solid fa-camera\" aria-hidden=\"true\" title=\"Bericht enth\u00e4lt keine Bilder\" style=\"color: #bbb;\"><\/i><\/div><span class=\"einsatz-seqNum\"><strong>Lfd.:<\/strong> 47<\/span><br><span class=\"einsatz-date\"><strong>Datum:<\/strong> 24.07.2018<\/span><br><span class=\"einsatz-time\"><strong>Uhrzeit:<\/strong> 15:26<\/span><br><span class=\"einsatz-title\"><strong>Einsatzmeldung:<\/strong> <a href=\"https:\/\/ffw-erlenbach-stadt.de\/index.php\/einsatzberichte\/brandmeldeanlage-auflauf-frankenhalle-9\/\" rel=\"bookmark\">Brandmeldeanlage-Auflauf &#8211; Frankenhalle<\/a><\/span><br><span class=\"einsatz-incidentType\"><strong>Einsatzart:<\/strong> Brandmeldeanlage<\/span><br><span class=\"einsatz-location\"><strong>Einsatzort:<\/strong> Erlenbach am Main, Dr. Vits Strasse, Frankenhalle<\/span><br><\/td><td class=\"einsatz-column-seqNum\">47<\/td><td class=\"einsatz-column-date\">24.07.2018<\/td><td class=\"einsatz-column-time\">15:26<\/td><td class=\"einsatz-column-title\"><a href=\"https:\/\/ffw-erlenbach-stadt.de\/index.php\/einsatzberichte\/brandmeldeanlage-auflauf-frankenhalle-9\/\" rel=\"bookmark\">Brandmeldeanlage-Auflauf &#8211; Frankenhalle<\/a><\/td><td class=\"einsatz-column-annotationImages\"><i class=\"fa-solid fa-camera\" aria-hidden=\"true\" title=\"Bericht enth\u00e4lt keine Bilder\" style=\"color: #bbb;\"><\/i><\/td><td class=\"einsatz-column-incidentType\">Brandmeldeanlage<\/td><td class=\"einsatz-column-location\">Erlenbach am Main, Dr. Vits Strasse, Frankenhalle<\/td><\/tr><tr class=\"report\"><td class=\"smallscreen\" colspan=\"7\" data-permalink=\"https:\/\/ffw-erlenbach-stadt.de\/index.php\/einsatzberichte\/brandeinsatz-flaechenbrand-4\/\"><div class=\"annotation-icon-bar\"><i class=\"fa-solid fa-camera\" aria-hidden=\"true\" title=\"Bericht enth\u00e4lt Bilder\" style=\"\"><\/i><\/div><span class=\"einsatz-seqNum\"><strong>Lfd.:<\/strong> 46<\/span><br><span class=\"einsatz-date\"><strong>Datum:<\/strong> 20.07.2018<\/span><br><span class=\"einsatz-time\"><strong>Uhrzeit:<\/strong> 14:12<\/span><br><span class=\"einsatz-title\"><strong>Einsatzmeldung:<\/strong> <a href=\"https:\/\/ffw-erlenbach-stadt.de\/index.php\/einsatzberichte\/brandeinsatz-flaechenbrand-4\/\" rel=\"bookmark\">Brandeinsatz &#8211; Fl\u00e4chenbrand<\/a><\/span><br><span class=\"einsatz-incidentType\"><strong>Einsatzart:<\/strong> Brand<\/span><br><span class=\"einsatz-location\"><strong>Einsatzort:<\/strong> R\u00fcck-Schippach<\/span><br><\/td><td class=\"einsatz-column-seqNum\">46<\/td><td class=\"einsatz-column-date\">20.07.2018<\/td><td class=\"einsatz-column-time\">14:12<\/td><td class=\"einsatz-column-title\"><a href=\"https:\/\/ffw-erlenbach-stadt.de\/index.php\/einsatzberichte\/brandeinsatz-flaechenbrand-4\/\" rel=\"bookmark\">Brandeinsatz &#8211; Fl\u00e4chenbrand<\/a><\/td><td class=\"einsatz-column-annotationImages\"><i class=\"fa-solid fa-camera\" aria-hidden=\"true\" title=\"Bericht enth\u00e4lt Bilder\" style=\"\"><\/i><\/td><td class=\"einsatz-column-incidentType\">Brand<\/td><td class=\"einsatz-column-location\">R\u00fcck-Schippach<\/td><\/tr><tr class=\"report\"><td class=\"smallscreen\" colspan=\"7\" data-permalink=\"https:\/\/ffw-erlenbach-stadt.de\/index.php\/einsatzberichte\/sicherheitsdienst-festzug-weinfest\/\"><div class=\"annotation-icon-bar\"><i class=\"fa-solid fa-camera\" aria-hidden=\"true\" title=\"Bericht enth\u00e4lt keine Bilder\" style=\"color: #bbb;\"><\/i><\/div><span class=\"einsatz-seqNum\"><strong>Lfd.:<\/strong> 45<\/span><br><span class=\"einsatz-date\"><strong>Datum:<\/strong> 15.07.2018<\/span><br><span class=\"einsatz-time\"><strong>Uhrzeit:<\/strong> 11:30<\/span><br><span class=\"einsatz-title\"><strong>Einsatzmeldung:<\/strong> <a href=\"https:\/\/ffw-erlenbach-stadt.de\/index.php\/einsatzberichte\/sicherheitsdienst-festzug-weinfest\/\" rel=\"bookmark\">Sicherheitsdienst &#8211; Festzug Weinfest<\/a><\/span><br><span class=\"einsatz-incidentType\"><strong>Einsatzart:<\/strong> Sicherheitswache<\/span><br><span class=\"einsatz-location\"><strong>Einsatzort:<\/strong> Erlenbach am Main, Stadtgebiet<\/span><br><\/td><td class=\"einsatz-column-seqNum\">45<\/td><td class=\"einsatz-column-date\">15.07.2018<\/td><td class=\"einsatz-column-time\">11:30<\/td><td class=\"einsatz-column-title\"><a href=\"https:\/\/ffw-erlenbach-stadt.de\/index.php\/einsatzberichte\/sicherheitsdienst-festzug-weinfest\/\" rel=\"bookmark\">Sicherheitsdienst &#8211; Festzug Weinfest<\/a><\/td><td class=\"einsatz-column-annotationImages\"><i class=\"fa-solid fa-camera\" aria-hidden=\"true\" title=\"Bericht enth\u00e4lt keine Bilder\" style=\"color: #bbb;\"><\/i><\/td><td class=\"einsatz-column-incidentType\">Sicherheitswache<\/td><td class=\"einsatz-column-location\">Erlenbach am Main, Stadtgebiet<\/td><\/tr><tr class=\"report\"><td class=\"smallscreen\" colspan=\"7\" data-permalink=\"https:\/\/ffw-erlenbach-stadt.de\/index.php\/einsatzberichte\/sicherheitsdienst-festzug-5\/\"><div class=\"annotation-icon-bar\"><i class=\"fa-solid fa-camera\" aria-hidden=\"true\" title=\"Bericht enth\u00e4lt keine Bilder\" style=\"color: #bbb;\"><\/i><\/div><span class=\"einsatz-seqNum\"><strong>Lfd.:<\/strong> 44<\/span><br><span class=\"einsatz-date\"><strong>Datum:<\/strong> 13.07.2018<\/span><br><span class=\"einsatz-time\"><strong>Uhrzeit:<\/strong> 18:00<\/span><br><span class=\"einsatz-title\"><strong>Einsatzmeldung:<\/strong> <a href=\"https:\/\/ffw-erlenbach-stadt.de\/index.php\/einsatzberichte\/sicherheitsdienst-festzug-5\/\" rel=\"bookmark\">Sicherheitsdienst Festzug<\/a><\/span><br><span class=\"einsatz-incidentType\"><strong>Einsatzart:<\/strong> Sicherheitswache<\/span><br><span class=\"einsatz-location\"><strong>Einsatzort:<\/strong> Erlenbach am Main, Stadtgebiet<\/span><br><\/td><td class=\"einsatz-column-seqNum\">44<\/td><td class=\"einsatz-column-date\">13.07.2018<\/td><td class=\"einsatz-column-time\">18:00<\/td><td class=\"einsatz-column-title\"><a href=\"https:\/\/ffw-erlenbach-stadt.de\/index.php\/einsatzberichte\/sicherheitsdienst-festzug-5\/\" rel=\"bookmark\">Sicherheitsdienst Festzug<\/a><\/td><td class=\"einsatz-column-annotationImages\"><i class=\"fa-solid fa-camera\" aria-hidden=\"true\" title=\"Bericht enth\u00e4lt keine Bilder\" style=\"color: #bbb;\"><\/i><\/td><td class=\"einsatz-column-incidentType\">Sicherheitswache<\/td><td class=\"einsatz-column-location\">Erlenbach am Main, Stadtgebiet<\/td><\/tr><tr class=\"report\"><td class=\"smallscreen\" colspan=\"7\" data-permalink=\"https:\/\/ffw-erlenbach-stadt.de\/index.php\/einsatzberichte\/sicherheitsdienst-barbarossa-lauf-2\/\"><div class=\"annotation-icon-bar\"><i class=\"fa-solid fa-camera\" aria-hidden=\"true\" title=\"Bericht enth\u00e4lt keine Bilder\" style=\"color: #bbb;\"><\/i><\/div><span class=\"einsatz-seqNum\"><strong>Lfd.:<\/strong> 43<\/span><br><span class=\"einsatz-date\"><strong>Datum:<\/strong> 01.07.2018<\/span><br><span class=\"einsatz-time\"><strong>Uhrzeit:<\/strong> 14:00<\/span><br><span class=\"einsatz-title\"><strong>Einsatzmeldung:<\/strong> <a href=\"https:\/\/ffw-erlenbach-stadt.de\/index.php\/einsatzberichte\/sicherheitsdienst-barbarossa-lauf-2\/\" rel=\"bookmark\">Sicherheitsdienst &#8222;Barbarossa-Lauf&#8220;<\/a><\/span><br><span class=\"einsatz-incidentType\"><strong>Einsatzart:<\/strong> Sicherheitswache<\/span><br><span class=\"einsatz-location\"><strong>Einsatzort:<\/strong> Erlenbach am Main, Stadtgebiet<\/span><br><\/td><td class=\"einsatz-column-seqNum\">43<\/td><td class=\"einsatz-column-date\">01.07.2018<\/td><td class=\"einsatz-column-time\">14:00<\/td><td class=\"einsatz-column-title\"><a href=\"https:\/\/ffw-erlenbach-stadt.de\/index.php\/einsatzberichte\/sicherheitsdienst-barbarossa-lauf-2\/\" rel=\"bookmark\">Sicherheitsdienst &#8222;Barbarossa-Lauf&#8220;<\/a><\/td><td class=\"einsatz-column-annotationImages\"><i class=\"fa-solid fa-camera\" aria-hidden=\"true\" title=\"Bericht enth\u00e4lt keine Bilder\" style=\"color: #bbb;\"><\/i><\/td><td class=\"einsatz-column-incidentType\">Sicherheitswache<\/td><td class=\"einsatz-column-location\">Erlenbach am Main, Stadtgebiet<\/td><\/tr><tr class=\"report\"><td class=\"smallscreen\" colspan=\"7\" data-permalink=\"https:\/\/ffw-erlenbach-stadt.de\/index.php\/einsatzberichte\/thl-vermisstensuche-anforderung-drohne\/\"><div class=\"annotation-icon-bar\"><i class=\"fa-solid fa-camera\" aria-hidden=\"true\" title=\"Bericht enth\u00e4lt keine Bilder\" style=\"color: #bbb;\"><\/i><\/div><span class=\"einsatz-seqNum\"><strong>Lfd.:<\/strong> 42<\/span><br><span class=\"einsatz-date\"><strong>Datum:<\/strong> 26.06.2018<\/span><br><span class=\"einsatz-time\"><strong>Uhrzeit:<\/strong> 10:15<\/span><br><span class=\"einsatz-title\"><strong>Einsatzmeldung:<\/strong> <a href=\"https:\/\/ffw-erlenbach-stadt.de\/index.php\/einsatzberichte\/thl-vermisstensuche-anforderung-drohne\/\" rel=\"bookmark\">THL &#8211; Vermisstensuche &#8211; Anforderung Drohne<\/a><\/span><br><span class=\"einsatz-incidentType\"><strong>Einsatzart:<\/strong> THL - Person in Gefahr<\/span><br><span class=\"einsatz-location\"><strong>Einsatzort:<\/strong> Miltenberg<\/span><br><\/td><td class=\"einsatz-column-seqNum\">42<\/td><td class=\"einsatz-column-date\">26.06.2018<\/td><td class=\"einsatz-column-time\">10:15<\/td><td class=\"einsatz-column-title\"><a href=\"https:\/\/ffw-erlenbach-stadt.de\/index.php\/einsatzberichte\/thl-vermisstensuche-anforderung-drohne\/\" rel=\"bookmark\">THL &#8211; Vermisstensuche &#8211; Anforderung Drohne<\/a><\/td><td class=\"einsatz-column-annotationImages\"><i class=\"fa-solid fa-camera\" aria-hidden=\"true\" title=\"Bericht enth\u00e4lt keine Bilder\" style=\"color: #bbb;\"><\/i><\/td><td class=\"einsatz-column-incidentType\">THL - Person in Gefahr<\/td><td class=\"einsatz-column-location\">Miltenberg<\/td><\/tr><tr class=\"report\"><td class=\"smallscreen\" colspan=\"7\" data-permalink=\"https:\/\/ffw-erlenbach-stadt.de\/index.php\/einsatzberichte\/brandeinsatz-rauchmelder-3\/\"><div class=\"annotation-icon-bar\"><i class=\"fa-solid fa-camera\" aria-hidden=\"true\" title=\"Bericht enth\u00e4lt keine Bilder\" style=\"color: #bbb;\"><\/i><\/div><span class=\"einsatz-seqNum\"><strong>Lfd.:<\/strong> 41<\/span><br><span class=\"einsatz-date\"><strong>Datum:<\/strong> 19.06.2018<\/span><br><span class=\"einsatz-time\"><strong>Uhrzeit:<\/strong> 17:49<\/span><br><span class=\"einsatz-title\"><strong>Einsatzmeldung:<\/strong> <a href=\"https:\/\/ffw-erlenbach-stadt.de\/index.php\/einsatzberichte\/brandeinsatz-rauchmelder-3\/\" rel=\"bookmark\">Brandeinsatz &#8211; Rauchmelder<\/a><\/span><br><span class=\"einsatz-incidentType\"><strong>Einsatzart:<\/strong> Brand<\/span><br><span class=\"einsatz-location\"><strong>Einsatzort:<\/strong> Erlenbach am Main, Bahnstrasse<\/span><br><\/td><td class=\"einsatz-column-seqNum\">41<\/td><td class=\"einsatz-column-date\">19.06.2018<\/td><td class=\"einsatz-column-time\">17:49<\/td><td class=\"einsatz-column-title\"><a href=\"https:\/\/ffw-erlenbach-stadt.de\/index.php\/einsatzberichte\/brandeinsatz-rauchmelder-3\/\" rel=\"bookmark\">Brandeinsatz &#8211; Rauchmelder<\/a><\/td><td class=\"einsatz-column-annotationImages\"><i class=\"fa-solid fa-camera\" aria-hidden=\"true\" title=\"Bericht enth\u00e4lt keine Bilder\" style=\"color: #bbb;\"><\/i><\/td><td class=\"einsatz-column-incidentType\">Brand<\/td><td class=\"einsatz-column-location\">Erlenbach am Main, Bahnstrasse<\/td><\/tr><tr class=\"report\"><td class=\"smallscreen\" colspan=\"7\" data-permalink=\"https:\/\/ffw-erlenbach-stadt.de\/index.php\/einsatzberichte\/thl-personenrettung\/\"><div class=\"annotation-icon-bar\"><i class=\"fa-solid fa-camera\" aria-hidden=\"true\" title=\"Bericht enth\u00e4lt keine Bilder\" style=\"color: #bbb;\"><\/i><\/div><span class=\"einsatz-seqNum\"><strong>Lfd.:<\/strong> 40<\/span><br><span class=\"einsatz-date\"><strong>Datum:<\/strong> 16.06.2018<\/span><br><span class=\"einsatz-time\"><strong>Uhrzeit:<\/strong> 19:14<\/span><br><span class=\"einsatz-title\"><strong>Einsatzmeldung:<\/strong> <a href=\"https:\/\/ffw-erlenbach-stadt.de\/index.php\/einsatzberichte\/thl-personenrettung\/\" rel=\"bookmark\">THL &#8211; Personenrettung<\/a><\/span><br><span class=\"einsatz-incidentType\"><strong>Einsatzart:<\/strong> THL - Person in Gefahr<\/span><br><span class=\"einsatz-location\"><strong>Einsatzort:<\/strong> Erlenbach am Main<\/span><br><\/td><td class=\"einsatz-column-seqNum\">40<\/td><td class=\"einsatz-column-date\">16.06.2018<\/td><td class=\"einsatz-column-time\">19:14<\/td><td class=\"einsatz-column-title\"><a href=\"https:\/\/ffw-erlenbach-stadt.de\/index.php\/einsatzberichte\/thl-personenrettung\/\" rel=\"bookmark\">THL &#8211; Personenrettung<\/a><\/td><td class=\"einsatz-column-annotationImages\"><i class=\"fa-solid fa-camera\" aria-hidden=\"true\" title=\"Bericht enth\u00e4lt keine Bilder\" style=\"color: #bbb;\"><\/i><\/td><td class=\"einsatz-column-incidentType\">THL - Person in Gefahr<\/td><td class=\"einsatz-column-location\">Erlenbach am Main<\/td><\/tr><tr class=\"report\"><td class=\"smallscreen\" colspan=\"7\" data-permalink=\"https:\/\/ffw-erlenbach-stadt.de\/index.php\/einsatzberichte\/brandeinsatz-rauchentwicklung-7\/\"><div class=\"annotation-icon-bar\"><i class=\"fa-solid fa-camera\" aria-hidden=\"true\" title=\"Bericht enth\u00e4lt keine Bilder\" style=\"color: #bbb;\"><\/i><\/div><span class=\"einsatz-seqNum\"><strong>Lfd.:<\/strong> 39<\/span><br><span class=\"einsatz-date\"><strong>Datum:<\/strong> 03.06.2018<\/span><br><span class=\"einsatz-time\"><strong>Uhrzeit:<\/strong> 21:29<\/span><br><span class=\"einsatz-title\"><strong>Einsatzmeldung:<\/strong> <a href=\"https:\/\/ffw-erlenbach-stadt.de\/index.php\/einsatzberichte\/brandeinsatz-rauchentwicklung-7\/\" rel=\"bookmark\">Brandeinsatz &#8211; Rauchentwicklung<\/a><\/span><br><span class=\"einsatz-incidentType\"><strong>Einsatzart:<\/strong> Brand<\/span><br><span class=\"einsatz-location\"><strong>Einsatzort:<\/strong> Erlenbach am Main, Miltenberger Stra\u00dfe<\/span><br><\/td><td class=\"einsatz-column-seqNum\">39<\/td><td class=\"einsatz-column-date\">03.06.2018<\/td><td class=\"einsatz-column-time\">21:29<\/td><td class=\"einsatz-column-title\"><a href=\"https:\/\/ffw-erlenbach-stadt.de\/index.php\/einsatzberichte\/brandeinsatz-rauchentwicklung-7\/\" rel=\"bookmark\">Brandeinsatz &#8211; Rauchentwicklung<\/a><\/td><td class=\"einsatz-column-annotationImages\"><i class=\"fa-solid fa-camera\" aria-hidden=\"true\" title=\"Bericht enth\u00e4lt keine Bilder\" style=\"color: #bbb;\"><\/i><\/td><td class=\"einsatz-column-incidentType\">Brand<\/td><td class=\"einsatz-column-location\">Erlenbach am Main, Miltenberger Stra\u00dfe<\/td><\/tr><tr class=\"report\"><td class=\"smallscreen\" colspan=\"7\" data-permalink=\"https:\/\/ffw-erlenbach-stadt.de\/index.php\/einsatzberichte\/thl-bergrettung-unterstuetzung-rettungsdienst\/\"><div class=\"annotation-icon-bar\"><i class=\"fa-solid fa-camera\" aria-hidden=\"true\" title=\"Bericht enth\u00e4lt keine Bilder\" style=\"color: #bbb;\"><\/i><\/div><span class=\"einsatz-seqNum\"><strong>Lfd.:<\/strong> 38<\/span><br><span class=\"einsatz-date\"><strong>Datum:<\/strong> 02.06.2018<\/span><br><span class=\"einsatz-time\"><strong>Uhrzeit:<\/strong> 18:49<\/span><br><span class=\"einsatz-title\"><strong>Einsatzmeldung:<\/strong> <a href=\"https:\/\/ffw-erlenbach-stadt.de\/index.php\/einsatzberichte\/thl-bergrettung-unterstuetzung-rettungsdienst\/\" rel=\"bookmark\">THL &#8211; Bergrettung &#8211; Unterst\u00fctzung Rettungsdienst<\/a><\/span><br><span class=\"einsatz-incidentType\"><strong>Einsatzart:<\/strong> THL - Person in Gefahr<\/span><br><span class=\"einsatz-location\"><strong>Einsatzort:<\/strong> Erlenbach am Main, Schwimmbadweg<\/span><br><\/td><td class=\"einsatz-column-seqNum\">38<\/td><td class=\"einsatz-column-date\">02.06.2018<\/td><td class=\"einsatz-column-time\">18:49<\/td><td class=\"einsatz-column-title\"><a href=\"https:\/\/ffw-erlenbach-stadt.de\/index.php\/einsatzberichte\/thl-bergrettung-unterstuetzung-rettungsdienst\/\" rel=\"bookmark\">THL &#8211; Bergrettung &#8211; Unterst\u00fctzung Rettungsdienst<\/a><\/td><td class=\"einsatz-column-annotationImages\"><i class=\"fa-solid fa-camera\" aria-hidden=\"true\" title=\"Bericht enth\u00e4lt keine Bilder\" style=\"color: #bbb;\"><\/i><\/td><td class=\"einsatz-column-incidentType\">THL - Person in Gefahr<\/td><td class=\"einsatz-column-location\">Erlenbach am Main, Schwimmbadweg<\/td><\/tr><tr class=\"report\"><td class=\"smallscreen\" colspan=\"7\" data-permalink=\"https:\/\/ffw-erlenbach-stadt.de\/index.php\/einsatzberichte\/sicherheitsdienst-prozession-18\/\"><div class=\"annotation-icon-bar\"><i class=\"fa-solid fa-camera\" aria-hidden=\"true\" title=\"Bericht enth\u00e4lt keine Bilder\" style=\"color: #bbb;\"><\/i><\/div><span class=\"einsatz-seqNum\"><strong>Lfd.:<\/strong> 37<\/span><br><span class=\"einsatz-date\"><strong>Datum:<\/strong> 31.05.2018<\/span><br><span class=\"einsatz-time\"><strong>Uhrzeit:<\/strong> 09:30<\/span><br><span class=\"einsatz-title\"><strong>Einsatzmeldung:<\/strong> <a href=\"https:\/\/ffw-erlenbach-stadt.de\/index.php\/einsatzberichte\/sicherheitsdienst-prozession-18\/\" rel=\"bookmark\">Sicherheitsdienst \u2013 Prozession<\/a><\/span><br><span class=\"einsatz-incidentType\"><strong>Einsatzart:<\/strong> Sicherheitswache<\/span><br><span class=\"einsatz-location\"><strong>Einsatzort:<\/strong> Erlenbach am Main, Stadtgebiet<\/span><br><\/td><td class=\"einsatz-column-seqNum\">37<\/td><td class=\"einsatz-column-date\">31.05.2018<\/td><td class=\"einsatz-column-time\">09:30<\/td><td class=\"einsatz-column-title\"><a href=\"https:\/\/ffw-erlenbach-stadt.de\/index.php\/einsatzberichte\/sicherheitsdienst-prozession-18\/\" rel=\"bookmark\">Sicherheitsdienst \u2013 Prozession<\/a><\/td><td class=\"einsatz-column-annotationImages\"><i class=\"fa-solid fa-camera\" aria-hidden=\"true\" title=\"Bericht enth\u00e4lt keine Bilder\" style=\"color: #bbb;\"><\/i><\/td><td class=\"einsatz-column-incidentType\">Sicherheitswache<\/td><td class=\"einsatz-column-location\">Erlenbach am Main, Stadtgebiet<\/td><\/tr><tr class=\"report\"><td class=\"smallscreen\" colspan=\"7\" data-permalink=\"https:\/\/ffw-erlenbach-stadt.de\/index.php\/einsatzberichte\/thl-anforderung-drohne-bei-vu\/\"><div class=\"annotation-icon-bar\"><i class=\"fa-solid fa-camera\" aria-hidden=\"true\" title=\"Bericht enth\u00e4lt keine Bilder\" style=\"color: #bbb;\"><\/i><\/div><span class=\"einsatz-seqNum\"><strong>Lfd.:<\/strong> 36<\/span><br><span class=\"einsatz-date\"><strong>Datum:<\/strong> 26.05.2018<\/span><br><span class=\"einsatz-time\"><strong>Uhrzeit:<\/strong> 03:30<\/span><br><span class=\"einsatz-title\"><strong>Einsatzmeldung:<\/strong> <a href=\"https:\/\/ffw-erlenbach-stadt.de\/index.php\/einsatzberichte\/thl-anforderung-drohne-bei-vu\/\" rel=\"bookmark\">THL &#8211; Anforderung Drohne bei Verkehrsunfall<\/a><\/span><br><span class=\"einsatz-incidentType\"><strong>Einsatzart:<\/strong> Verkehrsunfall<\/span><br><span class=\"einsatz-location\"><strong>Einsatzort:<\/strong> bei Gro\u00dfwallstadt, B469<\/span><br><\/td><td class=\"einsatz-column-seqNum\">36<\/td><td class=\"einsatz-column-date\">26.05.2018<\/td><td class=\"einsatz-column-time\">03:30<\/td><td class=\"einsatz-column-title\"><a href=\"https:\/\/ffw-erlenbach-stadt.de\/index.php\/einsatzberichte\/thl-anforderung-drohne-bei-vu\/\" rel=\"bookmark\">THL &#8211; Anforderung Drohne bei Verkehrsunfall<\/a><\/td><td class=\"einsatz-column-annotationImages\"><i class=\"fa-solid fa-camera\" aria-hidden=\"true\" title=\"Bericht enth\u00e4lt keine Bilder\" style=\"color: #bbb;\"><\/i><\/td><td class=\"einsatz-column-incidentType\">Verkehrsunfall<\/td><td class=\"einsatz-column-location\">bei Gro\u00dfwallstadt, B469<\/td><\/tr><tr class=\"report\"><td class=\"smallscreen\" colspan=\"7\" data-permalink=\"https:\/\/ffw-erlenbach-stadt.de\/index.php\/einsatzberichte\/thl-wasser-im-keller\/\"><div class=\"annotation-icon-bar\"><i class=\"fa-solid fa-camera\" aria-hidden=\"true\" title=\"Bericht enth\u00e4lt keine Bilder\" style=\"color: #bbb;\"><\/i><\/div><span class=\"einsatz-seqNum\"><strong>Lfd.:<\/strong> 35<\/span><br><span class=\"einsatz-date\"><strong>Datum:<\/strong> 23.05.2018<\/span><br><span class=\"einsatz-time\"><strong>Uhrzeit:<\/strong> 16:28<\/span><br><span class=\"einsatz-title\"><strong>Einsatzmeldung:<\/strong> <a href=\"https:\/\/ffw-erlenbach-stadt.de\/index.php\/einsatzberichte\/thl-wasser-im-keller\/\" rel=\"bookmark\">THL &#8211; Wasser im Keller<\/a><\/span><br><span class=\"einsatz-incidentType\"><strong>Einsatzart:<\/strong> Wasserschaden<\/span><br><span class=\"einsatz-location\"><strong>Einsatzort:<\/strong> Erlenbach am Main, Am Gewanne<\/span><br><\/td><td class=\"einsatz-column-seqNum\">35<\/td><td class=\"einsatz-column-date\">23.05.2018<\/td><td class=\"einsatz-column-time\">16:28<\/td><td class=\"einsatz-column-title\"><a href=\"https:\/\/ffw-erlenbach-stadt.de\/index.php\/einsatzberichte\/thl-wasser-im-keller\/\" rel=\"bookmark\">THL &#8211; Wasser im Keller<\/a><\/td><td class=\"einsatz-column-annotationImages\"><i class=\"fa-solid fa-camera\" aria-hidden=\"true\" title=\"Bericht enth\u00e4lt keine Bilder\" style=\"color: #bbb;\"><\/i><\/td><td class=\"einsatz-column-incidentType\">Wasserschaden<\/td><td class=\"einsatz-column-location\">Erlenbach am Main, Am Gewanne<\/td><\/tr><tr class=\"report\"><td class=\"smallscreen\" colspan=\"7\" data-permalink=\"https:\/\/ffw-erlenbach-stadt.de\/index.php\/einsatzberichte\/thl-schwerer-verkehrunfall\/\"><div class=\"annotation-icon-bar\"><i class=\"fa-solid fa-camera\" aria-hidden=\"true\" title=\"Bericht enth\u00e4lt Bilder\" style=\"\"><\/i><\/div><span class=\"einsatz-seqNum\"><strong>Lfd.:<\/strong> 34<\/span><br><span class=\"einsatz-date\"><strong>Datum:<\/strong> 17.05.2018<\/span><br><span class=\"einsatz-time\"><strong>Uhrzeit:<\/strong> 17:44<\/span><br><span class=\"einsatz-title\"><strong>Einsatzmeldung:<\/strong> <a href=\"https:\/\/ffw-erlenbach-stadt.de\/index.php\/einsatzberichte\/thl-schwerer-verkehrunfall\/\" rel=\"bookmark\">THL &#8211; schwerer Verkehrsunfall<\/a><\/span><br><span class=\"einsatz-incidentType\"><strong>Einsatzart:<\/strong> Verkehrsunfall<\/span><br><span class=\"einsatz-location\"><strong>Einsatzort:<\/strong> Erlenbach am Main, Klingenberger Stra\u00dfe<\/span><br><\/td><td class=\"einsatz-column-seqNum\">34<\/td><td class=\"einsatz-column-date\">17.05.2018<\/td><td class=\"einsatz-column-time\">17:44<\/td><td class=\"einsatz-column-title\"><a href=\"https:\/\/ffw-erlenbach-stadt.de\/index.php\/einsatzberichte\/thl-schwerer-verkehrunfall\/\" rel=\"bookmark\">THL &#8211; schwerer Verkehrsunfall<\/a><\/td><td class=\"einsatz-column-annotationImages\"><i class=\"fa-solid fa-camera\" aria-hidden=\"true\" title=\"Bericht enth\u00e4lt Bilder\" style=\"\"><\/i><\/td><td class=\"einsatz-column-incidentType\">Verkehrsunfall<\/td><td class=\"einsatz-column-location\">Erlenbach am Main, Klingenberger Stra\u00dfe<\/td><\/tr><tr class=\"report\"><td class=\"smallscreen\" colspan=\"7\" data-permalink=\"https:\/\/ffw-erlenbach-stadt.de\/index.php\/einsatzberichte\/sicherheitsdienst-prozession-17\/\"><div class=\"annotation-icon-bar\"><i class=\"fa-solid fa-camera\" aria-hidden=\"true\" title=\"Bericht enth\u00e4lt keine Bilder\" style=\"color: #bbb;\"><\/i><\/div><span class=\"einsatz-seqNum\"><strong>Lfd.:<\/strong> 33<\/span><br><span class=\"einsatz-date\"><strong>Datum:<\/strong> 13.05.2018<\/span><br><span class=\"einsatz-time\"><strong>Uhrzeit:<\/strong> 09:00<\/span><br><span class=\"einsatz-title\"><strong>Einsatzmeldung:<\/strong> <a href=\"https:\/\/ffw-erlenbach-stadt.de\/index.php\/einsatzberichte\/sicherheitsdienst-prozession-17\/\" rel=\"bookmark\">Sicherheitsdienst \u2013 Prozession<\/a><\/span><br><span class=\"einsatz-incidentType\"><strong>Einsatzart:<\/strong> Sicherheitswache<\/span><br><span class=\"einsatz-location\"><strong>Einsatzort:<\/strong> Erlenbach am Main, Stadtgebiet<\/span><br><\/td><td class=\"einsatz-column-seqNum\">33<\/td><td class=\"einsatz-column-date\">13.05.2018<\/td><td class=\"einsatz-column-time\">09:00<\/td><td class=\"einsatz-column-title\"><a href=\"https:\/\/ffw-erlenbach-stadt.de\/index.php\/einsatzberichte\/sicherheitsdienst-prozession-17\/\" rel=\"bookmark\">Sicherheitsdienst \u2013 Prozession<\/a><\/td><td class=\"einsatz-column-annotationImages\"><i class=\"fa-solid fa-camera\" aria-hidden=\"true\" title=\"Bericht enth\u00e4lt keine Bilder\" style=\"color: #bbb;\"><\/i><\/td><td class=\"einsatz-column-incidentType\">Sicherheitswache<\/td><td class=\"einsatz-column-location\">Erlenbach am Main, Stadtgebiet<\/td><\/tr><tr class=\"report\"><td class=\"smallscreen\" colspan=\"7\" data-permalink=\"https:\/\/ffw-erlenbach-stadt.de\/index.php\/einsatzberichte\/thl-verkehrsunfall-mit-motorrad\/\"><div class=\"annotation-icon-bar\"><i class=\"fa-solid fa-camera\" aria-hidden=\"true\" title=\"Bericht enth\u00e4lt keine Bilder\" style=\"color: #bbb;\"><\/i><\/div><span class=\"einsatz-seqNum\"><strong>Lfd.:<\/strong> 32<\/span><br><span class=\"einsatz-date\"><strong>Datum:<\/strong> 12.05.2018<\/span><br><span class=\"einsatz-time\"><strong>Uhrzeit:<\/strong> 15:09<\/span><br><span class=\"einsatz-title\"><strong>Einsatzmeldung:<\/strong> <a href=\"https:\/\/ffw-erlenbach-stadt.de\/index.php\/einsatzberichte\/thl-verkehrsunfall-mit-motorrad\/\" rel=\"bookmark\">THL &#8211; Verkehrsunfall mit Motorrad<\/a><\/span><br><span class=\"einsatz-incidentType\"><strong>Einsatzart:<\/strong> Verkehrsunfall<\/span><br><span class=\"einsatz-location\"><strong>Einsatzort:<\/strong> Erlenbach am Main, Pf\u00fctzen\u00e4cker<\/span><br><\/td><td class=\"einsatz-column-seqNum\">32<\/td><td class=\"einsatz-column-date\">12.05.2018<\/td><td class=\"einsatz-column-time\">15:09<\/td><td class=\"einsatz-column-title\"><a href=\"https:\/\/ffw-erlenbach-stadt.de\/index.php\/einsatzberichte\/thl-verkehrsunfall-mit-motorrad\/\" rel=\"bookmark\">THL &#8211; Verkehrsunfall mit Motorrad<\/a><\/td><td class=\"einsatz-column-annotationImages\"><i class=\"fa-solid fa-camera\" aria-hidden=\"true\" title=\"Bericht enth\u00e4lt keine Bilder\" style=\"color: #bbb;\"><\/i><\/td><td class=\"einsatz-column-incidentType\">Verkehrsunfall<\/td><td class=\"einsatz-column-location\">Erlenbach am Main, Pf\u00fctzen\u00e4cker<\/td><\/tr><tr class=\"report\"><td class=\"smallscreen\" colspan=\"7\" data-permalink=\"https:\/\/ffw-erlenbach-stadt.de\/index.php\/einsatzberichte\/thl-kleintierrettung-3\/\"><div class=\"annotation-icon-bar\"><i class=\"fa-solid fa-camera\" aria-hidden=\"true\" title=\"Bericht enth\u00e4lt keine Bilder\" style=\"color: #bbb;\"><\/i><\/div><span class=\"einsatz-seqNum\"><strong>Lfd.:<\/strong> 31<\/span><br><span class=\"einsatz-date\"><strong>Datum:<\/strong> 11.05.2018<\/span><br><span class=\"einsatz-time\"><strong>Uhrzeit:<\/strong> 19:52<\/span><br><span class=\"einsatz-title\"><strong>Einsatzmeldung:<\/strong> <a href=\"https:\/\/ffw-erlenbach-stadt.de\/index.php\/einsatzberichte\/thl-kleintierrettung-3\/\" rel=\"bookmark\">THL &#8211; Kleintierrettung<\/a><\/span><br><span class=\"einsatz-incidentType\"><strong>Einsatzart:<\/strong> THL - Tierrettung<\/span><br><span class=\"einsatz-location\"><strong>Einsatzort:<\/strong> Erlenbach am Main, Siedlerweg<\/span><br><\/td><td class=\"einsatz-column-seqNum\">31<\/td><td class=\"einsatz-column-date\">11.05.2018<\/td><td class=\"einsatz-column-time\">19:52<\/td><td class=\"einsatz-column-title\"><a href=\"https:\/\/ffw-erlenbach-stadt.de\/index.php\/einsatzberichte\/thl-kleintierrettung-3\/\" rel=\"bookmark\">THL &#8211; Kleintierrettung<\/a><\/td><td class=\"einsatz-column-annotationImages\"><i class=\"fa-solid fa-camera\" aria-hidden=\"true\" title=\"Bericht enth\u00e4lt keine Bilder\" style=\"color: #bbb;\"><\/i><\/td><td class=\"einsatz-column-incidentType\">THL - Tierrettung<\/td><td class=\"einsatz-column-location\">Erlenbach am Main, Siedlerweg<\/td><\/tr><tr class=\"report\"><td class=\"smallscreen\" colspan=\"7\" data-permalink=\"https:\/\/ffw-erlenbach-stadt.de\/index.php\/einsatzberichte\/sicherheitsdienst-prozession-16\/\"><div class=\"annotation-icon-bar\"><i class=\"fa-solid fa-camera\" aria-hidden=\"true\" title=\"Bericht enth\u00e4lt keine Bilder\" style=\"color: #bbb;\"><\/i><\/div><span class=\"einsatz-seqNum\"><strong>Lfd.:<\/strong> 30<\/span><br><span class=\"einsatz-date\"><strong>Datum:<\/strong> 10.05.2018<\/span><br><span class=\"einsatz-time\"><strong>Uhrzeit:<\/strong> 09:15<\/span><br><span class=\"einsatz-title\"><strong>Einsatzmeldung:<\/strong> <a href=\"https:\/\/ffw-erlenbach-stadt.de\/index.php\/einsatzberichte\/sicherheitsdienst-prozession-16\/\" rel=\"bookmark\">Sicherheitsdienst &#8211; Prozession<\/a><\/span><br><span class=\"einsatz-incidentType\"><strong>Einsatzart:<\/strong> Sicherheitswache<\/span><br><span class=\"einsatz-location\"><strong>Einsatzort:<\/strong> Erlenbach am Main, Stadtgebiet<\/span><br><\/td><td class=\"einsatz-column-seqNum\">30<\/td><td class=\"einsatz-column-date\">10.05.2018<\/td><td class=\"einsatz-column-time\">09:15<\/td><td class=\"einsatz-column-title\"><a href=\"https:\/\/ffw-erlenbach-stadt.de\/index.php\/einsatzberichte\/sicherheitsdienst-prozession-16\/\" rel=\"bookmark\">Sicherheitsdienst &#8211; Prozession<\/a><\/td><td class=\"einsatz-column-annotationImages\"><i class=\"fa-solid fa-camera\" aria-hidden=\"true\" title=\"Bericht enth\u00e4lt keine Bilder\" style=\"color: #bbb;\"><\/i><\/td><td class=\"einsatz-column-incidentType\">Sicherheitswache<\/td><td class=\"einsatz-column-location\">Erlenbach am Main, Stadtgebiet<\/td><\/tr><tr class=\"report\"><td class=\"smallscreen\" colspan=\"7\" data-permalink=\"https:\/\/ffw-erlenbach-stadt.de\/index.php\/einsatzberichte\/thl-verkehrsunfall-2-pkws-3\/\"><div class=\"annotation-icon-bar\"><i class=\"fa-solid fa-camera\" aria-hidden=\"true\" title=\"Bericht enth\u00e4lt Bilder\" style=\"\"><\/i><\/div><span class=\"einsatz-seqNum\"><strong>Lfd.:<\/strong> 29<\/span><br><span class=\"einsatz-date\"><strong>Datum:<\/strong> 23.04.2018<\/span><br><span class=\"einsatz-time\"><strong>Uhrzeit:<\/strong> 17:50<\/span><br><span class=\"einsatz-title\"><strong>Einsatzmeldung:<\/strong> <a href=\"https:\/\/ffw-erlenbach-stadt.de\/index.php\/einsatzberichte\/thl-verkehrsunfall-2-pkws-3\/\" rel=\"bookmark\">THL &#8211; Verkehrsunfall 2 PKW\u00b4s<\/a><\/span><br><span class=\"einsatz-incidentType\"><strong>Einsatzart:<\/strong> Verkehrsunfall<\/span><br><span class=\"einsatz-location\"><strong>Einsatzort:<\/strong> Mechenhard, Mechenharder Stra\u00dfe<\/span><br><\/td><td class=\"einsatz-column-seqNum\">29<\/td><td class=\"einsatz-column-date\">23.04.2018<\/td><td class=\"einsatz-column-time\">17:50<\/td><td class=\"einsatz-column-title\"><a href=\"https:\/\/ffw-erlenbach-stadt.de\/index.php\/einsatzberichte\/thl-verkehrsunfall-2-pkws-3\/\" rel=\"bookmark\">THL &#8211; Verkehrsunfall 2 PKW\u00b4s<\/a><\/td><td class=\"einsatz-column-annotationImages\"><i class=\"fa-solid fa-camera\" aria-hidden=\"true\" title=\"Bericht enth\u00e4lt Bilder\" style=\"\"><\/i><\/td><td class=\"einsatz-column-incidentType\">Verkehrsunfall<\/td><td class=\"einsatz-column-location\">Mechenhard, Mechenharder Stra\u00dfe<\/td><\/tr><tr class=\"report\"><td class=\"smallscreen\" colspan=\"7\" data-permalink=\"https:\/\/ffw-erlenbach-stadt.de\/index.php\/einsatzberichte\/brandmeldeanlage-auflauf-kreismuellumladedeponie\/\"><div class=\"annotation-icon-bar\"><i class=\"fa-solid fa-camera\" aria-hidden=\"true\" title=\"Bericht enth\u00e4lt keine Bilder\" style=\"color: #bbb;\"><\/i><\/div><span class=\"einsatz-seqNum\"><strong>Lfd.:<\/strong> 28<\/span><br><span class=\"einsatz-date\"><strong>Datum:<\/strong> 19.04.2018<\/span><br><span class=\"einsatz-time\"><strong>Uhrzeit:<\/strong> 03:47<\/span><br><span class=\"einsatz-title\"><strong>Einsatzmeldung:<\/strong> <a href=\"https:\/\/ffw-erlenbach-stadt.de\/index.php\/einsatzberichte\/brandmeldeanlage-auflauf-kreismuellumladedeponie\/\" rel=\"bookmark\">Brandmeldeanlage-Auflauf \u2013 Kreism\u00fcllumladedeponie<\/a><\/span><br><span class=\"einsatz-incidentType\"><strong>Einsatzart:<\/strong> Brandmeldeanlage<\/span><br><span class=\"einsatz-location\"><strong>Einsatzort:<\/strong> Erlenbach am Main, S\u00fcdstrasse, M\u00fcllumladedeponie<\/span><br><\/td><td class=\"einsatz-column-seqNum\">28<\/td><td class=\"einsatz-column-date\">19.04.2018<\/td><td class=\"einsatz-column-time\">03:47<\/td><td class=\"einsatz-column-title\"><a href=\"https:\/\/ffw-erlenbach-stadt.de\/index.php\/einsatzberichte\/brandmeldeanlage-auflauf-kreismuellumladedeponie\/\" rel=\"bookmark\">Brandmeldeanlage-Auflauf \u2013 Kreism\u00fcllumladedeponie<\/a><\/td><td class=\"einsatz-column-annotationImages\"><i class=\"fa-solid fa-camera\" aria-hidden=\"true\" title=\"Bericht enth\u00e4lt keine Bilder\" style=\"color: #bbb;\"><\/i><\/td><td class=\"einsatz-column-incidentType\">Brandmeldeanlage<\/td><td class=\"einsatz-column-location\">Erlenbach am Main, S\u00fcdstrasse, M\u00fcllumladedeponie<\/td><\/tr><tr class=\"report\"><td class=\"smallscreen\" colspan=\"7\" data-permalink=\"https:\/\/ffw-erlenbach-stadt.de\/index.php\/einsatzberichte\/sicherheitsdienst-frankenhalle-34\/\"><div class=\"annotation-icon-bar\"><i class=\"fa-solid fa-camera\" aria-hidden=\"true\" title=\"Bericht enth\u00e4lt keine Bilder\" style=\"color: #bbb;\"><\/i><\/div><span class=\"einsatz-seqNum\"><strong>Lfd.:<\/strong> 27<\/span><br><span class=\"einsatz-date\"><strong>Datum:<\/strong> 15.04.2018<\/span><br><span class=\"einsatz-time\"><strong>Uhrzeit:<\/strong> 17:30<\/span><br><span class=\"einsatz-title\"><strong>Einsatzmeldung:<\/strong> <a href=\"https:\/\/ffw-erlenbach-stadt.de\/index.php\/einsatzberichte\/sicherheitsdienst-frankenhalle-34\/\" rel=\"bookmark\">Sicherheitsdienst &#8211; Frankenhalle<\/a><\/span><br><span class=\"einsatz-incidentType\"><strong>Einsatzart:<\/strong> Sicherheitswache<\/span><br><span class=\"einsatz-location\"><strong>Einsatzort:<\/strong> Erlenbach am Main, Dr. Vits Stra\u00dfe, Frankenhalle<\/span><br><\/td><td class=\"einsatz-column-seqNum\">27<\/td><td class=\"einsatz-column-date\">15.04.2018<\/td><td class=\"einsatz-column-time\">17:30<\/td><td class=\"einsatz-column-title\"><a href=\"https:\/\/ffw-erlenbach-stadt.de\/index.php\/einsatzberichte\/sicherheitsdienst-frankenhalle-34\/\" rel=\"bookmark\">Sicherheitsdienst &#8211; Frankenhalle<\/a><\/td><td class=\"einsatz-column-annotationImages\"><i class=\"fa-solid fa-camera\" aria-hidden=\"true\" title=\"Bericht enth\u00e4lt keine Bilder\" style=\"color: #bbb;\"><\/i><\/td><td class=\"einsatz-column-incidentType\">Sicherheitswache<\/td><td class=\"einsatz-column-location\">Erlenbach am Main, Dr. Vits Stra\u00dfe, Frankenhalle<\/td><\/tr><tr class=\"report\"><td class=\"smallscreen\" colspan=\"7\" data-permalink=\"https:\/\/ffw-erlenbach-stadt.de\/index.php\/einsatzberichte\/sicherheitsdienst-frankenhalle-33\/\"><div class=\"annotation-icon-bar\"><i class=\"fa-solid fa-camera\" aria-hidden=\"true\" title=\"Bericht enth\u00e4lt keine Bilder\" style=\"color: #bbb;\"><\/i><\/div><span class=\"einsatz-seqNum\"><strong>Lfd.:<\/strong> 26<\/span><br><span class=\"einsatz-date\"><strong>Datum:<\/strong> 14.04.2018<\/span><br><span class=\"einsatz-time\"><strong>Uhrzeit:<\/strong> 18:30<\/span><br><span class=\"einsatz-title\"><strong>Einsatzmeldung:<\/strong> <a href=\"https:\/\/ffw-erlenbach-stadt.de\/index.php\/einsatzberichte\/sicherheitsdienst-frankenhalle-33\/\" rel=\"bookmark\">Sicherheitsdienst &#8211; Frankenhalle<\/a><\/span><br><span class=\"einsatz-incidentType\"><strong>Einsatzart:<\/strong> Sicherheitswache<\/span><br><span class=\"einsatz-location\"><strong>Einsatzort:<\/strong> Erlenbach am Main, Dr. Vits Stra\u00dfe, Frankenhalle<\/span><br><\/td><td class=\"einsatz-column-seqNum\">26<\/td><td class=\"einsatz-column-date\">14.04.2018<\/td><td class=\"einsatz-column-time\">18:30<\/td><td class=\"einsatz-column-title\"><a href=\"https:\/\/ffw-erlenbach-stadt.de\/index.php\/einsatzberichte\/sicherheitsdienst-frankenhalle-33\/\" rel=\"bookmark\">Sicherheitsdienst &#8211; Frankenhalle<\/a><\/td><td class=\"einsatz-column-annotationImages\"><i class=\"fa-solid fa-camera\" aria-hidden=\"true\" title=\"Bericht enth\u00e4lt keine Bilder\" style=\"color: #bbb;\"><\/i><\/td><td class=\"einsatz-column-incidentType\">Sicherheitswache<\/td><td class=\"einsatz-column-location\">Erlenbach am Main, Dr. Vits Stra\u00dfe, Frankenhalle<\/td><\/tr><tr class=\"report\"><td class=\"smallscreen\" colspan=\"7\" data-permalink=\"https:\/\/ffw-erlenbach-stadt.de\/index.php\/einsatzberichte\/brandeinsatz-bma-auflauf\/\"><div class=\"annotation-icon-bar\"><i class=\"fa-solid fa-camera\" aria-hidden=\"true\" title=\"Bericht enth\u00e4lt keine Bilder\" style=\"color: #bbb;\"><\/i><\/div><span class=\"einsatz-seqNum\"><strong>Lfd.:<\/strong> 25<\/span><br><span class=\"einsatz-date\"><strong>Datum:<\/strong> 14.04.2018<\/span><br><span class=\"einsatz-time\"><strong>Uhrzeit:<\/strong> 17:33<\/span><br><span class=\"einsatz-title\"><strong>Einsatzmeldung:<\/strong> <a href=\"https:\/\/ffw-erlenbach-stadt.de\/index.php\/einsatzberichte\/brandeinsatz-bma-auflauf\/\" rel=\"bookmark\">Brandmeldeanlage-Auflauf \u2013 Kreism\u00fcllumladedeponie<\/a><\/span><br><span class=\"einsatz-incidentType\"><strong>Einsatzart:<\/strong> Brandmeldeanlage<\/span><br><span class=\"einsatz-location\"><strong>Einsatzort:<\/strong> Erlenbach am Main, S\u00fcdstrasse, M\u00fcllumladedeponie<\/span><br><\/td><td class=\"einsatz-column-seqNum\">25<\/td><td class=\"einsatz-column-date\">14.04.2018<\/td><td class=\"einsatz-column-time\">17:33<\/td><td class=\"einsatz-column-title\"><a href=\"https:\/\/ffw-erlenbach-stadt.de\/index.php\/einsatzberichte\/brandeinsatz-bma-auflauf\/\" rel=\"bookmark\">Brandmeldeanlage-Auflauf \u2013 Kreism\u00fcllumladedeponie<\/a><\/td><td class=\"einsatz-column-annotationImages\"><i class=\"fa-solid fa-camera\" aria-hidden=\"true\" title=\"Bericht enth\u00e4lt keine Bilder\" style=\"color: #bbb;\"><\/i><\/td><td class=\"einsatz-column-incidentType\">Brandmeldeanlage<\/td><td class=\"einsatz-column-location\">Erlenbach am Main, S\u00fcdstrasse, M\u00fcllumladedeponie<\/td><\/tr><tr class=\"report\"><td class=\"smallscreen\" colspan=\"7\" data-permalink=\"https:\/\/ffw-erlenbach-stadt.de\/index.php\/einsatzberichte\/thl-tueroeffnung-aktut\/\"><div class=\"annotation-icon-bar\"><i class=\"fa-solid fa-camera\" aria-hidden=\"true\" title=\"Bericht enth\u00e4lt keine Bilder\" style=\"color: #bbb;\"><\/i><\/div><span class=\"einsatz-seqNum\"><strong>Lfd.:<\/strong> 24<\/span><br><span class=\"einsatz-date\"><strong>Datum:<\/strong> 13.04.2018<\/span><br><span class=\"einsatz-time\"><strong>Uhrzeit:<\/strong> 20:45<\/span><br><span class=\"einsatz-title\"><strong>Einsatzmeldung:<\/strong> <a href=\"https:\/\/ffw-erlenbach-stadt.de\/index.php\/einsatzberichte\/thl-tueroeffnung-aktut\/\" rel=\"bookmark\">THL &#8211; T\u00fcr\u00f6ffnung aktut<\/a><\/span><br><span class=\"einsatz-incidentType\"><strong>Einsatzart:<\/strong> T\u00fcr\u00f6ffnung akut<\/span><br><span class=\"einsatz-location\"><strong>Einsatzort:<\/strong> Erlenbach am Main<\/span><br><\/td><td class=\"einsatz-column-seqNum\">24<\/td><td class=\"einsatz-column-date\">13.04.2018<\/td><td class=\"einsatz-column-time\">20:45<\/td><td class=\"einsatz-column-title\"><a href=\"https:\/\/ffw-erlenbach-stadt.de\/index.php\/einsatzberichte\/thl-tueroeffnung-aktut\/\" rel=\"bookmark\">THL &#8211; T\u00fcr\u00f6ffnung aktut<\/a><\/td><td class=\"einsatz-column-annotationImages\"><i class=\"fa-solid fa-camera\" aria-hidden=\"true\" title=\"Bericht enth\u00e4lt keine Bilder\" style=\"color: #bbb;\"><\/i><\/td><td class=\"einsatz-column-incidentType\">T\u00fcr\u00f6ffnung akut<\/td><td class=\"einsatz-column-location\">Erlenbach am Main<\/td><\/tr><tr class=\"report\"><td class=\"smallscreen\" colspan=\"7\" data-permalink=\"https:\/\/ffw-erlenbach-stadt.de\/index.php\/einsatzberichte\/sicherheitsdienst-frakenhalle\/\"><div class=\"annotation-icon-bar\"><i class=\"fa-solid fa-camera\" aria-hidden=\"true\" title=\"Bericht enth\u00e4lt keine Bilder\" style=\"color: #bbb;\"><\/i><\/div><span class=\"einsatz-seqNum\"><strong>Lfd.:<\/strong> 23<\/span><br><span class=\"einsatz-date\"><strong>Datum:<\/strong> 13.04.2018<\/span><br><span class=\"einsatz-time\"><strong>Uhrzeit:<\/strong> 18:30<\/span><br><span class=\"einsatz-title\"><strong>Einsatzmeldung:<\/strong> <a href=\"https:\/\/ffw-erlenbach-stadt.de\/index.php\/einsatzberichte\/sicherheitsdienst-frakenhalle\/\" rel=\"bookmark\">Sicherheitsdienst &#8211; Frankenhalle<\/a><\/span><br><span class=\"einsatz-incidentType\"><strong>Einsatzart:<\/strong> Sicherheitswache<\/span><br><span class=\"einsatz-location\"><strong>Einsatzort:<\/strong> Erlenbach, Dr. Vits Strasse, Frankenhalle<\/span><br><\/td><td class=\"einsatz-column-seqNum\">23<\/td><td class=\"einsatz-column-date\">13.04.2018<\/td><td class=\"einsatz-column-time\">18:30<\/td><td class=\"einsatz-column-title\"><a href=\"https:\/\/ffw-erlenbach-stadt.de\/index.php\/einsatzberichte\/sicherheitsdienst-frakenhalle\/\" rel=\"bookmark\">Sicherheitsdienst &#8211; Frankenhalle<\/a><\/td><td class=\"einsatz-column-annotationImages\"><i class=\"fa-solid fa-camera\" aria-hidden=\"true\" title=\"Bericht enth\u00e4lt keine Bilder\" style=\"color: #bbb;\"><\/i><\/td><td class=\"einsatz-column-incidentType\">Sicherheitswache<\/td><td class=\"einsatz-column-location\">Erlenbach, Dr. Vits Strasse, Frankenhalle<\/td><\/tr><tr class=\"report\"><td class=\"smallscreen\" colspan=\"7\" data-permalink=\"https:\/\/ffw-erlenbach-stadt.de\/index.php\/einsatzberichte\/sicherheitsdienst-frankenhalle-32\/\"><div class=\"annotation-icon-bar\"><i class=\"fa-solid fa-camera\" aria-hidden=\"true\" title=\"Bericht enth\u00e4lt keine Bilder\" style=\"color: #bbb;\"><\/i><\/div><span class=\"einsatz-seqNum\"><strong>Lfd.:<\/strong> 22<\/span><br><span class=\"einsatz-date\"><strong>Datum:<\/strong> 12.04.2018<\/span><br><span class=\"einsatz-time\"><strong>Uhrzeit:<\/strong> 18:30<\/span><br><span class=\"einsatz-title\"><strong>Einsatzmeldung:<\/strong> <a href=\"https:\/\/ffw-erlenbach-stadt.de\/index.php\/einsatzberichte\/sicherheitsdienst-frankenhalle-32\/\" rel=\"bookmark\">Sicherheitsdienst &#8211; Frankenhalle<\/a><\/span><br><span class=\"einsatz-incidentType\"><strong>Einsatzart:<\/strong> Sicherheitswache<\/span><br><span class=\"einsatz-location\"><strong>Einsatzort:<\/strong> Erlenbach am Main, Dr. Vits Strasse, Frakenhalle<\/span><br><\/td><td class=\"einsatz-column-seqNum\">22<\/td><td class=\"einsatz-column-date\">12.04.2018<\/td><td class=\"einsatz-column-time\">18:30<\/td><td class=\"einsatz-column-title\"><a href=\"https:\/\/ffw-erlenbach-stadt.de\/index.php\/einsatzberichte\/sicherheitsdienst-frankenhalle-32\/\" rel=\"bookmark\">Sicherheitsdienst &#8211; Frankenhalle<\/a><\/td><td class=\"einsatz-column-annotationImages\"><i class=\"fa-solid fa-camera\" aria-hidden=\"true\" title=\"Bericht enth\u00e4lt keine Bilder\" style=\"color: #bbb;\"><\/i><\/td><td class=\"einsatz-column-incidentType\">Sicherheitswache<\/td><td class=\"einsatz-column-location\">Erlenbach am Main, Dr. Vits Strasse, Frakenhalle<\/td><\/tr><tr class=\"report\"><td class=\"smallscreen\" colspan=\"7\" data-permalink=\"https:\/\/ffw-erlenbach-stadt.de\/index.php\/einsatzberichte\/sicherheitsdienst-frankenhalle-30\/\"><div class=\"annotation-icon-bar\"><i class=\"fa-solid fa-camera\" aria-hidden=\"true\" title=\"Bericht enth\u00e4lt keine Bilder\" style=\"color: #bbb;\"><\/i><\/div><span class=\"einsatz-seqNum\"><strong>Lfd.:<\/strong> 21<\/span><br><span class=\"einsatz-date\"><strong>Datum:<\/strong> 11.04.2018<\/span><br><span class=\"einsatz-time\"><strong>Uhrzeit:<\/strong> 09:30<\/span><br><span class=\"einsatz-title\"><strong>Einsatzmeldung:<\/strong> <a href=\"https:\/\/ffw-erlenbach-stadt.de\/index.php\/einsatzberichte\/sicherheitsdienst-frankenhalle-30\/\" rel=\"bookmark\">Sicherheitsdienst &#8211; Frankenhalle<\/a><\/span><br><span class=\"einsatz-incidentType\"><strong>Einsatzart:<\/strong> Sicherheitswache<\/span><br><span class=\"einsatz-location\"><strong>Einsatzort:<\/strong> Erlenbach am Main, Dr. Vits Strasse, Frakenhalle<\/span><br><\/td><td class=\"einsatz-column-seqNum\">21<\/td><td class=\"einsatz-column-date\">11.04.2018<\/td><td class=\"einsatz-column-time\">09:30<\/td><td class=\"einsatz-column-title\"><a href=\"https:\/\/ffw-erlenbach-stadt.de\/index.php\/einsatzberichte\/sicherheitsdienst-frankenhalle-30\/\" rel=\"bookmark\">Sicherheitsdienst &#8211; Frankenhalle<\/a><\/td><td class=\"einsatz-column-annotationImages\"><i class=\"fa-solid fa-camera\" aria-hidden=\"true\" title=\"Bericht enth\u00e4lt keine Bilder\" style=\"color: #bbb;\"><\/i><\/td><td class=\"einsatz-column-incidentType\">Sicherheitswache<\/td><td class=\"einsatz-column-location\">Erlenbach am Main, Dr. Vits Strasse, Frakenhalle<\/td><\/tr><tr class=\"report\"><td class=\"smallscreen\" colspan=\"7\" data-permalink=\"https:\/\/ffw-erlenbach-stadt.de\/index.php\/einsatzberichte\/sicherheitsdienst-frankenhalle-31\/\"><div class=\"annotation-icon-bar\"><i class=\"fa-solid fa-camera\" aria-hidden=\"true\" title=\"Bericht enth\u00e4lt keine Bilder\" style=\"color: #bbb;\"><\/i><\/div><span class=\"einsatz-seqNum\"><strong>Lfd.:<\/strong> 20<\/span><br><span class=\"einsatz-date\"><strong>Datum:<\/strong> 11.04.2018<\/span><br><span class=\"einsatz-time\"><strong>Uhrzeit:<\/strong> 08:30<\/span><br><span class=\"einsatz-title\"><strong>Einsatzmeldung:<\/strong> <a href=\"https:\/\/ffw-erlenbach-stadt.de\/index.php\/einsatzberichte\/sicherheitsdienst-frankenhalle-31\/\" rel=\"bookmark\">Sicherheitsdienst &#8211; Frankenhalle<\/a><\/span><br><span class=\"einsatz-incidentType\"><strong>Einsatzart:<\/strong> Sicherheitswache<\/span><br><span class=\"einsatz-location\"><strong>Einsatzort:<\/strong> Erlenbach am Main, Dr. Vits Strasse, Frankenhalle<\/span><br><\/td><td class=\"einsatz-column-seqNum\">20<\/td><td class=\"einsatz-column-date\">11.04.2018<\/td><td class=\"einsatz-column-time\">08:30<\/td><td class=\"einsatz-column-title\"><a href=\"https:\/\/ffw-erlenbach-stadt.de\/index.php\/einsatzberichte\/sicherheitsdienst-frankenhalle-31\/\" rel=\"bookmark\">Sicherheitsdienst &#8211; Frankenhalle<\/a><\/td><td class=\"einsatz-column-annotationImages\"><i class=\"fa-solid fa-camera\" aria-hidden=\"true\" title=\"Bericht enth\u00e4lt keine Bilder\" style=\"color: #bbb;\"><\/i><\/td><td class=\"einsatz-column-incidentType\">Sicherheitswache<\/td><td class=\"einsatz-column-location\">Erlenbach am Main, Dr. Vits Strasse, Frankenhalle<\/td><\/tr><tr class=\"report\"><td class=\"smallscreen\" colspan=\"7\" data-permalink=\"https:\/\/ffw-erlenbach-stadt.de\/index.php\/einsatzberichte\/brandeinsatz-brandgeruch-2\/\"><div class=\"annotation-icon-bar\"><i class=\"fa-solid fa-camera\" aria-hidden=\"true\" title=\"Bericht enth\u00e4lt keine Bilder\" style=\"color: #bbb;\"><\/i><\/div><span class=\"einsatz-seqNum\"><strong>Lfd.:<\/strong> 19<\/span><br><span class=\"einsatz-date\"><strong>Datum:<\/strong> 10.04.2018<\/span><br><span class=\"einsatz-time\"><strong>Uhrzeit:<\/strong> 19:16<\/span><br><span class=\"einsatz-title\"><strong>Einsatzmeldung:<\/strong> <a href=\"https:\/\/ffw-erlenbach-stadt.de\/index.php\/einsatzberichte\/brandeinsatz-brandgeruch-2\/\" rel=\"bookmark\">Brandeinsatz &#8211; B3 \/ Brandgeruch<\/a><\/span><br><span class=\"einsatz-incidentType\"><strong>Einsatzart:<\/strong> Brand<\/span><br><span class=\"einsatz-location\"><strong>Einsatzort:<\/strong> Erlenbach am Main, Lindenstrasse<\/span><br><\/td><td class=\"einsatz-column-seqNum\">19<\/td><td class=\"einsatz-column-date\">10.04.2018<\/td><td class=\"einsatz-column-time\">19:16<\/td><td class=\"einsatz-column-title\"><a href=\"https:\/\/ffw-erlenbach-stadt.de\/index.php\/einsatzberichte\/brandeinsatz-brandgeruch-2\/\" rel=\"bookmark\">Brandeinsatz &#8211; B3 \/ Brandgeruch<\/a><\/td><td class=\"einsatz-column-annotationImages\"><i class=\"fa-solid fa-camera\" aria-hidden=\"true\" title=\"Bericht enth\u00e4lt keine Bilder\" style=\"color: #bbb;\"><\/i><\/td><td class=\"einsatz-column-incidentType\">Brand<\/td><td class=\"einsatz-column-location\">Erlenbach am Main, Lindenstrasse<\/td><\/tr><tr class=\"report\"><td class=\"smallscreen\" colspan=\"7\" data-permalink=\"https:\/\/ffw-erlenbach-stadt.de\/index.php\/einsatzberichte\/brandeinsatz-flaechenbrand-3\/\"><div class=\"annotation-icon-bar\"><i class=\"fa-solid fa-camera\" aria-hidden=\"true\" title=\"Bericht enth\u00e4lt Bilder\" style=\"\"><\/i><\/div><span class=\"einsatz-seqNum\"><strong>Lfd.:<\/strong> 18<\/span><br><span class=\"einsatz-date\"><strong>Datum:<\/strong> 08.04.2018<\/span><br><span class=\"einsatz-time\"><strong>Uhrzeit:<\/strong> 18:08<\/span><br><span class=\"einsatz-title\"><strong>Einsatzmeldung:<\/strong> <a href=\"https:\/\/ffw-erlenbach-stadt.de\/index.php\/einsatzberichte\/brandeinsatz-flaechenbrand-3\/\" rel=\"bookmark\">Brandeinsatz  &#8211; Fl\u00e4chenbrand<\/a><\/span><br><span class=\"einsatz-incidentType\"><strong>Einsatzart:<\/strong> Brand<\/span><br><span class=\"einsatz-location\"><strong>Einsatzort:<\/strong> Erlenbach am Main, Mainhausener Strasse<\/span><br><\/td><td class=\"einsatz-column-seqNum\">18<\/td><td class=\"einsatz-column-date\">08.04.2018<\/td><td class=\"einsatz-column-time\">18:08<\/td><td class=\"einsatz-column-title\"><a href=\"https:\/\/ffw-erlenbach-stadt.de\/index.php\/einsatzberichte\/brandeinsatz-flaechenbrand-3\/\" rel=\"bookmark\">Brandeinsatz  &#8211; Fl\u00e4chenbrand<\/a><\/td><td class=\"einsatz-column-annotationImages\"><i class=\"fa-solid fa-camera\" aria-hidden=\"true\" title=\"Bericht enth\u00e4lt Bilder\" style=\"\"><\/i><\/td><td class=\"einsatz-column-incidentType\">Brand<\/td><td class=\"einsatz-column-location\">Erlenbach am Main, Mainhausener Strasse<\/td><\/tr><tr class=\"report\"><td class=\"smallscreen\" colspan=\"7\" data-permalink=\"https:\/\/ffw-erlenbach-stadt.de\/index.php\/einsatzberichte\/brandmeldeanlage-auflauf-klinikum-erlenbach-6\/\"><div class=\"annotation-icon-bar\"><i class=\"fa-solid fa-camera\" aria-hidden=\"true\" title=\"Bericht enth\u00e4lt Bilder\" style=\"\"><\/i><\/div><span class=\"einsatz-seqNum\"><strong>Lfd.:<\/strong> 17<\/span><br><span class=\"einsatz-date\"><strong>Datum:<\/strong> 30.03.2018<\/span><br><span class=\"einsatz-time\"><strong>Uhrzeit:<\/strong> 19:36<\/span><br><span class=\"einsatz-title\"><strong>Einsatzmeldung:<\/strong> <a href=\"https:\/\/ffw-erlenbach-stadt.de\/index.php\/einsatzberichte\/brandmeldeanlage-auflauf-klinikum-erlenbach-6\/\" rel=\"bookmark\">Brandmeldeanlage-Auflauf \u2013 Klinikum Erlenbach<\/a><\/span><br><span class=\"einsatz-incidentType\"><strong>Einsatzart:<\/strong> Brandmeldeanlage<\/span><br><span class=\"einsatz-location\"><strong>Einsatzort:<\/strong> Erlenbach am Main, Krankenhausstra\u00dfe, Klinikum Erlenbach<\/span><br><\/td><td class=\"einsatz-column-seqNum\">17<\/td><td class=\"einsatz-column-date\">30.03.2018<\/td><td class=\"einsatz-column-time\">19:36<\/td><td class=\"einsatz-column-title\"><a href=\"https:\/\/ffw-erlenbach-stadt.de\/index.php\/einsatzberichte\/brandmeldeanlage-auflauf-klinikum-erlenbach-6\/\" rel=\"bookmark\">Brandmeldeanlage-Auflauf \u2013 Klinikum Erlenbach<\/a><\/td><td class=\"einsatz-column-annotationImages\"><i class=\"fa-solid fa-camera\" aria-hidden=\"true\" title=\"Bericht enth\u00e4lt Bilder\" style=\"\"><\/i><\/td><td class=\"einsatz-column-incidentType\">Brandmeldeanlage<\/td><td class=\"einsatz-column-location\">Erlenbach am Main, Krankenhausstra\u00dfe, Klinikum Erlenbach<\/td><\/tr><tr class=\"report\"><td class=\"smallscreen\" colspan=\"7\" data-permalink=\"https:\/\/ffw-erlenbach-stadt.de\/index.php\/einsatzberichte\/thl-wasserschaden-7\/\"><div class=\"annotation-icon-bar\"><i class=\"fa-solid fa-camera\" aria-hidden=\"true\" title=\"Bericht enth\u00e4lt keine Bilder\" style=\"color: #bbb;\"><\/i><\/div><span class=\"einsatz-seqNum\"><strong>Lfd.:<\/strong> 16<\/span><br><span class=\"einsatz-date\"><strong>Datum:<\/strong> 29.03.2018<\/span><br><span class=\"einsatz-time\"><strong>Uhrzeit:<\/strong> 11:03<\/span><br><span class=\"einsatz-title\"><strong>Einsatzmeldung:<\/strong> <a href=\"https:\/\/ffw-erlenbach-stadt.de\/index.php\/einsatzberichte\/thl-wasserschaden-7\/\" rel=\"bookmark\">THL &#8211; Wasserschaden<\/a><\/span><br><span class=\"einsatz-incidentType\"><strong>Einsatzart:<\/strong> Wasserschaden<\/span><br><span class=\"einsatz-location\"><strong>Einsatzort:<\/strong> Erlenbach am Main, Waldstra\u00dfe<\/span><br><\/td><td class=\"einsatz-column-seqNum\">16<\/td><td class=\"einsatz-column-date\">29.03.2018<\/td><td class=\"einsatz-column-time\">11:03<\/td><td class=\"einsatz-column-title\"><a href=\"https:\/\/ffw-erlenbach-stadt.de\/index.php\/einsatzberichte\/thl-wasserschaden-7\/\" rel=\"bookmark\">THL &#8211; Wasserschaden<\/a><\/td><td class=\"einsatz-column-annotationImages\"><i class=\"fa-solid fa-camera\" aria-hidden=\"true\" title=\"Bericht enth\u00e4lt keine Bilder\" style=\"color: #bbb;\"><\/i><\/td><td class=\"einsatz-column-incidentType\">Wasserschaden<\/td><td class=\"einsatz-column-location\">Erlenbach am Main, Waldstra\u00dfe<\/td><\/tr><tr class=\"report\"><td class=\"smallscreen\" colspan=\"7\" data-permalink=\"https:\/\/ffw-erlenbach-stadt.de\/index.php\/einsatzberichte\/sicherheitswache\/\"><div class=\"annotation-icon-bar\"><i class=\"fa-solid fa-camera\" aria-hidden=\"true\" title=\"Bericht enth\u00e4lt keine Bilder\" style=\"color: #bbb;\"><\/i><\/div><span class=\"einsatz-seqNum\"><strong>Lfd.:<\/strong> 15<\/span><br><span class=\"einsatz-date\"><strong>Datum:<\/strong> 24.03.2018<\/span><br><span class=\"einsatz-time\"><strong>Uhrzeit:<\/strong> 18:30<\/span><br><span class=\"einsatz-title\"><strong>Einsatzmeldung:<\/strong> <a href=\"https:\/\/ffw-erlenbach-stadt.de\/index.php\/einsatzberichte\/sicherheitswache\/\" rel=\"bookmark\">Sicherheitsdienst &#8211; Frankenhalle<\/a><\/span><br><span class=\"einsatz-incidentType\"><strong>Einsatzart:<\/strong> Sicherheitswache<\/span><br><span class=\"einsatz-location\"><strong>Einsatzort:<\/strong> Erlenbach am Main, Dr. Vits Strasse, Frakenhalle<\/span><br><\/td><td class=\"einsatz-column-seqNum\">15<\/td><td class=\"einsatz-column-date\">24.03.2018<\/td><td class=\"einsatz-column-time\">18:30<\/td><td class=\"einsatz-column-title\"><a href=\"https:\/\/ffw-erlenbach-stadt.de\/index.php\/einsatzberichte\/sicherheitswache\/\" rel=\"bookmark\">Sicherheitsdienst &#8211; Frankenhalle<\/a><\/td><td class=\"einsatz-column-annotationImages\"><i class=\"fa-solid fa-camera\" aria-hidden=\"true\" title=\"Bericht enth\u00e4lt keine Bilder\" style=\"color: #bbb;\"><\/i><\/td><td class=\"einsatz-column-incidentType\">Sicherheitswache<\/td><td class=\"einsatz-column-location\">Erlenbach am Main, Dr. Vits Strasse, Frakenhalle<\/td><\/tr><tr class=\"report\"><td class=\"smallscreen\" colspan=\"7\" data-permalink=\"https:\/\/ffw-erlenbach-stadt.de\/index.php\/einsatzberichte\/thl-verkehrsunfall\/\"><div class=\"annotation-icon-bar\"><i class=\"fa-solid fa-camera\" aria-hidden=\"true\" title=\"Bericht enth\u00e4lt Bilder\" style=\"\"><\/i><\/div><span class=\"einsatz-seqNum\"><strong>Lfd.:<\/strong> 14<\/span><br><span class=\"einsatz-date\"><strong>Datum:<\/strong> 18.03.2018<\/span><br><span class=\"einsatz-time\"><strong>Uhrzeit:<\/strong> 12:22<\/span><br><span class=\"einsatz-title\"><strong>Einsatzmeldung:<\/strong> <a href=\"https:\/\/ffw-erlenbach-stadt.de\/index.php\/einsatzberichte\/thl-verkehrsunfall\/\" rel=\"bookmark\">THL &#8211; Verkehrsunfall<\/a><\/span><br><span class=\"einsatz-incidentType\"><strong>Einsatzart:<\/strong> Verkehrsunfall<\/span><br><span class=\"einsatz-location\"><strong>Einsatzort:<\/strong> Mechenhard, Mechenharder Stra\u00dfe<\/span><br><\/td><td class=\"einsatz-column-seqNum\">14<\/td><td class=\"einsatz-column-date\">18.03.2018<\/td><td class=\"einsatz-column-time\">12:22<\/td><td class=\"einsatz-column-title\"><a href=\"https:\/\/ffw-erlenbach-stadt.de\/index.php\/einsatzberichte\/thl-verkehrsunfall\/\" rel=\"bookmark\">THL &#8211; Verkehrsunfall<\/a><\/td><td class=\"einsatz-column-annotationImages\"><i class=\"fa-solid fa-camera\" aria-hidden=\"true\" title=\"Bericht enth\u00e4lt Bilder\" style=\"\"><\/i><\/td><td class=\"einsatz-column-incidentType\">Verkehrsunfall<\/td><td class=\"einsatz-column-location\">Mechenhard, Mechenharder Stra\u00dfe<\/td><\/tr><tr class=\"report\"><td class=\"smallscreen\" colspan=\"7\" data-permalink=\"https:\/\/ffw-erlenbach-stadt.de\/index.php\/einsatzberichte\/thl-wasserschaden-6\/\"><div class=\"annotation-icon-bar\"><i class=\"fa-solid fa-camera\" aria-hidden=\"true\" title=\"Bericht enth\u00e4lt Bilder\" style=\"\"><\/i><\/div><span class=\"einsatz-seqNum\"><strong>Lfd.:<\/strong> 13<\/span><br><span class=\"einsatz-date\"><strong>Datum:<\/strong> 03.03.2018<\/span><br><span class=\"einsatz-time\"><strong>Uhrzeit:<\/strong> 16:03<\/span><br><span class=\"einsatz-title\"><strong>Einsatzmeldung:<\/strong> <a href=\"https:\/\/ffw-erlenbach-stadt.de\/index.php\/einsatzberichte\/thl-wasserschaden-6\/\" rel=\"bookmark\">THL &#8211; Wasserschaden<\/a><\/span><br><span class=\"einsatz-incidentType\"><strong>Einsatzart:<\/strong> Wasserschaden<\/span><br><span class=\"einsatz-location\"><strong>Einsatzort:<\/strong> Erlenbach am Main, Geschwister Scholl Stra\u00dfe \/ Berliner Stra\u00dfe<\/span><br><\/td><td class=\"einsatz-column-seqNum\">13<\/td><td class=\"einsatz-column-date\">03.03.2018<\/td><td class=\"einsatz-column-time\">16:03<\/td><td class=\"einsatz-column-title\"><a href=\"https:\/\/ffw-erlenbach-stadt.de\/index.php\/einsatzberichte\/thl-wasserschaden-6\/\" rel=\"bookmark\">THL &#8211; Wasserschaden<\/a><\/td><td class=\"einsatz-column-annotationImages\"><i class=\"fa-solid fa-camera\" aria-hidden=\"true\" title=\"Bericht enth\u00e4lt Bilder\" style=\"\"><\/i><\/td><td class=\"einsatz-column-incidentType\">Wasserschaden<\/td><td class=\"einsatz-column-location\">Erlenbach am Main, Geschwister Scholl Stra\u00dfe \/ Berliner Stra\u00dfe<\/td><\/tr><tr class=\"report\"><td class=\"smallscreen\" colspan=\"7\" data-permalink=\"https:\/\/ffw-erlenbach-stadt.de\/index.php\/einsatzberichte\/16751\/\"><div class=\"annotation-icon-bar\"><i class=\"fa-solid fa-camera\" aria-hidden=\"true\" title=\"Bericht enth\u00e4lt Bilder\" style=\"\"><\/i><\/div><span class=\"einsatz-seqNum\"><strong>Lfd.:<\/strong> 12<\/span><br><span class=\"einsatz-date\"><strong>Datum:<\/strong> 21.02.2018<\/span><br><span class=\"einsatz-time\"><strong>Uhrzeit:<\/strong> 09:59<\/span><br><span class=\"einsatz-title\"><strong>Einsatzmeldung:<\/strong> <a href=\"https:\/\/ffw-erlenbach-stadt.de\/index.php\/einsatzberichte\/16751\/\" rel=\"bookmark\">Brandeinsatz &#8211; B3<\/a><\/span><br><span class=\"einsatz-incidentType\"><strong>Einsatzart:<\/strong> Brand<\/span><br><span class=\"einsatz-location\"><strong>Einsatzort:<\/strong> Erlenbach am Main, Elsenfelder Stra\u00dfe<\/span><br><\/td><td class=\"einsatz-column-seqNum\">12<\/td><td class=\"einsatz-column-date\">21.02.2018<\/td><td class=\"einsatz-column-time\">09:59<\/td><td class=\"einsatz-column-title\"><a href=\"https:\/\/ffw-erlenbach-stadt.de\/index.php\/einsatzberichte\/16751\/\" rel=\"bookmark\">Brandeinsatz &#8211; B3<\/a><\/td><td class=\"einsatz-column-annotationImages\"><i class=\"fa-solid fa-camera\" aria-hidden=\"true\" title=\"Bericht enth\u00e4lt Bilder\" style=\"\"><\/i><\/td><td class=\"einsatz-column-incidentType\">Brand<\/td><td class=\"einsatz-column-location\">Erlenbach am Main, Elsenfelder Stra\u00dfe<\/td><\/tr><tr class=\"report\"><td class=\"smallscreen\" colspan=\"7\" data-permalink=\"https:\/\/ffw-erlenbach-stadt.de\/index.php\/einsatzberichte\/thl-oelspur-7\/\"><div class=\"annotation-icon-bar\"><i class=\"fa-solid fa-camera\" aria-hidden=\"true\" title=\"Bericht enth\u00e4lt keine Bilder\" style=\"color: #bbb;\"><\/i><\/div><span class=\"einsatz-seqNum\"><strong>Lfd.:<\/strong> 11<\/span><br><span class=\"einsatz-date\"><strong>Datum:<\/strong> 17.02.2018<\/span><br><span class=\"einsatz-time\"><strong>Uhrzeit:<\/strong> 17:56<\/span><br><span class=\"einsatz-title\"><strong>Einsatzmeldung:<\/strong> <a href=\"https:\/\/ffw-erlenbach-stadt.de\/index.php\/einsatzberichte\/thl-oelspur-7\/\" rel=\"bookmark\">THL &#8211; \u00d6lspur<\/a><\/span><br><span class=\"einsatz-incidentType\"><strong>Einsatzart:<\/strong> \u00d6lschaden<\/span><br><span class=\"einsatz-location\"><strong>Einsatzort:<\/strong> Erlenbach am Main, mehrere Stra\u00dfen<\/span><br><\/td><td class=\"einsatz-column-seqNum\">11<\/td><td class=\"einsatz-column-date\">17.02.2018<\/td><td class=\"einsatz-column-time\">17:56<\/td><td class=\"einsatz-column-title\"><a href=\"https:\/\/ffw-erlenbach-stadt.de\/index.php\/einsatzberichte\/thl-oelspur-7\/\" rel=\"bookmark\">THL &#8211; \u00d6lspur<\/a><\/td><td class=\"einsatz-column-annotationImages\"><i class=\"fa-solid fa-camera\" aria-hidden=\"true\" title=\"Bericht enth\u00e4lt keine Bilder\" style=\"color: #bbb;\"><\/i><\/td><td class=\"einsatz-column-incidentType\">\u00d6lschaden<\/td><td class=\"einsatz-column-location\">Erlenbach am Main, mehrere Stra\u00dfen<\/td><\/tr><tr class=\"report\"><td class=\"smallscreen\" colspan=\"7\" data-permalink=\"https:\/\/ffw-erlenbach-stadt.de\/index.php\/einsatzberichte\/thl-rettung-einer-person\/\"><div class=\"annotation-icon-bar\"><i class=\"fa-solid fa-camera\" aria-hidden=\"true\" title=\"Bericht enth\u00e4lt keine Bilder\" style=\"color: #bbb;\"><\/i><\/div><span class=\"einsatz-seqNum\"><strong>Lfd.:<\/strong> 10<\/span><br><span class=\"einsatz-date\"><strong>Datum:<\/strong> 26.01.2018<\/span><br><span class=\"einsatz-time\"><strong>Uhrzeit:<\/strong> 11:30<\/span><br><span class=\"einsatz-title\"><strong>Einsatzmeldung:<\/strong> <a href=\"https:\/\/ffw-erlenbach-stadt.de\/index.php\/einsatzberichte\/thl-rettung-einer-person\/\" rel=\"bookmark\">THL &#8211; Rettung einer Person<\/a><\/span><br><span class=\"einsatz-incidentType\"><strong>Einsatzart:<\/strong> THL - Person in Gefahr<\/span><br><span class=\"einsatz-location\"><strong>Einsatzort:<\/strong> Erlenbach am Main<\/span><br><\/td><td class=\"einsatz-column-seqNum\">10<\/td><td class=\"einsatz-column-date\">26.01.2018<\/td><td class=\"einsatz-column-time\">11:30<\/td><td class=\"einsatz-column-title\"><a href=\"https:\/\/ffw-erlenbach-stadt.de\/index.php\/einsatzberichte\/thl-rettung-einer-person\/\" rel=\"bookmark\">THL &#8211; Rettung einer Person<\/a><\/td><td class=\"einsatz-column-annotationImages\"><i class=\"fa-solid fa-camera\" aria-hidden=\"true\" title=\"Bericht enth\u00e4lt keine Bilder\" style=\"color: #bbb;\"><\/i><\/td><td class=\"einsatz-column-incidentType\">THL - Person in Gefahr<\/td><td class=\"einsatz-column-location\">Erlenbach am Main<\/td><\/tr><tr class=\"report\"><td class=\"smallscreen\" colspan=\"7\" data-permalink=\"https:\/\/ffw-erlenbach-stadt.de\/index.php\/einsatzberichte\/brandeinsatz-rauchentwicklung-6\/\"><div class=\"annotation-icon-bar\"><i class=\"fa-solid fa-camera\" aria-hidden=\"true\" title=\"Bericht enth\u00e4lt keine Bilder\" style=\"color: #bbb;\"><\/i><\/div><span class=\"einsatz-seqNum\"><strong>Lfd.:<\/strong> 9<\/span><br><span class=\"einsatz-date\"><strong>Datum:<\/strong> 25.01.2018<\/span><br><span class=\"einsatz-time\"><strong>Uhrzeit:<\/strong> 17:51<\/span><br><span class=\"einsatz-title\"><strong>Einsatzmeldung:<\/strong> <a href=\"https:\/\/ffw-erlenbach-stadt.de\/index.php\/einsatzberichte\/brandeinsatz-rauchentwicklung-6\/\" rel=\"bookmark\">Brandeinsatz &#8211; Rauchentwicklung<\/a><\/span><br><span class=\"einsatz-incidentType\"><strong>Einsatzart:<\/strong> Brand<\/span><br><span class=\"einsatz-location\"><strong>Einsatzort:<\/strong> Erlenbach am Main, Dr. Gammert Stra\u00dfe<\/span><br><\/td><td class=\"einsatz-column-seqNum\">9<\/td><td class=\"einsatz-column-date\">25.01.2018<\/td><td class=\"einsatz-column-time\">17:51<\/td><td class=\"einsatz-column-title\"><a href=\"https:\/\/ffw-erlenbach-stadt.de\/index.php\/einsatzberichte\/brandeinsatz-rauchentwicklung-6\/\" rel=\"bookmark\">Brandeinsatz &#8211; Rauchentwicklung<\/a><\/td><td class=\"einsatz-column-annotationImages\"><i class=\"fa-solid fa-camera\" aria-hidden=\"true\" title=\"Bericht enth\u00e4lt keine Bilder\" style=\"color: #bbb;\"><\/i><\/td><td class=\"einsatz-column-incidentType\">Brand<\/td><td class=\"einsatz-column-location\">Erlenbach am Main, Dr. Gammert Stra\u00dfe<\/td><\/tr><tr class=\"report\"><td class=\"smallscreen\" colspan=\"7\" data-permalink=\"https:\/\/ffw-erlenbach-stadt.de\/index.php\/einsatzberichte\/thl-oelspur-6\/\"><div class=\"annotation-icon-bar\"><i class=\"fa-solid fa-camera\" aria-hidden=\"true\" title=\"Bericht enth\u00e4lt keine Bilder\" style=\"color: #bbb;\"><\/i><\/div><span class=\"einsatz-seqNum\"><strong>Lfd.:<\/strong> 8<\/span><br><span class=\"einsatz-date\"><strong>Datum:<\/strong> 25.01.2018<\/span><br><span class=\"einsatz-time\"><strong>Uhrzeit:<\/strong> 16:00<\/span><br><span class=\"einsatz-title\"><strong>Einsatzmeldung:<\/strong> <a href=\"https:\/\/ffw-erlenbach-stadt.de\/index.php\/einsatzberichte\/thl-oelspur-6\/\" rel=\"bookmark\">THL &#8211; \u00d6lspur<\/a><\/span><br><span class=\"einsatz-incidentType\"><strong>Einsatzart:<\/strong> \u00d6lschaden<\/span><br><span class=\"einsatz-location\"><strong>Einsatzort:<\/strong> Erlenbach am Main, Barbarossa Stra\u00dfe<\/span><br><\/td><td class=\"einsatz-column-seqNum\">8<\/td><td class=\"einsatz-column-date\">25.01.2018<\/td><td class=\"einsatz-column-time\">16:00<\/td><td class=\"einsatz-column-title\"><a href=\"https:\/\/ffw-erlenbach-stadt.de\/index.php\/einsatzberichte\/thl-oelspur-6\/\" rel=\"bookmark\">THL &#8211; \u00d6lspur<\/a><\/td><td class=\"einsatz-column-annotationImages\"><i class=\"fa-solid fa-camera\" aria-hidden=\"true\" title=\"Bericht enth\u00e4lt keine Bilder\" style=\"color: #bbb;\"><\/i><\/td><td class=\"einsatz-column-incidentType\">\u00d6lschaden<\/td><td class=\"einsatz-column-location\">Erlenbach am Main, Barbarossa Stra\u00dfe<\/td><\/tr><tr class=\"report\"><td class=\"smallscreen\" colspan=\"7\" data-permalink=\"https:\/\/ffw-erlenbach-stadt.de\/index.php\/einsatzberichte\/thl-sturmschaden\/\"><div class=\"annotation-icon-bar\"><i class=\"fa-solid fa-camera\" aria-hidden=\"true\" title=\"Bericht enth\u00e4lt Bilder\" style=\"\"><\/i><\/div><span class=\"einsatz-seqNum\"><strong>Lfd.:<\/strong> 7<\/span><br><span class=\"einsatz-date\"><strong>Datum:<\/strong> 20.01.2018<\/span><br><span class=\"einsatz-time\"><strong>Uhrzeit:<\/strong> 09:56<\/span><br><span class=\"einsatz-title\"><strong>Einsatzmeldung:<\/strong> <a href=\"https:\/\/ffw-erlenbach-stadt.de\/index.php\/einsatzberichte\/thl-sturmschaden\/\" rel=\"bookmark\">THL &#8211; Sturmschaden<\/a><\/span><br><span class=\"einsatz-incidentType\"><strong>Einsatzart:<\/strong> Unwetter<\/span><br><span class=\"einsatz-location\"><strong>Einsatzort:<\/strong> Erlenbach am Main, Mainhausener Strasse<\/span><br><\/td><td class=\"einsatz-column-seqNum\">7<\/td><td class=\"einsatz-column-date\">20.01.2018<\/td><td class=\"einsatz-column-time\">09:56<\/td><td class=\"einsatz-column-title\"><a href=\"https:\/\/ffw-erlenbach-stadt.de\/index.php\/einsatzberichte\/thl-sturmschaden\/\" rel=\"bookmark\">THL &#8211; Sturmschaden<\/a><\/td><td class=\"einsatz-column-annotationImages\"><i class=\"fa-solid fa-camera\" aria-hidden=\"true\" title=\"Bericht enth\u00e4lt Bilder\" style=\"\"><\/i><\/td><td class=\"einsatz-column-incidentType\">Unwetter<\/td><td class=\"einsatz-column-location\">Erlenbach am Main, Mainhausener Strasse<\/td><\/tr><tr class=\"report\"><td class=\"smallscreen\" colspan=\"7\" data-permalink=\"https:\/\/ffw-erlenbach-stadt.de\/index.php\/einsatzberichte\/thl-tueroeffnung\/\"><div class=\"annotation-icon-bar\"><i class=\"fa-solid fa-camera\" aria-hidden=\"true\" title=\"Bericht enth\u00e4lt keine Bilder\" style=\"color: #bbb;\"><\/i><\/div><span class=\"einsatz-seqNum\"><strong>Lfd.:<\/strong> 6<\/span><br><span class=\"einsatz-date\"><strong>Datum:<\/strong> 16.01.2018<\/span><br><span class=\"einsatz-time\"><strong>Uhrzeit:<\/strong> 18:48<\/span><br><span class=\"einsatz-title\"><strong>Einsatzmeldung:<\/strong> <a href=\"https:\/\/ffw-erlenbach-stadt.de\/index.php\/einsatzberichte\/thl-tueroeffnung\/\" rel=\"bookmark\">THL &#8211; T\u00fcr\u00f6ffnung<\/a><\/span><br><span class=\"einsatz-incidentType\"><strong>Einsatzart:<\/strong> T\u00fcr\u00f6ffnung<\/span><br><span class=\"einsatz-location\"><strong>Einsatzort:<\/strong> Erlenbach am Main<\/span><br><\/td><td class=\"einsatz-column-seqNum\">6<\/td><td class=\"einsatz-column-date\">16.01.2018<\/td><td class=\"einsatz-column-time\">18:48<\/td><td class=\"einsatz-column-title\"><a href=\"https:\/\/ffw-erlenbach-stadt.de\/index.php\/einsatzberichte\/thl-tueroeffnung\/\" rel=\"bookmark\">THL &#8211; T\u00fcr\u00f6ffnung<\/a><\/td><td class=\"einsatz-column-annotationImages\"><i class=\"fa-solid fa-camera\" aria-hidden=\"true\" title=\"Bericht enth\u00e4lt keine Bilder\" style=\"color: #bbb;\"><\/i><\/td><td class=\"einsatz-column-incidentType\">T\u00fcr\u00f6ffnung<\/td><td class=\"einsatz-column-location\">Erlenbach am Main<\/td><\/tr><tr class=\"report\"><td class=\"smallscreen\" colspan=\"7\" data-permalink=\"https:\/\/ffw-erlenbach-stadt.de\/index.php\/einsatzberichte\/thl-notfalltueroeffnung-10\/\"><div class=\"annotation-icon-bar\"><i class=\"fa-solid fa-camera\" aria-hidden=\"true\" title=\"Bericht enth\u00e4lt keine Bilder\" style=\"color: #bbb;\"><\/i><\/div><span class=\"einsatz-seqNum\"><strong>Lfd.:<\/strong> 5<\/span><br><span class=\"einsatz-date\"><strong>Datum:<\/strong> 09.01.2018<\/span><br><span class=\"einsatz-time\"><strong>Uhrzeit:<\/strong> 07:35<\/span><br><span class=\"einsatz-title\"><strong>Einsatzmeldung:<\/strong> <a href=\"https:\/\/ffw-erlenbach-stadt.de\/index.php\/einsatzberichte\/thl-notfalltueroeffnung-10\/\" rel=\"bookmark\">THL &#8211; Notfallt\u00fcr\u00f6ffnung<\/a><\/span><br><span class=\"einsatz-incidentType\"><strong>Einsatzart:<\/strong> T\u00fcr\u00f6ffnung akut<\/span><br><span class=\"einsatz-location\"><strong>Einsatzort:<\/strong> Erlenbach am Main<\/span><br><\/td><td class=\"einsatz-column-seqNum\">5<\/td><td class=\"einsatz-column-date\">09.01.2018<\/td><td class=\"einsatz-column-time\">07:35<\/td><td class=\"einsatz-column-title\"><a href=\"https:\/\/ffw-erlenbach-stadt.de\/index.php\/einsatzberichte\/thl-notfalltueroeffnung-10\/\" rel=\"bookmark\">THL &#8211; Notfallt\u00fcr\u00f6ffnung<\/a><\/td><td class=\"einsatz-column-annotationImages\"><i class=\"fa-solid fa-camera\" aria-hidden=\"true\" title=\"Bericht enth\u00e4lt keine Bilder\" style=\"color: #bbb;\"><\/i><\/td><td class=\"einsatz-column-incidentType\">T\u00fcr\u00f6ffnung akut<\/td><td class=\"einsatz-column-location\">Erlenbach am Main<\/td><\/tr><tr class=\"report\"><td class=\"smallscreen\" colspan=\"7\" data-permalink=\"https:\/\/ffw-erlenbach-stadt.de\/index.php\/einsatzberichte\/thl-notfalltueroeffnung-9\/\"><div class=\"annotation-icon-bar\"><i class=\"fa-solid fa-camera\" aria-hidden=\"true\" title=\"Bericht enth\u00e4lt keine Bilder\" style=\"color: #bbb;\"><\/i><\/div><span class=\"einsatz-seqNum\"><strong>Lfd.:<\/strong> 4<\/span><br><span class=\"einsatz-date\"><strong>Datum:<\/strong> 04.01.2018<\/span><br><span class=\"einsatz-time\"><strong>Uhrzeit:<\/strong> 20:04<\/span><br><span class=\"einsatz-title\"><strong>Einsatzmeldung:<\/strong> <a href=\"https:\/\/ffw-erlenbach-stadt.de\/index.php\/einsatzberichte\/thl-notfalltueroeffnung-9\/\" rel=\"bookmark\">THL &#8211; Notfallt\u00fcr\u00f6ffnung<\/a><\/span><br><span class=\"einsatz-incidentType\"><strong>Einsatzart:<\/strong> T\u00fcr\u00f6ffnung akut<\/span><br><span class=\"einsatz-location\"><strong>Einsatzort:<\/strong> Erlenbach am Main<\/span><br><\/td><td class=\"einsatz-column-seqNum\">4<\/td><td class=\"einsatz-column-date\">04.01.2018<\/td><td class=\"einsatz-column-time\">20:04<\/td><td class=\"einsatz-column-title\"><a href=\"https:\/\/ffw-erlenbach-stadt.de\/index.php\/einsatzberichte\/thl-notfalltueroeffnung-9\/\" rel=\"bookmark\">THL &#8211; Notfallt\u00fcr\u00f6ffnung<\/a><\/td><td class=\"einsatz-column-annotationImages\"><i class=\"fa-solid fa-camera\" aria-hidden=\"true\" title=\"Bericht enth\u00e4lt keine Bilder\" style=\"color: #bbb;\"><\/i><\/td><td class=\"einsatz-column-incidentType\">T\u00fcr\u00f6ffnung akut<\/td><td class=\"einsatz-column-location\">Erlenbach am Main<\/td><\/tr><tr class=\"report\"><td class=\"smallscreen\" colspan=\"7\" data-permalink=\"https:\/\/ffw-erlenbach-stadt.de\/index.php\/einsatzberichte\/thl-unwetter-12\/\"><div class=\"annotation-icon-bar\"><i class=\"fa-solid fa-camera\" aria-hidden=\"true\" title=\"Bericht enth\u00e4lt keine Bilder\" style=\"color: #bbb;\"><\/i><\/div><span class=\"einsatz-seqNum\"><strong>Lfd.:<\/strong> 3<\/span><br><span class=\"einsatz-date\"><strong>Datum:<\/strong> 03.01.2018<\/span><br><span class=\"einsatz-time\"><strong>Uhrzeit:<\/strong> 08:03<\/span><br><span class=\"einsatz-title\"><strong>Einsatzmeldung:<\/strong> <a href=\"https:\/\/ffw-erlenbach-stadt.de\/index.php\/einsatzberichte\/thl-unwetter-12\/\" rel=\"bookmark\">THL &#8211; Unwetter<\/a><\/span><br><span class=\"einsatz-incidentType\"><strong>Einsatzart:<\/strong> Unwetter<\/span><br><span class=\"einsatz-location\"><strong>Einsatzort:<\/strong> Erlenbach am Main, Mainhausener Strasse<\/span><br><\/td><td class=\"einsatz-column-seqNum\">3<\/td><td class=\"einsatz-column-date\">03.01.2018<\/td><td class=\"einsatz-column-time\">08:03<\/td><td class=\"einsatz-column-title\"><a href=\"https:\/\/ffw-erlenbach-stadt.de\/index.php\/einsatzberichte\/thl-unwetter-12\/\" rel=\"bookmark\">THL &#8211; Unwetter<\/a><\/td><td class=\"einsatz-column-annotationImages\"><i class=\"fa-solid fa-camera\" aria-hidden=\"true\" title=\"Bericht enth\u00e4lt keine Bilder\" style=\"color: #bbb;\"><\/i><\/td><td class=\"einsatz-column-incidentType\">Unwetter<\/td><td class=\"einsatz-column-location\">Erlenbach am Main, Mainhausener Strasse<\/td><\/tr><tr class=\"report\"><td class=\"smallscreen\" colspan=\"7\" data-permalink=\"https:\/\/ffw-erlenbach-stadt.de\/index.php\/einsatzberichte\/brandeinsatz-kleinbrand-6\/\"><div class=\"annotation-icon-bar\"><i class=\"fa-solid fa-camera\" aria-hidden=\"true\" title=\"Bericht enth\u00e4lt keine Bilder\" style=\"color: #bbb;\"><\/i><\/div><span class=\"einsatz-seqNum\"><strong>Lfd.:<\/strong> 2<\/span><br><span class=\"einsatz-date\"><strong>Datum:<\/strong> 01.01.2018<\/span><br><span class=\"einsatz-time\"><strong>Uhrzeit:<\/strong> 01:15<\/span><br><span class=\"einsatz-title\"><strong>Einsatzmeldung:<\/strong> <a href=\"https:\/\/ffw-erlenbach-stadt.de\/index.php\/einsatzberichte\/brandeinsatz-kleinbrand-6\/\" rel=\"bookmark\">Brandeinsatz &#8211; Kleinbrand<\/a><\/span><br><span class=\"einsatz-incidentType\"><strong>Einsatzart:<\/strong> Brand<\/span><br><span class=\"einsatz-location\"><strong>Einsatzort:<\/strong> Erlenbach am Main, Dr. Vits Strasse, Parkplatz B\u00fcrgerkeller<\/span><br><\/td><td class=\"einsatz-column-seqNum\">2<\/td><td class=\"einsatz-column-date\">01.01.2018<\/td><td class=\"einsatz-column-time\">01:15<\/td><td class=\"einsatz-column-title\"><a href=\"https:\/\/ffw-erlenbach-stadt.de\/index.php\/einsatzberichte\/brandeinsatz-kleinbrand-6\/\" rel=\"bookmark\">Brandeinsatz &#8211; Kleinbrand<\/a><\/td><td class=\"einsatz-column-annotationImages\"><i class=\"fa-solid fa-camera\" aria-hidden=\"true\" title=\"Bericht enth\u00e4lt keine Bilder\" style=\"color: #bbb;\"><\/i><\/td><td class=\"einsatz-column-incidentType\">Brand<\/td><td class=\"einsatz-column-location\">Erlenbach am Main, Dr. Vits Strasse, Parkplatz B\u00fcrgerkeller<\/td><\/tr><tr class=\"report\"><td class=\"smallscreen\" colspan=\"7\" data-permalink=\"https:\/\/ffw-erlenbach-stadt.de\/index.php\/einsatzberichte\/brandeinsatz-kleinbrand-5\/\"><div class=\"annotation-icon-bar\"><i class=\"fa-solid fa-camera\" aria-hidden=\"true\" title=\"Bericht enth\u00e4lt keine Bilder\" style=\"color: #bbb;\"><\/i><\/div><span class=\"einsatz-seqNum\"><strong>Lfd.:<\/strong> 1<\/span><br><span class=\"einsatz-date\"><strong>Datum:<\/strong> 01.01.2018<\/span><br><span class=\"einsatz-time\"><strong>Uhrzeit:<\/strong> 01:08<\/span><br><span class=\"einsatz-title\"><strong>Einsatzmeldung:<\/strong> <a href=\"https:\/\/ffw-erlenbach-stadt.de\/index.php\/einsatzberichte\/brandeinsatz-kleinbrand-5\/\" rel=\"bookmark\">Brandeinsatz &#8211; Kleinbrand<\/a><\/span><br><span class=\"einsatz-incidentType\"><strong>Einsatzart:<\/strong> Brand<\/span><br><span class=\"einsatz-location\"><strong>Einsatzort:<\/strong> Erlenbach am Main, Dr. Vits Strasse<\/span><br><\/td><td class=\"einsatz-column-seqNum\">1<\/td><td class=\"einsatz-column-date\">01.01.2018<\/td><td class=\"einsatz-column-time\">01:08<\/td><td class=\"einsatz-column-title\"><a href=\"https:\/\/ffw-erlenbach-stadt.de\/index.php\/einsatzberichte\/brandeinsatz-kleinbrand-5\/\" rel=\"bookmark\">Brandeinsatz &#8211; Kleinbrand<\/a><\/td><td class=\"einsatz-column-annotationImages\"><i class=\"fa-solid fa-camera\" aria-hidden=\"true\" title=\"Bericht enth\u00e4lt keine Bilder\" style=\"color: #bbb;\"><\/i><\/td><td class=\"einsatz-column-incidentType\">Brand<\/td><td class=\"einsatz-column-location\">Erlenbach am Main, Dr. Vits Strasse<\/td><\/tr><\/tbody><\/table>","protected":false},"excerpt":{"rendered":"","protected":false},"author":1,"featured_media":0,"parent":76,"menu_order":3,"comment_status":"closed","ping_status":"closed","template":"","meta":{"ngg_post_thumbnail":0,"footnotes":""},"class_list":["post-17436","page","type-page","status-publish","hentry"],"_links":{"self":[{"href":"https:\/\/ffw-erlenbach-stadt.de\/index.php\/wp-json\/wp\/v2\/pages\/17436","targetHints":{"allow":["GET"]}}],"collection":[{"href":"https:\/\/ffw-erlenbach-stadt.de\/index.php\/wp-json\/wp\/v2\/pages"}],"about":[{"href":"https:\/\/ffw-erlenbach-stadt.de\/index.php\/wp-json\/wp\/v2\/types\/page"}],"author":[{"embeddable":true,"href":"https:\/\/ffw-erlenbach-stadt.de\/index.php\/wp-json\/wp\/v2\/users\/1"}],"replies":[{"embeddable":true,"href":"https:\/\/ffw-erlenbach-stadt.de\/index.php\/wp-json\/wp\/v2\/comments?post=17436"}],"version-history":[{"count":2,"href":"https:\/\/ffw-erlenbach-stadt.de\/index.php\/wp-json\/wp\/v2\/pages\/17436\/revisions"}],"predecessor-version":[{"id":21010,"href":"https:\/\/ffw-erlenbach-stadt.de\/index.php\/wp-json\/wp\/v2\/pages\/17436\/revisions\/21010"}],"up":[{"embeddable":true,"href":"https:\/\/ffw-erlenbach-stadt.de\/index.php\/wp-json\/wp\/v2\/pages\/76"}],"wp:attachment":[{"href":"https:\/\/ffw-erlenbach-stadt.de\/index.php\/wp-json\/wp\/v2\/media?parent=17436"}],"curies":[{"name":"wp","href":"https:\/\/api.w.org\/{rel}","templated":true}]}}