{"id":406,"date":"2014-01-06T10:40:00","date_gmt":"2014-01-06T09:40:00","guid":{"rendered":"http:\/\/web3.ffw-erlenbach-stadt.de\/index.php\/einsatzberichte\/2014002\/"},"modified":"2019-04-05T14:58:18","modified_gmt":"2019-04-05T12:58:18","slug":"verkehrsunfall-1-pkw-7","status":"publish","type":"einsatz","link":"https:\/\/ffw-erlenbach-stadt.de\/index.php\/einsatzberichte\/verkehrsunfall-1-pkw-7\/","title":{"rendered":"Verkehrsunfall &#8211; 1 PKW"},"content":{"rendered":"<p><em>Unfall: PKW f\u00e4hrt in Familie, Vater, Mutter und Tochter in Mechenhard schwer verletzt &#8211; Unfallursache unklar<\/em><\/p>\n<p><em>Bei einen gemeinsamen Spaziergang hatten sie keine Chance, dem Ungl\u00fcck zu entgehen: Am Vormittag des Dreik\u00f6nig-Feiertags ist im Erlenbacher Ortsteil Mechenhard ein PKW in eine dreik\u00f6pfige Familie gefahren. Vater, Mutter und Tochter erleiden schwerste Verletzungen.<\/em><\/p>\n<p><em>Weshalb der Opelfahrer die Kontrolle \u00fcber seinen Corsa verloren hat, kann die Polizei bislang nicht sagen. Die \u00bbMechenharder Stra\u00dfe\u00ab aus Richtung Erlenbach f\u00fchrt aus dem Wald direkt in den Ortsteil Mechenhard hinein. Nur leicht kr\u00fcmmt sich die Fahrbahn dabei in eine Rechtskurve. Neben der linken Stra\u00dfenseite stehen drei H\u00e4user direkt nebeneinander, davor in einer Einbuchtung ist eine Bushaltestelle. Genau dort auf dem Gehweg l\u00e4uft die Erlenbacher Familie am Montag gegen 10 Uhr, als der Opel in den Ortsteil einf\u00e4hrt und nach links von der Fahrbahn abkommt. Erst erfasst das Auto die Familie, dann kracht es gegen eine Grundst\u00fccksmauer.<\/em><\/p>\n<p><em>Die Feuerwehren sicherten die Unfallstelle ab, nahmen das ausgelaufene \u00d6l auf und mehere beruflich medizinisch ausgebildete Feuerwehrkameraden halfen bei der Erstversogung der Verletzen.<\/em><\/p>\n<p>&nbsp;<\/p>\n<p><!-- default-view.php -->\n<div\n\tclass=\"ngg-galleryoverview default-view\n\t ngg-ajax-pagination-none\t\"\n\tid=\"ngg-gallery-0b48b48b1e70974c847630805c9a3cae-1\"\n\tdata-gallery-id=\"92\">\n\n\t\t<!-- Thumbnails -->\n\t\t\t\t<div id=\"ngg-image-0\" class=\"ngg-gallery-thumbnail-box\n\t\t\t\t\t\t\t\t\t\t\t\"\n\t\t\t>\n\t\t\t\t\t\t<div class=\"ngg-gallery-thumbnail\">\n\t\t\t<a href=\"https:\/\/ffw-erlenbach-stadt.de\/wp-content\/gallery\/einsatzbilder06012014\/1.jpg\"\n\t\t\t\ttitle=\"\"\n\t\t\t\tdata-src=\"https:\/\/ffw-erlenbach-stadt.de\/wp-content\/gallery\/einsatzbilder06012014\/1.jpg\"\n\t\t\t\tdata-thumbnail=\"https:\/\/ffw-erlenbach-stadt.de\/wp-content\/gallery\/einsatzbilder06012014\/thumbs\/thumbs_1.jpg\"\n\t\t\t\tdata-image-id=\"855\"\n\t\t\t\tdata-title=\"1\"\n\t\t\t\tdata-description=\"\"\n\t\t\t\tdata-image-slug=\"1-30\"\n\t\t\t\t\t\t\t\t\t\t\t\t\t\t\t\t\t\t\t\tclass=\"ngg-fancybox\" rel=\"0b48b48b1e70974c847630805c9a3cae\">\n\t\t\t\t\t\t\t\t<img\n\t\t\t\t\ttitle=\"1\"\n\t\t\t\t\talt=\"1\"\n\t\t\t\t\tsrc=\"https:\/\/ffw-erlenbach-stadt.de\/wp-content\/gallery\/einsatzbilder06012014\/thumbs\/thumbs_1.jpg\"\n\t\t\t\t\twidth=\"240\"\n\t\t\t\t\theight=\"160\"\n\t\t\t\t\tstyle=\"max-width:100%;\"\n\t\t\t\t\/>\n\t\t\t<\/a>\n\t\t<\/div>\n\t\t\t\t\t\t\t<\/div>\n\t\t\t\n\t\t\t\t<div id=\"ngg-image-1\" class=\"ngg-gallery-thumbnail-box\n\t\t\t\t\t\t\t\t\t\t\t\"\n\t\t\t>\n\t\t\t\t\t\t<div class=\"ngg-gallery-thumbnail\">\n\t\t\t<a href=\"https:\/\/ffw-erlenbach-stadt.de\/wp-content\/gallery\/einsatzbilder06012014\/2.jpg\"\n\t\t\t\ttitle=\"\"\n\t\t\t\tdata-src=\"https:\/\/ffw-erlenbach-stadt.de\/wp-content\/gallery\/einsatzbilder06012014\/2.jpg\"\n\t\t\t\tdata-thumbnail=\"https:\/\/ffw-erlenbach-stadt.de\/wp-content\/gallery\/einsatzbilder06012014\/thumbs\/thumbs_2.jpg\"\n\t\t\t\tdata-image-id=\"856\"\n\t\t\t\tdata-title=\"2\"\n\t\t\t\tdata-description=\"\"\n\t\t\t\tdata-image-slug=\"2-30\"\n\t\t\t\t\t\t\t\t\t\t\t\t\t\t\t\t\t\t\t\tclass=\"ngg-fancybox\" rel=\"0b48b48b1e70974c847630805c9a3cae\">\n\t\t\t\t\t\t\t\t<img\n\t\t\t\t\ttitle=\"2\"\n\t\t\t\t\talt=\"2\"\n\t\t\t\t\tsrc=\"https:\/\/ffw-erlenbach-stadt.de\/wp-content\/gallery\/einsatzbilder06012014\/thumbs\/thumbs_2.jpg\"\n\t\t\t\t\twidth=\"240\"\n\t\t\t\t\theight=\"160\"\n\t\t\t\t\tstyle=\"max-width:100%;\"\n\t\t\t\t\/>\n\t\t\t<\/a>\n\t\t<\/div>\n\t\t\t\t\t\t\t<\/div>\n\t\t\t\n\t\t\t\t<div id=\"ngg-image-2\" class=\"ngg-gallery-thumbnail-box\n\t\t\t\t\t\t\t\t\t\t\t\"\n\t\t\t>\n\t\t\t\t\t\t<div class=\"ngg-gallery-thumbnail\">\n\t\t\t<a href=\"https:\/\/ffw-erlenbach-stadt.de\/wp-content\/gallery\/einsatzbilder06012014\/3.jpg\"\n\t\t\t\ttitle=\"\"\n\t\t\t\tdata-src=\"https:\/\/ffw-erlenbach-stadt.de\/wp-content\/gallery\/einsatzbilder06012014\/3.jpg\"\n\t\t\t\tdata-thumbnail=\"https:\/\/ffw-erlenbach-stadt.de\/wp-content\/gallery\/einsatzbilder06012014\/thumbs\/thumbs_3.jpg\"\n\t\t\t\tdata-image-id=\"857\"\n\t\t\t\tdata-title=\"3\"\n\t\t\t\tdata-description=\"\"\n\t\t\t\tdata-image-slug=\"3-27\"\n\t\t\t\t\t\t\t\t\t\t\t\t\t\t\t\t\t\t\t\tclass=\"ngg-fancybox\" rel=\"0b48b48b1e70974c847630805c9a3cae\">\n\t\t\t\t\t\t\t\t<img\n\t\t\t\t\ttitle=\"3\"\n\t\t\t\t\talt=\"3\"\n\t\t\t\t\tsrc=\"https:\/\/ffw-erlenbach-stadt.de\/wp-content\/gallery\/einsatzbilder06012014\/thumbs\/thumbs_3.jpg\"\n\t\t\t\t\twidth=\"240\"\n\t\t\t\t\theight=\"160\"\n\t\t\t\t\tstyle=\"max-width:100%;\"\n\t\t\t\t\/>\n\t\t\t<\/a>\n\t\t<\/div>\n\t\t\t\t\t\t\t<\/div>\n\t\t\t\n\t\t\t\t<div id=\"ngg-image-3\" class=\"ngg-gallery-thumbnail-box\n\t\t\t\t\t\t\t\t\t\t\t\"\n\t\t\t>\n\t\t\t\t\t\t<div class=\"ngg-gallery-thumbnail\">\n\t\t\t<a href=\"https:\/\/ffw-erlenbach-stadt.de\/wp-content\/gallery\/einsatzbilder06012014\/4.jpg\"\n\t\t\t\ttitle=\"\"\n\t\t\t\tdata-src=\"https:\/\/ffw-erlenbach-stadt.de\/wp-content\/gallery\/einsatzbilder06012014\/4.jpg\"\n\t\t\t\tdata-thumbnail=\"https:\/\/ffw-erlenbach-stadt.de\/wp-content\/gallery\/einsatzbilder06012014\/thumbs\/thumbs_4.jpg\"\n\t\t\t\tdata-image-id=\"858\"\n\t\t\t\tdata-title=\"4\"\n\t\t\t\tdata-description=\"\"\n\t\t\t\tdata-image-slug=\"4-24\"\n\t\t\t\t\t\t\t\t\t\t\t\t\t\t\t\t\t\t\t\tclass=\"ngg-fancybox\" rel=\"0b48b48b1e70974c847630805c9a3cae\">\n\t\t\t\t\t\t\t\t<img\n\t\t\t\t\ttitle=\"4\"\n\t\t\t\t\talt=\"4\"\n\t\t\t\t\tsrc=\"https:\/\/ffw-erlenbach-stadt.de\/wp-content\/gallery\/einsatzbilder06012014\/thumbs\/thumbs_4.jpg\"\n\t\t\t\t\twidth=\"240\"\n\t\t\t\t\theight=\"160\"\n\t\t\t\t\tstyle=\"max-width:100%;\"\n\t\t\t\t\/>\n\t\t\t<\/a>\n\t\t<\/div>\n\t\t\t\t\t\t\t<\/div>\n\t\t\t\n\t\t\t\t<div id=\"ngg-image-4\" class=\"ngg-gallery-thumbnail-box\n\t\t\t\t\t\t\t\t\t\t\t\"\n\t\t\t>\n\t\t\t\t\t\t<div class=\"ngg-gallery-thumbnail\">\n\t\t\t<a href=\"https:\/\/ffw-erlenbach-stadt.de\/wp-content\/gallery\/einsatzbilder06012014\/5.jpg\"\n\t\t\t\ttitle=\"\"\n\t\t\t\tdata-src=\"https:\/\/ffw-erlenbach-stadt.de\/wp-content\/gallery\/einsatzbilder06012014\/5.jpg\"\n\t\t\t\tdata-thumbnail=\"https:\/\/ffw-erlenbach-stadt.de\/wp-content\/gallery\/einsatzbilder06012014\/thumbs\/thumbs_5.jpg\"\n\t\t\t\tdata-image-id=\"859\"\n\t\t\t\tdata-title=\"5\"\n\t\t\t\tdata-description=\"\"\n\t\t\t\tdata-image-slug=\"5-23\"\n\t\t\t\t\t\t\t\t\t\t\t\t\t\t\t\t\t\t\t\tclass=\"ngg-fancybox\" rel=\"0b48b48b1e70974c847630805c9a3cae\">\n\t\t\t\t\t\t\t\t<img\n\t\t\t\t\ttitle=\"5\"\n\t\t\t\t\talt=\"5\"\n\t\t\t\t\tsrc=\"https:\/\/ffw-erlenbach-stadt.de\/wp-content\/gallery\/einsatzbilder06012014\/thumbs\/thumbs_5.jpg\"\n\t\t\t\t\twidth=\"240\"\n\t\t\t\t\theight=\"160\"\n\t\t\t\t\tstyle=\"max-width:100%;\"\n\t\t\t\t\/>\n\t\t\t<\/a>\n\t\t<\/div>\n\t\t\t\t\t\t\t<\/div>\n\t\t\t\n\t\t\t\t<div id=\"ngg-image-5\" class=\"ngg-gallery-thumbnail-box\n\t\t\t\t\t\t\t\t\t\t\t\"\n\t\t\t>\n\t\t\t\t\t\t<div class=\"ngg-gallery-thumbnail\">\n\t\t\t<a href=\"https:\/\/ffw-erlenbach-stadt.de\/wp-content\/gallery\/einsatzbilder06012014\/6.jpg\"\n\t\t\t\ttitle=\"\"\n\t\t\t\tdata-src=\"https:\/\/ffw-erlenbach-stadt.de\/wp-content\/gallery\/einsatzbilder06012014\/6.jpg\"\n\t\t\t\tdata-thumbnail=\"https:\/\/ffw-erlenbach-stadt.de\/wp-content\/gallery\/einsatzbilder06012014\/thumbs\/thumbs_6.jpg\"\n\t\t\t\tdata-image-id=\"860\"\n\t\t\t\tdata-title=\"6\"\n\t\t\t\tdata-description=\"\"\n\t\t\t\tdata-image-slug=\"6-17\"\n\t\t\t\t\t\t\t\t\t\t\t\t\t\t\t\t\t\t\t\tclass=\"ngg-fancybox\" rel=\"0b48b48b1e70974c847630805c9a3cae\">\n\t\t\t\t\t\t\t\t<img\n\t\t\t\t\ttitle=\"6\"\n\t\t\t\t\talt=\"6\"\n\t\t\t\t\tsrc=\"https:\/\/ffw-erlenbach-stadt.de\/wp-content\/gallery\/einsatzbilder06012014\/thumbs\/thumbs_6.jpg\"\n\t\t\t\t\twidth=\"240\"\n\t\t\t\t\theight=\"160\"\n\t\t\t\t\tstyle=\"max-width:100%;\"\n\t\t\t\t\/>\n\t\t\t<\/a>\n\t\t<\/div>\n\t\t\t\t\t\t\t<\/div>\n\t\t\t\n\t\t\t\t<div id=\"ngg-image-6\" class=\"ngg-gallery-thumbnail-box\n\t\t\t\t\t\t\t\t\t\t\t\"\n\t\t\t>\n\t\t\t\t\t\t<div class=\"ngg-gallery-thumbnail\">\n\t\t\t<a href=\"https:\/\/ffw-erlenbach-stadt.de\/wp-content\/gallery\/einsatzbilder06012014\/7.jpg\"\n\t\t\t\ttitle=\"\"\n\t\t\t\tdata-src=\"https:\/\/ffw-erlenbach-stadt.de\/wp-content\/gallery\/einsatzbilder06012014\/7.jpg\"\n\t\t\t\tdata-thumbnail=\"https:\/\/ffw-erlenbach-stadt.de\/wp-content\/gallery\/einsatzbilder06012014\/thumbs\/thumbs_7.jpg\"\n\t\t\t\tdata-image-id=\"861\"\n\t\t\t\tdata-title=\"7\"\n\t\t\t\tdata-description=\"\"\n\t\t\t\tdata-image-slug=\"7-14\"\n\t\t\t\t\t\t\t\t\t\t\t\t\t\t\t\t\t\t\t\tclass=\"ngg-fancybox\" rel=\"0b48b48b1e70974c847630805c9a3cae\">\n\t\t\t\t\t\t\t\t<img\n\t\t\t\t\ttitle=\"7\"\n\t\t\t\t\talt=\"7\"\n\t\t\t\t\tsrc=\"https:\/\/ffw-erlenbach-stadt.de\/wp-content\/gallery\/einsatzbilder06012014\/thumbs\/thumbs_7.jpg\"\n\t\t\t\t\twidth=\"240\"\n\t\t\t\t\theight=\"160\"\n\t\t\t\t\tstyle=\"max-width:100%;\"\n\t\t\t\t\/>\n\t\t\t<\/a>\n\t\t<\/div>\n\t\t\t\t\t\t\t<\/div>\n\t\t\t\n\t\t\t\t<div id=\"ngg-image-7\" class=\"ngg-gallery-thumbnail-box\n\t\t\t\t\t\t\t\t\t\t\t\"\n\t\t\t>\n\t\t\t\t\t\t<div class=\"ngg-gallery-thumbnail\">\n\t\t\t<a href=\"https:\/\/ffw-erlenbach-stadt.de\/wp-content\/gallery\/einsatzbilder06012014\/8.jpg\"\n\t\t\t\ttitle=\"\"\n\t\t\t\tdata-src=\"https:\/\/ffw-erlenbach-stadt.de\/wp-content\/gallery\/einsatzbilder06012014\/8.jpg\"\n\t\t\t\tdata-thumbnail=\"https:\/\/ffw-erlenbach-stadt.de\/wp-content\/gallery\/einsatzbilder06012014\/thumbs\/thumbs_8.jpg\"\n\t\t\t\tdata-image-id=\"862\"\n\t\t\t\tdata-title=\"8\"\n\t\t\t\tdata-description=\"\"\n\t\t\t\tdata-image-slug=\"8-11\"\n\t\t\t\t\t\t\t\t\t\t\t\t\t\t\t\t\t\t\t\tclass=\"ngg-fancybox\" rel=\"0b48b48b1e70974c847630805c9a3cae\">\n\t\t\t\t\t\t\t\t<img\n\t\t\t\t\ttitle=\"8\"\n\t\t\t\t\talt=\"8\"\n\t\t\t\t\tsrc=\"https:\/\/ffw-erlenbach-stadt.de\/wp-content\/gallery\/einsatzbilder06012014\/thumbs\/thumbs_8.jpg\"\n\t\t\t\t\twidth=\"240\"\n\t\t\t\t\theight=\"160\"\n\t\t\t\t\tstyle=\"max-width:100%;\"\n\t\t\t\t\/>\n\t\t\t<\/a>\n\t\t<\/div>\n\t\t\t\t\t\t\t<\/div>\n\t\t\t\n\t\n\t<br style=\"clear: both\" \/>\n\n\t\t<div class=\"slideshowlink\">\n\t\t<a href='https:\/\/ffw-erlenbach-stadt.de\/index.php\/einsatzberichte\/verkehrsunfall-1-pkw-7\/nggallery\/slideshow'>[Zeige eine Slideshow]<\/a>\n\n\t<\/div>\n\t\n\t\t<!-- Pagination -->\n\t\t<div class='ngg-clear'><\/div>\t<\/div>\n<\/p>\n","protected":false},"author":4,"featured_media":0,"template":"","meta":{"ngg_post_thumbnail":0,"einsatz_weight":1,"footnotes":""},"categories":[39],"tags":[],"einsatzart":[56],"fahrzeug":[52,46,55],"exteinsatzmittel":[61,100,129,12,92,128],"alarmierungsart":[42],"evw_unit":[],"class_list":["post-406","einsatz","type-einsatz","status-publish","hentry","category-einsaetze","einsatzart-vehrkehrsunfall","fahrzeug-hlf2016","fahrzeug-mzf","fahrzeug-tlf-1625","exteinsatzmittel-feuerwehr-mechenhard","exteinsatzmittel-kbm","exteinsatzmittel-kriseninterventionsteam","exteinsatzmittel-polizei","exteinsatzmittel-rettungsdienst","exteinsatzmittel-sachverstaendiger","alarmierungsart-fme_sirene"],"_links":{"self":[{"href":"https:\/\/ffw-erlenbach-stadt.de\/index.php\/wp-json\/wp\/v2\/einsatz\/406","targetHints":{"allow":["GET"]}}],"collection":[{"href":"https:\/\/ffw-erlenbach-stadt.de\/index.php\/wp-json\/wp\/v2\/einsatz"}],"about":[{"href":"https:\/\/ffw-erlenbach-stadt.de\/index.php\/wp-json\/wp\/v2\/types\/einsatz"}],"author":[{"embeddable":true,"href":"https:\/\/ffw-erlenbach-stadt.de\/index.php\/wp-json\/wp\/v2\/users\/4"}],"version-history":[{"count":3,"href":"https:\/\/ffw-erlenbach-stadt.de\/index.php\/wp-json\/wp\/v2\/einsatz\/406\/revisions"}],"predecessor-version":[{"id":17927,"href":"https:\/\/ffw-erlenbach-stadt.de\/index.php\/wp-json\/wp\/v2\/einsatz\/406\/revisions\/17927"}],"wp:attachment":[{"href":"https:\/\/ffw-erlenbach-stadt.de\/index.php\/wp-json\/wp\/v2\/media?parent=406"}],"wp:term":[{"taxonomy":"category","embeddable":true,"href":"https:\/\/ffw-erlenbach-stadt.de\/index.php\/wp-json\/wp\/v2\/categories?post=406"},{"taxonomy":"post_tag","embeddable":true,"href":"https:\/\/ffw-erlenbach-stadt.de\/index.php\/wp-json\/wp\/v2\/tags?post=406"},{"taxonomy":"einsatzart","embeddable":true,"href":"https:\/\/ffw-erlenbach-stadt.de\/index.php\/wp-json\/wp\/v2\/einsatzart?post=406"},{"taxonomy":"fahrzeug","embeddable":true,"href":"https:\/\/ffw-erlenbach-stadt.de\/index.php\/wp-json\/wp\/v2\/fahrzeug?post=406"},{"taxonomy":"exteinsatzmittel","embeddable":true,"href":"https:\/\/ffw-erlenbach-stadt.de\/index.php\/wp-json\/wp\/v2\/exteinsatzmittel?post=406"},{"taxonomy":"alarmierungsart","embeddable":true,"href":"https:\/\/ffw-erlenbach-stadt.de\/index.php\/wp-json\/wp\/v2\/alarmierungsart?post=406"},{"taxonomy":"evw_unit","embeddable":true,"href":"https:\/\/ffw-erlenbach-stadt.de\/index.php\/wp-json\/wp\/v2\/evw_unit?post=406"}],"curies":[{"name":"wp","href":"https:\/\/api.w.org\/{rel}","templated":true}]}}