{"id":397,"date":"1999-08-07T17:20:00","date_gmt":"1999-08-07T15:20:00","guid":{"rendered":"http:\/\/web3.ffw-erlenbach-stadt.de\/index.php\/einsatzberichte\/1999001\/"},"modified":"2017-04-12T14:49:20","modified_gmt":"2017-04-12T12:49:20","slug":"verkehrsunfall-1-pkw-2","status":"publish","type":"einsatz","link":"https:\/\/ffw-erlenbach-stadt.de\/index.php\/einsatzberichte\/verkehrsunfall-1-pkw-2\/","title":{"rendered":"Verkehrsunfall &#8211; 1 PKW"},"content":{"rendered":"<p><em>Auf H\u00f6he der Einfahrt Waldfriedhof fuhr ein PKW frontal gegen einen Baum. Darauf hin wurde das Fahrzeug stark besch\u00e4digt und die Fahrer wurde eingeklemmt. Die Feuerwehren aus Erlenbach und W\u00f6rth befreiten die Person mittlels Spreizer und Rettungsschere. Die Feuerwehr sicherte die Einsatzstelle ab und nahm das ausgelaufene \u00d6l mit \u00d6lbindemittel auf. Nach Erstversorgung durch den Rettungsdienst wurde die verletzte Person in ein Krankenhaus transportiert. Die Staatsstrasse wurde komplett gesperrt und der Verkehr wurde umgeleitet.<br \/>\n<\/em><\/p>\n<p><!-- default-view.php -->\n<div\n\tclass=\"ngg-galleryoverview default-view\n\t ngg-ajax-pagination-none\t\"\n\tid=\"ngg-gallery-3a423c5e49558be3123262ae68dcbf7b-1\"\n\tdata-gallery-id=\"41\">\n\n\t\t<!-- Thumbnails -->\n\t\t\t\t<div id=\"ngg-image-0\" class=\"ngg-gallery-thumbnail-box\n\t\t\t\t\t\t\t\t\t\t\t\"\n\t\t\t>\n\t\t\t\t\t\t<div class=\"ngg-gallery-thumbnail\">\n\t\t\t<a href=\"https:\/\/ffw-erlenbach-stadt.de\/wp-content\/gallery\/einsatzbilder08071999\/08071999-1.jpg\"\n\t\t\t\ttitle=\"\"\n\t\t\t\tdata-src=\"https:\/\/ffw-erlenbach-stadt.de\/wp-content\/gallery\/einsatzbilder08071999\/08071999-1.jpg\"\n\t\t\t\tdata-thumbnail=\"https:\/\/ffw-erlenbach-stadt.de\/wp-content\/gallery\/einsatzbilder08071999\/thumbs\/thumbs_08071999-1.jpg\"\n\t\t\t\tdata-image-id=\"328\"\n\t\t\t\tdata-title=\"08071999 (1)\"\n\t\t\t\tdata-description=\"\"\n\t\t\t\tdata-image-slug=\"08071999-1\"\n\t\t\t\t\t\t\t\t\t\t\t\t\t\t\t\t\t\t\t\tclass=\"ngg-fancybox\" rel=\"3a423c5e49558be3123262ae68dcbf7b\">\n\t\t\t\t\t\t\t\t<img\n\t\t\t\t\ttitle=\"08071999 (1)\"\n\t\t\t\t\talt=\"08071999 (1)\"\n\t\t\t\t\tsrc=\"https:\/\/ffw-erlenbach-stadt.de\/wp-content\/gallery\/einsatzbilder08071999\/thumbs\/thumbs_08071999-1.jpg\"\n\t\t\t\t\twidth=\"240\"\n\t\t\t\t\theight=\"160\"\n\t\t\t\t\tstyle=\"max-width:100%;\"\n\t\t\t\t\/>\n\t\t\t<\/a>\n\t\t<\/div>\n\t\t\t\t\t\t\t<\/div>\n\t\t\t\n\t\t\t\t<div id=\"ngg-image-1\" class=\"ngg-gallery-thumbnail-box\n\t\t\t\t\t\t\t\t\t\t\t\"\n\t\t\t>\n\t\t\t\t\t\t<div class=\"ngg-gallery-thumbnail\">\n\t\t\t<a href=\"https:\/\/ffw-erlenbach-stadt.de\/wp-content\/gallery\/einsatzbilder08071999\/08071999-2.jpg\"\n\t\t\t\ttitle=\"\"\n\t\t\t\tdata-src=\"https:\/\/ffw-erlenbach-stadt.de\/wp-content\/gallery\/einsatzbilder08071999\/08071999-2.jpg\"\n\t\t\t\tdata-thumbnail=\"https:\/\/ffw-erlenbach-stadt.de\/wp-content\/gallery\/einsatzbilder08071999\/thumbs\/thumbs_08071999-2.jpg\"\n\t\t\t\tdata-image-id=\"329\"\n\t\t\t\tdata-title=\"08071999 (2)\"\n\t\t\t\tdata-description=\"\"\n\t\t\t\tdata-image-slug=\"08071999-2\"\n\t\t\t\t\t\t\t\t\t\t\t\t\t\t\t\t\t\t\t\tclass=\"ngg-fancybox\" rel=\"3a423c5e49558be3123262ae68dcbf7b\">\n\t\t\t\t\t\t\t\t<img\n\t\t\t\t\ttitle=\"08071999 (2)\"\n\t\t\t\t\talt=\"08071999 (2)\"\n\t\t\t\t\tsrc=\"https:\/\/ffw-erlenbach-stadt.de\/wp-content\/gallery\/einsatzbilder08071999\/thumbs\/thumbs_08071999-2.jpg\"\n\t\t\t\t\twidth=\"240\"\n\t\t\t\t\theight=\"160\"\n\t\t\t\t\tstyle=\"max-width:100%;\"\n\t\t\t\t\/>\n\t\t\t<\/a>\n\t\t<\/div>\n\t\t\t\t\t\t\t<\/div>\n\t\t\t\n\t\t\t\t<div id=\"ngg-image-2\" class=\"ngg-gallery-thumbnail-box\n\t\t\t\t\t\t\t\t\t\t\t\"\n\t\t\t>\n\t\t\t\t\t\t<div class=\"ngg-gallery-thumbnail\">\n\t\t\t<a href=\"https:\/\/ffw-erlenbach-stadt.de\/wp-content\/gallery\/einsatzbilder08071999\/08071999-03.jpg\"\n\t\t\t\ttitle=\"\"\n\t\t\t\tdata-src=\"https:\/\/ffw-erlenbach-stadt.de\/wp-content\/gallery\/einsatzbilder08071999\/08071999-03.jpg\"\n\t\t\t\tdata-thumbnail=\"https:\/\/ffw-erlenbach-stadt.de\/wp-content\/gallery\/einsatzbilder08071999\/thumbs\/thumbs_08071999-03.jpg\"\n\t\t\t\tdata-image-id=\"330\"\n\t\t\t\tdata-title=\"08071999 (03)\"\n\t\t\t\tdata-description=\"\"\n\t\t\t\tdata-image-slug=\"08071999-03\"\n\t\t\t\t\t\t\t\t\t\t\t\t\t\t\t\t\t\t\t\tclass=\"ngg-fancybox\" rel=\"3a423c5e49558be3123262ae68dcbf7b\">\n\t\t\t\t\t\t\t\t<img\n\t\t\t\t\ttitle=\"08071999 (03)\"\n\t\t\t\t\talt=\"08071999 (03)\"\n\t\t\t\t\tsrc=\"https:\/\/ffw-erlenbach-stadt.de\/wp-content\/gallery\/einsatzbilder08071999\/thumbs\/thumbs_08071999-03.jpg\"\n\t\t\t\t\twidth=\"240\"\n\t\t\t\t\theight=\"160\"\n\t\t\t\t\tstyle=\"max-width:100%;\"\n\t\t\t\t\/>\n\t\t\t<\/a>\n\t\t<\/div>\n\t\t\t\t\t\t\t<\/div>\n\t\t\t\n\t\t\t\t<div id=\"ngg-image-3\" class=\"ngg-gallery-thumbnail-box\n\t\t\t\t\t\t\t\t\t\t\t\"\n\t\t\t>\n\t\t\t\t\t\t<div class=\"ngg-gallery-thumbnail\">\n\t\t\t<a href=\"https:\/\/ffw-erlenbach-stadt.de\/wp-content\/gallery\/einsatzbilder08071999\/08071999-3.jpg\"\n\t\t\t\ttitle=\"\"\n\t\t\t\tdata-src=\"https:\/\/ffw-erlenbach-stadt.de\/wp-content\/gallery\/einsatzbilder08071999\/08071999-3.jpg\"\n\t\t\t\tdata-thumbnail=\"https:\/\/ffw-erlenbach-stadt.de\/wp-content\/gallery\/einsatzbilder08071999\/thumbs\/thumbs_08071999-3.jpg\"\n\t\t\t\tdata-image-id=\"331\"\n\t\t\t\tdata-title=\"08071999 (3)\"\n\t\t\t\tdata-description=\"\"\n\t\t\t\tdata-image-slug=\"08071999-3\"\n\t\t\t\t\t\t\t\t\t\t\t\t\t\t\t\t\t\t\t\tclass=\"ngg-fancybox\" rel=\"3a423c5e49558be3123262ae68dcbf7b\">\n\t\t\t\t\t\t\t\t<img\n\t\t\t\t\ttitle=\"08071999 (3)\"\n\t\t\t\t\talt=\"08071999 (3)\"\n\t\t\t\t\tsrc=\"https:\/\/ffw-erlenbach-stadt.de\/wp-content\/gallery\/einsatzbilder08071999\/thumbs\/thumbs_08071999-3.jpg\"\n\t\t\t\t\twidth=\"240\"\n\t\t\t\t\theight=\"160\"\n\t\t\t\t\tstyle=\"max-width:100%;\"\n\t\t\t\t\/>\n\t\t\t<\/a>\n\t\t<\/div>\n\t\t\t\t\t\t\t<\/div>\n\t\t\t\n\t\t\t\t<div id=\"ngg-image-4\" class=\"ngg-gallery-thumbnail-box\n\t\t\t\t\t\t\t\t\t\t\t\"\n\t\t\t>\n\t\t\t\t\t\t<div class=\"ngg-gallery-thumbnail\">\n\t\t\t<a href=\"https:\/\/ffw-erlenbach-stadt.de\/wp-content\/gallery\/einsatzbilder08071999\/08071999-4.jpg\"\n\t\t\t\ttitle=\"\"\n\t\t\t\tdata-src=\"https:\/\/ffw-erlenbach-stadt.de\/wp-content\/gallery\/einsatzbilder08071999\/08071999-4.jpg\"\n\t\t\t\tdata-thumbnail=\"https:\/\/ffw-erlenbach-stadt.de\/wp-content\/gallery\/einsatzbilder08071999\/thumbs\/thumbs_08071999-4.jpg\"\n\t\t\t\tdata-image-id=\"332\"\n\t\t\t\tdata-title=\"08071999 (4)\"\n\t\t\t\tdata-description=\"\"\n\t\t\t\tdata-image-slug=\"08071999-4\"\n\t\t\t\t\t\t\t\t\t\t\t\t\t\t\t\t\t\t\t\tclass=\"ngg-fancybox\" rel=\"3a423c5e49558be3123262ae68dcbf7b\">\n\t\t\t\t\t\t\t\t<img\n\t\t\t\t\ttitle=\"08071999 (4)\"\n\t\t\t\t\talt=\"08071999 (4)\"\n\t\t\t\t\tsrc=\"https:\/\/ffw-erlenbach-stadt.de\/wp-content\/gallery\/einsatzbilder08071999\/thumbs\/thumbs_08071999-4.jpg\"\n\t\t\t\t\twidth=\"240\"\n\t\t\t\t\theight=\"160\"\n\t\t\t\t\tstyle=\"max-width:100%;\"\n\t\t\t\t\/>\n\t\t\t<\/a>\n\t\t<\/div>\n\t\t\t\t\t\t\t<\/div>\n\t\t\t\n\t\t\t\t<div id=\"ngg-image-5\" class=\"ngg-gallery-thumbnail-box\n\t\t\t\t\t\t\t\t\t\t\t\"\n\t\t\t>\n\t\t\t\t\t\t<div class=\"ngg-gallery-thumbnail\">\n\t\t\t<a href=\"https:\/\/ffw-erlenbach-stadt.de\/wp-content\/gallery\/einsatzbilder08071999\/08071999-5.jpg\"\n\t\t\t\ttitle=\"\"\n\t\t\t\tdata-src=\"https:\/\/ffw-erlenbach-stadt.de\/wp-content\/gallery\/einsatzbilder08071999\/08071999-5.jpg\"\n\t\t\t\tdata-thumbnail=\"https:\/\/ffw-erlenbach-stadt.de\/wp-content\/gallery\/einsatzbilder08071999\/thumbs\/thumbs_08071999-5.jpg\"\n\t\t\t\tdata-image-id=\"333\"\n\t\t\t\tdata-title=\"08071999 (5)\"\n\t\t\t\tdata-description=\"\"\n\t\t\t\tdata-image-slug=\"08071999-5\"\n\t\t\t\t\t\t\t\t\t\t\t\t\t\t\t\t\t\t\t\tclass=\"ngg-fancybox\" rel=\"3a423c5e49558be3123262ae68dcbf7b\">\n\t\t\t\t\t\t\t\t<img\n\t\t\t\t\ttitle=\"08071999 (5)\"\n\t\t\t\t\talt=\"08071999 (5)\"\n\t\t\t\t\tsrc=\"https:\/\/ffw-erlenbach-stadt.de\/wp-content\/gallery\/einsatzbilder08071999\/thumbs\/thumbs_08071999-5.jpg\"\n\t\t\t\t\twidth=\"240\"\n\t\t\t\t\theight=\"160\"\n\t\t\t\t\tstyle=\"max-width:100%;\"\n\t\t\t\t\/>\n\t\t\t<\/a>\n\t\t<\/div>\n\t\t\t\t\t\t\t<\/div>\n\t\t\t\n\t\n\t<br style=\"clear: both\" \/>\n\n\t\t<div class=\"slideshowlink\">\n\t\t<a href='https:\/\/ffw-erlenbach-stadt.de\/index.php\/einsatzberichte\/verkehrsunfall-1-pkw-2\/nggallery\/slideshow'>[Zeige eine Slideshow]<\/a>\n\n\t<\/div>\n\t\n\t\t<!-- Pagination -->\n\t\t<div class='ngg-clear'><\/div>\t<\/div>\n<\/p>\n","protected":false},"author":4,"featured_media":0,"template":"","meta":{"ngg_post_thumbnail":0,"einsatz_weight":1,"footnotes":""},"categories":[39],"tags":[],"einsatzart":[56],"fahrzeug":[54,53,46,55],"exteinsatzmittel":[115,91,99,12,92],"alarmierungsart":[40],"evw_unit":[],"class_list":["post-397","einsatz","type-einsatz","status-publish","hentry","category-einsaetze","einsatzart-vehrkehrsunfall","fahrzeug-gw-s","fahrzeug-lf8","fahrzeug-mzf","fahrzeug-tlf-1625","exteinsatzmittel-abschleppdienst","exteinsatzmittel-ff-woerth","exteinsatzmittel-kbi","exteinsatzmittel-polizei","exteinsatzmittel-rettungsdienst","alarmierungsart-fme"],"_links":{"self":[{"href":"https:\/\/ffw-erlenbach-stadt.de\/index.php\/wp-json\/wp\/v2\/einsatz\/397","targetHints":{"allow":["GET"]}}],"collection":[{"href":"https:\/\/ffw-erlenbach-stadt.de\/index.php\/wp-json\/wp\/v2\/einsatz"}],"about":[{"href":"https:\/\/ffw-erlenbach-stadt.de\/index.php\/wp-json\/wp\/v2\/types\/einsatz"}],"author":[{"embeddable":true,"href":"https:\/\/ffw-erlenbach-stadt.de\/index.php\/wp-json\/wp\/v2\/users\/4"}],"version-history":[{"count":2,"href":"https:\/\/ffw-erlenbach-stadt.de\/index.php\/wp-json\/wp\/v2\/einsatz\/397\/revisions"}],"predecessor-version":[{"id":5685,"href":"https:\/\/ffw-erlenbach-stadt.de\/index.php\/wp-json\/wp\/v2\/einsatz\/397\/revisions\/5685"}],"wp:attachment":[{"href":"https:\/\/ffw-erlenbach-stadt.de\/index.php\/wp-json\/wp\/v2\/media?parent=397"}],"wp:term":[{"taxonomy":"category","embeddable":true,"href":"https:\/\/ffw-erlenbach-stadt.de\/index.php\/wp-json\/wp\/v2\/categories?post=397"},{"taxonomy":"post_tag","embeddable":true,"href":"https:\/\/ffw-erlenbach-stadt.de\/index.php\/wp-json\/wp\/v2\/tags?post=397"},{"taxonomy":"einsatzart","embeddable":true,"href":"https:\/\/ffw-erlenbach-stadt.de\/index.php\/wp-json\/wp\/v2\/einsatzart?post=397"},{"taxonomy":"fahrzeug","embeddable":true,"href":"https:\/\/ffw-erlenbach-stadt.de\/index.php\/wp-json\/wp\/v2\/fahrzeug?post=397"},{"taxonomy":"exteinsatzmittel","embeddable":true,"href":"https:\/\/ffw-erlenbach-stadt.de\/index.php\/wp-json\/wp\/v2\/exteinsatzmittel?post=397"},{"taxonomy":"alarmierungsart","embeddable":true,"href":"https:\/\/ffw-erlenbach-stadt.de\/index.php\/wp-json\/wp\/v2\/alarmierungsart?post=397"},{"taxonomy":"evw_unit","embeddable":true,"href":"https:\/\/ffw-erlenbach-stadt.de\/index.php\/wp-json\/wp\/v2\/evw_unit?post=397"}],"curies":[{"name":"wp","href":"https:\/\/api.w.org\/{rel}","templated":true}]}}