{"id":380,"date":"2007-04-27T15:23:00","date_gmt":"2007-04-27T13:23:00","guid":{"rendered":"http:\/\/web3.ffw-erlenbach-stadt.de\/index.php\/einsatzberichte\/2007003\/"},"modified":"2017-04-12T14:49:21","modified_gmt":"2017-04-12T12:49:21","slug":"brandeinsatz-schiffsbrand","status":"publish","type":"einsatz","link":"https:\/\/ffw-erlenbach-stadt.de\/index.php\/einsatzberichte\/brandeinsatz-schiffsbrand\/","title":{"rendered":"Brandeinsatz &#8211; Schiffsbrand"},"content":{"rendered":"<p><em><span style=\"font-family: arial,helvetica,sans-serif;\"><span style=\"color: #000000; font-size: 13px;\">Vermutlich durch Schwei\u00dfarbeiten entstand ein Brand im Maschinenraum und einem angrenzenden Tankraum auf einem Schiff, welches zur Reparatur in der Erlenbacher Schiffswerft lag. Durch die vorhandenen Treibstoffreste und zahlreiche \u00f6lgetr\u00e4nkte T\u00fccher entwickelte das Feuer \u00e4u\u00dferst dichten schwarzen Rauch. Die Eisenplatten, aus denen ein Schiff gebaut ist, haben au\u00dferdem die enorme Hitze so gut weitergeleitet, dass die Atemschutztrupps der Feuerwehr den Brandherd zun\u00e4chst nicht erreichen konnten. Personen befanden sich beim Eintreffen der Feuerwehr keine mehr auf dem Schiff.<\/span><br style=\"color: #000000; font-family: Verdana; font-size: 13px; background-color: #ffffe1;\" \/><br style=\"color: #000000; font-family: Verdana; font-size: 13px; background-color: #ffffe1;\" \/><span style=\"color: #000000; font-size: 13px;\">Um das Feuer effektiv bek\u00e4mpfen zu k\u00f6nnen, wurden die beiden Brandr\u00e4ume zun\u00e4chst mit Schaum geflutet. Dieser L\u00f6schangriff zeigte schnell Wirkung und die ersten Atemschutztrupps konnten dann zur gezielten Brandbek\u00e4mpfung in den Maschinenraum vorr\u00fccken. Aufgrund des enormen Bedarfs an Atemschutzger\u00e4tetr\u00e4gern wurden die Ortsteilfeuerwehren Mechenhard und Streit nachalarmiert. Parallel zur Brandbek\u00e4mpfung wurden das Be- und Entl\u00fcftungsger\u00e4t und der \u00dcberdruckl\u00fcfter eingesetzt um die Sichtverh\u00e4ltnisse f\u00fcr die Atemschutztr\u00e4ger zu verbessern.<\/span><br style=\"color: #000000; font-family: Verdana; font-size: 13px; background-color: #ffffe1;\" \/><br style=\"color: #000000; font-family: Verdana; font-size: 13px; background-color: #ffffe1;\" \/><span style=\"color: #000000; font-size: 13px;\">Direkt \u00fcber den R\u00e4umen, in denen das Feuer ausgebrochen war, befand sich die Wohnung des Schiffseigners. In dieser Wohnung war ein Holzboden direkt auf den Stahlplatten des Schiffes verlegt. Da diese Eisenplatten selbst nach dem Abl\u00f6schen des Feuers noch enorme Hitze abstrahlten, wurden die W\u00e4nde und Decken noch einige Zeit mit Wasser gek\u00fchlt. Um \u00fcberpr\u00fcfen zu k\u00f6nnen ob sich unter dem Holzfu\u00dfboden in der Wohnung ein Schwelbrand gebildet hat, wurde die W\u00e4rmebildkamera des Landkreises Miltenberg eingesetzt.<\/span><br style=\"color: #000000; font-family: Verdana; font-size: 13px; background-color: #ffffe1;\" \/><br style=\"color: #000000; font-family: Verdana; font-size: 13px; background-color: #ffffe1;\" \/><span style=\"color: #000000; font-size: 13px;\">Die Einsatzdauer betrug drei Stunden. Insgesamt wurden 12 Trupps unter Pressluftatmer eingesetzt. Am Schiff entstanden ca. 100.000 \u20ac Sachschaden.<\/span><\/span><\/em><\/p>\n<p><!-- default-view.php -->\n<div\n\tclass=\"ngg-galleryoverview default-view\n\t ngg-ajax-pagination-none\t\"\n\tid=\"ngg-gallery-781d7cf9ad4f2f4e68eb815815678059-1\"\n\tdata-gallery-id=\"59\">\n\n\t\t<!-- Thumbnails -->\n\t\t\t\t<div id=\"ngg-image-0\" class=\"ngg-gallery-thumbnail-box\n\t\t\t\t\t\t\t\t\t\t\t\"\n\t\t\t>\n\t\t\t\t\t\t<div class=\"ngg-gallery-thumbnail\">\n\t\t\t<a href=\"https:\/\/ffw-erlenbach-stadt.de\/wp-content\/gallery\/einsatzbilder27042007\/27042007-1.JPG\"\n\t\t\t\ttitle=\"\"\n\t\t\t\tdata-src=\"https:\/\/ffw-erlenbach-stadt.de\/wp-content\/gallery\/einsatzbilder27042007\/27042007-1.JPG\"\n\t\t\t\tdata-thumbnail=\"https:\/\/ffw-erlenbach-stadt.de\/wp-content\/gallery\/einsatzbilder27042007\/thumbs\/thumbs_27042007-1.JPG\"\n\t\t\t\tdata-image-id=\"527\"\n\t\t\t\tdata-title=\"27042007 (1)\"\n\t\t\t\tdata-description=\"\"\n\t\t\t\tdata-image-slug=\"27042007-1\"\n\t\t\t\t\t\t\t\t\t\t\t\t\t\t\t\t\t\t\t\tclass=\"ngg-fancybox\" rel=\"781d7cf9ad4f2f4e68eb815815678059\">\n\t\t\t\t\t\t\t\t<img\n\t\t\t\t\ttitle=\"27042007 (1)\"\n\t\t\t\t\talt=\"27042007 (1)\"\n\t\t\t\t\tsrc=\"https:\/\/ffw-erlenbach-stadt.de\/wp-content\/gallery\/einsatzbilder27042007\/thumbs\/thumbs_27042007-1.JPG\"\n\t\t\t\t\twidth=\"240\"\n\t\t\t\t\theight=\"160\"\n\t\t\t\t\tstyle=\"max-width:100%;\"\n\t\t\t\t\/>\n\t\t\t<\/a>\n\t\t<\/div>\n\t\t\t\t\t\t\t<\/div>\n\t\t\t\n\t\t\t\t<div id=\"ngg-image-1\" class=\"ngg-gallery-thumbnail-box\n\t\t\t\t\t\t\t\t\t\t\t\"\n\t\t\t>\n\t\t\t\t\t\t<div class=\"ngg-gallery-thumbnail\">\n\t\t\t<a href=\"https:\/\/ffw-erlenbach-stadt.de\/wp-content\/gallery\/einsatzbilder27042007\/27042007-2.JPG\"\n\t\t\t\ttitle=\"\"\n\t\t\t\tdata-src=\"https:\/\/ffw-erlenbach-stadt.de\/wp-content\/gallery\/einsatzbilder27042007\/27042007-2.JPG\"\n\t\t\t\tdata-thumbnail=\"https:\/\/ffw-erlenbach-stadt.de\/wp-content\/gallery\/einsatzbilder27042007\/thumbs\/thumbs_27042007-2.JPG\"\n\t\t\t\tdata-image-id=\"529\"\n\t\t\t\tdata-title=\"27042007 (2)\"\n\t\t\t\tdata-description=\"\"\n\t\t\t\tdata-image-slug=\"27042007-2\"\n\t\t\t\t\t\t\t\t\t\t\t\t\t\t\t\t\t\t\t\tclass=\"ngg-fancybox\" rel=\"781d7cf9ad4f2f4e68eb815815678059\">\n\t\t\t\t\t\t\t\t<img\n\t\t\t\t\ttitle=\"27042007 (2)\"\n\t\t\t\t\talt=\"27042007 (2)\"\n\t\t\t\t\tsrc=\"https:\/\/ffw-erlenbach-stadt.de\/wp-content\/gallery\/einsatzbilder27042007\/thumbs\/thumbs_27042007-2.JPG\"\n\t\t\t\t\twidth=\"240\"\n\t\t\t\t\theight=\"160\"\n\t\t\t\t\tstyle=\"max-width:100%;\"\n\t\t\t\t\/>\n\t\t\t<\/a>\n\t\t<\/div>\n\t\t\t\t\t\t\t<\/div>\n\t\t\t\n\t\t\t\t<div id=\"ngg-image-2\" class=\"ngg-gallery-thumbnail-box\n\t\t\t\t\t\t\t\t\t\t\t\"\n\t\t\t>\n\t\t\t\t\t\t<div class=\"ngg-gallery-thumbnail\">\n\t\t\t<a href=\"https:\/\/ffw-erlenbach-stadt.de\/wp-content\/gallery\/einsatzbilder27042007\/27042007-3.JPG\"\n\t\t\t\ttitle=\"\"\n\t\t\t\tdata-src=\"https:\/\/ffw-erlenbach-stadt.de\/wp-content\/gallery\/einsatzbilder27042007\/27042007-3.JPG\"\n\t\t\t\tdata-thumbnail=\"https:\/\/ffw-erlenbach-stadt.de\/wp-content\/gallery\/einsatzbilder27042007\/thumbs\/thumbs_27042007-3.JPG\"\n\t\t\t\tdata-image-id=\"530\"\n\t\t\t\tdata-title=\"27042007 (3)\"\n\t\t\t\tdata-description=\"\"\n\t\t\t\tdata-image-slug=\"27042007-3\"\n\t\t\t\t\t\t\t\t\t\t\t\t\t\t\t\t\t\t\t\tclass=\"ngg-fancybox\" rel=\"781d7cf9ad4f2f4e68eb815815678059\">\n\t\t\t\t\t\t\t\t<img\n\t\t\t\t\ttitle=\"27042007 (3)\"\n\t\t\t\t\talt=\"27042007 (3)\"\n\t\t\t\t\tsrc=\"https:\/\/ffw-erlenbach-stadt.de\/wp-content\/gallery\/einsatzbilder27042007\/thumbs\/thumbs_27042007-3.JPG\"\n\t\t\t\t\twidth=\"240\"\n\t\t\t\t\theight=\"160\"\n\t\t\t\t\tstyle=\"max-width:100%;\"\n\t\t\t\t\/>\n\t\t\t<\/a>\n\t\t<\/div>\n\t\t\t\t\t\t\t<\/div>\n\t\t\t\n\t\t\t\t<div id=\"ngg-image-3\" class=\"ngg-gallery-thumbnail-box\n\t\t\t\t\t\t\t\t\t\t\t\"\n\t\t\t>\n\t\t\t\t\t\t<div class=\"ngg-gallery-thumbnail\">\n\t\t\t<a href=\"https:\/\/ffw-erlenbach-stadt.de\/wp-content\/gallery\/einsatzbilder27042007\/27042007-4.JPG\"\n\t\t\t\ttitle=\"\"\n\t\t\t\tdata-src=\"https:\/\/ffw-erlenbach-stadt.de\/wp-content\/gallery\/einsatzbilder27042007\/27042007-4.JPG\"\n\t\t\t\tdata-thumbnail=\"https:\/\/ffw-erlenbach-stadt.de\/wp-content\/gallery\/einsatzbilder27042007\/thumbs\/thumbs_27042007-4.JPG\"\n\t\t\t\tdata-image-id=\"532\"\n\t\t\t\tdata-title=\"27042007 (4)\"\n\t\t\t\tdata-description=\"\"\n\t\t\t\tdata-image-slug=\"27042007-4\"\n\t\t\t\t\t\t\t\t\t\t\t\t\t\t\t\t\t\t\t\tclass=\"ngg-fancybox\" rel=\"781d7cf9ad4f2f4e68eb815815678059\">\n\t\t\t\t\t\t\t\t<img\n\t\t\t\t\ttitle=\"27042007 (4)\"\n\t\t\t\t\talt=\"27042007 (4)\"\n\t\t\t\t\tsrc=\"https:\/\/ffw-erlenbach-stadt.de\/wp-content\/gallery\/einsatzbilder27042007\/thumbs\/thumbs_27042007-4.JPG\"\n\t\t\t\t\twidth=\"240\"\n\t\t\t\t\theight=\"160\"\n\t\t\t\t\tstyle=\"max-width:100%;\"\n\t\t\t\t\/>\n\t\t\t<\/a>\n\t\t<\/div>\n\t\t\t\t\t\t\t<\/div>\n\t\t\t\n\t\t\t\t<div id=\"ngg-image-4\" class=\"ngg-gallery-thumbnail-box\n\t\t\t\t\t\t\t\t\t\t\t\"\n\t\t\t>\n\t\t\t\t\t\t<div class=\"ngg-gallery-thumbnail\">\n\t\t\t<a href=\"https:\/\/ffw-erlenbach-stadt.de\/wp-content\/gallery\/einsatzbilder27042007\/27042007-5.JPG\"\n\t\t\t\ttitle=\"\"\n\t\t\t\tdata-src=\"https:\/\/ffw-erlenbach-stadt.de\/wp-content\/gallery\/einsatzbilder27042007\/27042007-5.JPG\"\n\t\t\t\tdata-thumbnail=\"https:\/\/ffw-erlenbach-stadt.de\/wp-content\/gallery\/einsatzbilder27042007\/thumbs\/thumbs_27042007-5.JPG\"\n\t\t\t\tdata-image-id=\"533\"\n\t\t\t\tdata-title=\"27042007 (5)\"\n\t\t\t\tdata-description=\"\"\n\t\t\t\tdata-image-slug=\"27042007-5\"\n\t\t\t\t\t\t\t\t\t\t\t\t\t\t\t\t\t\t\t\tclass=\"ngg-fancybox\" rel=\"781d7cf9ad4f2f4e68eb815815678059\">\n\t\t\t\t\t\t\t\t<img\n\t\t\t\t\ttitle=\"27042007 (5)\"\n\t\t\t\t\talt=\"27042007 (5)\"\n\t\t\t\t\tsrc=\"https:\/\/ffw-erlenbach-stadt.de\/wp-content\/gallery\/einsatzbilder27042007\/thumbs\/thumbs_27042007-5.JPG\"\n\t\t\t\t\twidth=\"240\"\n\t\t\t\t\theight=\"160\"\n\t\t\t\t\tstyle=\"max-width:100%;\"\n\t\t\t\t\/>\n\t\t\t<\/a>\n\t\t<\/div>\n\t\t\t\t\t\t\t<\/div>\n\t\t\t\n\t\t\t\t<div id=\"ngg-image-5\" class=\"ngg-gallery-thumbnail-box\n\t\t\t\t\t\t\t\t\t\t\t\"\n\t\t\t>\n\t\t\t\t\t\t<div class=\"ngg-gallery-thumbnail\">\n\t\t\t<a href=\"https:\/\/ffw-erlenbach-stadt.de\/wp-content\/gallery\/einsatzbilder27042007\/27042007-6.JPG\"\n\t\t\t\ttitle=\"\"\n\t\t\t\tdata-src=\"https:\/\/ffw-erlenbach-stadt.de\/wp-content\/gallery\/einsatzbilder27042007\/27042007-6.JPG\"\n\t\t\t\tdata-thumbnail=\"https:\/\/ffw-erlenbach-stadt.de\/wp-content\/gallery\/einsatzbilder27042007\/thumbs\/thumbs_27042007-6.JPG\"\n\t\t\t\tdata-image-id=\"536\"\n\t\t\t\tdata-title=\"27042007 (6)\"\n\t\t\t\tdata-description=\"\"\n\t\t\t\tdata-image-slug=\"27042007-6\"\n\t\t\t\t\t\t\t\t\t\t\t\t\t\t\t\t\t\t\t\tclass=\"ngg-fancybox\" rel=\"781d7cf9ad4f2f4e68eb815815678059\">\n\t\t\t\t\t\t\t\t<img\n\t\t\t\t\ttitle=\"27042007 (6)\"\n\t\t\t\t\talt=\"27042007 (6)\"\n\t\t\t\t\tsrc=\"https:\/\/ffw-erlenbach-stadt.de\/wp-content\/gallery\/einsatzbilder27042007\/thumbs\/thumbs_27042007-6.JPG\"\n\t\t\t\t\twidth=\"240\"\n\t\t\t\t\theight=\"160\"\n\t\t\t\t\tstyle=\"max-width:100%;\"\n\t\t\t\t\/>\n\t\t\t<\/a>\n\t\t<\/div>\n\t\t\t\t\t\t\t<\/div>\n\t\t\t\n\t\t\t\t<div id=\"ngg-image-6\" class=\"ngg-gallery-thumbnail-box\n\t\t\t\t\t\t\t\t\t\t\t\"\n\t\t\t>\n\t\t\t\t\t\t<div class=\"ngg-gallery-thumbnail\">\n\t\t\t<a href=\"https:\/\/ffw-erlenbach-stadt.de\/wp-content\/gallery\/einsatzbilder27042007\/27042007-7.JPG\"\n\t\t\t\ttitle=\"\"\n\t\t\t\tdata-src=\"https:\/\/ffw-erlenbach-stadt.de\/wp-content\/gallery\/einsatzbilder27042007\/27042007-7.JPG\"\n\t\t\t\tdata-thumbnail=\"https:\/\/ffw-erlenbach-stadt.de\/wp-content\/gallery\/einsatzbilder27042007\/thumbs\/thumbs_27042007-7.JPG\"\n\t\t\t\tdata-image-id=\"537\"\n\t\t\t\tdata-title=\"27042007 (7)\"\n\t\t\t\tdata-description=\"\"\n\t\t\t\tdata-image-slug=\"27042007-7\"\n\t\t\t\t\t\t\t\t\t\t\t\t\t\t\t\t\t\t\t\tclass=\"ngg-fancybox\" rel=\"781d7cf9ad4f2f4e68eb815815678059\">\n\t\t\t\t\t\t\t\t<img\n\t\t\t\t\ttitle=\"27042007 (7)\"\n\t\t\t\t\talt=\"27042007 (7)\"\n\t\t\t\t\tsrc=\"https:\/\/ffw-erlenbach-stadt.de\/wp-content\/gallery\/einsatzbilder27042007\/thumbs\/thumbs_27042007-7.JPG\"\n\t\t\t\t\twidth=\"240\"\n\t\t\t\t\theight=\"160\"\n\t\t\t\t\tstyle=\"max-width:100%;\"\n\t\t\t\t\/>\n\t\t\t<\/a>\n\t\t<\/div>\n\t\t\t\t\t\t\t<\/div>\n\t\t\t\n\t\t\t\t<div id=\"ngg-image-7\" class=\"ngg-gallery-thumbnail-box\n\t\t\t\t\t\t\t\t\t\t\t\"\n\t\t\t>\n\t\t\t\t\t\t<div class=\"ngg-gallery-thumbnail\">\n\t\t\t<a href=\"https:\/\/ffw-erlenbach-stadt.de\/wp-content\/gallery\/einsatzbilder27042007\/27042007-8.JPG\"\n\t\t\t\ttitle=\"\"\n\t\t\t\tdata-src=\"https:\/\/ffw-erlenbach-stadt.de\/wp-content\/gallery\/einsatzbilder27042007\/27042007-8.JPG\"\n\t\t\t\tdata-thumbnail=\"https:\/\/ffw-erlenbach-stadt.de\/wp-content\/gallery\/einsatzbilder27042007\/thumbs\/thumbs_27042007-8.JPG\"\n\t\t\t\tdata-image-id=\"540\"\n\t\t\t\tdata-title=\"27042007 (8)\"\n\t\t\t\tdata-description=\"\"\n\t\t\t\tdata-image-slug=\"27042007-8\"\n\t\t\t\t\t\t\t\t\t\t\t\t\t\t\t\t\t\t\t\tclass=\"ngg-fancybox\" rel=\"781d7cf9ad4f2f4e68eb815815678059\">\n\t\t\t\t\t\t\t\t<img\n\t\t\t\t\ttitle=\"27042007 (8)\"\n\t\t\t\t\talt=\"27042007 (8)\"\n\t\t\t\t\tsrc=\"https:\/\/ffw-erlenbach-stadt.de\/wp-content\/gallery\/einsatzbilder27042007\/thumbs\/thumbs_27042007-8.JPG\"\n\t\t\t\t\twidth=\"240\"\n\t\t\t\t\theight=\"160\"\n\t\t\t\t\tstyle=\"max-width:100%;\"\n\t\t\t\t\/>\n\t\t\t<\/a>\n\t\t<\/div>\n\t\t\t\t\t\t\t<\/div>\n\t\t\t\n\t\n\t<br style=\"clear: both\" \/>\n\n\t\t<div class=\"slideshowlink\">\n\t\t<a href='https:\/\/ffw-erlenbach-stadt.de\/index.php\/einsatzberichte\/brandeinsatz-schiffsbrand\/nggallery\/slideshow'>[Zeige eine Slideshow]<\/a>\n\n\t<\/div>\n\t\n\t\t<!-- Pagination -->\n\t\t<div class='ngg-clear'><\/div>\t<\/div>\n<\/p>\n","protected":false},"author":4,"featured_media":0,"template":"","meta":{"ngg_post_thumbnail":0,"einsatz_weight":1,"footnotes":""},"categories":[39],"tags":[],"einsatzart":[10],"fahrzeug":[54,53,46,55,63],"exteinsatzmittel":[61,60,62,100,12,92],"alarmierungsart":[42],"evw_unit":[],"class_list":["post-380","einsatz","type-einsatz","status-publish","hentry","category-einsaetze","einsatzart-brand","fahrzeug-gw-s","fahrzeug-lf8","fahrzeug-mzf","fahrzeug-tlf-1625","fahrzeug-dlk-2312","exteinsatzmittel-feuerwehr-mechenhard","exteinsatzmittel-feuerwehr-obernburg","exteinsatzmittel-ff-streit","exteinsatzmittel-kbm","exteinsatzmittel-polizei","exteinsatzmittel-rettungsdienst","alarmierungsart-fme_sirene"],"_links":{"self":[{"href":"https:\/\/ffw-erlenbach-stadt.de\/index.php\/wp-json\/wp\/v2\/einsatz\/380","targetHints":{"allow":["GET"]}}],"collection":[{"href":"https:\/\/ffw-erlenbach-stadt.de\/index.php\/wp-json\/wp\/v2\/einsatz"}],"about":[{"href":"https:\/\/ffw-erlenbach-stadt.de\/index.php\/wp-json\/wp\/v2\/types\/einsatz"}],"author":[{"embeddable":true,"href":"https:\/\/ffw-erlenbach-stadt.de\/index.php\/wp-json\/wp\/v2\/users\/4"}],"version-history":[{"count":2,"href":"https:\/\/ffw-erlenbach-stadt.de\/index.php\/wp-json\/wp\/v2\/einsatz\/380\/revisions"}],"predecessor-version":[{"id":5752,"href":"https:\/\/ffw-erlenbach-stadt.de\/index.php\/wp-json\/wp\/v2\/einsatz\/380\/revisions\/5752"}],"wp:attachment":[{"href":"https:\/\/ffw-erlenbach-stadt.de\/index.php\/wp-json\/wp\/v2\/media?parent=380"}],"wp:term":[{"taxonomy":"category","embeddable":true,"href":"https:\/\/ffw-erlenbach-stadt.de\/index.php\/wp-json\/wp\/v2\/categories?post=380"},{"taxonomy":"post_tag","embeddable":true,"href":"https:\/\/ffw-erlenbach-stadt.de\/index.php\/wp-json\/wp\/v2\/tags?post=380"},{"taxonomy":"einsatzart","embeddable":true,"href":"https:\/\/ffw-erlenbach-stadt.de\/index.php\/wp-json\/wp\/v2\/einsatzart?post=380"},{"taxonomy":"fahrzeug","embeddable":true,"href":"https:\/\/ffw-erlenbach-stadt.de\/index.php\/wp-json\/wp\/v2\/fahrzeug?post=380"},{"taxonomy":"exteinsatzmittel","embeddable":true,"href":"https:\/\/ffw-erlenbach-stadt.de\/index.php\/wp-json\/wp\/v2\/exteinsatzmittel?post=380"},{"taxonomy":"alarmierungsart","embeddable":true,"href":"https:\/\/ffw-erlenbach-stadt.de\/index.php\/wp-json\/wp\/v2\/alarmierungsart?post=380"},{"taxonomy":"evw_unit","embeddable":true,"href":"https:\/\/ffw-erlenbach-stadt.de\/index.php\/wp-json\/wp\/v2\/evw_unit?post=380"}],"curies":[{"name":"wp","href":"https:\/\/api.w.org\/{rel}","templated":true}]}}