{"id":376,"date":"2008-05-22T20:25:00","date_gmt":"2008-05-22T18:25:00","guid":{"rendered":"http:\/\/web3.ffw-erlenbach-stadt.de\/index.php\/einsatzberichte\/2008005\/"},"modified":"2017-04-12T14:49:22","modified_gmt":"2017-04-12T12:49:22","slug":"brandeinsatz-kellerbrand-2","status":"publish","type":"einsatz","link":"https:\/\/ffw-erlenbach-stadt.de\/index.php\/einsatzberichte\/brandeinsatz-kellerbrand-2\/","title":{"rendered":"Brandeinsatz &#8211; Kellerbrand"},"content":{"rendered":"<p>Im Keller einer Hochhauses entstand im Technikraum ein Brand. Unter Atemschutz wurde der Brand gel\u00f6scht und die Kellerr\u00e4ume und das Treppenhaus mit dem Hochleistungsl\u00fcfter bel\u00fcftet.<\/p>\n<p><!-- default-view.php -->\n<div\n\tclass=\"ngg-galleryoverview default-view\n\t ngg-ajax-pagination-none\t\"\n\tid=\"ngg-gallery-5c0e9d94c6d01c0a5e6ffb2647499168-1\"\n\tdata-gallery-id=\"63\">\n\n\t\t<!-- Thumbnails -->\n\t\t\t\t<div id=\"ngg-image-0\" class=\"ngg-gallery-thumbnail-box\n\t\t\t\t\t\t\t\t\t\t\t\"\n\t\t\t>\n\t\t\t\t\t\t<div class=\"ngg-gallery-thumbnail\">\n\t\t\t<a href=\"https:\/\/ffw-erlenbach-stadt.de\/wp-content\/gallery\/einsatzbilder22052008\/3.jpg\"\n\t\t\t\ttitle=\"\"\n\t\t\t\tdata-src=\"https:\/\/ffw-erlenbach-stadt.de\/wp-content\/gallery\/einsatzbilder22052008\/3.jpg\"\n\t\t\t\tdata-thumbnail=\"https:\/\/ffw-erlenbach-stadt.de\/wp-content\/gallery\/einsatzbilder22052008\/thumbs\/thumbs_3.jpg\"\n\t\t\t\tdata-image-id=\"554\"\n\t\t\t\tdata-title=\"3\"\n\t\t\t\tdata-description=\"\"\n\t\t\t\tdata-image-slug=\"3-19\"\n\t\t\t\t\t\t\t\t\t\t\t\t\t\t\t\t\t\t\t\tclass=\"ngg-fancybox\" rel=\"5c0e9d94c6d01c0a5e6ffb2647499168\">\n\t\t\t\t\t\t\t\t<img\n\t\t\t\t\ttitle=\"3\"\n\t\t\t\t\talt=\"3\"\n\t\t\t\t\tsrc=\"https:\/\/ffw-erlenbach-stadt.de\/wp-content\/gallery\/einsatzbilder22052008\/thumbs\/thumbs_3.jpg\"\n\t\t\t\t\twidth=\"240\"\n\t\t\t\t\theight=\"160\"\n\t\t\t\t\tstyle=\"max-width:100%;\"\n\t\t\t\t\/>\n\t\t\t<\/a>\n\t\t<\/div>\n\t\t\t\t\t\t\t<\/div>\n\t\t\t\n\t\t\t\t<div id=\"ngg-image-1\" class=\"ngg-gallery-thumbnail-box\n\t\t\t\t\t\t\t\t\t\t\t\"\n\t\t\t>\n\t\t\t\t\t\t<div class=\"ngg-gallery-thumbnail\">\n\t\t\t<a href=\"https:\/\/ffw-erlenbach-stadt.de\/wp-content\/gallery\/einsatzbilder22052008\/4.jpg\"\n\t\t\t\ttitle=\"\"\n\t\t\t\tdata-src=\"https:\/\/ffw-erlenbach-stadt.de\/wp-content\/gallery\/einsatzbilder22052008\/4.jpg\"\n\t\t\t\tdata-thumbnail=\"https:\/\/ffw-erlenbach-stadt.de\/wp-content\/gallery\/einsatzbilder22052008\/thumbs\/thumbs_4.jpg\"\n\t\t\t\tdata-image-id=\"555\"\n\t\t\t\tdata-title=\"4\"\n\t\t\t\tdata-description=\"\"\n\t\t\t\tdata-image-slug=\"4-17\"\n\t\t\t\t\t\t\t\t\t\t\t\t\t\t\t\t\t\t\t\tclass=\"ngg-fancybox\" rel=\"5c0e9d94c6d01c0a5e6ffb2647499168\">\n\t\t\t\t\t\t\t\t<img\n\t\t\t\t\ttitle=\"4\"\n\t\t\t\t\talt=\"4\"\n\t\t\t\t\tsrc=\"https:\/\/ffw-erlenbach-stadt.de\/wp-content\/gallery\/einsatzbilder22052008\/thumbs\/thumbs_4.jpg\"\n\t\t\t\t\twidth=\"240\"\n\t\t\t\t\theight=\"160\"\n\t\t\t\t\tstyle=\"max-width:100%;\"\n\t\t\t\t\/>\n\t\t\t<\/a>\n\t\t<\/div>\n\t\t\t\t\t\t\t<\/div>\n\t\t\t\n\t\t\t\t<div id=\"ngg-image-2\" class=\"ngg-gallery-thumbnail-box\n\t\t\t\t\t\t\t\t\t\t\t\"\n\t\t\t>\n\t\t\t\t\t\t<div class=\"ngg-gallery-thumbnail\">\n\t\t\t<a href=\"https:\/\/ffw-erlenbach-stadt.de\/wp-content\/gallery\/einsatzbilder22052008\/22052008-06.jpg\"\n\t\t\t\ttitle=\"\"\n\t\t\t\tdata-src=\"https:\/\/ffw-erlenbach-stadt.de\/wp-content\/gallery\/einsatzbilder22052008\/22052008-06.jpg\"\n\t\t\t\tdata-thumbnail=\"https:\/\/ffw-erlenbach-stadt.de\/wp-content\/gallery\/einsatzbilder22052008\/thumbs\/thumbs_22052008-06.jpg\"\n\t\t\t\tdata-image-id=\"556\"\n\t\t\t\tdata-title=\"22052008 (06)\"\n\t\t\t\tdata-description=\"\"\n\t\t\t\tdata-image-slug=\"22052008-06\"\n\t\t\t\t\t\t\t\t\t\t\t\t\t\t\t\t\t\t\t\tclass=\"ngg-fancybox\" rel=\"5c0e9d94c6d01c0a5e6ffb2647499168\">\n\t\t\t\t\t\t\t\t<img\n\t\t\t\t\ttitle=\"22052008 (06)\"\n\t\t\t\t\talt=\"22052008 (06)\"\n\t\t\t\t\tsrc=\"https:\/\/ffw-erlenbach-stadt.de\/wp-content\/gallery\/einsatzbilder22052008\/thumbs\/thumbs_22052008-06.jpg\"\n\t\t\t\t\twidth=\"240\"\n\t\t\t\t\theight=\"160\"\n\t\t\t\t\tstyle=\"max-width:100%;\"\n\t\t\t\t\/>\n\t\t\t<\/a>\n\t\t<\/div>\n\t\t\t\t\t\t\t<\/div>\n\t\t\t\n\t\t\t\t<div id=\"ngg-image-3\" class=\"ngg-gallery-thumbnail-box\n\t\t\t\t\t\t\t\t\t\t\t\"\n\t\t\t>\n\t\t\t\t\t\t<div class=\"ngg-gallery-thumbnail\">\n\t\t\t<a href=\"https:\/\/ffw-erlenbach-stadt.de\/wp-content\/gallery\/einsatzbilder22052008\/22052008-010.jpg\"\n\t\t\t\ttitle=\"\"\n\t\t\t\tdata-src=\"https:\/\/ffw-erlenbach-stadt.de\/wp-content\/gallery\/einsatzbilder22052008\/22052008-010.jpg\"\n\t\t\t\tdata-thumbnail=\"https:\/\/ffw-erlenbach-stadt.de\/wp-content\/gallery\/einsatzbilder22052008\/thumbs\/thumbs_22052008-010.jpg\"\n\t\t\t\tdata-image-id=\"557\"\n\t\t\t\tdata-title=\"22052008 (010)\"\n\t\t\t\tdata-description=\"\"\n\t\t\t\tdata-image-slug=\"22052008-010\"\n\t\t\t\t\t\t\t\t\t\t\t\t\t\t\t\t\t\t\t\tclass=\"ngg-fancybox\" rel=\"5c0e9d94c6d01c0a5e6ffb2647499168\">\n\t\t\t\t\t\t\t\t<img\n\t\t\t\t\ttitle=\"22052008 (010)\"\n\t\t\t\t\talt=\"22052008 (010)\"\n\t\t\t\t\tsrc=\"https:\/\/ffw-erlenbach-stadt.de\/wp-content\/gallery\/einsatzbilder22052008\/thumbs\/thumbs_22052008-010.jpg\"\n\t\t\t\t\twidth=\"240\"\n\t\t\t\t\theight=\"160\"\n\t\t\t\t\tstyle=\"max-width:100%;\"\n\t\t\t\t\/>\n\t\t\t<\/a>\n\t\t<\/div>\n\t\t\t\t\t\t\t<\/div>\n\t\t\t\n\t\t\t\t<div id=\"ngg-image-4\" class=\"ngg-gallery-thumbnail-box\n\t\t\t\t\t\t\t\t\t\t\t\"\n\t\t\t>\n\t\t\t\t\t\t<div class=\"ngg-gallery-thumbnail\">\n\t\t\t<a href=\"https:\/\/ffw-erlenbach-stadt.de\/wp-content\/gallery\/einsatzbilder22052008\/1.jpg\"\n\t\t\t\ttitle=\"\"\n\t\t\t\tdata-src=\"https:\/\/ffw-erlenbach-stadt.de\/wp-content\/gallery\/einsatzbilder22052008\/1.jpg\"\n\t\t\t\tdata-thumbnail=\"https:\/\/ffw-erlenbach-stadt.de\/wp-content\/gallery\/einsatzbilder22052008\/thumbs\/thumbs_1.jpg\"\n\t\t\t\tdata-image-id=\"558\"\n\t\t\t\tdata-title=\"1\"\n\t\t\t\tdata-description=\"\"\n\t\t\t\tdata-image-slug=\"1-21\"\n\t\t\t\t\t\t\t\t\t\t\t\t\t\t\t\t\t\t\t\tclass=\"ngg-fancybox\" rel=\"5c0e9d94c6d01c0a5e6ffb2647499168\">\n\t\t\t\t\t\t\t\t<img\n\t\t\t\t\ttitle=\"1\"\n\t\t\t\t\talt=\"1\"\n\t\t\t\t\tsrc=\"https:\/\/ffw-erlenbach-stadt.de\/wp-content\/gallery\/einsatzbilder22052008\/thumbs\/thumbs_1.jpg\"\n\t\t\t\t\twidth=\"240\"\n\t\t\t\t\theight=\"160\"\n\t\t\t\t\tstyle=\"max-width:100%;\"\n\t\t\t\t\/>\n\t\t\t<\/a>\n\t\t<\/div>\n\t\t\t\t\t\t\t<\/div>\n\t\t\t\n\t\t\t\t<div id=\"ngg-image-5\" class=\"ngg-gallery-thumbnail-box\n\t\t\t\t\t\t\t\t\t\t\t\"\n\t\t\t>\n\t\t\t\t\t\t<div class=\"ngg-gallery-thumbnail\">\n\t\t\t<a href=\"https:\/\/ffw-erlenbach-stadt.de\/wp-content\/gallery\/einsatzbilder22052008\/2.jpg\"\n\t\t\t\ttitle=\"\"\n\t\t\t\tdata-src=\"https:\/\/ffw-erlenbach-stadt.de\/wp-content\/gallery\/einsatzbilder22052008\/2.jpg\"\n\t\t\t\tdata-thumbnail=\"https:\/\/ffw-erlenbach-stadt.de\/wp-content\/gallery\/einsatzbilder22052008\/thumbs\/thumbs_2.jpg\"\n\t\t\t\tdata-image-id=\"559\"\n\t\t\t\tdata-title=\"2\"\n\t\t\t\tdata-description=\"\"\n\t\t\t\tdata-image-slug=\"2-21\"\n\t\t\t\t\t\t\t\t\t\t\t\t\t\t\t\t\t\t\t\tclass=\"ngg-fancybox\" rel=\"5c0e9d94c6d01c0a5e6ffb2647499168\">\n\t\t\t\t\t\t\t\t<img\n\t\t\t\t\ttitle=\"2\"\n\t\t\t\t\talt=\"2\"\n\t\t\t\t\tsrc=\"https:\/\/ffw-erlenbach-stadt.de\/wp-content\/gallery\/einsatzbilder22052008\/thumbs\/thumbs_2.jpg\"\n\t\t\t\t\twidth=\"240\"\n\t\t\t\t\theight=\"160\"\n\t\t\t\t\tstyle=\"max-width:100%;\"\n\t\t\t\t\/>\n\t\t\t<\/a>\n\t\t<\/div>\n\t\t\t\t\t\t\t<\/div>\n\t\t\t\n\t\n\t<br style=\"clear: both\" \/>\n\n\t\t<div class=\"slideshowlink\">\n\t\t<a href='https:\/\/ffw-erlenbach-stadt.de\/index.php\/einsatzberichte\/brandeinsatz-kellerbrand-2\/nggallery\/slideshow'>[Zeige eine Slideshow]<\/a>\n\n\t<\/div>\n\t\n\t\t<!-- Pagination -->\n\t\t<div class='ngg-clear'><\/div>\t<\/div>\n<\/p>\n","protected":false},"author":4,"featured_media":0,"template":"","meta":{"ngg_post_thumbnail":0,"einsatz_weight":1,"footnotes":""},"categories":[39],"tags":[],"einsatzart":[10],"fahrzeug":[53,46,55,63],"exteinsatzmittel":[12,92],"alarmierungsart":[40],"evw_unit":[],"class_list":["post-376","einsatz","type-einsatz","status-publish","hentry","category-einsaetze","einsatzart-brand","fahrzeug-lf8","fahrzeug-mzf","fahrzeug-tlf-1625","fahrzeug-dlk-2312","exteinsatzmittel-polizei","exteinsatzmittel-rettungsdienst","alarmierungsart-fme"],"_links":{"self":[{"href":"https:\/\/ffw-erlenbach-stadt.de\/index.php\/wp-json\/wp\/v2\/einsatz\/376","targetHints":{"allow":["GET"]}}],"collection":[{"href":"https:\/\/ffw-erlenbach-stadt.de\/index.php\/wp-json\/wp\/v2\/einsatz"}],"about":[{"href":"https:\/\/ffw-erlenbach-stadt.de\/index.php\/wp-json\/wp\/v2\/types\/einsatz"}],"author":[{"embeddable":true,"href":"https:\/\/ffw-erlenbach-stadt.de\/index.php\/wp-json\/wp\/v2\/users\/4"}],"version-history":[{"count":2,"href":"https:\/\/ffw-erlenbach-stadt.de\/index.php\/wp-json\/wp\/v2\/einsatz\/376\/revisions"}],"predecessor-version":[{"id":5767,"href":"https:\/\/ffw-erlenbach-stadt.de\/index.php\/wp-json\/wp\/v2\/einsatz\/376\/revisions\/5767"}],"wp:attachment":[{"href":"https:\/\/ffw-erlenbach-stadt.de\/index.php\/wp-json\/wp\/v2\/media?parent=376"}],"wp:term":[{"taxonomy":"category","embeddable":true,"href":"https:\/\/ffw-erlenbach-stadt.de\/index.php\/wp-json\/wp\/v2\/categories?post=376"},{"taxonomy":"post_tag","embeddable":true,"href":"https:\/\/ffw-erlenbach-stadt.de\/index.php\/wp-json\/wp\/v2\/tags?post=376"},{"taxonomy":"einsatzart","embeddable":true,"href":"https:\/\/ffw-erlenbach-stadt.de\/index.php\/wp-json\/wp\/v2\/einsatzart?post=376"},{"taxonomy":"fahrzeug","embeddable":true,"href":"https:\/\/ffw-erlenbach-stadt.de\/index.php\/wp-json\/wp\/v2\/fahrzeug?post=376"},{"taxonomy":"exteinsatzmittel","embeddable":true,"href":"https:\/\/ffw-erlenbach-stadt.de\/index.php\/wp-json\/wp\/v2\/exteinsatzmittel?post=376"},{"taxonomy":"alarmierungsart","embeddable":true,"href":"https:\/\/ffw-erlenbach-stadt.de\/index.php\/wp-json\/wp\/v2\/alarmierungsart?post=376"},{"taxonomy":"evw_unit","embeddable":true,"href":"https:\/\/ffw-erlenbach-stadt.de\/index.php\/wp-json\/wp\/v2\/evw_unit?post=376"}],"curies":[{"name":"wp","href":"https:\/\/api.w.org\/{rel}","templated":true}]}}