{"id":359,"date":"2011-10-26T16:15:00","date_gmt":"2011-10-26T14:15:00","guid":{"rendered":"http:\/\/web3.ffw-erlenbach-stadt.de\/index.php\/einsatzberichte\/2011002\/"},"modified":"2017-04-12T14:49:22","modified_gmt":"2017-04-12T12:49:22","slug":"verkehrsunfall-pkw-gegen-bus","status":"publish","type":"einsatz","link":"https:\/\/ffw-erlenbach-stadt.de\/index.php\/einsatzberichte\/verkehrsunfall-pkw-gegen-bus\/","title":{"rendered":"Verkehrsunfall &#8211; PKW gegen Bus"},"content":{"rendered":"<p><em><span style=\"font-family: arial,helvetica,sans-serif;\"><span style=\"color: #000000; font-size: 10pt;\">Nur knapp eine Stunde nach dem letzten Einsatz, wurde die Feuerwehr erneut alarmiert. Ein PKW hat einem Linienbus, der die Dr.-Robert-Koch-Stra\u00dfe befuhr die Vorfahrt genommen, dabei kam es zum Zusammensto\u00df. Dank der Reaktion des Busfahrers und eines Ausweichman\u00f6vers konnte dieser verhindern, den PKW voll auf H\u00f6he der Fahrert\u00fcr zu treffen. Der Bus prallte schlie\u00dflich gegen den vorderen Kotfl\u00fcgel des PKW\u00b4s.<br \/>\nBeim Zusammensto\u00df blieben die zwei Fahrg\u00e4ste im Bus unverletzt. Der PKW Insasse konnte das Fahrzeug selbst verlassen und wurde von der Feuerwehr bis zum Eintreffen des Rettungsdienstes betreut. Die verletzte Person kam zur Untersuchung in eine Klinik.<\/span><br \/>\n<span style=\"color: #000000; font-size: 10pt;\">Im Motorraum des PKW begann es nach dem Zusammensto\u00df zu brennen. Anwohner l\u00f6schten den Brand mit einem Feuerl\u00f6scher, die Feuerwehr \u00fcbernahm die Nachl\u00f6scharbeiten mittels S-Schlauch. W\u00e4hrend des Einsatzes sperrten die Einsatzkr\u00e4fte die Dr.-Robert-Koch-Stra\u00dfe komplett und leiteten den Verkehr um.<\/span><\/span><\/em><\/p>\n<p>&nbsp;<\/p>\n<p><!-- default-view.php -->\n<div\n\tclass=\"ngg-galleryoverview default-view\n\t ngg-ajax-pagination-none\t\"\n\tid=\"ngg-gallery-3c297908dd897d191e89d1c768e1fd80-1\"\n\tdata-gallery-id=\"73\">\n\n\t\t<!-- Thumbnails -->\n\t\t\t\t<div id=\"ngg-image-0\" class=\"ngg-gallery-thumbnail-box\n\t\t\t\t\t\t\t\t\t\t\t\"\n\t\t\t>\n\t\t\t\t\t\t<div class=\"ngg-gallery-thumbnail\">\n\t\t\t<a href=\"https:\/\/ffw-erlenbach-stadt.de\/wp-content\/gallery\/einsatzbilder26102011\/26102011-01.jpg\"\n\t\t\t\ttitle=\"\"\n\t\t\t\tdata-src=\"https:\/\/ffw-erlenbach-stadt.de\/wp-content\/gallery\/einsatzbilder26102011\/26102011-01.jpg\"\n\t\t\t\tdata-thumbnail=\"https:\/\/ffw-erlenbach-stadt.de\/wp-content\/gallery\/einsatzbilder26102011\/thumbs\/thumbs_26102011-01.jpg\"\n\t\t\t\tdata-image-id=\"633\"\n\t\t\t\tdata-title=\"26102011 (01)\"\n\t\t\t\tdata-description=\"\"\n\t\t\t\tdata-image-slug=\"26102011-01\"\n\t\t\t\t\t\t\t\t\t\t\t\t\t\t\t\t\t\t\t\tclass=\"ngg-fancybox\" rel=\"3c297908dd897d191e89d1c768e1fd80\">\n\t\t\t\t\t\t\t\t<img\n\t\t\t\t\ttitle=\"26102011 (01)\"\n\t\t\t\t\talt=\"26102011 (01)\"\n\t\t\t\t\tsrc=\"https:\/\/ffw-erlenbach-stadt.de\/wp-content\/gallery\/einsatzbilder26102011\/thumbs\/thumbs_26102011-01.jpg\"\n\t\t\t\t\twidth=\"240\"\n\t\t\t\t\theight=\"160\"\n\t\t\t\t\tstyle=\"max-width:100%;\"\n\t\t\t\t\/>\n\t\t\t<\/a>\n\t\t<\/div>\n\t\t\t\t\t\t\t<\/div>\n\t\t\t\n\t\t\t\t<div id=\"ngg-image-1\" class=\"ngg-gallery-thumbnail-box\n\t\t\t\t\t\t\t\t\t\t\t\"\n\t\t\t>\n\t\t\t\t\t\t<div class=\"ngg-gallery-thumbnail\">\n\t\t\t<a href=\"https:\/\/ffw-erlenbach-stadt.de\/wp-content\/gallery\/einsatzbilder26102011\/26102011-03.jpg\"\n\t\t\t\ttitle=\"\"\n\t\t\t\tdata-src=\"https:\/\/ffw-erlenbach-stadt.de\/wp-content\/gallery\/einsatzbilder26102011\/26102011-03.jpg\"\n\t\t\t\tdata-thumbnail=\"https:\/\/ffw-erlenbach-stadt.de\/wp-content\/gallery\/einsatzbilder26102011\/thumbs\/thumbs_26102011-03.jpg\"\n\t\t\t\tdata-image-id=\"634\"\n\t\t\t\tdata-title=\"26102011 (03)\"\n\t\t\t\tdata-description=\"\"\n\t\t\t\tdata-image-slug=\"26102011-03\"\n\t\t\t\t\t\t\t\t\t\t\t\t\t\t\t\t\t\t\t\tclass=\"ngg-fancybox\" rel=\"3c297908dd897d191e89d1c768e1fd80\">\n\t\t\t\t\t\t\t\t<img\n\t\t\t\t\ttitle=\"26102011 (03)\"\n\t\t\t\t\talt=\"26102011 (03)\"\n\t\t\t\t\tsrc=\"https:\/\/ffw-erlenbach-stadt.de\/wp-content\/gallery\/einsatzbilder26102011\/thumbs\/thumbs_26102011-03.jpg\"\n\t\t\t\t\twidth=\"240\"\n\t\t\t\t\theight=\"160\"\n\t\t\t\t\tstyle=\"max-width:100%;\"\n\t\t\t\t\/>\n\t\t\t<\/a>\n\t\t<\/div>\n\t\t\t\t\t\t\t<\/div>\n\t\t\t\n\t\t\t\t<div id=\"ngg-image-2\" class=\"ngg-gallery-thumbnail-box\n\t\t\t\t\t\t\t\t\t\t\t\"\n\t\t\t>\n\t\t\t\t\t\t<div class=\"ngg-gallery-thumbnail\">\n\t\t\t<a href=\"https:\/\/ffw-erlenbach-stadt.de\/wp-content\/gallery\/einsatzbilder26102011\/26102011-2.jpg\"\n\t\t\t\ttitle=\"\"\n\t\t\t\tdata-src=\"https:\/\/ffw-erlenbach-stadt.de\/wp-content\/gallery\/einsatzbilder26102011\/26102011-2.jpg\"\n\t\t\t\tdata-thumbnail=\"https:\/\/ffw-erlenbach-stadt.de\/wp-content\/gallery\/einsatzbilder26102011\/thumbs\/thumbs_26102011-2.jpg\"\n\t\t\t\tdata-image-id=\"635\"\n\t\t\t\tdata-title=\"26102011 (2)\"\n\t\t\t\tdata-description=\"\"\n\t\t\t\tdata-image-slug=\"26102011-2\"\n\t\t\t\t\t\t\t\t\t\t\t\t\t\t\t\t\t\t\t\tclass=\"ngg-fancybox\" rel=\"3c297908dd897d191e89d1c768e1fd80\">\n\t\t\t\t\t\t\t\t<img\n\t\t\t\t\ttitle=\"26102011 (2)\"\n\t\t\t\t\talt=\"26102011 (2)\"\n\t\t\t\t\tsrc=\"https:\/\/ffw-erlenbach-stadt.de\/wp-content\/gallery\/einsatzbilder26102011\/thumbs\/thumbs_26102011-2.jpg\"\n\t\t\t\t\twidth=\"240\"\n\t\t\t\t\theight=\"160\"\n\t\t\t\t\tstyle=\"max-width:100%;\"\n\t\t\t\t\/>\n\t\t\t<\/a>\n\t\t<\/div>\n\t\t\t\t\t\t\t<\/div>\n\t\t\t\n\t\t\t\t<div id=\"ngg-image-3\" class=\"ngg-gallery-thumbnail-box\n\t\t\t\t\t\t\t\t\t\t\t\"\n\t\t\t>\n\t\t\t\t\t\t<div class=\"ngg-gallery-thumbnail\">\n\t\t\t<a href=\"https:\/\/ffw-erlenbach-stadt.de\/wp-content\/gallery\/einsatzbilder26102011\/26102011-4.jpg\"\n\t\t\t\ttitle=\"\"\n\t\t\t\tdata-src=\"https:\/\/ffw-erlenbach-stadt.de\/wp-content\/gallery\/einsatzbilder26102011\/26102011-4.jpg\"\n\t\t\t\tdata-thumbnail=\"https:\/\/ffw-erlenbach-stadt.de\/wp-content\/gallery\/einsatzbilder26102011\/thumbs\/thumbs_26102011-4.jpg\"\n\t\t\t\tdata-image-id=\"636\"\n\t\t\t\tdata-title=\"26102011 (4)\"\n\t\t\t\tdata-description=\"\"\n\t\t\t\tdata-image-slug=\"26102011-4\"\n\t\t\t\t\t\t\t\t\t\t\t\t\t\t\t\t\t\t\t\tclass=\"ngg-fancybox\" rel=\"3c297908dd897d191e89d1c768e1fd80\">\n\t\t\t\t\t\t\t\t<img\n\t\t\t\t\ttitle=\"26102011 (4)\"\n\t\t\t\t\talt=\"26102011 (4)\"\n\t\t\t\t\tsrc=\"https:\/\/ffw-erlenbach-stadt.de\/wp-content\/gallery\/einsatzbilder26102011\/thumbs\/thumbs_26102011-4.jpg\"\n\t\t\t\t\twidth=\"240\"\n\t\t\t\t\theight=\"160\"\n\t\t\t\t\tstyle=\"max-width:100%;\"\n\t\t\t\t\/>\n\t\t\t<\/a>\n\t\t<\/div>\n\t\t\t\t\t\t\t<\/div>\n\t\t\t\n\t\t\t\t<div id=\"ngg-image-4\" class=\"ngg-gallery-thumbnail-box\n\t\t\t\t\t\t\t\t\t\t\t\"\n\t\t\t>\n\t\t\t\t\t\t<div class=\"ngg-gallery-thumbnail\">\n\t\t\t<a href=\"https:\/\/ffw-erlenbach-stadt.de\/wp-content\/gallery\/einsatzbilder26102011\/26102011-5.jpg\"\n\t\t\t\ttitle=\"\"\n\t\t\t\tdata-src=\"https:\/\/ffw-erlenbach-stadt.de\/wp-content\/gallery\/einsatzbilder26102011\/26102011-5.jpg\"\n\t\t\t\tdata-thumbnail=\"https:\/\/ffw-erlenbach-stadt.de\/wp-content\/gallery\/einsatzbilder26102011\/thumbs\/thumbs_26102011-5.jpg\"\n\t\t\t\tdata-image-id=\"637\"\n\t\t\t\tdata-title=\"26102011 (5)\"\n\t\t\t\tdata-description=\"\"\n\t\t\t\tdata-image-slug=\"26102011-5\"\n\t\t\t\t\t\t\t\t\t\t\t\t\t\t\t\t\t\t\t\tclass=\"ngg-fancybox\" rel=\"3c297908dd897d191e89d1c768e1fd80\">\n\t\t\t\t\t\t\t\t<img\n\t\t\t\t\ttitle=\"26102011 (5)\"\n\t\t\t\t\talt=\"26102011 (5)\"\n\t\t\t\t\tsrc=\"https:\/\/ffw-erlenbach-stadt.de\/wp-content\/gallery\/einsatzbilder26102011\/thumbs\/thumbs_26102011-5.jpg\"\n\t\t\t\t\twidth=\"240\"\n\t\t\t\t\theight=\"160\"\n\t\t\t\t\tstyle=\"max-width:100%;\"\n\t\t\t\t\/>\n\t\t\t<\/a>\n\t\t<\/div>\n\t\t\t\t\t\t\t<\/div>\n\t\t\t\n\t\n\t<br style=\"clear: both\" \/>\n\n\t\t<div class=\"slideshowlink\">\n\t\t<a href='https:\/\/ffw-erlenbach-stadt.de\/index.php\/einsatzberichte\/verkehrsunfall-pkw-gegen-bus\/nggallery\/slideshow'>[Zeige eine Slideshow]<\/a>\n\n\t<\/div>\n\t\n\t\t<!-- Pagination -->\n\t\t<div class='ngg-clear'><\/div>\t<\/div>\n<\/p>\n","protected":false},"author":4,"featured_media":0,"template":"","meta":{"ngg_post_thumbnail":0,"einsatz_weight":1,"footnotes":""},"categories":[39],"tags":[],"einsatzart":[56],"fahrzeug":[52,46,55],"exteinsatzmittel":[115,12,92],"alarmierungsart":[40],"evw_unit":[],"class_list":["post-359","einsatz","type-einsatz","status-publish","hentry","category-einsaetze","einsatzart-vehrkehrsunfall","fahrzeug-hlf2016","fahrzeug-mzf","fahrzeug-tlf-1625","exteinsatzmittel-abschleppdienst","exteinsatzmittel-polizei","exteinsatzmittel-rettungsdienst","alarmierungsart-fme"],"_links":{"self":[{"href":"https:\/\/ffw-erlenbach-stadt.de\/index.php\/wp-json\/wp\/v2\/einsatz\/359","targetHints":{"allow":["GET"]}}],"collection":[{"href":"https:\/\/ffw-erlenbach-stadt.de\/index.php\/wp-json\/wp\/v2\/einsatz"}],"about":[{"href":"https:\/\/ffw-erlenbach-stadt.de\/index.php\/wp-json\/wp\/v2\/types\/einsatz"}],"author":[{"embeddable":true,"href":"https:\/\/ffw-erlenbach-stadt.de\/index.php\/wp-json\/wp\/v2\/users\/4"}],"version-history":[{"count":2,"href":"https:\/\/ffw-erlenbach-stadt.de\/index.php\/wp-json\/wp\/v2\/einsatz\/359\/revisions"}],"predecessor-version":[{"id":5813,"href":"https:\/\/ffw-erlenbach-stadt.de\/index.php\/wp-json\/wp\/v2\/einsatz\/359\/revisions\/5813"}],"wp:attachment":[{"href":"https:\/\/ffw-erlenbach-stadt.de\/index.php\/wp-json\/wp\/v2\/media?parent=359"}],"wp:term":[{"taxonomy":"category","embeddable":true,"href":"https:\/\/ffw-erlenbach-stadt.de\/index.php\/wp-json\/wp\/v2\/categories?post=359"},{"taxonomy":"post_tag","embeddable":true,"href":"https:\/\/ffw-erlenbach-stadt.de\/index.php\/wp-json\/wp\/v2\/tags?post=359"},{"taxonomy":"einsatzart","embeddable":true,"href":"https:\/\/ffw-erlenbach-stadt.de\/index.php\/wp-json\/wp\/v2\/einsatzart?post=359"},{"taxonomy":"fahrzeug","embeddable":true,"href":"https:\/\/ffw-erlenbach-stadt.de\/index.php\/wp-json\/wp\/v2\/fahrzeug?post=359"},{"taxonomy":"exteinsatzmittel","embeddable":true,"href":"https:\/\/ffw-erlenbach-stadt.de\/index.php\/wp-json\/wp\/v2\/exteinsatzmittel?post=359"},{"taxonomy":"alarmierungsart","embeddable":true,"href":"https:\/\/ffw-erlenbach-stadt.de\/index.php\/wp-json\/wp\/v2\/alarmierungsart?post=359"},{"taxonomy":"evw_unit","embeddable":true,"href":"https:\/\/ffw-erlenbach-stadt.de\/index.php\/wp-json\/wp\/v2\/evw_unit?post=359"}],"curies":[{"name":"wp","href":"https:\/\/api.w.org\/{rel}","templated":true}]}}