{"id":315,"date":"2015-08-15T18:26:00","date_gmt":"2015-08-15T16:26:00","guid":{"rendered":"http:\/\/web3.ffw-erlenbach-stadt.de\/index.php\/einsatzberichte\/2015053\/"},"modified":"2017-04-12T14:53:11","modified_gmt":"2017-04-12T12:53:11","slug":"verkehrsunfall-2-pkws-10","status":"publish","type":"einsatz","link":"https:\/\/ffw-erlenbach-stadt.de\/index.php\/einsatzberichte\/verkehrsunfall-2-pkws-10\/","title":{"rendered":"Verkehrsunfall &#8211; 2 PKW\u00b4s"},"content":{"rendered":"<p><em>Nach einem Verkehrsunfall mit zwei PKW\u00b4s im Kreuzungsbereich Seeweg-Hohbergstrasse-Erlenweg wurden die Rettungskr\u00e4fte alarmiert. Die Feuerwehr leitete den Verkehr um, sicherte die Unfallstelle ab und s\u00e4uberte die Strasse von \u00d6l und Glasscherben. Zur Sicherheit wurde noch an jeder Strasse ein Warnschild aufgestellt. Nachdem beide verunfallte Fahrzeuge abgeschleppt waren, konnte die Strasse f\u00fcr den Verkehr wieder freigegeben werden und die Feuerwehr abr\u00fccken.<br \/>\n<\/em><\/p>\n<p><!-- default-view.php -->\n<div\n\tclass=\"ngg-galleryoverview default-view\n\t ngg-ajax-pagination-none\t\"\n\tid=\"ngg-gallery-1b13773542c59f83d11b99ee7b6954ab-1\"\n\tdata-gallery-id=\"28\">\n\n\t\t<!-- Thumbnails -->\n\t\t\t\t<div id=\"ngg-image-0\" class=\"ngg-gallery-thumbnail-box\n\t\t\t\t\t\t\t\t\t\t\t\"\n\t\t\t>\n\t\t\t\t\t\t<div class=\"ngg-gallery-thumbnail\">\n\t\t\t<a href=\"https:\/\/ffw-erlenbach-stadt.de\/wp-content\/gallery\/einsatzbilder15082015\/4.jpg\"\n\t\t\t\ttitle=\"\"\n\t\t\t\tdata-src=\"https:\/\/ffw-erlenbach-stadt.de\/wp-content\/gallery\/einsatzbilder15082015\/4.jpg\"\n\t\t\t\tdata-thumbnail=\"https:\/\/ffw-erlenbach-stadt.de\/wp-content\/gallery\/einsatzbilder15082015\/thumbs\/thumbs_4.jpg\"\n\t\t\t\tdata-image-id=\"211\"\n\t\t\t\tdata-title=\"4\"\n\t\t\t\tdata-description=\"\"\n\t\t\t\tdata-image-slug=\"4-11\"\n\t\t\t\t\t\t\t\t\t\t\t\t\t\t\t\t\t\t\t\tclass=\"ngg-fancybox\" rel=\"1b13773542c59f83d11b99ee7b6954ab\">\n\t\t\t\t\t\t\t\t<img\n\t\t\t\t\ttitle=\"4\"\n\t\t\t\t\talt=\"4\"\n\t\t\t\t\tsrc=\"https:\/\/ffw-erlenbach-stadt.de\/wp-content\/gallery\/einsatzbilder15082015\/thumbs\/thumbs_4.jpg\"\n\t\t\t\t\twidth=\"240\"\n\t\t\t\t\theight=\"160\"\n\t\t\t\t\tstyle=\"max-width:100%;\"\n\t\t\t\t\/>\n\t\t\t<\/a>\n\t\t<\/div>\n\t\t\t\t\t\t\t<\/div>\n\t\t\t\n\t\t\t\t<div id=\"ngg-image-1\" class=\"ngg-gallery-thumbnail-box\n\t\t\t\t\t\t\t\t\t\t\t\"\n\t\t\t>\n\t\t\t\t\t\t<div class=\"ngg-gallery-thumbnail\">\n\t\t\t<a href=\"https:\/\/ffw-erlenbach-stadt.de\/wp-content\/gallery\/einsatzbilder15082015\/5.jpg\"\n\t\t\t\ttitle=\"\"\n\t\t\t\tdata-src=\"https:\/\/ffw-erlenbach-stadt.de\/wp-content\/gallery\/einsatzbilder15082015\/5.jpg\"\n\t\t\t\tdata-thumbnail=\"https:\/\/ffw-erlenbach-stadt.de\/wp-content\/gallery\/einsatzbilder15082015\/thumbs\/thumbs_5.jpg\"\n\t\t\t\tdata-image-id=\"212\"\n\t\t\t\tdata-title=\"5\"\n\t\t\t\tdata-description=\"\"\n\t\t\t\tdata-image-slug=\"5-10\"\n\t\t\t\t\t\t\t\t\t\t\t\t\t\t\t\t\t\t\t\tclass=\"ngg-fancybox\" rel=\"1b13773542c59f83d11b99ee7b6954ab\">\n\t\t\t\t\t\t\t\t<img\n\t\t\t\t\ttitle=\"5\"\n\t\t\t\t\talt=\"5\"\n\t\t\t\t\tsrc=\"https:\/\/ffw-erlenbach-stadt.de\/wp-content\/gallery\/einsatzbilder15082015\/thumbs\/thumbs_5.jpg\"\n\t\t\t\t\twidth=\"240\"\n\t\t\t\t\theight=\"160\"\n\t\t\t\t\tstyle=\"max-width:100%;\"\n\t\t\t\t\/>\n\t\t\t<\/a>\n\t\t<\/div>\n\t\t\t\t\t\t\t<\/div>\n\t\t\t\n\t\t\t\t<div id=\"ngg-image-2\" class=\"ngg-gallery-thumbnail-box\n\t\t\t\t\t\t\t\t\t\t\t\"\n\t\t\t>\n\t\t\t\t\t\t<div class=\"ngg-gallery-thumbnail\">\n\t\t\t<a href=\"https:\/\/ffw-erlenbach-stadt.de\/wp-content\/gallery\/einsatzbilder15082015\/6.jpg\"\n\t\t\t\ttitle=\"\"\n\t\t\t\tdata-src=\"https:\/\/ffw-erlenbach-stadt.de\/wp-content\/gallery\/einsatzbilder15082015\/6.jpg\"\n\t\t\t\tdata-thumbnail=\"https:\/\/ffw-erlenbach-stadt.de\/wp-content\/gallery\/einsatzbilder15082015\/thumbs\/thumbs_6.jpg\"\n\t\t\t\tdata-image-id=\"213\"\n\t\t\t\tdata-title=\"6\"\n\t\t\t\tdata-description=\"\"\n\t\t\t\tdata-image-slug=\"6-8\"\n\t\t\t\t\t\t\t\t\t\t\t\t\t\t\t\t\t\t\t\tclass=\"ngg-fancybox\" rel=\"1b13773542c59f83d11b99ee7b6954ab\">\n\t\t\t\t\t\t\t\t<img\n\t\t\t\t\ttitle=\"6\"\n\t\t\t\t\talt=\"6\"\n\t\t\t\t\tsrc=\"https:\/\/ffw-erlenbach-stadt.de\/wp-content\/gallery\/einsatzbilder15082015\/thumbs\/thumbs_6.jpg\"\n\t\t\t\t\twidth=\"240\"\n\t\t\t\t\theight=\"160\"\n\t\t\t\t\tstyle=\"max-width:100%;\"\n\t\t\t\t\/>\n\t\t\t<\/a>\n\t\t<\/div>\n\t\t\t\t\t\t\t<\/div>\n\t\t\t\n\t\t\t\t<div id=\"ngg-image-3\" class=\"ngg-gallery-thumbnail-box\n\t\t\t\t\t\t\t\t\t\t\t\"\n\t\t\t>\n\t\t\t\t\t\t<div class=\"ngg-gallery-thumbnail\">\n\t\t\t<a href=\"https:\/\/ffw-erlenbach-stadt.de\/wp-content\/gallery\/einsatzbilder15082015\/7.jpg\"\n\t\t\t\ttitle=\"\"\n\t\t\t\tdata-src=\"https:\/\/ffw-erlenbach-stadt.de\/wp-content\/gallery\/einsatzbilder15082015\/7.jpg\"\n\t\t\t\tdata-thumbnail=\"https:\/\/ffw-erlenbach-stadt.de\/wp-content\/gallery\/einsatzbilder15082015\/thumbs\/thumbs_7.jpg\"\n\t\t\t\tdata-image-id=\"214\"\n\t\t\t\tdata-title=\"7\"\n\t\t\t\tdata-description=\"\"\n\t\t\t\tdata-image-slug=\"7-5\"\n\t\t\t\t\t\t\t\t\t\t\t\t\t\t\t\t\t\t\t\tclass=\"ngg-fancybox\" rel=\"1b13773542c59f83d11b99ee7b6954ab\">\n\t\t\t\t\t\t\t\t<img\n\t\t\t\t\ttitle=\"7\"\n\t\t\t\t\talt=\"7\"\n\t\t\t\t\tsrc=\"https:\/\/ffw-erlenbach-stadt.de\/wp-content\/gallery\/einsatzbilder15082015\/thumbs\/thumbs_7.jpg\"\n\t\t\t\t\twidth=\"240\"\n\t\t\t\t\theight=\"160\"\n\t\t\t\t\tstyle=\"max-width:100%;\"\n\t\t\t\t\/>\n\t\t\t<\/a>\n\t\t<\/div>\n\t\t\t\t\t\t\t<\/div>\n\t\t\t\n\t\t\t\t<div id=\"ngg-image-4\" class=\"ngg-gallery-thumbnail-box\n\t\t\t\t\t\t\t\t\t\t\t\"\n\t\t\t>\n\t\t\t\t\t\t<div class=\"ngg-gallery-thumbnail\">\n\t\t\t<a href=\"https:\/\/ffw-erlenbach-stadt.de\/wp-content\/gallery\/einsatzbilder15082015\/1.jpg\"\n\t\t\t\ttitle=\"\"\n\t\t\t\tdata-src=\"https:\/\/ffw-erlenbach-stadt.de\/wp-content\/gallery\/einsatzbilder15082015\/1.jpg\"\n\t\t\t\tdata-thumbnail=\"https:\/\/ffw-erlenbach-stadt.de\/wp-content\/gallery\/einsatzbilder15082015\/thumbs\/thumbs_1.jpg\"\n\t\t\t\tdata-image-id=\"215\"\n\t\t\t\tdata-title=\"1\"\n\t\t\t\tdata-description=\"\"\n\t\t\t\tdata-image-slug=\"1-14\"\n\t\t\t\t\t\t\t\t\t\t\t\t\t\t\t\t\t\t\t\tclass=\"ngg-fancybox\" rel=\"1b13773542c59f83d11b99ee7b6954ab\">\n\t\t\t\t\t\t\t\t<img\n\t\t\t\t\ttitle=\"1\"\n\t\t\t\t\talt=\"1\"\n\t\t\t\t\tsrc=\"https:\/\/ffw-erlenbach-stadt.de\/wp-content\/gallery\/einsatzbilder15082015\/thumbs\/thumbs_1.jpg\"\n\t\t\t\t\twidth=\"240\"\n\t\t\t\t\theight=\"160\"\n\t\t\t\t\tstyle=\"max-width:100%;\"\n\t\t\t\t\/>\n\t\t\t<\/a>\n\t\t<\/div>\n\t\t\t\t\t\t\t<\/div>\n\t\t\t\n\t\t\t\t<div id=\"ngg-image-5\" class=\"ngg-gallery-thumbnail-box\n\t\t\t\t\t\t\t\t\t\t\t\"\n\t\t\t>\n\t\t\t\t\t\t<div class=\"ngg-gallery-thumbnail\">\n\t\t\t<a href=\"https:\/\/ffw-erlenbach-stadt.de\/wp-content\/gallery\/einsatzbilder15082015\/2.jpg\"\n\t\t\t\ttitle=\"\"\n\t\t\t\tdata-src=\"https:\/\/ffw-erlenbach-stadt.de\/wp-content\/gallery\/einsatzbilder15082015\/2.jpg\"\n\t\t\t\tdata-thumbnail=\"https:\/\/ffw-erlenbach-stadt.de\/wp-content\/gallery\/einsatzbilder15082015\/thumbs\/thumbs_2.jpg\"\n\t\t\t\tdata-image-id=\"216\"\n\t\t\t\tdata-title=\"2\"\n\t\t\t\tdata-description=\"\"\n\t\t\t\tdata-image-slug=\"2-15\"\n\t\t\t\t\t\t\t\t\t\t\t\t\t\t\t\t\t\t\t\tclass=\"ngg-fancybox\" rel=\"1b13773542c59f83d11b99ee7b6954ab\">\n\t\t\t\t\t\t\t\t<img\n\t\t\t\t\ttitle=\"2\"\n\t\t\t\t\talt=\"2\"\n\t\t\t\t\tsrc=\"https:\/\/ffw-erlenbach-stadt.de\/wp-content\/gallery\/einsatzbilder15082015\/thumbs\/thumbs_2.jpg\"\n\t\t\t\t\twidth=\"240\"\n\t\t\t\t\theight=\"160\"\n\t\t\t\t\tstyle=\"max-width:100%;\"\n\t\t\t\t\/>\n\t\t\t<\/a>\n\t\t<\/div>\n\t\t\t\t\t\t\t<\/div>\n\t\t\t\n\t\t\t\t<div id=\"ngg-image-6\" class=\"ngg-gallery-thumbnail-box\n\t\t\t\t\t\t\t\t\t\t\t\"\n\t\t\t>\n\t\t\t\t\t\t<div class=\"ngg-gallery-thumbnail\">\n\t\t\t<a href=\"https:\/\/ffw-erlenbach-stadt.de\/wp-content\/gallery\/einsatzbilder15082015\/3.jpg\"\n\t\t\t\ttitle=\"\"\n\t\t\t\tdata-src=\"https:\/\/ffw-erlenbach-stadt.de\/wp-content\/gallery\/einsatzbilder15082015\/3.jpg\"\n\t\t\t\tdata-thumbnail=\"https:\/\/ffw-erlenbach-stadt.de\/wp-content\/gallery\/einsatzbilder15082015\/thumbs\/thumbs_3.jpg\"\n\t\t\t\tdata-image-id=\"217\"\n\t\t\t\tdata-title=\"3\"\n\t\t\t\tdata-description=\"\"\n\t\t\t\tdata-image-slug=\"3-13\"\n\t\t\t\t\t\t\t\t\t\t\t\t\t\t\t\t\t\t\t\tclass=\"ngg-fancybox\" rel=\"1b13773542c59f83d11b99ee7b6954ab\">\n\t\t\t\t\t\t\t\t<img\n\t\t\t\t\ttitle=\"3\"\n\t\t\t\t\talt=\"3\"\n\t\t\t\t\tsrc=\"https:\/\/ffw-erlenbach-stadt.de\/wp-content\/gallery\/einsatzbilder15082015\/thumbs\/thumbs_3.jpg\"\n\t\t\t\t\twidth=\"240\"\n\t\t\t\t\theight=\"160\"\n\t\t\t\t\tstyle=\"max-width:100%;\"\n\t\t\t\t\/>\n\t\t\t<\/a>\n\t\t<\/div>\n\t\t\t\t\t\t\t<\/div>\n\t\t\t\n\t\n\t<br style=\"clear: both\" \/>\n\n\t\t<div class=\"slideshowlink\">\n\t\t<a href='https:\/\/ffw-erlenbach-stadt.de\/index.php\/einsatzberichte\/verkehrsunfall-2-pkws-10\/nggallery\/slideshow'>[Zeige eine Slideshow]<\/a>\n\n\t<\/div>\n\t\n\t\t<!-- Pagination -->\n\t\t<div class='ngg-clear'><\/div>\t<\/div>\n<\/p>\n","protected":false},"author":4,"featured_media":0,"template":"","meta":{"ngg_post_thumbnail":0,"einsatz_weight":1,"footnotes":""},"categories":[39],"tags":[],"einsatzart":[],"fahrzeug":[54,52],"exteinsatzmittel":[115,12,92],"alarmierungsart":[40],"evw_unit":[],"class_list":["post-315","einsatz","type-einsatz","status-publish","hentry","category-einsaetze","fahrzeug-gw-s","fahrzeug-hlf2016","exteinsatzmittel-abschleppdienst","exteinsatzmittel-polizei","exteinsatzmittel-rettungsdienst","alarmierungsart-fme"],"_links":{"self":[{"href":"https:\/\/ffw-erlenbach-stadt.de\/index.php\/wp-json\/wp\/v2\/einsatz\/315","targetHints":{"allow":["GET"]}}],"collection":[{"href":"https:\/\/ffw-erlenbach-stadt.de\/index.php\/wp-json\/wp\/v2\/einsatz"}],"about":[{"href":"https:\/\/ffw-erlenbach-stadt.de\/index.php\/wp-json\/wp\/v2\/types\/einsatz"}],"author":[{"embeddable":true,"href":"https:\/\/ffw-erlenbach-stadt.de\/index.php\/wp-json\/wp\/v2\/users\/4"}],"version-history":[{"count":2,"href":"https:\/\/ffw-erlenbach-stadt.de\/index.php\/wp-json\/wp\/v2\/einsatz\/315\/revisions"}],"predecessor-version":[{"id":5554,"href":"https:\/\/ffw-erlenbach-stadt.de\/index.php\/wp-json\/wp\/v2\/einsatz\/315\/revisions\/5554"}],"wp:attachment":[{"href":"https:\/\/ffw-erlenbach-stadt.de\/index.php\/wp-json\/wp\/v2\/media?parent=315"}],"wp:term":[{"taxonomy":"category","embeddable":true,"href":"https:\/\/ffw-erlenbach-stadt.de\/index.php\/wp-json\/wp\/v2\/categories?post=315"},{"taxonomy":"post_tag","embeddable":true,"href":"https:\/\/ffw-erlenbach-stadt.de\/index.php\/wp-json\/wp\/v2\/tags?post=315"},{"taxonomy":"einsatzart","embeddable":true,"href":"https:\/\/ffw-erlenbach-stadt.de\/index.php\/wp-json\/wp\/v2\/einsatzart?post=315"},{"taxonomy":"fahrzeug","embeddable":true,"href":"https:\/\/ffw-erlenbach-stadt.de\/index.php\/wp-json\/wp\/v2\/fahrzeug?post=315"},{"taxonomy":"exteinsatzmittel","embeddable":true,"href":"https:\/\/ffw-erlenbach-stadt.de\/index.php\/wp-json\/wp\/v2\/exteinsatzmittel?post=315"},{"taxonomy":"alarmierungsart","embeddable":true,"href":"https:\/\/ffw-erlenbach-stadt.de\/index.php\/wp-json\/wp\/v2\/alarmierungsart?post=315"},{"taxonomy":"evw_unit","embeddable":true,"href":"https:\/\/ffw-erlenbach-stadt.de\/index.php\/wp-json\/wp\/v2\/evw_unit?post=315"}],"curies":[{"name":"wp","href":"https:\/\/api.w.org\/{rel}","templated":true}]}}