{"id":22116,"date":"2025-04-12T21:16:00","date_gmt":"2025-04-12T19:16:00","guid":{"rendered":"https:\/\/ffw-erlenbach-stadt.de\/?post_type=einsatz&#038;p=22116"},"modified":"2025-04-23T15:53:58","modified_gmt":"2025-04-23T13:53:58","slug":"thl1-wohnung-oeffnen-akut-7","status":"publish","type":"einsatz","link":"https:\/\/ffw-erlenbach-stadt.de\/index.php\/einsatzberichte\/thl1-wohnung-oeffnen-akut-7\/","title":{"rendered":"THL1 &#8211; Wohnung \u00f6ffnen akut"},"content":{"rendered":"\n<p><strong><em>Wir wurden durch einen Hausnotruf zu einer Wohnungst\u00fcr\u00f6ffnung alarmiert. Da zum Patienten Sprechkontakt bestand und wir das Fenster zur Betreuung \u00f6ffnen konnten, warteten wir, bis die Tochter mit dem Wohnungsschl\u00fcssel zur Einsatzstelle kam. Nach kurzer Zeit \u00fcbergaben wir die Einsatzsstelle dem Rettungsdienst und kehrten ins Ger\u00e4tehaus zur\u00fcck.<\/em><\/strong><\/p>\n\n\n\n<p><em><strong>Es waren insgesamt 9 Einsatzkr\u00e4fte mit dem ELW und MLF im Einsatz. 7 Kr\u00e4fte waren am Ger\u00e4tehaus in Bereitschaft.<\/strong><\/em><\/p>\n","protected":false},"author":4,"featured_media":0,"template":"","meta":{"ngg_post_thumbnail":0,"einsatz_weight":1,"footnotes":""},"categories":[39],"tags":[],"einsatzart":[120],"fahrzeug":[268,269],"exteinsatzmittel":[12,92],"alarmierungsart":[206],"evw_unit":[],"class_list":["post-22116","einsatz","type-einsatz","status-publish","hentry","category-einsaetze","einsatzart-thl-person-in-gefahr","fahrzeug-elw","fahrzeug-mlf","exteinsatzmittel-polizei","exteinsatzmittel-rettungsdienst","alarmierungsart-trupp-alarm"],"_links":{"self":[{"href":"https:\/\/ffw-erlenbach-stadt.de\/index.php\/wp-json\/wp\/v2\/einsatz\/22116","targetHints":{"allow":["GET"]}}],"collection":[{"href":"https:\/\/ffw-erlenbach-stadt.de\/index.php\/wp-json\/wp\/v2\/einsatz"}],"about":[{"href":"https:\/\/ffw-erlenbach-stadt.de\/index.php\/wp-json\/wp\/v2\/types\/einsatz"}],"author":[{"embeddable":true,"href":"https:\/\/ffw-erlenbach-stadt.de\/index.php\/wp-json\/wp\/v2\/users\/4"}],"version-history":[{"count":1,"href":"https:\/\/ffw-erlenbach-stadt.de\/index.php\/wp-json\/wp\/v2\/einsatz\/22116\/revisions"}],"predecessor-version":[{"id":22117,"href":"https:\/\/ffw-erlenbach-stadt.de\/index.php\/wp-json\/wp\/v2\/einsatz\/22116\/revisions\/22117"}],"wp:attachment":[{"href":"https:\/\/ffw-erlenbach-stadt.de\/index.php\/wp-json\/wp\/v2\/media?parent=22116"}],"wp:term":[{"taxonomy":"category","embeddable":true,"href":"https:\/\/ffw-erlenbach-stadt.de\/index.php\/wp-json\/wp\/v2\/categories?post=22116"},{"taxonomy":"post_tag","embeddable":true,"href":"https:\/\/ffw-erlenbach-stadt.de\/index.php\/wp-json\/wp\/v2\/tags?post=22116"},{"taxonomy":"einsatzart","embeddable":true,"href":"https:\/\/ffw-erlenbach-stadt.de\/index.php\/wp-json\/wp\/v2\/einsatzart?post=22116"},{"taxonomy":"fahrzeug","embeddable":true,"href":"https:\/\/ffw-erlenbach-stadt.de\/index.php\/wp-json\/wp\/v2\/fahrzeug?post=22116"},{"taxonomy":"exteinsatzmittel","embeddable":true,"href":"https:\/\/ffw-erlenbach-stadt.de\/index.php\/wp-json\/wp\/v2\/exteinsatzmittel?post=22116"},{"taxonomy":"alarmierungsart","embeddable":true,"href":"https:\/\/ffw-erlenbach-stadt.de\/index.php\/wp-json\/wp\/v2\/alarmierungsart?post=22116"},{"taxonomy":"evw_unit","embeddable":true,"href":"https:\/\/ffw-erlenbach-stadt.de\/index.php\/wp-json\/wp\/v2\/evw_unit?post=22116"}],"curies":[{"name":"wp","href":"https:\/\/api.w.org\/{rel}","templated":true}]}}