{"id":22068,"date":"2025-02-17T09:33:00","date_gmt":"2025-02-17T08:33:00","guid":{"rendered":"https:\/\/ffw-erlenbach-stadt.de\/?post_type=einsatz&#038;p=22068"},"modified":"2025-02-17T13:55:59","modified_gmt":"2025-02-17T12:55:59","slug":"thl1-p-eingeschlossen-wohnung-oeffnen-akut-2","status":"publish","type":"einsatz","link":"https:\/\/ffw-erlenbach-stadt.de\/index.php\/einsatzberichte\/thl1-p-eingeschlossen-wohnung-oeffnen-akut-2\/","title":{"rendered":"THL1 &#8211; P eingeschlossen Wohnung \u00f6ffnen akut"},"content":{"rendered":"\n<p><strong><em>Heute fr\u00fch wurden wir zu einer Wohnungst\u00fcr\u00f6ffnung alarmiert. Eine Pflegedienstmitarbeiterin war zu ihrer Routinekontrolle bei einem sonst zuverl\u00e4ssigen Patienten. Diesmal \u00f6ffnete er nicht die T\u00fcre. Die Pfledienstmitarbeiterin alarmierte die Rettungskr\u00e4fte, da sie nur leise Antwort auf ihr Rufen bekam.<br>Wir \u00f6ffneten die T\u00fcre und betreuten den Verletzten bis zum Eintreffen des Rettungsdienstes. Nachdem wir beim Transport des Patienten in den Rettungswagen noch halfen, war f\u00fcr uns anschliessend der Einsatz erledigt.<br>Dem Verletzten w\u00fcnschen wir gute Besserung.<\/em><\/strong><\/p>\n\n\n\n<p><img decoding=\"async\" height=\"16\" width=\"16\" src=\"https:\/\/static.xx.fbcdn.net\/images\/emoji.php\/v9\/t97\/1\/16\/1f469_1f3fc_200d_1f692.png\" alt=\"\ud83d\udc69\ud83c\udffc\u200d\ud83d\ude92\"><img decoding=\"async\" height=\"16\" width=\"16\" src=\"https:\/\/static.xx.fbcdn.net\/images\/emoji.php\/v9\/t67\/1\/16\/1f692.png\" alt=\"\ud83d\ude92\"><br><strong><em>Es waren insgesamt 14 Einsatzkr\u00e4fte der Feuerwehr im Einsatz, davon einige am Ger\u00e4tehaus. ELW und MLF waren an der Einsatzstelle.<\/em><\/strong><\/p>\n","protected":false},"author":4,"featured_media":0,"template":"","meta":{"ngg_post_thumbnail":0,"einsatz_weight":1,"footnotes":""},"categories":[39],"tags":[],"einsatzart":[120],"fahrzeug":[268,269],"exteinsatzmittel":[12,92],"alarmierungsart":[206],"evw_unit":[],"class_list":["post-22068","einsatz","type-einsatz","status-publish","hentry","category-einsaetze","einsatzart-thl-person-in-gefahr","fahrzeug-elw","fahrzeug-mlf","exteinsatzmittel-polizei","exteinsatzmittel-rettungsdienst","alarmierungsart-trupp-alarm"],"_links":{"self":[{"href":"https:\/\/ffw-erlenbach-stadt.de\/index.php\/wp-json\/wp\/v2\/einsatz\/22068","targetHints":{"allow":["GET"]}}],"collection":[{"href":"https:\/\/ffw-erlenbach-stadt.de\/index.php\/wp-json\/wp\/v2\/einsatz"}],"about":[{"href":"https:\/\/ffw-erlenbach-stadt.de\/index.php\/wp-json\/wp\/v2\/types\/einsatz"}],"author":[{"embeddable":true,"href":"https:\/\/ffw-erlenbach-stadt.de\/index.php\/wp-json\/wp\/v2\/users\/4"}],"version-history":[{"count":1,"href":"https:\/\/ffw-erlenbach-stadt.de\/index.php\/wp-json\/wp\/v2\/einsatz\/22068\/revisions"}],"predecessor-version":[{"id":22069,"href":"https:\/\/ffw-erlenbach-stadt.de\/index.php\/wp-json\/wp\/v2\/einsatz\/22068\/revisions\/22069"}],"wp:attachment":[{"href":"https:\/\/ffw-erlenbach-stadt.de\/index.php\/wp-json\/wp\/v2\/media?parent=22068"}],"wp:term":[{"taxonomy":"category","embeddable":true,"href":"https:\/\/ffw-erlenbach-stadt.de\/index.php\/wp-json\/wp\/v2\/categories?post=22068"},{"taxonomy":"post_tag","embeddable":true,"href":"https:\/\/ffw-erlenbach-stadt.de\/index.php\/wp-json\/wp\/v2\/tags?post=22068"},{"taxonomy":"einsatzart","embeddable":true,"href":"https:\/\/ffw-erlenbach-stadt.de\/index.php\/wp-json\/wp\/v2\/einsatzart?post=22068"},{"taxonomy":"fahrzeug","embeddable":true,"href":"https:\/\/ffw-erlenbach-stadt.de\/index.php\/wp-json\/wp\/v2\/fahrzeug?post=22068"},{"taxonomy":"exteinsatzmittel","embeddable":true,"href":"https:\/\/ffw-erlenbach-stadt.de\/index.php\/wp-json\/wp\/v2\/exteinsatzmittel?post=22068"},{"taxonomy":"alarmierungsart","embeddable":true,"href":"https:\/\/ffw-erlenbach-stadt.de\/index.php\/wp-json\/wp\/v2\/alarmierungsart?post=22068"},{"taxonomy":"evw_unit","embeddable":true,"href":"https:\/\/ffw-erlenbach-stadt.de\/index.php\/wp-json\/wp\/v2\/evw_unit?post=22068"}],"curies":[{"name":"wp","href":"https:\/\/api.w.org\/{rel}","templated":true}]}}