{"id":21171,"date":"2023-03-18T08:58:00","date_gmt":"2023-03-18T07:58:00","guid":{"rendered":"https:\/\/ffw-erlenbach-stadt.de\/?post_type=einsatz&#038;p=21171"},"modified":"2023-03-18T23:06:22","modified_gmt":"2023-03-18T22:06:22","slug":"thl1-verkehrsunfall-6","status":"publish","type":"einsatz","link":"https:\/\/ffw-erlenbach-stadt.de\/index.php\/einsatzberichte\/thl1-verkehrsunfall-6\/","title":{"rendered":"THL1 &#8211; Verkehrsunfall"},"content":{"rendered":"\n<p><strong><em>Kurz vor 9 Uhr wurden wir zu einem Verkehrsunfall im \u201eKreuzungsbereich M\u00fcnchner Stra\u00dfe\/Miltenberger Stra\u00dfe\u201c alarmiert. Vor Ort sicherten wir die Unfallstelle gegen den flie\u00dfenden Verkehr ab und stellten den Brandschutz sicher. An beiden Fahrzeugen klemmten wir die Batterien ab und nahmen ausgelaufene Betriebsstoffe auf. An den PKW\u2019s entstand erheblicher Sachschaden, so dass diese abgeschleppt werden mussten. Nach gut 1 \u00bc Stunden konnten wir wieder ins Ger\u00e4tehaus zur\u00fcckkehren. Der Verletzten Person w\u00fcnschen wir schnelle Genesung.<\/em><\/strong><\/p>\n\n\n\nngg_shortcode_0_placeholder\n","protected":false},"author":4,"featured_media":0,"template":"","meta":{"ngg_post_thumbnail":0,"einsatz_weight":1,"footnotes":""},"categories":[39],"tags":[],"einsatzart":[56],"fahrzeug":[],"exteinsatzmittel":[115,292,12,92],"alarmierungsart":[207],"evw_unit":[],"class_list":["post-21171","einsatz","type-einsatz","status-publish","hentry","category-einsaetze","einsatzart-vehrkehrsunfall","exteinsatzmittel-abschleppdienst","exteinsatzmittel-fa-wuest","exteinsatzmittel-polizei","exteinsatzmittel-rettungsdienst","alarmierungsart-gruppen-alarm"],"_links":{"self":[{"href":"https:\/\/ffw-erlenbach-stadt.de\/index.php\/wp-json\/wp\/v2\/einsatz\/21171","targetHints":{"allow":["GET"]}}],"collection":[{"href":"https:\/\/ffw-erlenbach-stadt.de\/index.php\/wp-json\/wp\/v2\/einsatz"}],"about":[{"href":"https:\/\/ffw-erlenbach-stadt.de\/index.php\/wp-json\/wp\/v2\/types\/einsatz"}],"author":[{"embeddable":true,"href":"https:\/\/ffw-erlenbach-stadt.de\/index.php\/wp-json\/wp\/v2\/users\/4"}],"version-history":[{"count":1,"href":"https:\/\/ffw-erlenbach-stadt.de\/index.php\/wp-json\/wp\/v2\/einsatz\/21171\/revisions"}],"predecessor-version":[{"id":21177,"href":"https:\/\/ffw-erlenbach-stadt.de\/index.php\/wp-json\/wp\/v2\/einsatz\/21171\/revisions\/21177"}],"wp:attachment":[{"href":"https:\/\/ffw-erlenbach-stadt.de\/index.php\/wp-json\/wp\/v2\/media?parent=21171"}],"wp:term":[{"taxonomy":"category","embeddable":true,"href":"https:\/\/ffw-erlenbach-stadt.de\/index.php\/wp-json\/wp\/v2\/categories?post=21171"},{"taxonomy":"post_tag","embeddable":true,"href":"https:\/\/ffw-erlenbach-stadt.de\/index.php\/wp-json\/wp\/v2\/tags?post=21171"},{"taxonomy":"einsatzart","embeddable":true,"href":"https:\/\/ffw-erlenbach-stadt.de\/index.php\/wp-json\/wp\/v2\/einsatzart?post=21171"},{"taxonomy":"fahrzeug","embeddable":true,"href":"https:\/\/ffw-erlenbach-stadt.de\/index.php\/wp-json\/wp\/v2\/fahrzeug?post=21171"},{"taxonomy":"exteinsatzmittel","embeddable":true,"href":"https:\/\/ffw-erlenbach-stadt.de\/index.php\/wp-json\/wp\/v2\/exteinsatzmittel?post=21171"},{"taxonomy":"alarmierungsart","embeddable":true,"href":"https:\/\/ffw-erlenbach-stadt.de\/index.php\/wp-json\/wp\/v2\/alarmierungsart?post=21171"},{"taxonomy":"evw_unit","embeddable":true,"href":"https:\/\/ffw-erlenbach-stadt.de\/index.php\/wp-json\/wp\/v2\/evw_unit?post=21171"}],"curies":[{"name":"wp","href":"https:\/\/api.w.org\/{rel}","templated":true}]}}