{"id":20765,"date":"2022-09-27T23:40:00","date_gmt":"2022-09-27T21:40:00","guid":{"rendered":"https:\/\/ffw-erlenbach-stadt.de\/?post_type=einsatz&#038;p=20765"},"modified":"2022-09-28T12:18:59","modified_gmt":"2022-09-28T10:18:59","slug":"thl1-fahrzeug-steckt-in-unterfuehrung","status":"publish","type":"einsatz","link":"https:\/\/ffw-erlenbach-stadt.de\/index.php\/einsatzberichte\/thl1-fahrzeug-steckt-in-unterfuehrung\/","title":{"rendered":"THL1 &#8211; Fahrzeug steckt in Unterf\u00fchrung"},"content":{"rendered":"\n<p><strong><em>Nachdem ein Fahrzeug durch eine Unterf\u00fchrung, welche f\u00fcr die Abma\u00dfe dieses zu niedrig war, fuhr wurde dieses und die Unterf\u00fchrung besch\u00e4digt. Beim Eintreffen der Feuerwehr stand das besch\u00e4digte Transportfahrzeug bereits am Stra\u00dfenrand. Wir \u00fcbernahmen Sicherungsma\u00dfnahmen an der Unterf\u00fchrung und \u00fcbergaben die Einsatzstelle der Polizei.<\/em><\/strong><\/p>\n\n\n\nngg_shortcode_0_placeholder\n","protected":false},"author":4,"featured_media":0,"template":"","meta":{"ngg_post_thumbnail":0,"einsatz_weight":1,"footnotes":""},"categories":[39],"tags":[],"einsatzart":[56],"fahrzeug":[268,52],"exteinsatzmittel":[12],"alarmierungsart":[206],"evw_unit":[],"class_list":["post-20765","einsatz","type-einsatz","status-publish","hentry","category-einsaetze","einsatzart-vehrkehrsunfall","fahrzeug-elw","fahrzeug-hlf2016","exteinsatzmittel-polizei","alarmierungsart-trupp-alarm"],"_links":{"self":[{"href":"https:\/\/ffw-erlenbach-stadt.de\/index.php\/wp-json\/wp\/v2\/einsatz\/20765","targetHints":{"allow":["GET"]}}],"collection":[{"href":"https:\/\/ffw-erlenbach-stadt.de\/index.php\/wp-json\/wp\/v2\/einsatz"}],"about":[{"href":"https:\/\/ffw-erlenbach-stadt.de\/index.php\/wp-json\/wp\/v2\/types\/einsatz"}],"author":[{"embeddable":true,"href":"https:\/\/ffw-erlenbach-stadt.de\/index.php\/wp-json\/wp\/v2\/users\/4"}],"version-history":[{"count":1,"href":"https:\/\/ffw-erlenbach-stadt.de\/index.php\/wp-json\/wp\/v2\/einsatz\/20765\/revisions"}],"predecessor-version":[{"id":20770,"href":"https:\/\/ffw-erlenbach-stadt.de\/index.php\/wp-json\/wp\/v2\/einsatz\/20765\/revisions\/20770"}],"wp:attachment":[{"href":"https:\/\/ffw-erlenbach-stadt.de\/index.php\/wp-json\/wp\/v2\/media?parent=20765"}],"wp:term":[{"taxonomy":"category","embeddable":true,"href":"https:\/\/ffw-erlenbach-stadt.de\/index.php\/wp-json\/wp\/v2\/categories?post=20765"},{"taxonomy":"post_tag","embeddable":true,"href":"https:\/\/ffw-erlenbach-stadt.de\/index.php\/wp-json\/wp\/v2\/tags?post=20765"},{"taxonomy":"einsatzart","embeddable":true,"href":"https:\/\/ffw-erlenbach-stadt.de\/index.php\/wp-json\/wp\/v2\/einsatzart?post=20765"},{"taxonomy":"fahrzeug","embeddable":true,"href":"https:\/\/ffw-erlenbach-stadt.de\/index.php\/wp-json\/wp\/v2\/fahrzeug?post=20765"},{"taxonomy":"exteinsatzmittel","embeddable":true,"href":"https:\/\/ffw-erlenbach-stadt.de\/index.php\/wp-json\/wp\/v2\/exteinsatzmittel?post=20765"},{"taxonomy":"alarmierungsart","embeddable":true,"href":"https:\/\/ffw-erlenbach-stadt.de\/index.php\/wp-json\/wp\/v2\/alarmierungsart?post=20765"},{"taxonomy":"evw_unit","embeddable":true,"href":"https:\/\/ffw-erlenbach-stadt.de\/index.php\/wp-json\/wp\/v2\/evw_unit?post=20765"}],"curies":[{"name":"wp","href":"https:\/\/api.w.org\/{rel}","templated":true}]}}