{"id":20443,"date":"2022-02-18T19:23:00","date_gmt":"2022-02-18T18:23:00","guid":{"rendered":"https:\/\/ffw-erlenbach-stadt.de\/?post_type=einsatz&#038;p=20443"},"modified":"2022-02-19T11:56:24","modified_gmt":"2022-02-19T10:56:24","slug":"thl1-baum-auf-strasse-3","status":"publish","type":"einsatz","link":"https:\/\/ffw-erlenbach-stadt.de\/index.php\/einsatzberichte\/thl1-baum-auf-strasse-3\/","title":{"rendered":"THL1 &#8211; Baum auf Stra\u00dfe"},"content":{"rendered":"\n<p><strong><em>Erneut wurden wir zu einem Sturmschaden alarmiert. Diesmal lag ein gr\u00f6\u00dferer Baum \u00fcber der Stra\u00dfe und ein weitere drohte zu fallen. Auch hier beseitigten wir die Gefahren in kurzer Zeit und konnten zur\u00fcck ins Ger\u00e4tehaus fahren.<\/em><\/strong><\/p>\n\n\n\n<p><\/p>\n\n\n\n<figure class=\"wp-block-image size-large is-style-default\"><img fetchpriority=\"high\" decoding=\"async\" width=\"768\" height=\"1024\" src=\"https:\/\/ffw-erlenbach-stadt.de\/wp-content\/uploads\/2022\/02\/IMG-20220218-WA0010-768x1024.jpg\" alt=\"\" class=\"wp-image-20444\" srcset=\"https:\/\/ffw-erlenbach-stadt.de\/wp-content\/uploads\/2022\/02\/IMG-20220218-WA0010-768x1024.jpg 768w, https:\/\/ffw-erlenbach-stadt.de\/wp-content\/uploads\/2022\/02\/IMG-20220218-WA0010-225x300.jpg 225w, https:\/\/ffw-erlenbach-stadt.de\/wp-content\/uploads\/2022\/02\/IMG-20220218-WA0010-1152x1536.jpg 1152w, https:\/\/ffw-erlenbach-stadt.de\/wp-content\/uploads\/2022\/02\/IMG-20220218-WA0010.jpg 1536w\" sizes=\"(max-width: 768px) 100vw, 768px\" \/><\/figure>\n","protected":false},"author":4,"featured_media":0,"template":"","meta":{"ngg_post_thumbnail":0,"einsatz_weight":1,"footnotes":""},"categories":[39],"tags":[],"einsatzart":[109],"fahrzeug":[268,52],"exteinsatzmittel":[],"alarmierungsart":[206],"evw_unit":[],"class_list":["post-20443","einsatz","type-einsatz","status-publish","hentry","category-einsaetze","einsatzart-unwetter","fahrzeug-elw","fahrzeug-hlf2016","alarmierungsart-trupp-alarm"],"_links":{"self":[{"href":"https:\/\/ffw-erlenbach-stadt.de\/index.php\/wp-json\/wp\/v2\/einsatz\/20443","targetHints":{"allow":["GET"]}}],"collection":[{"href":"https:\/\/ffw-erlenbach-stadt.de\/index.php\/wp-json\/wp\/v2\/einsatz"}],"about":[{"href":"https:\/\/ffw-erlenbach-stadt.de\/index.php\/wp-json\/wp\/v2\/types\/einsatz"}],"author":[{"embeddable":true,"href":"https:\/\/ffw-erlenbach-stadt.de\/index.php\/wp-json\/wp\/v2\/users\/4"}],"version-history":[{"count":1,"href":"https:\/\/ffw-erlenbach-stadt.de\/index.php\/wp-json\/wp\/v2\/einsatz\/20443\/revisions"}],"predecessor-version":[{"id":20445,"href":"https:\/\/ffw-erlenbach-stadt.de\/index.php\/wp-json\/wp\/v2\/einsatz\/20443\/revisions\/20445"}],"wp:attachment":[{"href":"https:\/\/ffw-erlenbach-stadt.de\/index.php\/wp-json\/wp\/v2\/media?parent=20443"}],"wp:term":[{"taxonomy":"category","embeddable":true,"href":"https:\/\/ffw-erlenbach-stadt.de\/index.php\/wp-json\/wp\/v2\/categories?post=20443"},{"taxonomy":"post_tag","embeddable":true,"href":"https:\/\/ffw-erlenbach-stadt.de\/index.php\/wp-json\/wp\/v2\/tags?post=20443"},{"taxonomy":"einsatzart","embeddable":true,"href":"https:\/\/ffw-erlenbach-stadt.de\/index.php\/wp-json\/wp\/v2\/einsatzart?post=20443"},{"taxonomy":"fahrzeug","embeddable":true,"href":"https:\/\/ffw-erlenbach-stadt.de\/index.php\/wp-json\/wp\/v2\/fahrzeug?post=20443"},{"taxonomy":"exteinsatzmittel","embeddable":true,"href":"https:\/\/ffw-erlenbach-stadt.de\/index.php\/wp-json\/wp\/v2\/exteinsatzmittel?post=20443"},{"taxonomy":"alarmierungsart","embeddable":true,"href":"https:\/\/ffw-erlenbach-stadt.de\/index.php\/wp-json\/wp\/v2\/alarmierungsart?post=20443"},{"taxonomy":"evw_unit","embeddable":true,"href":"https:\/\/ffw-erlenbach-stadt.de\/index.php\/wp-json\/wp\/v2\/evw_unit?post=20443"}],"curies":[{"name":"wp","href":"https:\/\/api.w.org\/{rel}","templated":true}]}}