{"id":20376,"date":"2022-02-15T03:21:00","date_gmt":"2022-02-15T02:21:00","guid":{"rendered":"https:\/\/ffw-erlenbach-stadt.de\/?post_type=einsatz&#038;p=20376"},"modified":"2022-02-15T15:07:00","modified_gmt":"2022-02-15T14:07:00","slug":"thl1-verkehrsunfall-mit-pkw-2","status":"publish","type":"einsatz","link":"https:\/\/ffw-erlenbach-stadt.de\/index.php\/einsatzberichte\/thl1-verkehrsunfall-mit-pkw-2\/","title":{"rendered":"THL1 &#8211; Verkehrsunfall mit PKW"},"content":{"rendered":"\n<p><strong><em>Wir wurden zu einem Verkehrsunfall auf die Mechenharder Stra\u00dfe alarmiert. Hier unterst\u00fctzen wie die Mechenharder Kameraden bei der Verkehrsabsicherung und der Reinigung der Stra\u00dfe. Nach ca. einer Stunde konnten wir wieder ins Ger\u00e4tehaus einr\u00fccken.<\/em><\/strong><\/p>\n\n\n\nngg_shortcode_0_placeholder\n","protected":false},"author":4,"featured_media":0,"template":"","meta":{"ngg_post_thumbnail":0,"einsatz_weight":1,"footnotes":""},"categories":[39],"tags":[],"einsatzart":[56],"fahrzeug":[268,54,52],"exteinsatzmittel":[115,61,229,12,92],"alarmierungsart":[206,118],"evw_unit":[],"class_list":["post-20376","einsatz","type-einsatz","status-publish","hentry","category-einsaetze","einsatzart-vehrkehrsunfall","fahrzeug-elw","fahrzeug-gw-s","fahrzeug-hlf2016","exteinsatzmittel-abschleppdienst","exteinsatzmittel-feuerwehr-mechenhard","exteinsatzmittel-kreisbrandinspektion","exteinsatzmittel-polizei","exteinsatzmittel-rettungsdienst","alarmierungsart-trupp-alarm","alarmierungsart-sirene-mechenhard"],"_links":{"self":[{"href":"https:\/\/ffw-erlenbach-stadt.de\/index.php\/wp-json\/wp\/v2\/einsatz\/20376","targetHints":{"allow":["GET"]}}],"collection":[{"href":"https:\/\/ffw-erlenbach-stadt.de\/index.php\/wp-json\/wp\/v2\/einsatz"}],"about":[{"href":"https:\/\/ffw-erlenbach-stadt.de\/index.php\/wp-json\/wp\/v2\/types\/einsatz"}],"author":[{"embeddable":true,"href":"https:\/\/ffw-erlenbach-stadt.de\/index.php\/wp-json\/wp\/v2\/users\/4"}],"version-history":[{"count":1,"href":"https:\/\/ffw-erlenbach-stadt.de\/index.php\/wp-json\/wp\/v2\/einsatz\/20376\/revisions"}],"predecessor-version":[{"id":20381,"href":"https:\/\/ffw-erlenbach-stadt.de\/index.php\/wp-json\/wp\/v2\/einsatz\/20376\/revisions\/20381"}],"wp:attachment":[{"href":"https:\/\/ffw-erlenbach-stadt.de\/index.php\/wp-json\/wp\/v2\/media?parent=20376"}],"wp:term":[{"taxonomy":"category","embeddable":true,"href":"https:\/\/ffw-erlenbach-stadt.de\/index.php\/wp-json\/wp\/v2\/categories?post=20376"},{"taxonomy":"post_tag","embeddable":true,"href":"https:\/\/ffw-erlenbach-stadt.de\/index.php\/wp-json\/wp\/v2\/tags?post=20376"},{"taxonomy":"einsatzart","embeddable":true,"href":"https:\/\/ffw-erlenbach-stadt.de\/index.php\/wp-json\/wp\/v2\/einsatzart?post=20376"},{"taxonomy":"fahrzeug","embeddable":true,"href":"https:\/\/ffw-erlenbach-stadt.de\/index.php\/wp-json\/wp\/v2\/fahrzeug?post=20376"},{"taxonomy":"exteinsatzmittel","embeddable":true,"href":"https:\/\/ffw-erlenbach-stadt.de\/index.php\/wp-json\/wp\/v2\/exteinsatzmittel?post=20376"},{"taxonomy":"alarmierungsart","embeddable":true,"href":"https:\/\/ffw-erlenbach-stadt.de\/index.php\/wp-json\/wp\/v2\/alarmierungsart?post=20376"},{"taxonomy":"evw_unit","embeddable":true,"href":"https:\/\/ffw-erlenbach-stadt.de\/index.php\/wp-json\/wp\/v2\/evw_unit?post=20376"}],"curies":[{"name":"wp","href":"https:\/\/api.w.org\/{rel}","templated":true}]}}