{"id":20202,"date":"2021-10-24T07:39:00","date_gmt":"2021-10-24T05:39:00","guid":{"rendered":"https:\/\/ffw-erlenbach-stadt.de\/?post_type=einsatz&#038;p=20202"},"modified":"2021-10-28T20:16:16","modified_gmt":"2021-10-28T18:16:16","slug":"b2-pkw-brand","status":"publish","type":"einsatz","link":"https:\/\/ffw-erlenbach-stadt.de\/index.php\/einsatzberichte\/b2-pkw-brand\/","title":{"rendered":"B2 &#8211; PKW Brand"},"content":{"rendered":"\n<p><strong><em>Die Feuerwehr Erlenbach wurde am fr\u00fchen Sonntagmorgen zu einen PKW Brand alarmiert. Beim Eintreffen der Einsatzkr\u00e4fte standen 2 Fahrzeuge auf einem Parkplatz im Vollbrand. Wir l\u00f6schten die Fahrzeuge unter schwerem Atemschutz gr\u00fcndlich ab und kontrollierten die Temperaturen mittels W\u00e4rmebildkamera. Um kein Risiko einzugehen, \u00f6ffneten wir die Motorhauben und den Laderaum der Fahrzeuge mit dem Spreizer. Auch hier wurde gel\u00f6scht und mit der W\u00e4rmebildkamera kontrolliert. &nbsp;Die Feuerwehr Erlenbach war mit 29 Kameraden\/innen und 5 Fahrzeuge vor Ort.<\/em><\/strong><\/p>\n\n\n\n<div class=\"wp-block-group\"><div class=\"wp-block-group__inner-container is-layout-flow wp-block-group-is-layout-flow\">\n<figure class=\"wp-block-image size-large\"><img fetchpriority=\"high\" decoding=\"async\" width=\"427\" height=\"891\" src=\"https:\/\/ffw-erlenbach-stadt.de\/wp-content\/uploads\/2021\/10\/0.jpg\" alt=\"\" class=\"wp-image-20203\" srcset=\"https:\/\/ffw-erlenbach-stadt.de\/wp-content\/uploads\/2021\/10\/0.jpg 427w, https:\/\/ffw-erlenbach-stadt.de\/wp-content\/uploads\/2021\/10\/0-144x300.jpg 144w\" sizes=\"(max-width: 427px) 100vw, 427px\" \/><\/figure>\n\n\n\n<figure class=\"wp-block-image size-large\"><img decoding=\"async\" width=\"712\" height=\"950\" src=\"https:\/\/ffw-erlenbach-stadt.de\/wp-content\/uploads\/2021\/10\/1-2.jpg\" alt=\"\" class=\"wp-image-20204\" srcset=\"https:\/\/ffw-erlenbach-stadt.de\/wp-content\/uploads\/2021\/10\/1-2.jpg 712w, https:\/\/ffw-erlenbach-stadt.de\/wp-content\/uploads\/2021\/10\/1-2-225x300.jpg 225w\" sizes=\"(max-width: 712px) 100vw, 712px\" \/><\/figure>\n\n\n\n<figure class=\"wp-block-image size-large\"><img decoding=\"async\" width=\"950\" height=\"712\" src=\"https:\/\/ffw-erlenbach-stadt.de\/wp-content\/uploads\/2021\/10\/2-2.jpg\" alt=\"\" class=\"wp-image-20205\" srcset=\"https:\/\/ffw-erlenbach-stadt.de\/wp-content\/uploads\/2021\/10\/2-2.jpg 950w, https:\/\/ffw-erlenbach-stadt.de\/wp-content\/uploads\/2021\/10\/2-2-300x225.jpg 300w, https:\/\/ffw-erlenbach-stadt.de\/wp-content\/uploads\/2021\/10\/2-2-768x576.jpg 768w\" sizes=\"(max-width: 950px) 100vw, 950px\" \/><\/figure>\n\n\n\n<figure class=\"wp-block-image size-large\"><img loading=\"lazy\" decoding=\"async\" width=\"950\" height=\"712\" src=\"https:\/\/ffw-erlenbach-stadt.de\/wp-content\/uploads\/2021\/10\/3-2.jpg\" alt=\"\" class=\"wp-image-20206\" srcset=\"https:\/\/ffw-erlenbach-stadt.de\/wp-content\/uploads\/2021\/10\/3-2.jpg 950w, https:\/\/ffw-erlenbach-stadt.de\/wp-content\/uploads\/2021\/10\/3-2-300x225.jpg 300w, https:\/\/ffw-erlenbach-stadt.de\/wp-content\/uploads\/2021\/10\/3-2-768x576.jpg 768w\" sizes=\"(max-width: 950px) 100vw, 950px\" \/><\/figure>\n\n\n\n<figure class=\"wp-block-image size-large\"><img loading=\"lazy\" decoding=\"async\" width=\"950\" height=\"428\" src=\"https:\/\/ffw-erlenbach-stadt.de\/wp-content\/uploads\/2021\/10\/5.jpg\" alt=\"\" class=\"wp-image-20207\" srcset=\"https:\/\/ffw-erlenbach-stadt.de\/wp-content\/uploads\/2021\/10\/5.jpg 950w, https:\/\/ffw-erlenbach-stadt.de\/wp-content\/uploads\/2021\/10\/5-300x135.jpg 300w, https:\/\/ffw-erlenbach-stadt.de\/wp-content\/uploads\/2021\/10\/5-768x346.jpg 768w\" sizes=\"(max-width: 950px) 100vw, 950px\" \/><\/figure>\n\n\n\n<figure class=\"wp-block-image size-large\"><img loading=\"lazy\" decoding=\"async\" width=\"950\" height=\"712\" src=\"https:\/\/ffw-erlenbach-stadt.de\/wp-content\/uploads\/2021\/10\/6.jpg\" alt=\"\" class=\"wp-image-20208\" srcset=\"https:\/\/ffw-erlenbach-stadt.de\/wp-content\/uploads\/2021\/10\/6.jpg 950w, https:\/\/ffw-erlenbach-stadt.de\/wp-content\/uploads\/2021\/10\/6-300x225.jpg 300w, https:\/\/ffw-erlenbach-stadt.de\/wp-content\/uploads\/2021\/10\/6-768x576.jpg 768w\" sizes=\"(max-width: 950px) 100vw, 950px\" \/><\/figure>\n\n\n\n<figure class=\"wp-block-image size-large\"><img loading=\"lazy\" decoding=\"async\" width=\"950\" height=\"428\" src=\"https:\/\/ffw-erlenbach-stadt.de\/wp-content\/uploads\/2021\/10\/7.jpg\" alt=\"\" class=\"wp-image-20209\" srcset=\"https:\/\/ffw-erlenbach-stadt.de\/wp-content\/uploads\/2021\/10\/7.jpg 950w, https:\/\/ffw-erlenbach-stadt.de\/wp-content\/uploads\/2021\/10\/7-300x135.jpg 300w, https:\/\/ffw-erlenbach-stadt.de\/wp-content\/uploads\/2021\/10\/7-768x346.jpg 768w\" sizes=\"(max-width: 950px) 100vw, 950px\" \/><\/figure>\n\n\n\n<figure class=\"wp-block-image size-large\"><img loading=\"lazy\" decoding=\"async\" width=\"439\" height=\"665\" src=\"https:\/\/ffw-erlenbach-stadt.de\/wp-content\/uploads\/2021\/10\/8.jpg\" alt=\"\" class=\"wp-image-20210\" srcset=\"https:\/\/ffw-erlenbach-stadt.de\/wp-content\/uploads\/2021\/10\/8.jpg 439w, https:\/\/ffw-erlenbach-stadt.de\/wp-content\/uploads\/2021\/10\/8-198x300.jpg 198w\" sizes=\"(max-width: 439px) 100vw, 439px\" \/><\/figure>\n\n\n\n<figure class=\"wp-block-image size-large\"><img loading=\"lazy\" decoding=\"async\" width=\"443\" height=\"699\" src=\"https:\/\/ffw-erlenbach-stadt.de\/wp-content\/uploads\/2021\/10\/9.jpg\" alt=\"\" class=\"wp-image-20211\" srcset=\"https:\/\/ffw-erlenbach-stadt.de\/wp-content\/uploads\/2021\/10\/9.jpg 443w, https:\/\/ffw-erlenbach-stadt.de\/wp-content\/uploads\/2021\/10\/9-190x300.jpg 190w\" sizes=\"(max-width: 443px) 100vw, 443px\" \/><\/figure>\n<\/div><\/div>\n","protected":false},"author":4,"featured_media":0,"template":"","meta":{"ngg_post_thumbnail":0,"einsatz_weight":1,"footnotes":""},"categories":[39],"tags":[],"einsatzart":[10],"fahrzeug":[268,54,52,269,55,63],"exteinsatzmittel":[229,12,92],"alarmierungsart":[207,208],"evw_unit":[],"class_list":["post-20202","einsatz","type-einsatz","status-publish","hentry","category-einsaetze","einsatzart-brand","fahrzeug-elw","fahrzeug-gw-s","fahrzeug-hlf2016","fahrzeug-mlf","fahrzeug-tlf-1625","fahrzeug-dlk-2312","exteinsatzmittel-kreisbrandinspektion","exteinsatzmittel-polizei","exteinsatzmittel-rettungsdienst","alarmierungsart-gruppen-alarm","alarmierungsart-zug-alarm"],"_links":{"self":[{"href":"https:\/\/ffw-erlenbach-stadt.de\/index.php\/wp-json\/wp\/v2\/einsatz\/20202","targetHints":{"allow":["GET"]}}],"collection":[{"href":"https:\/\/ffw-erlenbach-stadt.de\/index.php\/wp-json\/wp\/v2\/einsatz"}],"about":[{"href":"https:\/\/ffw-erlenbach-stadt.de\/index.php\/wp-json\/wp\/v2\/types\/einsatz"}],"author":[{"embeddable":true,"href":"https:\/\/ffw-erlenbach-stadt.de\/index.php\/wp-json\/wp\/v2\/users\/4"}],"version-history":[{"count":2,"href":"https:\/\/ffw-erlenbach-stadt.de\/index.php\/wp-json\/wp\/v2\/einsatz\/20202\/revisions"}],"predecessor-version":[{"id":20220,"href":"https:\/\/ffw-erlenbach-stadt.de\/index.php\/wp-json\/wp\/v2\/einsatz\/20202\/revisions\/20220"}],"wp:attachment":[{"href":"https:\/\/ffw-erlenbach-stadt.de\/index.php\/wp-json\/wp\/v2\/media?parent=20202"}],"wp:term":[{"taxonomy":"category","embeddable":true,"href":"https:\/\/ffw-erlenbach-stadt.de\/index.php\/wp-json\/wp\/v2\/categories?post=20202"},{"taxonomy":"post_tag","embeddable":true,"href":"https:\/\/ffw-erlenbach-stadt.de\/index.php\/wp-json\/wp\/v2\/tags?post=20202"},{"taxonomy":"einsatzart","embeddable":true,"href":"https:\/\/ffw-erlenbach-stadt.de\/index.php\/wp-json\/wp\/v2\/einsatzart?post=20202"},{"taxonomy":"fahrzeug","embeddable":true,"href":"https:\/\/ffw-erlenbach-stadt.de\/index.php\/wp-json\/wp\/v2\/fahrzeug?post=20202"},{"taxonomy":"exteinsatzmittel","embeddable":true,"href":"https:\/\/ffw-erlenbach-stadt.de\/index.php\/wp-json\/wp\/v2\/exteinsatzmittel?post=20202"},{"taxonomy":"alarmierungsart","embeddable":true,"href":"https:\/\/ffw-erlenbach-stadt.de\/index.php\/wp-json\/wp\/v2\/alarmierungsart?post=20202"},{"taxonomy":"evw_unit","embeddable":true,"href":"https:\/\/ffw-erlenbach-stadt.de\/index.php\/wp-json\/wp\/v2\/evw_unit?post=20202"}],"curies":[{"name":"wp","href":"https:\/\/api.w.org\/{rel}","templated":true}]}}