{"id":19988,"date":"2021-07-22T12:26:00","date_gmt":"2021-07-22T10:26:00","guid":{"rendered":"https:\/\/ffw-erlenbach-stadt.de\/?post_type=einsatz&#038;p=19988"},"modified":"2021-07-22T19:40:30","modified_gmt":"2021-07-22T17:40:30","slug":"b1-rauchwarnmelder","status":"publish","type":"einsatz","link":"https:\/\/ffw-erlenbach-stadt.de\/index.php\/einsatzberichte\/b1-rauchwarnmelder\/","title":{"rendered":"B1 &#8211; Rauchwarnmelder"},"content":{"rendered":"\n<p><strong><em>Ein Rauchmelder in einer Privatwohnung hatte Alarm geschlagen. Bei der Erkundung in der betroffenen Wohnung, konnte kein Rauch oder Feuer festgestellt werden. Somit konnten sich die Atemschutzger\u00e4tetr\u00e4ger wieder abr\u00fcsten und die Schlauchleitung bis zur Haust\u00fcre wieder zur\u00fcckgebaut werden.<\/em><\/strong><\/p>\n\n\n\nngg_shortcode_0_placeholder\n","protected":false},"author":4,"featured_media":0,"template":"","meta":{"ngg_post_thumbnail":0,"einsatz_weight":1,"footnotes":""},"categories":[39],"tags":[],"einsatzart":[112],"fahrzeug":[52,46,55],"exteinsatzmittel":[61],"alarmierungsart":[207,118],"evw_unit":[],"class_list":["post-19988","einsatz","type-einsatz","status-publish","hentry","category-einsaetze","einsatzart-brandmeldeanlage","fahrzeug-hlf2016","fahrzeug-mzf","fahrzeug-tlf-1625","exteinsatzmittel-feuerwehr-mechenhard","alarmierungsart-gruppen-alarm","alarmierungsart-sirene-mechenhard"],"_links":{"self":[{"href":"https:\/\/ffw-erlenbach-stadt.de\/index.php\/wp-json\/wp\/v2\/einsatz\/19988","targetHints":{"allow":["GET"]}}],"collection":[{"href":"https:\/\/ffw-erlenbach-stadt.de\/index.php\/wp-json\/wp\/v2\/einsatz"}],"about":[{"href":"https:\/\/ffw-erlenbach-stadt.de\/index.php\/wp-json\/wp\/v2\/types\/einsatz"}],"author":[{"embeddable":true,"href":"https:\/\/ffw-erlenbach-stadt.de\/index.php\/wp-json\/wp\/v2\/users\/4"}],"version-history":[{"count":1,"href":"https:\/\/ffw-erlenbach-stadt.de\/index.php\/wp-json\/wp\/v2\/einsatz\/19988\/revisions"}],"predecessor-version":[{"id":19995,"href":"https:\/\/ffw-erlenbach-stadt.de\/index.php\/wp-json\/wp\/v2\/einsatz\/19988\/revisions\/19995"}],"wp:attachment":[{"href":"https:\/\/ffw-erlenbach-stadt.de\/index.php\/wp-json\/wp\/v2\/media?parent=19988"}],"wp:term":[{"taxonomy":"category","embeddable":true,"href":"https:\/\/ffw-erlenbach-stadt.de\/index.php\/wp-json\/wp\/v2\/categories?post=19988"},{"taxonomy":"post_tag","embeddable":true,"href":"https:\/\/ffw-erlenbach-stadt.de\/index.php\/wp-json\/wp\/v2\/tags?post=19988"},{"taxonomy":"einsatzart","embeddable":true,"href":"https:\/\/ffw-erlenbach-stadt.de\/index.php\/wp-json\/wp\/v2\/einsatzart?post=19988"},{"taxonomy":"fahrzeug","embeddable":true,"href":"https:\/\/ffw-erlenbach-stadt.de\/index.php\/wp-json\/wp\/v2\/fahrzeug?post=19988"},{"taxonomy":"exteinsatzmittel","embeddable":true,"href":"https:\/\/ffw-erlenbach-stadt.de\/index.php\/wp-json\/wp\/v2\/exteinsatzmittel?post=19988"},{"taxonomy":"alarmierungsart","embeddable":true,"href":"https:\/\/ffw-erlenbach-stadt.de\/index.php\/wp-json\/wp\/v2\/alarmierungsart?post=19988"},{"taxonomy":"evw_unit","embeddable":true,"href":"https:\/\/ffw-erlenbach-stadt.de\/index.php\/wp-json\/wp\/v2\/evw_unit?post=19988"}],"curies":[{"name":"wp","href":"https:\/\/api.w.org\/{rel}","templated":true}]}}