{"id":19923,"date":"2021-06-24T20:44:00","date_gmt":"2021-06-24T18:44:00","guid":{"rendered":"https:\/\/ffw-erlenbach-stadt.de\/?post_type=einsatz&#038;p=19923"},"modified":"2021-06-24T23:01:10","modified_gmt":"2021-06-24T21:01:10","slug":"b1-rauchentwicklung-im-freien-3","status":"publish","type":"einsatz","link":"https:\/\/ffw-erlenbach-stadt.de\/index.php\/einsatzberichte\/b1-rauchentwicklung-im-freien-3\/","title":{"rendered":"B1 &#8211; Rauchentwicklung im Freien"},"content":{"rendered":"\n<p><strong><em>Die Leitstelle l\u00f6ste Alarm f\u00fcr die Feuerwehr Erlenbach aus, nachdem eine Meldung \u00fcber eine schwarze Rauchs\u00e4ule im Bereich Elsenfelder Stra\u00dfe Richtung Kompostieranlage mitgeteilt wurde. Diese stellte sich als eine gr\u00f6\u00dfere dunkle Regenwolke raus, somit konnten wir z\u00fcgig wieder ins Ger\u00e4tehaus zur\u00fcckkehren.<\/em><\/strong><\/p>\n\n\n\nngg_shortcode_0_placeholder\n\n\n\n<p><\/p>\n","protected":false},"author":4,"featured_media":0,"template":"","meta":{"ngg_post_thumbnail":0,"einsatz_weight":1,"footnotes":""},"categories":[39],"tags":[],"einsatzart":[10],"fahrzeug":[268,52,201,55],"exteinsatzmittel":[],"alarmierungsart":[207],"evw_unit":[],"class_list":["post-19923","einsatz","type-einsatz","status-publish","hentry","category-einsaetze","einsatzart-brand","fahrzeug-elw","fahrzeug-hlf2016","fahrzeug-lf-8-in-bereitschaft","fahrzeug-tlf-1625","alarmierungsart-gruppen-alarm"],"_links":{"self":[{"href":"https:\/\/ffw-erlenbach-stadt.de\/index.php\/wp-json\/wp\/v2\/einsatz\/19923","targetHints":{"allow":["GET"]}}],"collection":[{"href":"https:\/\/ffw-erlenbach-stadt.de\/index.php\/wp-json\/wp\/v2\/einsatz"}],"about":[{"href":"https:\/\/ffw-erlenbach-stadt.de\/index.php\/wp-json\/wp\/v2\/types\/einsatz"}],"author":[{"embeddable":true,"href":"https:\/\/ffw-erlenbach-stadt.de\/index.php\/wp-json\/wp\/v2\/users\/4"}],"version-history":[{"count":1,"href":"https:\/\/ffw-erlenbach-stadt.de\/index.php\/wp-json\/wp\/v2\/einsatz\/19923\/revisions"}],"predecessor-version":[{"id":19926,"href":"https:\/\/ffw-erlenbach-stadt.de\/index.php\/wp-json\/wp\/v2\/einsatz\/19923\/revisions\/19926"}],"wp:attachment":[{"href":"https:\/\/ffw-erlenbach-stadt.de\/index.php\/wp-json\/wp\/v2\/media?parent=19923"}],"wp:term":[{"taxonomy":"category","embeddable":true,"href":"https:\/\/ffw-erlenbach-stadt.de\/index.php\/wp-json\/wp\/v2\/categories?post=19923"},{"taxonomy":"post_tag","embeddable":true,"href":"https:\/\/ffw-erlenbach-stadt.de\/index.php\/wp-json\/wp\/v2\/tags?post=19923"},{"taxonomy":"einsatzart","embeddable":true,"href":"https:\/\/ffw-erlenbach-stadt.de\/index.php\/wp-json\/wp\/v2\/einsatzart?post=19923"},{"taxonomy":"fahrzeug","embeddable":true,"href":"https:\/\/ffw-erlenbach-stadt.de\/index.php\/wp-json\/wp\/v2\/fahrzeug?post=19923"},{"taxonomy":"exteinsatzmittel","embeddable":true,"href":"https:\/\/ffw-erlenbach-stadt.de\/index.php\/wp-json\/wp\/v2\/exteinsatzmittel?post=19923"},{"taxonomy":"alarmierungsart","embeddable":true,"href":"https:\/\/ffw-erlenbach-stadt.de\/index.php\/wp-json\/wp\/v2\/alarmierungsart?post=19923"},{"taxonomy":"evw_unit","embeddable":true,"href":"https:\/\/ffw-erlenbach-stadt.de\/index.php\/wp-json\/wp\/v2\/evw_unit?post=19923"}],"curies":[{"name":"wp","href":"https:\/\/api.w.org\/{rel}","templated":true}]}}