{"id":19898,"date":"2021-06-16T12:50:00","date_gmt":"2021-06-16T10:50:00","guid":{"rendered":"https:\/\/ffw-erlenbach-stadt.de\/?post_type=einsatz&#038;p=19898"},"modified":"2021-06-21T07:46:38","modified_gmt":"2021-06-21T05:46:38","slug":"thl1-kind-in-stuhl-eingeklemmt","status":"publish","type":"einsatz","link":"https:\/\/ffw-erlenbach-stadt.de\/index.php\/einsatzberichte\/thl1-kind-in-stuhl-eingeklemmt\/","title":{"rendered":"THL1 &#8211; Kind in Stuhl eingeklemmt"},"content":{"rendered":"\n<p><strong><em>Heute mussten wir zu einem ausergew\u00f6hnlichen Einsatz ausr\u00fccken. Ein Schulkind war in seinem Stuhl zwischen Lehne und Sitzfl\u00e4che eingeklemmt und konnte sich von selbst nicht mehr befreien. Die Feuerwehr befreite das Kind mittels Rettungsschere aus der misslichen Lage und konnte es wieder in die Obhut der Schule \u00fcbergeben.<\/em><\/strong><\/p>\n\n\n\n<p><\/p>\n\n\n\nngg_shortcode_0_placeholder\n","protected":false},"author":4,"featured_media":0,"template":"","meta":{"ngg_post_thumbnail":0,"einsatz_weight":1,"footnotes":""},"categories":[39],"tags":[],"einsatzart":[121],"fahrzeug":[52,46],"exteinsatzmittel":[],"alarmierungsart":[206],"evw_unit":[],"class_list":["post-19898","einsatz","type-einsatz","status-publish","hentry","category-einsaetze","einsatzart-thl-sonstiges","fahrzeug-hlf2016","fahrzeug-mzf","alarmierungsart-trupp-alarm"],"_links":{"self":[{"href":"https:\/\/ffw-erlenbach-stadt.de\/index.php\/wp-json\/wp\/v2\/einsatz\/19898","targetHints":{"allow":["GET"]}}],"collection":[{"href":"https:\/\/ffw-erlenbach-stadt.de\/index.php\/wp-json\/wp\/v2\/einsatz"}],"about":[{"href":"https:\/\/ffw-erlenbach-stadt.de\/index.php\/wp-json\/wp\/v2\/types\/einsatz"}],"author":[{"embeddable":true,"href":"https:\/\/ffw-erlenbach-stadt.de\/index.php\/wp-json\/wp\/v2\/users\/4"}],"version-history":[{"count":1,"href":"https:\/\/ffw-erlenbach-stadt.de\/index.php\/wp-json\/wp\/v2\/einsatz\/19898\/revisions"}],"predecessor-version":[{"id":19903,"href":"https:\/\/ffw-erlenbach-stadt.de\/index.php\/wp-json\/wp\/v2\/einsatz\/19898\/revisions\/19903"}],"wp:attachment":[{"href":"https:\/\/ffw-erlenbach-stadt.de\/index.php\/wp-json\/wp\/v2\/media?parent=19898"}],"wp:term":[{"taxonomy":"category","embeddable":true,"href":"https:\/\/ffw-erlenbach-stadt.de\/index.php\/wp-json\/wp\/v2\/categories?post=19898"},{"taxonomy":"post_tag","embeddable":true,"href":"https:\/\/ffw-erlenbach-stadt.de\/index.php\/wp-json\/wp\/v2\/tags?post=19898"},{"taxonomy":"einsatzart","embeddable":true,"href":"https:\/\/ffw-erlenbach-stadt.de\/index.php\/wp-json\/wp\/v2\/einsatzart?post=19898"},{"taxonomy":"fahrzeug","embeddable":true,"href":"https:\/\/ffw-erlenbach-stadt.de\/index.php\/wp-json\/wp\/v2\/fahrzeug?post=19898"},{"taxonomy":"exteinsatzmittel","embeddable":true,"href":"https:\/\/ffw-erlenbach-stadt.de\/index.php\/wp-json\/wp\/v2\/exteinsatzmittel?post=19898"},{"taxonomy":"alarmierungsart","embeddable":true,"href":"https:\/\/ffw-erlenbach-stadt.de\/index.php\/wp-json\/wp\/v2\/alarmierungsart?post=19898"},{"taxonomy":"evw_unit","embeddable":true,"href":"https:\/\/ffw-erlenbach-stadt.de\/index.php\/wp-json\/wp\/v2\/evw_unit?post=19898"}],"curies":[{"name":"wp","href":"https:\/\/api.w.org\/{rel}","templated":true}]}}