{"id":17174,"date":"2018-09-23T17:45:00","date_gmt":"2018-09-23T15:45:00","guid":{"rendered":"http:\/\/ffw-erlenbach-stadt.de\/?post_type=einsatz&#038;p=17174"},"modified":"2018-10-01T11:18:05","modified_gmt":"2018-10-01T09:18:05","slug":"unwetter","status":"publish","type":"einsatz","link":"https:\/\/ffw-erlenbach-stadt.de\/index.php\/einsatzberichte\/unwetter\/","title":{"rendered":"Unwetter"},"content":{"rendered":"<p><em>Beim Unwetter am sp\u00e4ten Nachmittag st\u00fcrzten u. a. im Gebiet Elsenfeld mehrere B\u00e4ume \u00fcber Stra\u00dfen. Einer davon traf u. a. einen fahrenden PKW am Ortsausgang Elsenfeld Richtung Erlenbach. Die Feuerwehr Erlenbach sperrte zur Unterst\u00fctzung der Feuerwehr Elsenfeld die Staatsstra\u00dfe 2309 Richtung Elsenfeld in H\u00f6he der Kreism\u00fcllumladedeponie. Anschlie\u00dfend unterst\u00fctzen wir noch bei zwei weiteren Einsatzstelle in Ortsgebiet Elsenfeld.&nbsp;<\/em><\/p>\n","protected":false},"author":4,"featured_media":0,"template":"","meta":{"ngg_post_thumbnail":0,"einsatz_weight":1,"footnotes":""},"categories":[39],"tags":[],"einsatzart":[109],"fahrzeug":[54],"exteinsatzmittel":[59],"alarmierungsart":[41],"evw_unit":[],"class_list":["post-17174","einsatz","type-einsatz","status-publish","hentry","category-einsaetze","einsatzart-unwetter","fahrzeug-gw-s","exteinsatzmittel-feuerwehr-elsenfeld","alarmierungsart-telefon"],"_links":{"self":[{"href":"https:\/\/ffw-erlenbach-stadt.de\/index.php\/wp-json\/wp\/v2\/einsatz\/17174","targetHints":{"allow":["GET"]}}],"collection":[{"href":"https:\/\/ffw-erlenbach-stadt.de\/index.php\/wp-json\/wp\/v2\/einsatz"}],"about":[{"href":"https:\/\/ffw-erlenbach-stadt.de\/index.php\/wp-json\/wp\/v2\/types\/einsatz"}],"author":[{"embeddable":true,"href":"https:\/\/ffw-erlenbach-stadt.de\/index.php\/wp-json\/wp\/v2\/users\/4"}],"version-history":[{"count":1,"href":"https:\/\/ffw-erlenbach-stadt.de\/index.php\/wp-json\/wp\/v2\/einsatz\/17174\/revisions"}],"predecessor-version":[{"id":17175,"href":"https:\/\/ffw-erlenbach-stadt.de\/index.php\/wp-json\/wp\/v2\/einsatz\/17174\/revisions\/17175"}],"wp:attachment":[{"href":"https:\/\/ffw-erlenbach-stadt.de\/index.php\/wp-json\/wp\/v2\/media?parent=17174"}],"wp:term":[{"taxonomy":"category","embeddable":true,"href":"https:\/\/ffw-erlenbach-stadt.de\/index.php\/wp-json\/wp\/v2\/categories?post=17174"},{"taxonomy":"post_tag","embeddable":true,"href":"https:\/\/ffw-erlenbach-stadt.de\/index.php\/wp-json\/wp\/v2\/tags?post=17174"},{"taxonomy":"einsatzart","embeddable":true,"href":"https:\/\/ffw-erlenbach-stadt.de\/index.php\/wp-json\/wp\/v2\/einsatzart?post=17174"},{"taxonomy":"fahrzeug","embeddable":true,"href":"https:\/\/ffw-erlenbach-stadt.de\/index.php\/wp-json\/wp\/v2\/fahrzeug?post=17174"},{"taxonomy":"exteinsatzmittel","embeddable":true,"href":"https:\/\/ffw-erlenbach-stadt.de\/index.php\/wp-json\/wp\/v2\/exteinsatzmittel?post=17174"},{"taxonomy":"alarmierungsart","embeddable":true,"href":"https:\/\/ffw-erlenbach-stadt.de\/index.php\/wp-json\/wp\/v2\/alarmierungsart?post=17174"},{"taxonomy":"evw_unit","embeddable":true,"href":"https:\/\/ffw-erlenbach-stadt.de\/index.php\/wp-json\/wp\/v2\/evw_unit?post=17174"}],"curies":[{"name":"wp","href":"https:\/\/api.w.org\/{rel}","templated":true}]}}